{"id":1194,"date":"2023-04-13T17:24:07","date_gmt":"2023-04-13T15:24:07","guid":{"rendered":"https:\/\/itinerari.visitbergamo.net\/la-citta-verde\/"},"modified":"2025-07-15T07:07:41","modified_gmt":"2025-07-15T05:07:41","slug":"la-ciudad-verde","status":"publish","type":"page","link":"https:\/\/itinerari.visitbergamo.net\/es\/la-ciudad-verde\/","title":{"rendered":"La Ciudad Verde"},"content":{"rendered":"<!--blockstudio\/blockstudio\/itinerario-->\n<div class=\"paginaItinerario\">\n\n\t<div class=\"bgBanner\" style=\"background-color: rgb(176,211,152); opacity: .2; position: fixed;\"><\/div>\n\n\n\t<div class=\"container-fluid position-relative banner p-0 toHide\">\n\n\t\t<div class=\"bgBanner\" style=\"background-color: #fff; opacity: 1 !important;\"><\/div>\n\n\t\t<img decoding=\"async\" class=\"bgmmagine\" src=\"https:\/\/itinerari.visitbergamo.net\/wp-content\/uploads\/2023\/04\/bgMap2.jpg\" \/>\n\n\t\t<div class=\"fasciaTitIti\">\n\t\t\t<div class=\"bgBanner\" style=\"background-color: rgb(176,211,152); opacity: 1;\"><\/div>\n\t\t\t<div class=\"container position-relative h-100\">\n\n\t\t\t\t<div class=\"row h-100\">\n\n\t\t\t\t\t<div class=\"col-auto my-auto\">\n\t\t\t\t\t\t<div class=\"numero\" style=\"background-color: rgb(57,168,53)\">\n\t\t\t\t\t\t\t<div class=\"nInBall\" style=\"color: rgb(255,255,255)\">3<\/div>\n\t\t\t\t\t\t\t<div class=\"titInBall\" style=\"color: rgb(255,255,255)\">ITINERARIO<\/div>\n\t\t\t\t\t\t<\/div>\n\t\t\t\t\t<\/div>\n\t\t\t\t\t<div class=\"col-auto px-0 position-relative\">\n\t\t\t\t\t\t<img decoding=\"async\" class=\"percorso\" src=\"\" \/>\n\t\t\t\t\t\t<div class=\"titoloIti\">La Ciudad<br \/>\r\nVerde<\/div>\n\t\t\t\t\t<\/div>\n\n\t\t\t\t<\/div>\n\n\t\t\t<\/div>\n\t\t<\/div>\n\n\t\t<div class=\"fasciaMisure\">\n\t\t\t<div class=\"container position-relative h-100\">\n\n\t\t\t\t<div class=\"row h-100\">\n\n\t\t\t\t\t<div class=\"col-12 py-4\">\n\t\t\t\t\t\t<b><i class=\"fa-solid fa-arrow-right\" style=\"color: rgb(4,119,52);\"><\/i> 5,4 km<\/b> Longitud\t\t\t\t\t\t<br \/>\n\t\t\t\t\t\t<b><i class=\"fa-regular fa-clock\" style=\"color: rgb(4,119,52);\"><\/i> 1:50 h<\/b> t\u00e9rmino\t\t\t\t\t\t<br \/>\n\t\t\t\t\t\t<div class=\"tasto tastoMappa mt-2\" style=\"cursor: pointer; background-color: rgb(57,168,53); color: rgb(255,255,255) !important;\" onclick=\"history.pushState({}, '', '?map=start'); $('.mappa').addClass('open');\"><i class=\"fa-solid fa-location-pin\"><\/i>  Abre el mapa<\/div>\n\t\t\t\t\t\t<br \/>\n\t\t\t\t\t\t\t\t\t\t\t<\/div>\n\n\t\t\t\t<\/div>\n\n\t\t\t<\/div>\n\t\t<\/div>\n\n\t\t<!-- <div class=\"spacer\"><\/div> -->\n\n\n\t<\/div>\n\n\t<div class=\"container-fluid position-relative banner p-0 scrolled toShow\">\n\n\t\t<div class=\"bgBanner\" style=\"background-color: #fff; opacity: 1 !important;\"><\/div>\n\n\t\t<img decoding=\"async\" class=\"bgmmagine\" src=\"https:\/\/itinerari.visitbergamo.net\/wp-content\/uploads\/2023\/04\/bgMap2.jpg\" \/>\n\n\t\t<div class=\"fasciaTitIti\">\n\t\t\t<div class=\"bgBanner\" style=\"background-color: rgb(176,211,152); opacity: 1;\"><\/div>\n\t\t\t<div class=\"container position-relative h-100\">\n\n\t\t\t\t<div class=\"row h-100\">\n\n\t\t\t\t\t<div class=\"col-auto my-auto\">\n\t\t\t\t\t\t<div class=\"numero\" style=\"background-color: rgb(57,168,53)\">\n\t\t\t\t\t\t\t<div class=\"nInBall\" style=\"color: rgb(255,255,255)\">3<\/div>\n\t\t\t\t\t\t\t<div class=\"titInBall\" style=\"color: rgb(255,255,255)\">ITINERARIO<\/div>\n\t\t\t\t\t\t<\/div>\n\t\t\t\t\t<\/div>\n\t\t\t\t\t<div class=\"col-auto px-0 position-relative\">\n\t\t\t\t\t\t<img decoding=\"async\" class=\"percorso\" src=\"\" \/>\n\t\t\t\t\t\t<div class=\"titoloIti\">La Ciudad<br \/>\r\nVerde<\/div>\n\t\t\t\t\t<\/div>\n\n\t\t\t\t<\/div>\n\n\t\t\t<\/div>\n\t\t<\/div>\n\n\t\t<div class=\"fasciaMisure\">\n\t\t\t<div class=\"container position-relative h-100\">\n\n\t\t\t\t<div class=\"row h-100\">\n\n\t\t\t\t\t<div class=\"col-12 py-2 distTime\">\n\t\t\t\t\t\t<b><i class=\"fa-solid fa-arrow-right\" style=\"color: rgb(4,119,52);\"><\/i> 5,4 km<\/b> Longitud\t\t\t\t\t\t<br \/>\n\t\t\t\t\t\t<b><i class=\"fa-regular fa-clock\" style=\"color: rgb(4,119,52);\"><\/i> 1:50 h<\/b> t\u00e9rmino\t\t\t\t\t\t<br \/>\n\t\t\t\t\t\t<div class=\"tasto tastoMappa mt-2\" style=\"cursor: pointer; background-color: rgb(57,168,53); color: rgb(255,255,255) !important;\" onclick=\"history.pushState({}, '', '?map=start'); $('.mappa').addClass('open');\"><i class=\"fa-solid fa-location-pin\"><\/i>  Abre el mapa<\/div>\n\t\t\t\t\t\t<br \/>\n\t\t\t\t\t\t\t\t\t\t\t<\/div>\n\n\t\t\t\t<\/div>\n\n\t\t\t<\/div>\n\t\t<\/div>\n\n\t\t<!-- <div class=\"spacer\"><\/div> -->\n\n\n\t<\/div>\n\n\t<div class=\"container position-relative\">\n\n\t\t<div class=\"row justify-content-center\">\n\n\t\t\t<div class=\"col-4 col-lg-3 d-none d-md-block pt-5 pe-0\">\n\t\t\t\t<div class=\"itiNav p-3 p-lg-4\" style=\"background-color: rgb(57,168,53)\"><\/div>\n\t\t\t\t<!-- <div class=\"yt_video\" data-video-link=\"\" data-video-label=\"\" data-color=\"\"><\/div> -->\n\t\t\t\t<style>\n\t\t\t\t\t.itiNav .linkAncora {\n\t\t\t\t\t\tbackground-color: transparent;\n\t\t\t\t\t\tcolor: rgb(255,255,255) !important;\n\t\t\t\t\t}\n\t\t\t\t<\/style>\n\t\t\t<\/div>\n\n\t\t\t<div class=\"col-12 col-md-8 col-lg-6 ps-2 ps-md-0\">\n\t\t\t\t<div class=\"itiContent\">\n\t\t\t\t\t<div >\n<!--blockstudio\/blockstudio\/atterraggio-qr-code--><section class=\"atterraggio my-5 position-relative\">\n\n    <div class=\"ancora\" id=\"cartellov07\"><\/div>\n\n    <div class=\"landingContainer p-3 pb-5\">\n        <div class=\"sideBar\">\n            <div class=\"line\" style=\"background-color: rgb(57,168,53)\"><\/div>\n            <div class=\"numero\" style=\"background-color: rgb(57,168,53)\" onclick=\"loadAudio('https:\/\/itinerari.visitbergamo.net\/wp-content\/uploads\/2024\/12\/Citta-Verde-ESP-Largo-Porta-S.-Alessandro-Jaime.mp3');\">\n                <i class=\"fa-solid fa-volume-high\" style=\"color: rgb(255,255,255)\"><\/i>\n            <\/div>\n            <div class=\"closingBall\" style=\"background-color: rgb(57,168,53)\"><\/div>\n        <\/div>\n        <div class=\"contenuto mb-3\">\n            \n            <div class=\"mt-1 d-inline-block mb-3\" onclick=\"loadAudio('https:\/\/itinerari.visitbergamo.net\/wp-content\/uploads\/2024\/12\/Citta-Verde-ESP-Largo-Porta-S.-Alessandro-Jaime.mp3');\" style=\"cursor: pointer; text-decoration: none;\">\n                <div class=\"label\" style=\"color: rgb(4,119,52)\">\n                    ESCUCHA LA <b>AUDIO GU\u00cdA<\/b>                <\/div>\n            <\/div>\n\n            <h3 class=\"landingTitolo mb-2\">\n            PARADA: Largo di Porta S. Alessandro            <\/h3>\n            <div class=\"menuTitolo\">\n                <b>PARADA:<\/b> Largo di Porta S. Alessandro            <\/div>\n                        <div >\n\n<p>Bienvenido a la Ciudad Verde, el itinerario que te descubre el lado naturalista de B\u00e9rgamo en una emocionante ruta circular, a lo largo de la cual encontrar\u00e1s vistas impresionantes, bellezas hist\u00f3ricas y lugares casi secretos, como las escaleras medievales.<\/p>\n\n\n\n<p>Se encuentra en <strong>Porta Sant&#8217;Alessandro<\/strong> (punto 16), una de las entradas a B\u00e9rgamo Alta. Esta entrada monumental fue construida en la segunda mitad del siglo XVI y est\u00e1 orientada hacia el oeste.<\/p>\n\n\n\n<div class=\"wp-block-group is-vertical is-layout-flex wp-container-core-group-is-layout-1 wp-block-group-is-layout-flex\" style=\"padding-top:0;padding-right:0;padding-bottom:var(--wp--preset--spacing--30);padding-left:0\">\n<figure class=\"wp-block-image size-full is-resized\"><img loading=\"lazy\" decoding=\"async\" width=\"134\" height=\"82\" src=\"https:\/\/itinerari.visitbergamo.net\/wp-content\/uploads\/2024\/01\/3_Porta-San-Alessandro.png\" alt=\"\" class=\"wp-image-859\" style=\"width:67px\"\/><\/figure>\n\n\n\n<p><strong>PORTA SANT&#8217;ALESSANDRO<\/strong><\/p>\n<\/div>\n\n\n<!--blockstudio\/blockstudio\/tasto--><a class=\"tasto\" style=\"background-color: rgb(57,168,53)\" href=\"https:\/\/www.visitbergamo.net\/es\/oggetto\/porta-santalessandro\/?_gl=1*1dxbkte*_up*MQ..*_ga*NTM1MjU3NjIwLjE3NDkwMjUxMDA.*_ga_S3VC5W948H*czE3NDkwMjUwOTkkbzEkZzAkdDE3NDkwMjU0MjYkajYwJGwwJGgw\" target=\"_blank\"><i class=\"fa-solid fa-up-right-from-square\"><\/i> M\u00e1s informaci\u00f3n<\/a>\n\n<!--blockstudio\/blockstudio\/tasto--><a class=\"tasto\" style=\"background-color: rgb(57,168,53)\" href=\"https:\/\/maps.app.goo.gl\/kwP3foMmg6eDi6PG9\" target=\"_blank\"><i class=\"fa-solid fa-location-pin\"><\/i> Abrir en Mapas<\/a>\n\n\n<div style=\"height:30px\" aria-hidden=\"true\" class=\"wp-block-spacer\"><\/div>\n\n\n\n<p>Tiene dos opciones para iniciar la ruta: llegar a San Vigilio en el funicular panor\u00e1mico o subir a pie por una carretera igualmente fascinante. Si elige la primera, camine hacia Porta Sant&#8217;Alessandro y llegue a la estaci\u00f3n del <strong>funicular de San Vigilio<\/strong>, a s\u00f3lo 70 metros de la se\u00f1al; el trayecto durar\u00e1 aproximadamente un minuto. Si prefiere caminar, tome la Via Sudorno y enseguida podr\u00e1 recorrer la Via San Vigilio; en este caso, le espera un desnivel de 50 metros, repartidos en un tramo de 700 metros. En la cima, los siguientes monumentos de su recorrido ser\u00e1n el <strong>Castillo<\/strong> y la <strong>Iglesia de San Vigilio<\/strong> (puntos 1 y 2).<\/p>\n\n\n\n<div class=\"wp-block-group is-vertical is-layout-flex wp-container-core-group-is-layout-2 wp-block-group-is-layout-flex\" style=\"padding-top:0;padding-right:0;padding-bottom:var(--wp--preset--spacing--30);padding-left:0\">\n<figure class=\"wp-block-image size-full is-resized\"><img loading=\"lazy\" decoding=\"async\" width=\"225\" height=\"113\" src=\"https:\/\/itinerari.visitbergamo.net\/wp-content\/uploads\/2024\/01\/2_02_Teatro-Donizetti.png\" alt=\"\" class=\"wp-image-547\" style=\"width:113px;height:57px\"\/><\/figure>\n\n\n\n<p><strong>FUNICOLARE DI SAN VIGILIO<\/strong><\/p>\n<\/div>\n\n\n<!--blockstudio\/blockstudio\/tasto--><a class=\"tasto\" style=\"background-color: rgb(57,168,53)\" href=\"https:\/\/www.visitbergamo.net\/es\/object-details\/3369-funicolare-s--vigilio\/\" target=\"_blank\"><i class=\"fa-solid fa-up-right-from-square\"><\/i> M\u00e1s informaci\u00f3n<\/a>\n\n<!--blockstudio\/blockstudio\/tasto--><a class=\"tasto\" style=\"background-color: rgb(57,168,53)\" href=\"https:\/\/maps.app.goo.gl\/LUb2Vvp8CoEzSXCJ8\" target=\"_blank\"><i class=\"fa-solid fa-location-pin\"><\/i> Abrir en Mapas<\/a>\n\n\n<div style=\"height:25px\" aria-hidden=\"true\" class=\"wp-block-spacer\"><\/div>\n\n\n\n<div class=\"wp-block-group is-vertical is-layout-flex wp-container-core-group-is-layout-3 wp-block-group-is-layout-flex\" style=\"padding-top:0;padding-right:0;padding-bottom:var(--wp--preset--spacing--30);padding-left:0\">\n<figure class=\"wp-block-image size-full is-resized\"><img loading=\"lazy\" decoding=\"async\" width=\"158\" height=\"113\" src=\"https:\/\/itinerari.visitbergamo.net\/wp-content\/uploads\/2024\/01\/3_01_Castello-San-Vigilio.png\" alt=\"\" class=\"wp-image-865\" style=\"aspect-ratio:0.9705882352941176;width:42px;height:auto\"\/><\/figure>\n\n\n\n<p><strong>CASTELLO DI SAN VIGILIO<\/strong><\/p>\n<\/div>\n\n\n<!--blockstudio\/blockstudio\/tasto--><a class=\"tasto\" style=\"background-color: rgb(57,168,53)\" href=\"https:\/\/www.visitbergamo.net\/es\/object-details\/20-castello-s-vigilio\/\" target=\"_blank\"><i class=\"fa-solid fa-up-right-from-square\"><\/i> M\u00e1s informaci\u00f3n<\/a>\n\n<!--blockstudio\/blockstudio\/tasto--><a class=\"tasto\" style=\"background-color: rgb(57,168,53)\" href=\"https:\/\/maps.app.goo.gl\/FEmPrLgzcpVSz6UXA\" target=\"_blank\"><i class=\"fa-solid fa-location-pin\"><\/i> Abrir en Mapas<\/a>\n\n\n<div style=\"height:25px\" aria-hidden=\"true\" class=\"wp-block-spacer\"><\/div>\n\n\n\n<div class=\"wp-block-group is-vertical is-layout-flex wp-container-core-group-is-layout-4 wp-block-group-is-layout-flex\" style=\"padding-top:0;padding-right:0;padding-bottom:var(--wp--preset--spacing--30);padding-left:0\">\n<figure class=\"wp-block-image size-full is-resized\"><img loading=\"lazy\" decoding=\"async\" width=\"77\" height=\"92\" src=\"https:\/\/itinerari.visitbergamo.net\/wp-content\/uploads\/2024\/01\/3_02_Chiesetta_di-San-Vigilio.png\" alt=\"\" class=\"wp-image-871\" style=\"aspect-ratio:0.9705882352941176;width:40px;height:auto\"\/><\/figure>\n\n\n\n<p><strong>CHIESA DI SAN VIGILIO<\/strong><\/p>\n<\/div>\n\n\n<!--blockstudio\/blockstudio\/tasto--><a class=\"tasto\" style=\"background-color: rgb(57,168,53)\" href=\"https:\/\/www.visitbergamo.net\/es\/object-details\/3145-chiesa-s--vigilio\/\" target=\"_blank\"><i class=\"fa-solid fa-up-right-from-square\"><\/i> M\u00e1s informaci\u00f3n<\/a>\n\n<!--blockstudio\/blockstudio\/tasto--><a class=\"tasto\" style=\"background-color: rgb(57,168,53)\" href=\"https:\/\/maps.app.goo.gl\/7m5MC22o6DMYXiCW6\" target=\"_blank\"><i class=\"fa-solid fa-location-pin\"><\/i> Abrir en Mapas<\/a>\n\n\n<div style=\"height:30px\" aria-hidden=\"true\" class=\"wp-block-spacer\"><\/div>\n\n\n\n<p>Como el itinerario es un bucle, tambi\u00e9n puede seguirlo a la inversa. De espaldas a <strong>Porta Sant&#8217;Alessandro<\/strong>, tome Via Borgo Canale y, tras menos de 60 metros a la izquierda, encontrar\u00e1 la <strong>casa natal de Donizetti<\/strong> (punto 15), donde el compositor vio la luz en 1797 y pas\u00f3 los primeros veinte a\u00f1os de su vida. De la ruinosa casa de entonces no queda nada: en su lugar le espera un museo con un rico recorrido multimedia, donde podr\u00e1 descubrir los secretos de Donizetti y la vida t\u00edpica de una familia bergamasca del siglo XVIII.&nbsp;<\/p>\n\n\n\n<p>Despu\u00e9s de 160 metros, siempre a la izquierda, se encuentra la <strong>iglesia de S. Grata Inter Vites<\/strong> (punto 14), dedicada a la copatrona de B\u00e9rgamo y lugar de su sepultura hasta el a\u00f1o 1000. Datada en el siglo XIV, pero reconstruida durante el siglo XVIII, la iglesia debe su nombre a la zona donde fue construida, anta\u00f1o rodeada de vi\u00f1edos.&nbsp;<\/p>\n\n\n\n<div class=\"wp-block-group is-vertical is-layout-flex wp-container-core-group-is-layout-5 wp-block-group-is-layout-flex\" style=\"padding-top:0;padding-right:0;padding-bottom:var(--wp--preset--spacing--30);padding-left:0\">\n<figure class=\"wp-block-image size-full is-resized\"><img loading=\"lazy\" decoding=\"async\" width=\"134\" height=\"82\" src=\"https:\/\/itinerari.visitbergamo.net\/wp-content\/uploads\/2024\/01\/3_Porta-San-Alessandro.png\" alt=\"\" class=\"wp-image-859\" style=\"width:67px\"\/><\/figure>\n\n\n\n<p><strong><strong>PORTA SANT\u2019ALESSANDRO<\/strong><\/strong><\/p>\n<\/div>\n\n\n<!--blockstudio\/blockstudio\/tasto--><a class=\"tasto\" style=\"background-color: rgb(57,168,53)\" href=\"https:\/\/www.visitbergamo.net\/es\/oggetto\/porta-santalessandro\/?_gl=1*1dxbkte*_up*MQ..*_ga*NTM1MjU3NjIwLjE3NDkwMjUxMDA.*_ga_S3VC5W948H*czE3NDkwMjUwOTkkbzEkZzAkdDE3NDkwMjU0MjYkajYwJGwwJGgw\" target=\"_blank\"><i class=\"fa-solid fa-up-right-from-square\"><\/i> M\u00e1s informaci\u00f3n<\/a>\n\n<!--blockstudio\/blockstudio\/tasto--><a class=\"tasto\" style=\"background-color: rgb(57,168,53)\" href=\"https:\/\/maps.app.goo.gl\/kwP3foMmg6eDi6PG9\" target=\"_blank\"><i class=\"fa-solid fa-location-pin\"><\/i> Abrir en Mapas<\/a>\n\n\n<div style=\"height:25px\" aria-hidden=\"true\" class=\"wp-block-spacer\"><\/div>\n\n\n\n<div class=\"wp-block-group is-vertical is-layout-flex wp-container-core-group-is-layout-6 wp-block-group-is-layout-flex\" style=\"padding-top:0;padding-right:0;padding-bottom:var(--wp--preset--spacing--30);padding-left:0\">\n<figure class=\"wp-block-image size-full is-resized\"><img loading=\"lazy\" decoding=\"async\" width=\"49\" height=\"95\" src=\"https:\/\/itinerari.visitbergamo.net\/wp-content\/uploads\/2024\/01\/3_15_Casa-Natale-di-Donizetti.png\" alt=\"\" class=\"wp-image-853\" style=\"width:25px\"\/><\/figure>\n\n\n\n<p><strong>CASA NATALE DI DONIZETTI<\/strong><\/p>\n<\/div>\n\n\n<!--blockstudio\/blockstudio\/tasto--><a class=\"tasto\" style=\"background-color: rgb(57,168,53)\" href=\"https:\/\/www.visitbergamo.net\/es\/object-details\/939-casa-natale-donizetti\/\" target=\"_blank\"><i class=\"fa-solid fa-up-right-from-square\"><\/i> M\u00e1s informaci\u00f3n<\/a>\n\n<!--blockstudio\/blockstudio\/tasto--><a class=\"tasto\" style=\"background-color: rgb(57,168,53)\" href=\"https:\/\/maps.app.goo.gl\/x6gwbZ3EGEBpTJwZ6\" target=\"_blank\"><i class=\"fa-solid fa-location-pin\"><\/i> Abrir en Mapas<\/a>\n\n\n<div style=\"height:25px\" aria-hidden=\"true\" class=\"wp-block-spacer\"><\/div>\n\n\n\n<div class=\"wp-block-group is-vertical is-layout-flex wp-container-core-group-is-layout-7 wp-block-group-is-layout-flex\" style=\"padding-top:0;padding-right:0;padding-bottom:var(--wp--preset--spacing--30);padding-left:0\">\n<figure class=\"wp-block-image size-full is-resized\"><img loading=\"lazy\" decoding=\"async\" width=\"120\" height=\"158\" src=\"https:\/\/itinerari.visitbergamo.net\/wp-content\/uploads\/2024\/01\/3_14_Chiesa-_S.-Grata-Inter-Vites.png\" alt=\"\" class=\"wp-image-847\" style=\"width:60px\"\/><\/figure>\n\n\n\n<p><strong>CHIESA S. GRATA INTER VITES<\/strong><\/p>\n<\/div>\n\n\n<!--blockstudio\/blockstudio\/tasto--><a class=\"tasto\" style=\"background-color: rgb(57,168,53)\" href=\"https:\/\/www.visitbergamo.net\/es\/object-details\/2997-chiesa-di-santa-grata-inter-vites\/\" target=\"_blank\"><i class=\"fa-solid fa-up-right-from-square\"><\/i> M\u00e1s informaci\u00f3n<\/a>\n\n<!--blockstudio\/blockstudio\/tasto--><a class=\"tasto\" style=\"background-color: rgb(57,168,53)\" href=\"https:\/\/maps.app.goo.gl\/g2UR2KdTcnHXQGTS8\" target=\"_blank\"><i class=\"fa-solid fa-location-pin\"><\/i> Abrir en Mapas<\/a>\n\n\n<div style=\"height:30px\" aria-hidden=\"true\" class=\"wp-block-spacer\"><\/div>\n\n\n\n<p>Continuando, 300 metros m\u00e1s adelante, le espera la peque\u00f1a pero encantadora <strong>iglesia de San Erasmo<\/strong> (punto 13). Mencionada por primera vez en un manuscrito del siglo XIV, le sorprender\u00e1 por su fachada de piedra, los restos de frescos del siglo XV y una serie de hermosas pinturas del siglo XIX.<\/p>\n\n\n\n<div class=\"wp-block-group is-vertical is-layout-flex wp-container-core-group-is-layout-8 wp-block-group-is-layout-flex\" style=\"padding-top:0;padding-right:0;padding-bottom:var(--wp--preset--spacing--30);padding-left:0\">\n<figure class=\"wp-block-image size-full is-resized\"><img loading=\"lazy\" decoding=\"async\" width=\"111\" height=\"111\" src=\"https:\/\/itinerari.visitbergamo.net\/wp-content\/uploads\/2024\/01\/3_13_Chiesa_-San-Erasmo.png\" alt=\"\" class=\"wp-image-841\" style=\"width:55px\"\/><\/figure>\n\n\n\n<p><strong><strong>CHIESA S.ERASMO<\/strong><\/strong><\/p>\n<\/div>\n\n\n<!--blockstudio\/blockstudio\/tasto--><a class=\"tasto\" style=\"background-color: rgb(57,168,53)\" href=\"https:\/\/www.visitbergamo.net\/es\/object-details\/10465-chiesa-di-s--erasmo-vescovo-martire\/\" target=\"_blank\"><i class=\"fa-solid fa-up-right-from-square\"><\/i> M\u00e1s informaci\u00f3n<\/a>\n\n<!--blockstudio\/blockstudio\/tasto--><a class=\"tasto\" style=\"background-color: rgb(57,168,53)\" href=\"https:\/\/maps.app.goo.gl\/eErJ4YBH8qHyQUct7\" target=\"_blank\"><i class=\"fa-solid fa-location-pin\"><\/i> Abrir en Mapas<\/a>\n\n\n<div style=\"height:30px\" aria-hidden=\"true\" class=\"wp-block-spacer\"><\/div>\n\n\n\n<p>Si, por el contrario, sigue el itinerario en sentido contrario pero comenz\u00f3 en San Vigilio, ahora le espera la \u00faltima etapa del recorrido.<\/p>\n\n\n\n<p>Llegue a Porta Sant&#8217;Alessandro, atraviesela, gire a la izquierda y, tras 400 metros, le espera uno de los rincones m\u00e1s verdes y panor\u00e1micos de B\u00e9rgamo, el <strong>Jard\u00edn Bot\u00e1nico \u00abLorenzo Rota\u00bb<\/strong> (punto 17), conocido por ser una verdadera \u00abventana al paisaje\u00bb gracias a su posici\u00f3n privilegiada en la cima del Colle Aperto.<\/p>\n\n\n\n<div class=\"wp-block-group is-vertical is-layout-flex wp-container-core-group-is-layout-9 wp-block-group-is-layout-flex\" style=\"padding-top:0;padding-right:0;padding-bottom:var(--wp--preset--spacing--30);padding-left:0\">\n<figure class=\"wp-block-image size-full is-resized\"><img loading=\"lazy\" decoding=\"async\" width=\"111\" height=\"111\" src=\"https:\/\/itinerari.visitbergamo.net\/wp-content\/uploads\/2024\/01\/3_13_Chiesa_-San-Erasmo.png\" alt=\"\" class=\"wp-image-841\" style=\"width:55px\"\/><\/figure>\n\n\n\n<p><strong><strong>ORTO BOTANICO \u00abLORENZO ROTA\u00bb<\/strong><\/strong><\/p>\n<\/div>\n\n\n<!--blockstudio\/blockstudio\/tasto--><a class=\"tasto\" style=\"background-color: rgb(57,168,53)\" href=\"https:\/\/www.visitbergamo.net\/es\/object-details\/10-orto-botanico-di-bergamo--lorenzo-rota--\/\" target=\"_blank\"><i class=\"fa-solid fa-up-right-from-square\"><\/i> M\u00e1s informaci\u00f3n<\/a>\n\n<!--blockstudio\/blockstudio\/tasto--><a class=\"tasto\" style=\"background-color: rgb(57,168,53)\" href=\"https:\/\/maps.app.goo.gl\/knJEBgjfLxs3X2iH7\" target=\"_blank\"><i class=\"fa-solid fa-location-pin\"><\/i> Abrir en Mapas<\/a>\n<\/div>\n        <\/div>\n    <\/div>\n\n    <br \/><br \/><br \/><br \/><br \/>\n\n    <div style=\"position: absolute; bottom: 0px; left: 0px; width: 100%; height: 100px; background-color: rgb(176,211,152); opacity: .2;\"><\/div>\n    \n<\/section>\n\n<style>\n    a.tasto{\n        color: rgb(255,255,255) !important;\n    }\n<\/style>\n\n<!--blockstudio\/blockstudio\/atterraggio-qr-code--><section class=\"atterraggio my-5 position-relative\">\n\n    <div class=\"ancora\" id=\"cartellov08\"><\/div>\n\n    <div class=\"landingContainer p-3 pb-5\">\n        <div class=\"sideBar\">\n            <div class=\"line\" style=\"background-color: rgb(57,168,53)\"><\/div>\n            <div class=\"numero\" style=\"background-color: rgb(57,168,53)\" onclick=\"loadAudio('https:\/\/itinerari.visitbergamo.net\/wp-content\/uploads\/2024\/12\/Citta-Verde-ESP-Via-San-Vigilio-Jaime.mp3');\">\n                <i class=\"fa-solid fa-volume-high\" style=\"color: rgb(255,255,255)\"><\/i>\n            <\/div>\n            <div class=\"closingBall\" style=\"background-color: rgb(57,168,53)\"><\/div>\n        <\/div>\n        <div class=\"contenuto mb-3\">\n            \n            <div class=\"mt-1 d-inline-block mb-3\" onclick=\"loadAudio('https:\/\/itinerari.visitbergamo.net\/wp-content\/uploads\/2024\/12\/Citta-Verde-ESP-Via-San-Vigilio-Jaime.mp3');\" style=\"cursor: pointer; text-decoration: none;\">\n                <div class=\"label\" style=\"color: rgb(4,119,52)\">\n                    ESCUCHA LA <b>AUDIO GU\u00cdA<\/b>                <\/div>\n            <\/div>\n\n            <h3 class=\"landingTitolo mb-2\">\n            PARADA: Via San Vigilio            <\/h3>\n            <div class=\"menuTitolo\">\n                <b>PARADA:<\/b> Via San Vigilio            <\/div>\n                        <div >\n\n<p>Se encuentra en la ruta del itinerario La Citt\u00e0 Verde, en el cruce de Via Sudorno y Via San Vigilio, en la variante que le lleva a pie hasta la colina de San Vigilio. Si prefiere subir utilizando el funicular, d\u00e9 la espalda al cruce y baje hasta Largo Porta S. Alessandro, gire a la izquierda y llegue a la estaci\u00f3n, a unos 70 metros de aqu\u00ed, cerca de <strong>Porta Sant&#8217;Alessandro<\/strong> (punto 16).<\/p>\n\n\n\n<div class=\"wp-block-group is-vertical is-layout-flex wp-container-core-group-is-layout-10 wp-block-group-is-layout-flex\" style=\"padding-top:0;padding-right:0;padding-bottom:var(--wp--preset--spacing--30);padding-left:0\">\n<figure class=\"wp-block-image size-full is-resized\"><img loading=\"lazy\" decoding=\"async\" width=\"134\" height=\"82\" src=\"https:\/\/itinerari.visitbergamo.net\/wp-content\/uploads\/2024\/01\/3_Porta-San-Alessandro.png\" alt=\"\" class=\"wp-image-859\" style=\"width:67px\"\/><\/figure>\n\n\n\n<p><strong>PORTA SANT&#8217;ALESSANDRO<\/strong><\/p>\n<\/div>\n\n\n<!--blockstudio\/blockstudio\/tasto--><a class=\"tasto\" style=\"background-color: rgb(57,168,53)\" href=\"https:\/\/www.visitbergamo.net\/es\/object-details\/6568-porta-sant-alessandro\/\" target=\"_blank\"><i class=\"fa-solid fa-up-right-from-square\"><\/i> M\u00e1s informaci\u00f3n<\/a>\n\n<!--blockstudio\/blockstudio\/tasto--><a class=\"tasto\" style=\"background-color: rgb(57,168,53)\" href=\"https:\/\/maps.app.goo.gl\/kwP3foMmg6eDi6PG9\" target=\"_blank\"><i class=\"fa-solid fa-location-pin\"><\/i> Abrir en Mapas<\/a>\n\n\n<div style=\"height:30px\" aria-hidden=\"true\" class=\"wp-block-spacer\"><\/div>\n\n\n\n<p>Para continuar por la variante, suba manteni\u00e9ndose a la derecha; en 550 metros y 50 metros de desnivel, encontrar\u00e1 a la izquierda la <strong>iglesia de S. Vigilio<\/strong> (punto 2). A continuaci\u00f3n, girando a la derecha por Via al Castello, tras otros 180 metros podr\u00e1 visitar el parque y las ruinas del <strong>Castillo de San Vigilio<\/strong> (punto 1).<\/p>\n\n\n\n<div class=\"wp-block-group is-vertical is-layout-flex wp-container-core-group-is-layout-11 wp-block-group-is-layout-flex\" style=\"padding-top:0;padding-right:0;padding-bottom:var(--wp--preset--spacing--30);padding-left:0\">\n<figure class=\"wp-block-image size-full is-resized\"><img loading=\"lazy\" decoding=\"async\" width=\"77\" height=\"92\" src=\"https:\/\/itinerari.visitbergamo.net\/wp-content\/uploads\/2024\/01\/3_02_Chiesetta_di-San-Vigilio.png\" alt=\"\" class=\"wp-image-871\" style=\"width:40px\"\/><\/figure>\n\n\n\n<p><strong>IGLESIA DE  S. VIGILIO<\/strong><\/p>\n<\/div>\n\n\n<!--blockstudio\/blockstudio\/tasto--><a class=\"tasto\" style=\"background-color: rgb(57,168,53)\" href=\"https:\/\/www.visitbergamo.net\/es\/object-details\/3145-chiesa-s--vigilio\/\" target=\"_blank\"><i class=\"fa-solid fa-up-right-from-square\"><\/i> M\u00e1s informaci\u00f3n<\/a>\n\n<!--blockstudio\/blockstudio\/tasto--><a class=\"tasto\" style=\"background-color: rgb(57,168,53)\" href=\"https:\/\/maps.app.goo.gl\/7m5MC22o6DMYXiCW6\" target=\"_blank\"><i class=\"fa-solid fa-location-pin\"><\/i> Abrir en Mapas<\/a>\n\n\n<div style=\"height:25px\" aria-hidden=\"true\" class=\"wp-block-spacer\"><\/div>\n\n\n\n<div class=\"wp-block-group is-vertical is-layout-flex wp-container-core-group-is-layout-12 wp-block-group-is-layout-flex\" style=\"padding-top:0;padding-right:0;padding-bottom:var(--wp--preset--spacing--30);padding-left:0\">\n<figure class=\"wp-block-image size-full is-resized\"><img loading=\"lazy\" decoding=\"async\" width=\"158\" height=\"113\" src=\"https:\/\/itinerari.visitbergamo.net\/wp-content\/uploads\/2024\/01\/3_01_Castello-San-Vigilio.png\" alt=\"\" class=\"wp-image-865\" style=\"width:42px\"\/><\/figure>\n\n\n\n<p><strong>CASTILLO DE SAN VIGILIO<\/strong><\/p>\n<\/div>\n\n\n<!--blockstudio\/blockstudio\/tasto--><a class=\"tasto\" style=\"background-color: rgb(57,168,53)\" href=\"https:\/\/www.visitbergamo.net\/es\/object-details\/20-castello-s-vigilio\/\" target=\"_blank\"><i class=\"fa-solid fa-up-right-from-square\"><\/i> M\u00e1s informaci\u00f3n<\/a>\n\n<!--blockstudio\/blockstudio\/tasto--><a class=\"tasto\" style=\"background-color: rgb(57,168,53)\" href=\"https:\/\/maps.app.goo.gl\/FEmPrLgzcpVSz6UXA\" target=\"_blank\"><i class=\"fa-solid fa-location-pin\"><\/i> Abrir en Mapas<\/a>\n\n\n<div style=\"height:30px\" aria-hidden=\"true\" class=\"wp-block-spacer\"><\/div>\n\n\n\n<p>Si, por el contrario, desciende de la colina, para continuar el itinerario llegue hasta <strong>Porta Sant&#8217;Alessandro<\/strong>, desandando una breve parte del tramo que en la ida le hizo descubrir Borgo Canale, la <strong>casa natal de Donizetti<\/strong> (punto 15) y la <strong>Iglesia S. Grata Inter Vites<\/strong> (punto 14). Una vez atravesada la puerta, gire a la izquierda y en 400 metros encontrar\u00e1 uno de los rincones m\u00e1s verdes y pintorescos de B\u00e9rgamo, el <strong>Jard\u00edn Bot\u00e1nico Lorenzo Rota<\/strong> (punto 17).<\/p>\n\n\n\n<div class=\"wp-block-group is-vertical is-layout-flex wp-container-core-group-is-layout-13 wp-block-group-is-layout-flex\" style=\"padding-top:0;padding-right:0;padding-bottom:var(--wp--preset--spacing--30);padding-left:0\">\n<figure class=\"wp-block-image size-full is-resized\"><img loading=\"lazy\" decoding=\"async\" width=\"49\" height=\"95\" src=\"https:\/\/itinerari.visitbergamo.net\/wp-content\/uploads\/2024\/01\/3_15_Casa-Natale-di-Donizetti.png\" alt=\"\" class=\"wp-image-853\" style=\"width:25px\"\/><\/figure>\n\n\n\n<p><strong><strong>CASA NATAL DI DONIZETTI<\/strong><\/strong><\/p>\n<\/div>\n\n\n<!--blockstudio\/blockstudio\/tasto--><a class=\"tasto\" style=\"background-color: rgb(57,168,53)\" href=\"https:\/\/www.visitbergamo.net\/es\/object-details\/939-casa-natale-donizetti\/\" target=\"_blank\"><i class=\"fa-solid fa-up-right-from-square\"><\/i> M\u00e1s informaci\u00f3n<\/a>\n\n<!--blockstudio\/blockstudio\/tasto--><a class=\"tasto\" style=\"background-color: rgb(57,168,53)\" href=\"https:\/\/maps.app.goo.gl\/x6gwbZ3EGEBpTJwZ6\" target=\"_blank\"><i class=\"fa-solid fa-location-pin\"><\/i> Abrir en Mapas<\/a>\n\n\n<div style=\"height:25px\" aria-hidden=\"true\" class=\"wp-block-spacer\"><\/div>\n\n\n\n<div class=\"wp-block-group is-vertical is-layout-flex wp-container-core-group-is-layout-14 wp-block-group-is-layout-flex\" style=\"padding-top:0;padding-right:0;padding-bottom:var(--wp--preset--spacing--30);padding-left:0\">\n<figure class=\"wp-block-image size-full is-resized\"><img loading=\"lazy\" decoding=\"async\" width=\"120\" height=\"158\" src=\"https:\/\/itinerari.visitbergamo.net\/wp-content\/uploads\/2024\/01\/3_14_Chiesa-_S.-Grata-Inter-Vites.png\" alt=\"\" class=\"wp-image-847\" style=\"width:60px\"\/><\/figure>\n\n\n\n<p><strong><strong>IGLESIA  S. GRATA INTER VITES<\/strong><\/strong><\/p>\n<\/div>\n\n\n<!--blockstudio\/blockstudio\/tasto--><a class=\"tasto\" style=\"background-color: rgb(57,168,53)\" href=\"https:\/\/www.visitbergamo.net\/es\/object-details\/2997-chiesa-di-santa-grata-inter-vites\/\" target=\"_blank\"><i class=\"fa-solid fa-up-right-from-square\"><\/i> M\u00e1s informaci\u00f3n<\/a>\n\n<!--blockstudio\/blockstudio\/tasto--><a class=\"tasto\" style=\"background-color: rgb(57,168,53)\" href=\"https:\/\/maps.app.goo.gl\/g2UR2KdTcnHXQGTS8\" target=\"_blank\"><i class=\"fa-solid fa-location-pin\"><\/i> Abrir en Mapas<\/a>\n\n\n<div style=\"height:25px\" aria-hidden=\"true\" class=\"wp-block-spacer\"><\/div>\n\n\n\n<div class=\"wp-block-group is-vertical is-layout-flex wp-container-core-group-is-layout-15 wp-block-group-is-layout-flex\" style=\"padding-top:0;padding-right:0;padding-bottom:var(--wp--preset--spacing--30);padding-left:0\">\n<figure class=\"wp-block-image size-full is-resized\"><img loading=\"lazy\" decoding=\"async\" width=\"121\" height=\"111\" src=\"https:\/\/itinerari.visitbergamo.net\/wp-content\/uploads\/2024\/01\/3_05_Orto-Botanico_Lorenzo-Rota.png\" alt=\"\" class=\"wp-image-889\" style=\"width:60px\"\/><\/figure>\n\n\n\n<p><strong style=\"font-weight: bold;\">JARDIN BOTANICO<\/strong><b> \u00abLORENZO ROTA\u00bb<\/b><\/p>\n<\/div>\n\n\n<!--blockstudio\/blockstudio\/tasto--><a class=\"tasto\" style=\"background-color: rgb(57,168,53)\" href=\"https:\/\/www.visitbergamo.net\/es\/object-details\/10-orto-botanico-di-bergamo--lorenzo-rota--\/\" target=\"_blank\"><i class=\"fa-solid fa-up-right-from-square\"><\/i> M\u00e1s informaci\u00f3n<\/a>\n\n<!--blockstudio\/blockstudio\/tasto--><a class=\"tasto\" style=\"background-color: rgb(57,168,53)\" href=\"https:\/\/maps.app.goo.gl\/2BQnPv62UYv7sCjH8\" target=\"_blank\"><i class=\"fa-solid fa-location-pin\"><\/i> Abrir en Mapas<\/a>\n<\/div>\n        <\/div>\n    <\/div>\n\n    <br \/><br \/><br \/><br \/><br \/>\n\n    <div style=\"position: absolute; bottom: 0px; left: 0px; width: 100%; height: 100px; background-color: rgb(176,211,152); opacity: .2;\"><\/div>\n    \n<\/section>\n\n<style>\n    a.tasto{\n        color: rgb(255,255,255) !important;\n    }\n<\/style>\n\n<!--blockstudio\/blockstudio\/atterraggio-qr-code--><section class=\"atterraggio my-5 position-relative\">\n\n    <div class=\"ancora\" id=\"cartellov09\"><\/div>\n\n    <div class=\"landingContainer p-3 pb-5\">\n        <div class=\"sideBar\">\n            <div class=\"line\" style=\"background-color: rgb(57,168,53)\"><\/div>\n            <div class=\"numero\" style=\"background-color: rgb(57,168,53)\" onclick=\"loadAudio('https:\/\/itinerari.visitbergamo.net\/wp-content\/uploads\/2024\/12\/Citta-Verde-ESP-Funicolare-San-Vigilio-Jaime.mp3');\">\n                <i class=\"fa-solid fa-volume-high\" style=\"color: rgb(255,255,255)\"><\/i>\n            <\/div>\n            <div class=\"closingBall\" style=\"background-color: rgb(57,168,53)\"><\/div>\n        <\/div>\n        <div class=\"contenuto mb-3\">\n            \n            <div class=\"mt-1 d-inline-block mb-3\" onclick=\"loadAudio('https:\/\/itinerari.visitbergamo.net\/wp-content\/uploads\/2024\/12\/Citta-Verde-ESP-Funicolare-San-Vigilio-Jaime.mp3');\" style=\"cursor: pointer; text-decoration: none;\">\n                <div class=\"label\" style=\"color: rgb(4,119,52)\">\n                    ESCUCHA LA <b>AUDIO GU\u00cdA<\/b>                <\/div>\n            <\/div>\n\n            <h3 class=\"landingTitolo mb-2\">\n            PARADA: Funicolare di San Vigilio            <\/h3>\n            <div class=\"menuTitolo\">\n                <b>PARADA:<\/b> Funicolare di San Vigilio            <\/div>\n                        <div >\n\n<p>Se encuentra en la estaci\u00f3n superior del funicular de San Vigilio, que conecta la colina del mismo nombre con el centro de Citt\u00e0 Alta. Si sube desde Largo di Porta Sant&#8217;Alessandro, gire a la derecha y, en 130 metros, encontrar\u00e1 el parque y el <strong>castillo de San Vigilio<\/strong> (punto 1). De origen antiguo, la fortaleza es hoy un conjunto de ruinas majestuosas, con torres, troneras y aspilleras sobre una densa red de pasadizos subterr\u00e1neos. Fue el \u00faltimo puesto avanzado de defensa de B\u00e9rgamo y su territorio.<\/p>\n\n\n\n<div class=\"wp-block-group is-vertical is-layout-flex wp-container-core-group-is-layout-16 wp-block-group-is-layout-flex\" style=\"padding-top:0;padding-right:0;padding-bottom:var(--wp--preset--spacing--30);padding-left:0\">\n<figure class=\"wp-block-image size-full is-resized\"><img loading=\"lazy\" decoding=\"async\" width=\"158\" height=\"113\" src=\"https:\/\/itinerari.visitbergamo.net\/wp-content\/uploads\/2024\/01\/3_01_Castello-San-Vigilio.png\" alt=\"\" class=\"wp-image-865\" style=\"width:42px\"\/><\/figure>\n\n\n\n<p><strong>CASTILLO DE SAN VIGILIO<\/strong><\/p>\n<\/div>\n\n\n<!--blockstudio\/blockstudio\/tasto--><a class=\"tasto\" style=\"background-color: rgb(57,168,53)\" href=\"https:\/\/www.visitbergamo.net\/es\/object-details\/20-castello-s-vigilio\/\" target=\"_blank\"><i class=\"fa-solid fa-up-right-from-square\"><\/i> M\u00e1s informaci\u00f3n<\/a>\n\n<!--blockstudio\/blockstudio\/tasto--><a class=\"tasto\" style=\"background-color: rgb(57,168,53)\" href=\"https:\/\/maps.app.goo.gl\/FEmPrLgzcpVSz6UXA\" target=\"_blank\"><i class=\"fa-solid fa-location-pin\"><\/i> Abrir en Mapas<\/a>\n\n\n<div style=\"height:30px\" aria-hidden=\"true\" class=\"wp-block-spacer\"><\/div>\n\n\n\n<p>Tras visitarlo, d\u00e9 media vuelta y siga recto por Via al Castello para encontrar, a 50 metros de la se\u00f1al, la <strong>Chiesa S. Vigilio<\/strong> (Iglesia de San Vigilio) (punto 2), construida en el siglo VIII en honor del obispo del mismo nombre y perteneciente entre 1200 y 1500 a varias \u00f3rdenes religiosas.<\/p>\n\n\n\n<div class=\"wp-block-group is-vertical is-layout-flex wp-container-core-group-is-layout-17 wp-block-group-is-layout-flex\" style=\"padding-top:0;padding-right:0;padding-bottom:var(--wp--preset--spacing--30);padding-left:0\">\n<figure class=\"wp-block-image size-full is-resized\"><img loading=\"lazy\" decoding=\"async\" width=\"77\" height=\"92\" src=\"https:\/\/itinerari.visitbergamo.net\/wp-content\/uploads\/2024\/01\/3_02_Chiesetta_di-San-Vigilio.png\" alt=\"\" class=\"wp-image-871\" style=\"width:40px\"\/><\/figure>\n\n\n\n<p><strong>CHIESA S. VIGILIO<\/strong><\/p>\n<\/div>\n\n\n<!--blockstudio\/blockstudio\/tasto--><a class=\"tasto\" style=\"background-color: rgb(57,168,53)\" href=\"https:\/\/www.visitbergamo.net\/es\/object-details\/3145-chiesa-s--vigilio\/\" target=\"_blank\"><i class=\"fa-solid fa-up-right-from-square\"><\/i> M\u00e1s informaci\u00f3n<\/a>\n\n<!--blockstudio\/blockstudio\/tasto--><a class=\"tasto\" style=\"background-color: rgb(57,168,53)\" href=\"https:\/\/maps.app.goo.gl\/7m5MC22o6DMYXiCW6\" target=\"_blank\"><i class=\"fa-solid fa-location-pin\"><\/i> Abrir en Mapas<\/a>\n\n\n<div style=\"height:30px\" aria-hidden=\"true\" class=\"wp-block-spacer\"><\/div>\n\n\n\n<p>Junto al edificio se encuentra el <strong>Scorlazzone<\/strong> medieval (punto 3), que desciende hacia el Val d&#8217;Astino.<\/p>\n\n\n\n<div class=\"wp-block-group is-vertical is-layout-flex wp-container-core-group-is-layout-18 wp-block-group-is-layout-flex\" style=\"padding-top:0;padding-right:0;padding-bottom:var(--wp--preset--spacing--30);padding-left:0\">\n<figure class=\"wp-block-image size-full is-resized\"><img loading=\"lazy\" decoding=\"async\" width=\"118\" height=\"88\" src=\"https:\/\/itinerari.visitbergamo.net\/wp-content\/uploads\/2024\/01\/3_03_Scaletta-dello-Scorlazzone.png\" alt=\"\" class=\"wp-image-877\" style=\"width:59px\"\/><\/figure>\n\n\n\n<p><strong>SCORLAZZONE<\/strong><\/p>\n<\/div>\n\n\n<!--blockstudio\/blockstudio\/tasto--><a class=\"tasto\" style=\"background-color: rgb(57,168,53)\" href=\"https:\/\/www.visitbergamo.net\/es\/object-details\/3155-scaletta-dello-scorlazzone\/\" target=\"_blank\"><i class=\"fa-solid fa-up-right-from-square\"><\/i> M\u00e1s informaci\u00f3n<\/a>\n\n<!--blockstudio\/blockstudio\/tasto--><a class=\"tasto\" style=\"background-color: rgb(57,168,53)\" href=\"https:\/\/maps.app.goo.gl\/zbxHzFopWsZdHkLZ7\" target=\"_blank\"><i class=\"fa-solid fa-location-pin\"><\/i> Abrir en Mapas<\/a>\n\n\n<div style=\"height:30px\" aria-hidden=\"true\" class=\"wp-block-spacer\"><\/div>\n\n\n\n<p>Si viene desde esa direcci\u00f3n, es hora de regresar a la Ciudad Alta. Para ello, puede tomar el funicular que se encuentra detr\u00e1s o, continuando hacia la izquierda, tomar la via San Vigilio. Con la segunda opci\u00f3n, tras unos 700 metros llegar\u00e1 a Largo di Porta Sant&#8217;Alessandro.<\/p>\n\n<\/div>\n        <\/div>\n    <\/div>\n\n    <br \/><br \/><br \/><br \/><br \/>\n\n    <div style=\"position: absolute; bottom: 0px; left: 0px; width: 100%; height: 100px; background-color: rgb(176,211,152); opacity: .2;\"><\/div>\n    \n<\/section>\n\n<style>\n    a.tasto{\n        color: rgb(255,255,255) !important;\n    }\n<\/style>\n\n<!--blockstudio\/blockstudio\/atterraggio-qr-code--><section class=\"atterraggio my-5 position-relative\">\n\n    <div class=\"ancora\" id=\"cartellov11\"><\/div>\n\n    <div class=\"landingContainer p-3 pb-5\">\n        <div class=\"sideBar\">\n            <div class=\"line\" style=\"background-color: rgb(57,168,53)\"><\/div>\n            <div class=\"numero\" style=\"background-color: rgb(57,168,53)\" onclick=\"loadAudio('https:\/\/itinerari.visitbergamo.net\/wp-content\/uploads\/2024\/12\/Citta-Verde-ESP-Chiesa-San-Vigilio-Jaime.mp3');\">\n                <i class=\"fa-solid fa-volume-high\" style=\"color: rgb(255,255,255)\"><\/i>\n            <\/div>\n            <div class=\"closingBall\" style=\"background-color: rgb(57,168,53)\"><\/div>\n        <\/div>\n        <div class=\"contenuto mb-3\">\n            \n            <div class=\"mt-1 d-inline-block mb-3\" onclick=\"loadAudio('https:\/\/itinerari.visitbergamo.net\/wp-content\/uploads\/2024\/12\/Citta-Verde-ESP-Chiesa-San-Vigilio-Jaime.mp3');\" style=\"cursor: pointer; text-decoration: none;\">\n                <div class=\"label\" style=\"color: rgb(4,119,52)\">\n                    ESCUCHA LA <b>AUDIO GU\u00cdA<\/b>                <\/div>\n            <\/div>\n\n            <h3 class=\"landingTitolo mb-2\">\n            PARADA: Chiesa di San Vigilio            <\/h3>\n            <div class=\"menuTitolo\">\n                <b>PARADA:<\/b> Chiesa di San Vigilio            <\/div>\n                        <div >\n\n<p>Se encuentra en las inmediaciones de la <strong>iglesia de San Vigilio<\/strong> (punto 2), cuyo patio se abre a sus espaldas, y a la entrada del pasadizo conocido como la <strong>Escalinata del Scorlazzone<\/strong> (punto 3).<\/p>\n\n\n\n<div class=\"wp-block-group is-vertical is-layout-flex wp-container-core-group-is-layout-19 wp-block-group-is-layout-flex\" style=\"padding-top:0;padding-right:0;padding-bottom:var(--wp--preset--spacing--30);padding-left:0\">\n<figure class=\"wp-block-image size-full is-resized\"><img loading=\"lazy\" decoding=\"async\" width=\"77\" height=\"92\" src=\"https:\/\/itinerari.visitbergamo.net\/wp-content\/uploads\/2024\/01\/3_02_Chiesetta_di-San-Vigilio.png\" alt=\"\" class=\"wp-image-871\" style=\"width:40px\"\/><\/figure>\n\n\n\n<p><strong>CHIESA DI SAN VIGILIO<\/strong><\/p>\n<\/div>\n\n\n<!--blockstudio\/blockstudio\/tasto--><a class=\"tasto\" style=\"background-color: rgb(57,168,53)\" href=\"https:\/\/www.visitbergamo.net\/es\/object-details\/3145-chiesa-s--vigilio\/\" target=\"_blank\"><i class=\"fa-solid fa-up-right-from-square\"><\/i> M\u00e1s informaci\u00f3n<\/a>\n\n<!--blockstudio\/blockstudio\/tasto--><a class=\"tasto\" style=\"background-color: rgb(57,168,53)\" href=\"https:\/\/maps.app.goo.gl\/7m5MC22o6DMYXiCW6\" target=\"_blank\"><i class=\"fa-solid fa-location-pin\"><\/i> Abrir en Mapas<\/a>\n\n\n<div style=\"height:25px\" aria-hidden=\"true\" class=\"wp-block-spacer\"><\/div>\n\n\n\n<div class=\"wp-block-group is-vertical is-layout-flex wp-container-core-group-is-layout-20 wp-block-group-is-layout-flex\" style=\"padding-top:0;padding-right:0;padding-bottom:var(--wp--preset--spacing--30);padding-left:0\">\n<figure class=\"wp-block-image size-full is-resized\"><img loading=\"lazy\" decoding=\"async\" width=\"118\" height=\"88\" src=\"https:\/\/itinerari.visitbergamo.net\/wp-content\/uploads\/2024\/01\/3_03_Scaletta-dello-Scorlazzone.png\" alt=\"\" class=\"wp-image-877\" style=\"width:59px\"\/><\/figure>\n\n\n\n<p><strong>ESCALINATA DEL SCORLAZZONE<\/strong><\/p>\n<\/div>\n\n\n<!--blockstudio\/blockstudio\/tasto--><a class=\"tasto\" style=\"background-color: rgb(57,168,53)\" href=\"https:\/\/www.visitbergamo.net\/es\/object-details\/3155-scaletta-dello-scorlazzone\/\" target=\"_blank\"><i class=\"fa-solid fa-up-right-from-square\"><\/i> M\u00e1s informaci\u00f3n<\/a>\n\n<!--blockstudio\/blockstudio\/tasto--><a class=\"tasto\" style=\"background-color: rgb(57,168,53)\" href=\"https:\/\/maps.app.goo.gl\/zbxHzFopWsZdHkLZ7\" target=\"_blank\"><i class=\"fa-solid fa-location-pin\"><\/i> Abrir en Mapas<\/a>\n\n\n<div style=\"height:30px\" aria-hidden=\"true\" class=\"wp-block-spacer\"><\/div>\n\n\n\n<p>Merece la pena visitar esta peque\u00f1a iglesia, sobre todo por las vistas que ofrece desde su terraza. Construida en el siglo VIII en honor del obispo trentino del mismo nombre, que en aquella \u00e9poca habr\u00eda permanecido en las colinas de B\u00e9rgamo, perteneci\u00f3 a los frailes dominicos y, despu\u00e9s de la Edad Media, a la Orden de los Humiliati. Su aspecto actual se debe a las intervenciones de los siglos XVIII y XX, que lo adecuaron al gusto moderno.<\/p>\n\n\n\n<p>Si viene de Citt\u00e0 Alta, para continuar el itinerario gire a la izquierda y recorra el Scorlazzone. Parte del gran laberinto de escaleras que, desde la Edad Media, conecta las dos almas de B\u00e9rgamo, este pasaje es la continuaci\u00f3n natural del Scorlazzino. Con sus 162 escalones, es sin duda uno de los m\u00e1s desafiantes, pero no tema: el ambiente intemporal merece el esfuerzo, \u00a1y al final encontrar\u00e1 una fuente de agua fresca para refrescarse!<\/p>\n\n\n\n<p>Si, por el contrario, acaba de subir el Scorlazzone, su recorrido incluye ahora la Iglesia de San Vigilio, a sus espaldas, el <strong>Castillo de San Vigilio<\/strong> (punto 1) en 170 metros al final de la Via del Castello, y finalmente el descenso hacia Citt\u00e0 Alta.<\/p>\n\n\n\n<div class=\"wp-block-group is-vertical is-layout-flex wp-container-core-group-is-layout-21 wp-block-group-is-layout-flex\" style=\"padding-top:0;padding-right:0;padding-bottom:var(--wp--preset--spacing--30);padding-left:0\">\n<figure class=\"wp-block-image size-full is-resized\"><img loading=\"lazy\" decoding=\"async\" width=\"158\" height=\"113\" src=\"https:\/\/itinerari.visitbergamo.net\/wp-content\/uploads\/2024\/01\/3_01_Castello-San-Vigilio.png\" alt=\"\" class=\"wp-image-865\" style=\"width:42px\"\/><\/figure>\n\n\n\n<p><strong>CASTILLO DE SAN VIGILIO<\/strong><\/p>\n<\/div>\n\n\n<!--blockstudio\/blockstudio\/tasto--><a class=\"tasto\" style=\"background-color: rgb(57,168,53)\" href=\"https:\/\/www.visitbergamo.net\/es\/object-details\/20-castello-s-vigilio\/\" target=\"_blank\"><i class=\"fa-solid fa-up-right-from-square\"><\/i> M\u00e1s informaci\u00f3n<\/a>\n\n<!--blockstudio\/blockstudio\/tasto--><a class=\"tasto\" style=\"background-color: rgb(57,168,53)\" href=\"https:\/\/maps.app.goo.gl\/FEmPrLgzcpVSz6UXA\" target=\"_blank\"><i class=\"fa-solid fa-location-pin\"><\/i> Abrir en Mapas<\/a>\n\n\n<div style=\"height:30px\" aria-hidden=\"true\" class=\"wp-block-spacer\"><\/div>\n\n\n\n<p>Para llegar al centro monumental, puede utilizar el funicular o la igualmente pintoresca Via San Vigilio, que comienza inmediatamente despu\u00e9s de la iglesia, pasando por el peque\u00f1o aparcamiento. Al llegar al final, tras admirar numerosas casas hist\u00f3ricas y la espl\u00e9ndida vista de la ciudad, se encontrar\u00e1 en <strong>Porta Sant&#8217;Alessandro<\/strong> (punto 16), a unos 700 metros.<\/p>\n\n\n\n<div class=\"wp-block-group is-vertical is-layout-flex wp-container-core-group-is-layout-22 wp-block-group-is-layout-flex\" style=\"padding-top:0;padding-right:0;padding-bottom:var(--wp--preset--spacing--30);padding-left:0\">\n<figure class=\"wp-block-image size-full is-resized\"><img loading=\"lazy\" decoding=\"async\" width=\"134\" height=\"82\" src=\"https:\/\/itinerari.visitbergamo.net\/wp-content\/uploads\/2024\/01\/3_Porta-San-Alessandro.png\" alt=\"\" class=\"wp-image-859\" style=\"width:67px\"\/><\/figure>\n\n\n\n<p><strong>PORTA SANT&#8217;ALESSANDRO<\/strong><\/p>\n<\/div>\n\n\n<!--blockstudio\/blockstudio\/tasto--><a class=\"tasto\" style=\"background-color: rgb(57,168,53)\" href=\"https:\/\/www.visitbergamo.net\/es\/object-details\/6568-porta-sant-alessandro\/\" target=\"_blank\"><i class=\"fa-solid fa-up-right-from-square\"><\/i> M\u00e1s informaci\u00f3n<\/a>\n\n<!--blockstudio\/blockstudio\/tasto--><a class=\"tasto\" style=\"background-color: rgb(57,168,53)\" href=\"https:\/\/maps.app.goo.gl\/kwP3foMmg6eDi6PG9\" target=\"_blank\"><i class=\"fa-solid fa-location-pin\"><\/i> Abrir en Mapas<\/a>\n<\/div>\n        <\/div>\n    <\/div>\n\n    <br \/><br \/><br \/><br \/><br \/>\n\n    <div style=\"position: absolute; bottom: 0px; left: 0px; width: 100%; height: 100px; background-color: rgb(176,211,152); opacity: .2;\"><\/div>\n    \n<\/section>\n\n<style>\n    a.tasto{\n        color: rgb(255,255,255) !important;\n    }\n<\/style>\n\n<!--blockstudio\/blockstudio\/atterraggio-qr-code--><section class=\"atterraggio my-5 position-relative\">\n\n    <div class=\"ancora\" id=\"cartellov12\"><\/div>\n\n    <div class=\"landingContainer p-3 pb-5\">\n        <div class=\"sideBar\">\n            <div class=\"line\" style=\"background-color: rgb(57,168,53)\"><\/div>\n            <div class=\"numero\" style=\"background-color: rgb(57,168,53)\" onclick=\"loadAudio('https:\/\/itinerari.visitbergamo.net\/wp-content\/uploads\/2024\/12\/Citta-Verde-ESP-Scaletta-dello-Scorlazzone-Jaime.mp3');\">\n                <i class=\"fa-solid fa-volume-high\" style=\"color: rgb(255,255,255)\"><\/i>\n            <\/div>\n            <div class=\"closingBall\" style=\"background-color: rgb(57,168,53)\"><\/div>\n        <\/div>\n        <div class=\"contenuto mb-3\">\n            \n            <div class=\"mt-1 d-inline-block mb-3\" onclick=\"loadAudio('https:\/\/itinerari.visitbergamo.net\/wp-content\/uploads\/2024\/12\/Citta-Verde-ESP-Scaletta-dello-Scorlazzone-Jaime.mp3');\" style=\"cursor: pointer; text-decoration: none;\">\n                <div class=\"label\" style=\"color: rgb(4,119,52)\">\n                    ESCUCHA LA <b>AUDIO GU\u00cdA<\/b>                <\/div>\n            <\/div>\n\n            <h3 class=\"landingTitolo mb-2\">\n            PARADA: Scaletta dello Scorlazzone            <\/h3>\n            <div class=\"menuTitolo\">\n                <b>PARADA:<\/b> Scaletta dello Scorlazzone            <\/div>\n                        <div >\n\n<p>Se encuentra usted en la base de la <strong>Escalinata Scorlazzone<\/strong> (punto 3), una de las callejuelas medievales m\u00e1s famosas que conectan la Alta y la Baja B\u00e9rgamo.<\/p>\n\n\n\n<div class=\"wp-block-group is-vertical is-layout-flex wp-container-core-group-is-layout-23 wp-block-group-is-layout-flex\" style=\"padding-top:0;padding-right:0;padding-bottom:var(--wp--preset--spacing--30);padding-left:0\">\n<figure class=\"wp-block-image size-full is-resized\"><img loading=\"lazy\" decoding=\"async\" width=\"118\" height=\"88\" src=\"https:\/\/itinerari.visitbergamo.net\/wp-content\/uploads\/2024\/01\/3_03_Scaletta-dello-Scorlazzone.png\" alt=\"\" class=\"wp-image-877\" style=\"width:59px\"\/><\/figure>\n\n\n\n<p><strong>ESCALINADA  SCORLAZZONE<\/strong><\/p>\n<\/div>\n\n\n<!--blockstudio\/blockstudio\/tasto--><a class=\"tasto\" style=\"background-color: rgb(57,168,53)\" href=\"https:\/\/www.visitbergamo.net\/es\/object-details\/3155-scaletta-dello-scorlazzone\/\" target=\"_blank\"><i class=\"fa-solid fa-up-right-from-square\"><\/i> M\u00e1s informaci\u00f3n<\/a>\n\n<!--blockstudio\/blockstudio\/tasto--><a class=\"tasto\" style=\"background-color: rgb(57,168,53)\" href=\"https:\/\/maps.app.goo.gl\/zbxHzFopWsZdHkLZ7\" target=\"_blank\"><i class=\"fa-solid fa-location-pin\"><\/i> Abrir en Mapas<\/a>\n\n\n<div style=\"height:30px\" aria-hidden=\"true\" class=\"wp-block-spacer\"><\/div>\n\n\n\n<p>Estos escalones empedrados eran los pasadizos que utilizaba la gente para moverse entre las dos mitades del centro; hoy son una forma muy \u00ablocal\u00bb de explorar sus rincones m\u00e1s escondidos. De espaldas a la se\u00f1al, m\u00e1s a la izquierda ver\u00e1 tambi\u00e9n la entrada al Scorlazzino, una peque\u00f1a escalera que act\u00faa como continuaci\u00f3n natural del Scorlazzone. Merece la pena marcarlo para su pr\u00f3ximo paseo.<\/p>\n\n\n\n<p>Ahora le espera el resto de La Citt\u00e0 Verde: si viene de San Vigilio, d\u00e9 la espalda a la se\u00f1al, gire a la derecha y camine por Via Sudorno hasta el cruce con Via Torni. Mant\u00e9ngase a la izquierda y en 90 metros llegar\u00e1 al <strong>Tempio dei Caduti<\/strong> (Templo de los Ca\u00eddos) (punto 4), construido en 1915 sobre los restos de la antigua iglesia de S. Maria di Sudorno y dedicado a los soldados ca\u00eddos en las Guerras.<\/p>\n\n\n\n<div class=\"wp-block-group is-vertical is-layout-flex wp-container-core-group-is-layout-24 wp-block-group-is-layout-flex\" style=\"padding-top:0;padding-right:0;padding-bottom:var(--wp--preset--spacing--30);padding-left:0\">\n<figure class=\"wp-block-image size-full is-resized\"><img loading=\"lazy\" decoding=\"async\" width=\"106\" height=\"149\" src=\"https:\/\/itinerari.visitbergamo.net\/wp-content\/uploads\/2024\/01\/3_04_Tempio-_dei-caduti.png\" alt=\"\" class=\"wp-image-883\" style=\"width:53px\"\/><\/figure>\n\n\n\n<p><strong>TEMPIO DEI CADUTI<\/strong><\/p>\n<\/div>\n\n\n<!--blockstudio\/blockstudio\/tasto--><a class=\"tasto\" style=\"background-color: rgb(57,168,53)\" href=\"https:\/\/www.visitbergamo.net\/es\/object-details\/3178-tempio-dei-caduti\/\" target=\"_blank\"><i class=\"fa-solid fa-up-right-from-square\"><\/i> M\u00e1s informaci\u00f3n<\/a>\n\n<!--blockstudio\/blockstudio\/tasto--><a class=\"tasto\" style=\"background-color: rgb(57,168,53)\" href=\"https:\/\/maps.app.goo.gl\/dzmbrYAiXJMNNpJm8\" target=\"_blank\"><i class=\"fa-solid fa-location-pin\"><\/i> Abrir en Mapas<\/a>\n\n\n<div style=\"height:30px\" aria-hidden=\"true\" class=\"wp-block-spacer\"><\/div>\n\n\n\n<p>Despu\u00e9s del Templo, pase el arco de via Sudorno, mant\u00e9ngase a la derecha y siga por via Astino. Aqu\u00ed comienza el hermoso descenso por un camino empedrado hacia el <strong>Jard\u00edn Bot\u00e1nico-Valle de la Biodiversidad<\/strong> (punto 5), al que se llega tras 1 kil\u00f3metro. A pocos metros del Jard\u00edn, pero en el lado izquierdo de la carretera, encontrar\u00e1 la <strong>Iglesia del Santo Sepulcro <\/strong>(punto 6) y <strong>el Antiguo Monasterio de Astino<\/strong> (punto 7).<\/p>\n\n\n\n<div class=\"wp-block-group is-vertical is-layout-flex wp-container-core-group-is-layout-25 wp-block-group-is-layout-flex\" style=\"padding-top:0;padding-right:0;padding-bottom:var(--wp--preset--spacing--30);padding-left:0\">\n<figure class=\"wp-block-image size-full is-resized\"><img loading=\"lazy\" decoding=\"async\" width=\"121\" height=\"110\" src=\"https:\/\/itinerari.visitbergamo.net\/wp-content\/uploads\/2024\/01\/3_05_Orto-Botanico-_Valle-della-Biodiversita.png\" alt=\"\" class=\"wp-image-895\" style=\"width:60px\"\/><\/figure>\n\n\n\n<p><strong><strong>JARDIN BOTANICO-VALLE DE LA BIODIVERSIDAD<\/strong><\/strong><\/p>\n<\/div>\n\n\n<!--blockstudio\/blockstudio\/tasto--><a class=\"tasto\" style=\"background-color: rgb(57,168,53)\" href=\"https:\/\/www.visitbergamo.net\/es\/object-details\/3116-la-valle-della-biodiversit%C3%A0\/\" target=\"_blank\"><i class=\"fa-solid fa-up-right-from-square\"><\/i> M\u00e1s informaci\u00f3n<\/a>\n\n<!--blockstudio\/blockstudio\/tasto--><a class=\"tasto\" style=\"background-color: rgb(57,168,53)\" href=\"https:\/\/maps.app.goo.gl\/mxWSAtMJiMYESYy68\" target=\"_blank\"><i class=\"fa-solid fa-location-pin\"><\/i> Abrir en Mapas<\/a>\n\n\n<div style=\"height:25px\" aria-hidden=\"true\" class=\"wp-block-spacer\"><\/div>\n\n\n\n<div class=\"wp-block-group is-vertical is-layout-flex wp-container-core-group-is-layout-26 wp-block-group-is-layout-flex\" style=\"padding-top:0;padding-right:0;padding-bottom:var(--wp--preset--spacing--30);padding-left:0\">\n<figure class=\"wp-block-image size-full is-resized\"><img loading=\"lazy\" decoding=\"async\" width=\"126\" height=\"148\" src=\"https:\/\/itinerari.visitbergamo.net\/wp-content\/uploads\/2024\/01\/3_06_Chiesa-del-Santo-Sepolcro.png\" alt=\"\" class=\"wp-image-901\" style=\"width:63px\"\/><\/figure>\n\n\n\n<p><strong><strong>IGLESIA DEL SANTO SEPULCRO<\/strong><\/strong><\/p>\n<\/div>\n\n\n<!--blockstudio\/blockstudio\/tasto--><a class=\"tasto\" style=\"background-color: rgb(57,168,53)\" href=\"https:\/\/www.visitbergamo.net\/es\/object-details\/10459-chiesa-del-santo-sepolcro\/\" target=\"_blank\"><i class=\"fa-solid fa-up-right-from-square\"><\/i> M\u00e1s informaci\u00f3n<\/a>\n\n<!--blockstudio\/blockstudio\/tasto--><a class=\"tasto\" style=\"background-color: rgb(57,168,53)\" href=\"https:\/\/maps.app.goo.gl\/98JGx4xgjQAmzZDx7\" target=\"_blank\"><i class=\"fa-solid fa-location-pin\"><\/i> Abrir en Mapas<\/a>\n\n\n<div style=\"height:25px\" aria-hidden=\"true\" class=\"wp-block-spacer\"><\/div>\n\n\n\n<div class=\"wp-block-group is-vertical is-layout-flex wp-container-core-group-is-layout-27 wp-block-group-is-layout-flex\" style=\"padding-top:0;padding-right:0;padding-bottom:var(--wp--preset--spacing--30);padding-left:0\">\n<figure class=\"wp-block-image size-full is-resized\"><img loading=\"lazy\" decoding=\"async\" width=\"272\" height=\"82\" src=\"https:\/\/itinerari.visitbergamo.net\/wp-content\/uploads\/2024\/01\/3_07_-Ex-monastero-di-Astino.png\" alt=\"\" class=\"wp-image-907\" style=\"width:136px\"\/><\/figure>\n\n\n\n<p><strong>ANTIGUO MONASTERIO DE ASTINO<\/strong><\/p>\n<\/div>\n\n\n<!--blockstudio\/blockstudio\/tasto--><a class=\"tasto\" style=\"background-color: rgb(57,168,53)\" href=\"https:\/\/www.visitbergamo.net\/es\/object-details\/3121-ex-monastero-di-astino\/\" target=\"_blank\"><i class=\"fa-solid fa-up-right-from-square\"><\/i> M\u00e1s informaci\u00f3n<\/a>\n\n<!--blockstudio\/blockstudio\/tasto--><a class=\"tasto\" style=\"background-color: rgb(57,168,53)\" href=\"https:\/\/maps.app.goo.gl\/xK7VqwuuTBPiYmaU8\" target=\"_blank\"><i class=\"fa-solid fa-location-pin\"><\/i> Abrir en Mapas<\/a>\n\n\n<div style=\"height:30px\" aria-hidden=\"true\" class=\"wp-block-spacer\"><\/div>\n\n\n\n<p>Si, por el contrario, sigue la ruta que sube desde Val d&#8217;Astino, suba por el estrecho pasaje empedrado situado a la izquierda de la se\u00f1al. Inmediatamente despu\u00e9s de la curva, comienza la <strong>escalera del Scorlazzone<\/strong> (punto 3), que, con sus 162 escalones suavemente inclinados, le conducir\u00e1 hasta la colina de San Vigilio. En su cima, a 500 metros, se encuentra la <strong>iglesia de San Vigilio<\/strong> (punto 2) y, a 160 metros, el <strong>castillo de San Vigilio<\/strong> (punto 1).<\/p>\n\n\n\n<div class=\"wp-block-group is-vertical is-layout-flex wp-container-core-group-is-layout-28 wp-block-group-is-layout-flex\" style=\"padding-top:0;padding-right:0;padding-bottom:var(--wp--preset--spacing--30);padding-left:0\">\n<figure class=\"wp-block-image size-full is-resized\"><img loading=\"lazy\" decoding=\"async\" width=\"118\" height=\"88\" src=\"https:\/\/itinerari.visitbergamo.net\/wp-content\/uploads\/2024\/01\/3_03_Scaletta-dello-Scorlazzone.png\" alt=\"\" class=\"wp-image-877\" style=\"width:59px\"\/><\/figure>\n\n\n\n<p><strong><strong>ESCALERA DEL SCORLAZZONE <\/strong><\/strong><\/p>\n<\/div>\n\n\n<!--blockstudio\/blockstudio\/tasto--><a class=\"tasto\" style=\"background-color: rgb(57,168,53)\" href=\"https:\/\/www.visitbergamo.net\/es\/object-details\/3155-scaletta-dello-scorlazzone\/\" target=\"_blank\"><i class=\"fa-solid fa-up-right-from-square\"><\/i> M\u00e1s informaci\u00f3n<\/a>\n\n<!--blockstudio\/blockstudio\/tasto--><a class=\"tasto\" style=\"background-color: rgb(57,168,53)\" href=\"https:\/\/maps.app.goo.gl\/zbxHzFopWsZdHkLZ7\" target=\"_blank\"><i class=\"fa-solid fa-location-pin\"><\/i> Abrir en Mapas<\/a>\n\n\n<div style=\"height:25px\" aria-hidden=\"true\" class=\"wp-block-spacer\"><\/div>\n\n\n\n<div class=\"wp-block-group is-vertical is-layout-flex wp-container-core-group-is-layout-29 wp-block-group-is-layout-flex\" style=\"padding-top:0;padding-right:0;padding-bottom:var(--wp--preset--spacing--30);padding-left:0\">\n<figure class=\"wp-block-image size-full is-resized\"><img loading=\"lazy\" decoding=\"async\" width=\"77\" height=\"92\" src=\"https:\/\/itinerari.visitbergamo.net\/wp-content\/uploads\/2024\/01\/3_02_Chiesetta_di-San-Vigilio.png\" alt=\"\" class=\"wp-image-871\" style=\"width:40px\"\/><\/figure>\n\n\n\n<p><strong><strong>IGLESIA DE SAN VIGILIO<\/strong><\/strong><\/p>\n<\/div>\n\n\n<!--blockstudio\/blockstudio\/tasto--><a class=\"tasto\" style=\"background-color: rgb(57,168,53)\" href=\"https:\/\/www.visitbergamo.net\/es\/object-details\/3145-chiesa-s--vigilio\/\" target=\"_blank\"><i class=\"fa-solid fa-up-right-from-square\"><\/i> M\u00e1s informaci\u00f3n<\/a>\n\n<!--blockstudio\/blockstudio\/tasto--><a class=\"tasto\" style=\"background-color: rgb(57,168,53)\" href=\"https:\/\/maps.app.goo.gl\/7m5MC22o6DMYXiCW6\" target=\"_blank\"><i class=\"fa-solid fa-location-pin\"><\/i> Abrir en Mapas<\/a>\n\n\n<div style=\"height:25px\" aria-hidden=\"true\" class=\"wp-block-spacer\"><\/div>\n\n\n\n<div class=\"wp-block-group is-vertical is-layout-flex wp-container-core-group-is-layout-30 wp-block-group-is-layout-flex\" style=\"padding-top:0;padding-right:0;padding-bottom:var(--wp--preset--spacing--30);padding-left:0\">\n<figure class=\"wp-block-image size-full is-resized\"><img loading=\"lazy\" decoding=\"async\" width=\"158\" height=\"113\" src=\"https:\/\/itinerari.visitbergamo.net\/wp-content\/uploads\/2024\/01\/3_01_Castello-San-Vigilio.png\" alt=\"\" class=\"wp-image-865\" style=\"width:42px\"\/><\/figure>\n\n\n\n<p><strong>CASTILLO DE SAN VIGILIO<\/strong><\/p>\n<\/div>\n\n\n<!--blockstudio\/blockstudio\/tasto--><a class=\"tasto\" style=\"background-color: rgb(57,168,53)\" href=\"https:\/\/www.visitbergamo.net\/es\/object-details\/20-castello-s-vigilio\/\" target=\"_blank\"><i class=\"fa-solid fa-up-right-from-square\"><\/i> M\u00e1s informaci\u00f3n<\/a>\n\n<!--blockstudio\/blockstudio\/tasto--><a class=\"tasto\" style=\"background-color: rgb(57,168,53)\" href=\"https:\/\/maps.app.goo.gl\/FEmPrLgzcpVSz6UXA\" target=\"_blank\"><i class=\"fa-solid fa-location-pin\"><\/i> Abrir en Mapas<\/a>\n<\/div>\n        <\/div>\n    <\/div>\n\n    <br \/><br \/><br \/><br \/><br \/>\n\n    <div style=\"position: absolute; bottom: 0px; left: 0px; width: 100%; height: 100px; background-color: rgb(176,211,152); opacity: .2;\"><\/div>\n    \n<\/section>\n\n<style>\n    a.tasto{\n        color: rgb(255,255,255) !important;\n    }\n<\/style>\n\n<!--blockstudio\/blockstudio\/atterraggio-qr-code--><section class=\"atterraggio my-5 position-relative\">\n\n    <div class=\"ancora\" id=\"cartellov13\"><\/div>\n\n    <div class=\"landingContainer p-3 pb-5\">\n        <div class=\"sideBar\">\n            <div class=\"line\" style=\"background-color: rgb(57,168,53)\"><\/div>\n            <div class=\"numero\" style=\"background-color: rgb(57,168,53)\" onclick=\"loadAudio('https:\/\/itinerari.visitbergamo.net\/wp-content\/uploads\/2024\/12\/Citta-Verde-ESP-Ex-monastero-di-Astino-Jaime.mp3');\">\n                <i class=\"fa-solid fa-volume-high\" style=\"color: rgb(255,255,255)\"><\/i>\n            <\/div>\n            <div class=\"closingBall\" style=\"background-color: rgb(57,168,53)\"><\/div>\n        <\/div>\n        <div class=\"contenuto mb-3\">\n            \n            <div class=\"mt-1 d-inline-block mb-3\" onclick=\"loadAudio('https:\/\/itinerari.visitbergamo.net\/wp-content\/uploads\/2024\/12\/Citta-Verde-ESP-Ex-monastero-di-Astino-Jaime.mp3');\" style=\"cursor: pointer; text-decoration: none;\">\n                <div class=\"label\" style=\"color: rgb(4,119,52)\">\n                    ESCUCHA LA <b>AUDIO GU\u00cdA<\/b>                <\/div>\n            <\/div>\n\n            <h3 class=\"landingTitolo mb-2\">\n            PARADA: Ex-monastero di Astino            <\/h3>\n            <div class=\"menuTitolo\">\n                <b>PARADA:<\/b> Ex-monastero di Astino            <\/div>\n                        <div >\n\n<p>Se encuentra en Val d&#8217;Astino, apreciada desde hace siglos por su belleza y su microclima favorable. Pasear por sus verdes calles y caminos, entre vi\u00f1edos y campos de lino, no dejar\u00e1 de sorprenderle.<\/p>\n\n\n\n<p>Su poste indicador se encuentra junto a la <strong>Iglesia del Santo Sepulcro<\/strong> (punto 6) y el <strong>Ex-monasterio de Astino<\/strong> (punto 7), dos verdaderas joyas hist\u00f3ricas. La iglesia es el primer edificio a su derecha, al final de la escalinata panor\u00e1mica: entre y descubra su peculiar estructura de cruz commissa, su coro renacentista y sus tres altares, dos de ellos medievales.<\/p>\n\n\n\n<div class=\"wp-block-group is-vertical is-layout-flex wp-container-core-group-is-layout-31 wp-block-group-is-layout-flex\" style=\"padding-top:0;padding-right:0;padding-bottom:var(--wp--preset--spacing--30);padding-left:0\">\n<figure class=\"wp-block-image size-full is-resized\"><img loading=\"lazy\" decoding=\"async\" width=\"126\" height=\"148\" src=\"https:\/\/itinerari.visitbergamo.net\/wp-content\/uploads\/2024\/01\/3_06_Chiesa-del-Santo-Sepolcro.png\" alt=\"\" class=\"wp-image-901\" style=\"width:63px\"\/><\/figure>\n\n\n\n<p><strong>IGLESIA DEL SANTO SEPULCRO<\/strong><\/p>\n<\/div>\n\n\n<!--blockstudio\/blockstudio\/tasto--><a class=\"tasto\" style=\"background-color: rgb(57,168,53)\" href=\"https:\/\/www.visitbergamo.net\/es\/object-details\/10459-chiesa-del-santo-sepolcro\/\" target=\"_blank\"><i class=\"fa-solid fa-up-right-from-square\"><\/i> M\u00e1s informaci\u00f3n<\/a>\n\n<!--blockstudio\/blockstudio\/tasto--><a class=\"tasto\" style=\"background-color: rgb(57,168,53)\" href=\"https:\/\/maps.app.goo.gl\/98JGx4xgjQAmzZDx7\" target=\"_blank\"><i class=\"fa-solid fa-location-pin\"><\/i> Abrir en Mapas<\/a>\n\n\n<div style=\"height:25px\" aria-hidden=\"true\" class=\"wp-block-spacer\"><\/div>\n\n\n\n<div class=\"wp-block-group is-vertical is-layout-flex wp-container-core-group-is-layout-32 wp-block-group-is-layout-flex\" style=\"padding-top:0;padding-right:0;padding-bottom:var(--wp--preset--spacing--30);padding-left:0\">\n<figure class=\"wp-block-image size-full is-resized\"><img loading=\"lazy\" decoding=\"async\" width=\"272\" height=\"82\" src=\"https:\/\/itinerari.visitbergamo.net\/wp-content\/uploads\/2024\/01\/3_07_-Ex-monastero-di-Astino.png\" alt=\"\" class=\"wp-image-907\" style=\"width:136px\"\/><\/figure>\n\n\n\n<p><strong>EX-MONASTERIO DE ASTINO<\/strong><\/p>\n<\/div>\n\n\n<!--blockstudio\/blockstudio\/tasto--><a class=\"tasto\" style=\"background-color: rgb(57,168,53)\" href=\"https:\/\/www.visitbergamo.net\/es\/object-details\/3121-ex-monastero-di-astino\/\" target=\"_blank\"><i class=\"fa-solid fa-up-right-from-square\"><\/i> M\u00e1s informaci\u00f3n<\/a>\n\n<!--blockstudio\/blockstudio\/tasto--><a class=\"tasto\" style=\"background-color: rgb(57,168,53)\" href=\"https:\/\/maps.app.goo.gl\/xK7VqwuuTBPiYmaU8\" target=\"_blank\"><i class=\"fa-solid fa-location-pin\"><\/i> Abrir en Mapas<\/a>\n\n\n<div style=\"height:30px\" aria-hidden=\"true\" class=\"wp-block-spacer\"><\/div>\n\n\n\n<p>La entrada al Ex-monasterio de Astino se encuentra junto a la escalinata y conduce al claustro. El complejo mon\u00e1stico data de 1107, cuando los monjes vallombrosianos decidieron construir aqu\u00ed su sede. Sus sencillas estancias le contar\u00e1n innumerables historias, incluida la \u00e9poca en que alberg\u00f3 un asilo, y en su refectorio podr\u00e1 admirar una espl\u00e9ndida \u00daltima Cena pintada al fresco por el florentino Alessandro Allori.<\/p>\n\n\n\n<p>\u00daltimo punto de esta etapa, aqu\u00ed a la izquierda, casi detr\u00e1s de usted, se encuentra la entrada al <strong>Jard\u00edn Bot\u00e1nico-Valle de la Biodiversidad <\/strong>(punto 5). Abierto de mayo a octubre, le espera con m\u00e1s de mil variedades de plantas utilizadas por el hombre a lo largo de la historia.<\/p>\n\n\n\n<div class=\"wp-block-group is-vertical is-layout-flex wp-container-core-group-is-layout-33 wp-block-group-is-layout-flex\" style=\"padding-top:0;padding-right:0;padding-bottom:var(--wp--preset--spacing--30);padding-left:0\">\n<figure class=\"wp-block-image size-full is-resized\"><img loading=\"lazy\" decoding=\"async\" width=\"121\" height=\"110\" src=\"https:\/\/itinerari.visitbergamo.net\/wp-content\/uploads\/2024\/01\/3_05_Orto-Botanico-_Valle-della-Biodiversita.png\" alt=\"\" class=\"wp-image-895\" style=\"width:60px\"\/><\/figure>\n\n\n\n<p><strong>JARDIN BOTANICO- VALLE DE LA BIODIVERSITAD<\/strong><\/p>\n<\/div>\n\n\n<!--blockstudio\/blockstudio\/tasto--><a class=\"tasto\" style=\"background-color: rgb(57,168,53)\" href=\"https:\/\/www.visitbergamo.net\/es\/object-details\/3116-la-valle-della-biodiversit%C3%A0\/\" target=\"_blank\"><i class=\"fa-solid fa-up-right-from-square\"><\/i> M\u00e1s informaci\u00f3n<\/a>\n\n<!--blockstudio\/blockstudio\/tasto--><a class=\"tasto\" style=\"background-color: rgb(57,168,53)\" href=\"https:\/\/maps.app.goo.gl\/mxWSAtMJiMYESYy68\" target=\"_blank\"><i class=\"fa-solid fa-location-pin\"><\/i> Abrir en Mapas<\/a>\n\n\n<div style=\"height:30px\" aria-hidden=\"true\" class=\"wp-block-spacer\"><\/div>\n\n\n\n<p>Tras la visita, le espera un paseo panor\u00e1mico por la Via Astino: siga la carretera cuesta abajo y en 700 metros encontrar\u00e1 la siguiente parada de su itinerario, la hist\u00f3rica <strong>Roggia Curna<\/strong> (punto 8).<\/p>\n\n\n\n<div class=\"wp-block-group is-vertical is-layout-flex wp-container-core-group-is-layout-34 wp-block-group-is-layout-flex\" style=\"padding-top:0;padding-right:0;padding-bottom:var(--wp--preset--spacing--30);padding-left:0\">\n<figure class=\"wp-block-image size-full is-resized\"><img loading=\"lazy\" decoding=\"async\" width=\"153\" height=\"93\" src=\"https:\/\/itinerari.visitbergamo.net\/wp-content\/uploads\/2024\/01\/3_08_Roggia-Curna.png\" alt=\"\" class=\"wp-image-913\" style=\"width:76px\"\/><\/figure>\n\n\n\n<p><strong>ROGGIA CURNA<\/strong><\/p>\n<\/div>\n\n\n<!--blockstudio\/blockstudio\/tasto--><a class=\"tasto\" style=\"background-color: rgb(57,168,53)\" href=\"https:\/\/www.visitbergamo.net\/es\/object-details\/10469-roggia-curna\/\" target=\"_blank\"><i class=\"fa-solid fa-up-right-from-square\"><\/i> M\u00e1s informaci\u00f3n<\/a>\n\n<!--blockstudio\/blockstudio\/tasto--><a class=\"tasto\" style=\"background-color: rgb(57,168,53)\" href=\"https:\/\/maps.app.goo.gl\/BTNUTdNQFb87mZyX9\" target=\"_blank\"><i class=\"fa-solid fa-location-pin\"><\/i> Abrir en Mapas<\/a>\n\n\n<div style=\"height:30px\" aria-hidden=\"true\" class=\"wp-block-spacer\"><\/div>\n\n\n\n<p>Si, por el contrario, sigues la ruta procedente del camino de la roggia, tu siguiente parada es en la parte superior de Via Astino. Mirando la se\u00f1al, gire a la izquierda, suba por la pintoresca carretera empedrada y, tras la curva, en aproximadamente 1 kil\u00f3metro llegar\u00e1 al <strong>Tempio dei Caduti<\/strong> (Templo de los Ca\u00eddos) (punto 4) en via Sudorno.<\/p>\n\n\n\n<div class=\"wp-block-group is-vertical is-layout-flex wp-container-core-group-is-layout-35 wp-block-group-is-layout-flex\" style=\"padding-top:0;padding-right:0;padding-bottom:var(--wp--preset--spacing--30);padding-left:0\">\n<figure class=\"wp-block-image size-full is-resized\"><img loading=\"lazy\" decoding=\"async\" width=\"106\" height=\"149\" src=\"https:\/\/itinerari.visitbergamo.net\/wp-content\/uploads\/2024\/01\/3_04_Tempio-_dei-caduti.png\" alt=\"\" class=\"wp-image-883\" style=\"width:53px\"\/><\/figure>\n\n\n\n<p><strong>TEMPIO DEI CADUTI<\/strong><\/p>\n<\/div>\n\n\n<!--blockstudio\/blockstudio\/tasto--><a class=\"tasto\" style=\"background-color: rgb(57,168,53)\" href=\"https:\/\/www.visitbergamo.net\/es\/object-details\/3178-tempio-dei-caduti\/\" target=\"_blank\"><i class=\"fa-solid fa-up-right-from-square\"><\/i> M\u00e1s informaci\u00f3n<\/a>\n\n<!--blockstudio\/blockstudio\/tasto--><a class=\"tasto\" style=\"background-color: rgb(57,168,53)\" href=\"https:\/\/maps.app.goo.gl\/dzmbrYAiXJMNNpJm8\" target=\"_blank\"><i class=\"fa-solid fa-location-pin\"><\/i> Abrir en Mapas<\/a>\n<\/div>\n        <\/div>\n    <\/div>\n\n    <br \/><br \/><br \/><br \/><br \/>\n\n    <div style=\"position: absolute; bottom: 0px; left: 0px; width: 100%; height: 100px; background-color: rgb(176,211,152); opacity: .2;\"><\/div>\n    \n<\/section>\n\n<style>\n    a.tasto{\n        color: rgb(255,255,255) !important;\n    }\n<\/style>\n\n<!--blockstudio\/blockstudio\/atterraggio-qr-code--><section class=\"atterraggio my-5 position-relative\">\n\n    <div class=\"ancora\" id=\"cartellov01\"><\/div>\n\n    <div class=\"landingContainer p-3 pb-5\">\n        <div class=\"sideBar\">\n            <div class=\"line\" style=\"background-color: rgb(57,168,53)\"><\/div>\n            <div class=\"numero\" style=\"background-color: rgb(57,168,53)\" onclick=\"loadAudio('https:\/\/itinerari.visitbergamo.net\/wp-content\/uploads\/2024\/12\/Citta-Verde-ESP-Roggia-Curna-Jaime.mp3');\">\n                <i class=\"fa-solid fa-volume-high\" style=\"color: rgb(255,255,255)\"><\/i>\n            <\/div>\n            <div class=\"closingBall\" style=\"background-color: rgb(57,168,53)\"><\/div>\n        <\/div>\n        <div class=\"contenuto mb-3\">\n            \n            <div class=\"mt-1 d-inline-block mb-3\" onclick=\"loadAudio('https:\/\/itinerari.visitbergamo.net\/wp-content\/uploads\/2024\/12\/Citta-Verde-ESP-Roggia-Curna-Jaime.mp3');\" style=\"cursor: pointer; text-decoration: none;\">\n                <div class=\"label\" style=\"color: rgb(4,119,52)\">\n                    ESCUCHA LA <b>AUDIO GU\u00cdA<\/b>                <\/div>\n            <\/div>\n\n            <h3 class=\"landingTitolo mb-2\">\n            PARADA: Roggia Curna            <\/h3>\n            <div class=\"menuTitolo\">\n                <b>PARADA:<\/b> Roggia Curna            <\/div>\n                        <div >\n\n<p>Te encuentras en Val d&#8217;Astino, una de las zonas m\u00e1s fascinantes del Parque Regional de los Colli, que desde 1977 protege y valoriza los territorios de nada menos que diez municipios, entre ellos B\u00e9rgamo Alta.<\/p>\n\n\n\n<p>El itinerario le lleva ahora hacia Citt\u00e0 Alta. Para continuar, d\u00e9 la espalda a la se\u00f1al, cruce la carretera y tome el corto tramo ciclopeatonal que se adentra en la zona verde que flanquea la <strong>Roggia Curna<\/strong> (punto 8), indicada con una placa en forma de escudo. Pasar\u00e1 as\u00ed junto a un canal cuyo trazado existe desde hace m\u00e1s de quinientos a\u00f1os: la acequia se construy\u00f3 a partir de 1475 a instancias del gran caudillo Bartolomeo Colleoni.<\/p>\n\n\n\n<div class=\"wp-block-group is-vertical is-layout-flex wp-container-core-group-is-layout-36 wp-block-group-is-layout-flex\" style=\"padding-top:0;padding-right:0;padding-bottom:var(--wp--preset--spacing--30);padding-left:0\">\n<figure class=\"wp-block-image size-full is-resized\"><img loading=\"lazy\" decoding=\"async\" width=\"153\" height=\"93\" src=\"https:\/\/itinerari.visitbergamo.net\/wp-content\/uploads\/2024\/01\/3_08_Roggia-Curna.png\" alt=\"\" class=\"wp-image-913\" style=\"width:76px\"\/><\/figure>\n\n\n\n<p><strong>ROGGIA CURNA<\/strong><\/p>\n<\/div>\n\n\n<!--blockstudio\/blockstudio\/tasto--><a class=\"tasto\" style=\"background-color: rgb(57,168,53)\" href=\"https:\/\/www.visitbergamo.net\/es\/object-details\/10469-roggia-curna\/\" target=\"_blank\"><i class=\"fa-solid fa-up-right-from-square\"><\/i> M\u00e1s informaci\u00f3n<\/a>\n\n<!--blockstudio\/blockstudio\/tasto--><a class=\"tasto\" style=\"background-color: rgb(57,168,53)\" href=\"https:\/\/maps.app.goo.gl\/BTNUTdNQFb87mZyX9\" target=\"_blank\"><i class=\"fa-solid fa-location-pin\"><\/i> Abrir en Mapas<\/a>\n\n\n<div style=\"height:30px\" aria-hidden=\"true\" class=\"wp-block-spacer\"><\/div>\n\n\n\n<p>Cuando el camino desemboque en la Via Ripa Pasqualina, gire a la izquierda. 400 metros m\u00e1s adelante, siga recto hasta el inicio de la <strong>Scaletta di Ripa Pasqualina<\/strong> (punto 9). Al igual que el Scorlazzone, esta callejuela tiene or\u00edgenes antiguos: recorrerla es realizar un aut\u00e9ntico viaje en el tiempo.<\/p>\n\n\n\n<div class=\"wp-block-group is-vertical is-layout-flex wp-container-core-group-is-layout-37 wp-block-group-is-layout-flex\" style=\"padding-top:0;padding-right:0;padding-bottom:var(--wp--preset--spacing--30);padding-left:0\">\n<figure class=\"wp-block-image size-full is-resized\"><img loading=\"lazy\" decoding=\"async\" width=\"101\" height=\"58\" src=\"https:\/\/itinerari.visitbergamo.net\/wp-content\/uploads\/2024\/01\/3_09_Scaletta-_via-Ripa-Pasqualina.png\" alt=\"\" class=\"wp-image-919\" style=\"width:50px\"\/><\/figure>\n\n\n\n<p><strong>SCALETTA DI RIPA PASQUALINA<\/strong><\/p>\n<\/div>\n\n\n<!--blockstudio\/blockstudio\/tasto--><a class=\"tasto\" style=\"background-color: rgb(57,168,53)\" href=\"https:\/\/www.visitbergamo.net\/es\/object-details\/3159-via-ripa-pasqualina\/\" target=\"_blank\"><i class=\"fa-solid fa-up-right-from-square\"><\/i> M\u00e1s informaci\u00f3n<\/a>\n\n<!--blockstudio\/blockstudio\/tasto--><a class=\"tasto\" style=\"background-color: rgb(57,168,53)\" href=\"https:\/\/maps.app.goo.gl\/EeKnMeK1YJ9wFszc7\" target=\"_blank\"><i class=\"fa-solid fa-location-pin\"><\/i> Abrir en Mapas<\/a>\n\n\n<div style=\"height:30px\" aria-hidden=\"true\" class=\"wp-block-spacer\"><\/div>\n\n\n\n<p>Si, por el contrario, llega desde la escalinata de Ripa Pasqualina, ahora tiene todo el Valle d&#8217;Astino por descubrir. Mirando la se\u00f1al, gire a la derecha y contin\u00fae por el sendero. En 700 metros de paseo entre la vegetaci\u00f3n, se topar\u00e1 con tres lugares para visitar: el <strong>Ex-monasterio de Astino<\/strong> (punto 7), la <strong>Iglesia del Santo Sepulcro<\/strong> (punto 6) y, casi enfrente, el <strong>Jard\u00edn Bot\u00e1nico-Valle de la Biodiversidad<\/strong> (punto 5).<\/p>\n\n\n\n<div class=\"wp-block-group is-vertical is-layout-flex wp-container-core-group-is-layout-38 wp-block-group-is-layout-flex\" style=\"padding-top:0;padding-right:0;padding-bottom:var(--wp--preset--spacing--30);padding-left:0\">\n<figure class=\"wp-block-image size-full is-resized\"><img loading=\"lazy\" decoding=\"async\" width=\"272\" height=\"82\" src=\"https:\/\/itinerari.visitbergamo.net\/wp-content\/uploads\/2024\/01\/3_07_-Ex-monastero-di-Astino.png\" alt=\"\" class=\"wp-image-907\" style=\"width:136px\"\/><\/figure>\n\n\n\n<p><strong>EX-MONASTERIO DE ASTINO<\/strong><\/p>\n<\/div>\n\n\n<!--blockstudio\/blockstudio\/tasto--><a class=\"tasto\" style=\"background-color: rgb(57,168,53)\" href=\"https:\/\/www.visitbergamo.net\/es\/object-details\/3121-ex-monastero-di-astino\/\" target=\"_blank\"><i class=\"fa-solid fa-up-right-from-square\"><\/i> M\u00e1s informaci\u00f3n<\/a>\n\n<!--blockstudio\/blockstudio\/tasto--><a class=\"tasto\" style=\"background-color: rgb(57,168,53)\" href=\"https:\/\/maps.app.goo.gl\/xK7VqwuuTBPiYmaU8\" target=\"_blank\"><i class=\"fa-solid fa-location-pin\"><\/i> Abrir en Mapas<\/a>\n\n\n<div style=\"height:25px\" aria-hidden=\"true\" class=\"wp-block-spacer\"><\/div>\n\n\n\n<div class=\"wp-block-group is-vertical is-layout-flex wp-container-core-group-is-layout-39 wp-block-group-is-layout-flex\" style=\"padding-top:0;padding-right:0;padding-bottom:var(--wp--preset--spacing--30);padding-left:0\">\n<figure class=\"wp-block-image size-full is-resized\"><img loading=\"lazy\" decoding=\"async\" width=\"106\" height=\"149\" src=\"https:\/\/itinerari.visitbergamo.net\/wp-content\/uploads\/2024\/01\/3_04_Tempio-_dei-caduti.png\" alt=\"\" class=\"wp-image-883\" style=\"width:63px\"\/><\/figure>\n\n\n\n<p><strong>IGLESIA DEL SANTO SEPULCRO<\/strong><\/p>\n<\/div>\n\n\n<!--blockstudio\/blockstudio\/tasto--><a class=\"tasto\" style=\"background-color: rgb(57,168,53)\" href=\"https:\/\/www.visitbergamo.net\/es\/object-details\/10459-chiesa-del-santo-sepolcro\/\" target=\"_blank\"><i class=\"fa-solid fa-up-right-from-square\"><\/i> M\u00e1s informaci\u00f3n<\/a>\n\n<!--blockstudio\/blockstudio\/tasto--><a class=\"tasto\" style=\"background-color: rgb(57,168,53)\" href=\"https:\/\/maps.app.goo.gl\/98JGx4xgjQAmzZDx7\" target=\"_blank\"><i class=\"fa-solid fa-location-pin\"><\/i> Abrir en Mapas<\/a>\n\n\n<div style=\"height:25px\" aria-hidden=\"true\" class=\"wp-block-spacer\"><\/div>\n\n\n\n<div class=\"wp-block-group is-vertical is-layout-flex wp-container-core-group-is-layout-40 wp-block-group-is-layout-flex\" style=\"padding-top:0;padding-right:0;padding-bottom:var(--wp--preset--spacing--30);padding-left:0\">\n<figure class=\"wp-block-image size-full is-resized\"><img loading=\"lazy\" decoding=\"async\" width=\"121\" height=\"110\" src=\"https:\/\/itinerari.visitbergamo.net\/wp-content\/uploads\/2024\/01\/3_05_Orto-Botanico-_Valle-della-Biodiversita.png\" alt=\"\" class=\"wp-image-895\" style=\"width:60px\"\/><\/figure>\n\n\n\n<p><strong>JARDIN BOTANICO-VALLE DE LA BIODIVERSIDAD<\/strong><\/p>\n<\/div>\n\n\n<!--blockstudio\/blockstudio\/tasto--><a class=\"tasto\" style=\"background-color: rgb(57,168,53)\" href=\"https:\/\/www.visitbergamo.net\/es\/object-details\/3116-la-valle-della-biodiversit%C3%A0\/\" target=\"_blank\"><i class=\"fa-solid fa-up-right-from-square\"><\/i> M\u00e1s informaci\u00f3n<\/a>\n\n<!--blockstudio\/blockstudio\/tasto--><a class=\"tasto\" style=\"background-color: rgb(57,168,53)\" href=\"https:\/\/maps.app.goo.gl\/mxWSAtMJiMYESYy68\" target=\"_blank\"><i class=\"fa-solid fa-location-pin\"><\/i> Abrir en Mapas<\/a>\n<\/div>\n        <\/div>\n    <\/div>\n\n    <br \/><br \/><br \/><br \/><br \/>\n\n    <div style=\"position: absolute; bottom: 0px; left: 0px; width: 100%; height: 100px; background-color: rgb(176,211,152); opacity: .2;\"><\/div>\n    \n<\/section>\n\n<style>\n    a.tasto{\n        color: rgb(255,255,255) !important;\n    }\n<\/style>\n\n<!--blockstudio\/blockstudio\/atterraggio-qr-code--><section class=\"atterraggio my-5 position-relative\">\n\n    <div class=\"ancora\" id=\"cartellov02\"><\/div>\n\n    <div class=\"landingContainer p-3 pb-5\">\n        <div class=\"sideBar\">\n            <div class=\"line\" style=\"background-color: rgb(57,168,53)\"><\/div>\n            <div class=\"numero\" style=\"background-color: rgb(57,168,53)\" onclick=\"loadAudio('https:\/\/itinerari.visitbergamo.net\/wp-content\/uploads\/2024\/12\/Citta-Verde-ESP-Scaletta-di-Ripa-pasqualina-bassa-Jaime.mp3');\">\n                <i class=\"fa-solid fa-volume-high\" style=\"color: rgb(255,255,255)\"><\/i>\n            <\/div>\n            <div class=\"closingBall\" style=\"background-color: rgb(57,168,53)\"><\/div>\n        <\/div>\n        <div class=\"contenuto mb-3\">\n            \n            <div class=\"mt-1 d-inline-block mb-3\" onclick=\"loadAudio('https:\/\/itinerari.visitbergamo.net\/wp-content\/uploads\/2024\/12\/Citta-Verde-ESP-Scaletta-di-Ripa-pasqualina-bassa-Jaime.mp3');\" style=\"cursor: pointer; text-decoration: none;\">\n                <div class=\"label\" style=\"color: rgb(4,119,52)\">\n                    ESCUCHA LA <b>AUDIO GU\u00cdA<\/b>                <\/div>\n            <\/div>\n\n            <h3 class=\"landingTitolo mb-2\">\n            PARADA: Via Ripa Pasqualina            <\/h3>\n            <div class=\"menuTitolo\">\n                <b>PARADA:<\/b> Via Ripa Pasqualina            <\/div>\n            <img decoding=\"async\" class=\"mb-2 laindgIcona\" alt=\"Citta\u0300 Verde ESP - Via Ripa pasqualina (Jaime)\" src=\"https:\/\/itinerari.visitbergamo.net\/wp-content\/uploads\/2024\/12\/Citta-Verde-ESP-Via-Ripa-pasqualina-Jaime.mp3\" \/>            <div >\n\n<p>Se encuentra en la parte baja del Valle d&#8217;Astino, entre naturaleza, acequias centenarias y escalones antiguos.<\/p>\n\n\n\n<p>Siguiendo hacia la derecha desde la se\u00f1al, pasando Via del Celtro, en 200 metros llegar\u00e1 a una bifurcaci\u00f3n; mant\u00e9ngase a la derecha y llegar\u00e1 a la base de la <strong>Scaletta di Ripa Pasqualina<\/strong> (escal\u00f3n 7). Al igual que el Scorlazzone, por el que baj\u00f3 desde San Vigilio, esta escalinata empedrada tiene unos mil a\u00f1os de antig\u00fcedad y le promete unas vistas imperdibles.<\/p>\n\n\n\n<div class=\"wp-block-group is-vertical is-layout-flex wp-container-core-group-is-layout-41 wp-block-group-is-layout-flex\" style=\"padding-top:0;padding-right:0;padding-bottom:var(--wp--preset--spacing--30);padding-left:0\">\n<figure class=\"wp-block-image size-full is-resized\"><img loading=\"lazy\" decoding=\"async\" width=\"101\" height=\"58\" src=\"https:\/\/itinerari.visitbergamo.net\/wp-content\/uploads\/2024\/01\/3_09_Scaletta-_via-Ripa-Pasqualina.png\" alt=\"\" class=\"wp-image-919\" style=\"width:50px\"\/><\/figure>\n\n\n\n<p><strong>SCALETTA DI RIPA PASQUALINA<\/strong><\/p>\n<\/div>\n\n\n<!--blockstudio\/blockstudio\/tasto--><a class=\"tasto\" style=\"background-color: rgb(57,168,53)\" href=\"https:\/\/www.visitbergamo.net\/es\/object-details\/3159-via-ripa-pasqualina\/\" target=\"_blank\"><i class=\"fa-solid fa-up-right-from-square\"><\/i> M\u00e1s informaci\u00f3n<\/a>\n\n<!--blockstudio\/blockstudio\/tasto--><a class=\"tasto\" style=\"background-color: rgb(57,168,53)\" href=\"https:\/\/maps.app.goo.gl\/EeKnMeK1YJ9wFszc7\" target=\"_blank\"><i class=\"fa-solid fa-location-pin\"><\/i> Abrir en Mapas<\/a>\n\n\n<div style=\"height:30px\" aria-hidden=\"true\" class=\"wp-block-spacer\"><\/div>\n\n\n\n<p>Si, por el contrario, acaba de bajar los escalones, contin\u00fae por Via Ripa Pasqualina y tome el carril bici\/peatonal que encontrar\u00e1, en 30 metros, a mano derecha.<\/p>\n\n\n\n<p>Aqu\u00ed flanquear\u00e1 durante un tramo el canal <strong>Roggia Curna<\/strong> (punto 8). Forma parte del complejo sistema de irrigaci\u00f3n de la provincia, creado en la antig\u00fcedad para compensar la falta de grandes r\u00edos cerca de B\u00e9rgamo y muy desarrollado en la segunda mitad del siglo XV a instancias de Bartolomeo Colleoni. Hoy en d\u00eda, la acequia ya no se alimenta de un manantial, sino que se utiliza para recoger y drenar el agua de lluvia.<\/p>\n\n\n\n<div class=\"wp-block-group is-vertical is-layout-flex wp-container-core-group-is-layout-42 wp-block-group-is-layout-flex\" style=\"padding-top:0;padding-right:0;padding-bottom:var(--wp--preset--spacing--30);padding-left:0\">\n<figure class=\"wp-block-image size-full is-resized\"><img loading=\"lazy\" decoding=\"async\" width=\"153\" height=\"93\" src=\"https:\/\/itinerari.visitbergamo.net\/wp-content\/uploads\/2024\/01\/3_08_Roggia-Curna.png\" alt=\"\" class=\"wp-image-913\" style=\"width:76px\"\/><\/figure>\n\n\n\n<p><strong>ROGGIA CURNA<\/strong><\/p>\n<\/div>\n\n\n<!--blockstudio\/blockstudio\/tasto--><a class=\"tasto\" style=\"background-color: rgb(57,168,53)\" href=\"https:\/\/www.visitbergamo.net\/es\/object-details\/10469-roggia-curna\/\" target=\"_blank\"><i class=\"fa-solid fa-up-right-from-square\"><\/i> M\u00e1s informaci\u00f3n<\/a>\n\n<!--blockstudio\/blockstudio\/tasto--><a class=\"tasto\" style=\"background-color: rgb(57,168,53)\" href=\"https:\/\/maps.app.goo.gl\/BTNUTdNQFb87mZyX9\" target=\"_blank\"><i class=\"fa-solid fa-location-pin\"><\/i> Abrir en Mapas<\/a>\n\n\n<div style=\"height:30px\" aria-hidden=\"true\" class=\"wp-block-spacer\"><\/div>\n\n\n\n<p>Cuando el camino desemboca en Via Astino, gire a la derecha y podr\u00e1 continuar la ruta hacia el Ex-monasterio de Astino.<\/p>\n\n<\/div>\n        <\/div>\n    <\/div>\n\n    <br \/><br \/><br \/><br \/><br \/>\n\n    <div style=\"position: absolute; bottom: 0px; left: 0px; width: 100%; height: 100px; background-color: rgb(176,211,152); opacity: .2;\"><\/div>\n    \n<\/section>\n\n<style>\n    a.tasto{\n        color: rgb(255,255,255) !important;\n    }\n<\/style>\n\n<!--blockstudio\/blockstudio\/atterraggio-qr-code--><section class=\"atterraggio my-5 position-relative\">\n\n    <div class=\"ancora\" id=\"cartellov03\"><\/div>\n\n    <div class=\"landingContainer p-3 pb-5\">\n        <div class=\"sideBar\">\n            <div class=\"line\" style=\"background-color: rgb(57,168,53)\"><\/div>\n            <div class=\"numero\" style=\"background-color: rgb(57,168,53)\" onclick=\"loadAudio('https:\/\/itinerari.visitbergamo.net\/wp-content\/uploads\/2024\/12\/Citta-Verde-ESP-Scaletta-di-Ripa-pasqualina-bassa-Jaime.mp3');\">\n                <i class=\"fa-solid fa-volume-high\" style=\"color: rgb(255,255,255)\"><\/i>\n            <\/div>\n            <div class=\"closingBall\" style=\"background-color: rgb(57,168,53)\"><\/div>\n        <\/div>\n        <div class=\"contenuto mb-3\">\n            \n            <div class=\"mt-1 d-inline-block mb-3\" onclick=\"loadAudio('https:\/\/itinerari.visitbergamo.net\/wp-content\/uploads\/2024\/12\/Citta-Verde-ESP-Scaletta-di-Ripa-pasqualina-bassa-Jaime.mp3');\" style=\"cursor: pointer; text-decoration: none;\">\n                <div class=\"label\" style=\"color: rgb(4,119,52)\">\n                    ESCUCHA LA <b>AUDIO GU\u00cdA<\/b>                <\/div>\n            <\/div>\n\n            <h3 class=\"landingTitolo mb-2\">\n            PARADA: Scaletta di Ripa Pasqualina &#8211; parte bassa            <\/h3>\n            <div class=\"menuTitolo\">\n                <b>PARADA:<\/b> Scaletta di Ripa Pasqualina &#8211; parte bassa            <\/div>\n                        <div >\n\n<p>Te encuentras en la base de la <strong>Scaletta di Ripa Pasqualina<\/strong> (escal\u00f3n 9), que comienza inmediatamente a la derecha de la se\u00f1al.<\/p>\n\n\n\n<div class=\"wp-block-group is-vertical is-layout-flex wp-container-core-group-is-layout-43 wp-block-group-is-layout-flex\" style=\"padding-top:0;padding-right:0;padding-bottom:var(--wp--preset--spacing--30);padding-left:0\">\n<figure class=\"wp-block-image size-full is-resized\"><img loading=\"lazy\" decoding=\"async\" width=\"101\" height=\"58\" src=\"https:\/\/itinerari.visitbergamo.net\/wp-content\/uploads\/2024\/01\/3_09_Scaletta-_via-Ripa-Pasqualina.png\" alt=\"\" class=\"wp-image-919\" style=\"width:50px\"\/><\/figure>\n\n\n\n<p><strong>SCALETTA DI RIPA PASQUALINA<\/strong><\/p>\n<\/div>\n\n\n<!--blockstudio\/blockstudio\/tasto--><a class=\"tasto\" style=\"background-color: rgb(57,168,53)\" href=\"https:\/\/www.visitbergamo.net\/es\/object-details\/3159-via-ripa-pasqualina\/\" target=\"_blank\"><i class=\"fa-solid fa-up-right-from-square\"><\/i> M\u00e1s informaci\u00f3n<\/a>\n\n<!--blockstudio\/blockstudio\/tasto--><a class=\"tasto\" style=\"background-color: rgb(57,168,53)\" href=\"https:\/\/maps.app.goo.gl\/EeKnMeK1YJ9wFszc7\" target=\"_blank\"><i class=\"fa-solid fa-location-pin\"><\/i> Abrir en Mapas<\/a>\n\n\n<div style=\"height:30px\" aria-hidden=\"true\" class=\"wp-block-spacer\"><\/div>\n\n\n\n<p>Como ya has descubierto, todas las escalinatas de B\u00e9rgamo tienen una largu\u00edsima historia: documentadas en la Edad Media, pero probablemente a\u00fan m\u00e1s antiguas, las escalinatas constitu\u00edan el principal -y a menudo el \u00fanico- acceso de la poblaci\u00f3n a la Ciudad Alta y se utilizaban para los desplazamientos cotidianos. Estos escalones son verdaderos testigos de innumerables vidas y acontecimientos.En lo alto, la escalinata de Ripa Pasqualina cruza la Via Sudorno, cuyo top\u00f3nimo medieval hace referencia al culto del dios Saturno. Siguiendo por la calle principal, llegar\u00e1 a Borgo Canale. \u00a1Disfrute de su ascenso!<\/p>\n\n\n\n<p>Si toma la ruta en sentido contrario, d\u00e9 la espalda a la se\u00f1al y descienda 230 metros por Via Ripa Pasqualina. En ese punto, a la derecha, puede tomar el carril bici-peatonal que bordea la <strong>Roggia Curna<\/strong> (punto 8) y desemboca en Via Astino, en direcci\u00f3n al <strong>Ex-monasterio de Astino<\/strong> (punto 7).<\/p>\n\n\n\n<div class=\"wp-block-group is-vertical is-layout-flex wp-container-core-group-is-layout-44 wp-block-group-is-layout-flex\" style=\"padding-top:0;padding-right:0;padding-bottom:var(--wp--preset--spacing--30);padding-left:0\">\n<figure class=\"wp-block-image size-full is-resized\"><img loading=\"lazy\" decoding=\"async\" width=\"153\" height=\"93\" src=\"https:\/\/itinerari.visitbergamo.net\/wp-content\/uploads\/2024\/01\/3_08_Roggia-Curna.png\" alt=\"\" class=\"wp-image-913\" style=\"width:76px\"\/><\/figure>\n\n\n\n<p><strong>ROGGIA CURNA<\/strong><\/p>\n<\/div>\n\n\n<!--blockstudio\/blockstudio\/tasto--><a class=\"tasto\" style=\"background-color: rgb(57,168,53)\" href=\"https:\/\/www.visitbergamo.net\/es\/object-details\/10469-roggia-curna\/\" target=\"_blank\"><i class=\"fa-solid fa-up-right-from-square\"><\/i> M\u00e1s informaci\u00f3n<\/a>\n\n<!--blockstudio\/blockstudio\/tasto--><a class=\"tasto\" style=\"background-color: rgb(57,168,53)\" href=\"https:\/\/maps.app.goo.gl\/BTNUTdNQFb87mZyX9\" target=\"_blank\"><i class=\"fa-solid fa-location-pin\"><\/i> Abrir en Mapas<\/a>\n\n\n<div style=\"height:25px\" aria-hidden=\"true\" class=\"wp-block-spacer\"><\/div>\n\n\n\n<div class=\"wp-block-group is-vertical is-layout-flex wp-container-core-group-is-layout-45 wp-block-group-is-layout-flex\" style=\"padding-top:0;padding-right:0;padding-bottom:var(--wp--preset--spacing--30);padding-left:0\">\n<figure class=\"wp-block-image size-full is-resized\"><img loading=\"lazy\" decoding=\"async\" width=\"272\" height=\"82\" src=\"https:\/\/itinerari.visitbergamo.net\/wp-content\/uploads\/2024\/01\/3_07_-Ex-monastero-di-Astino.png\" alt=\"\" class=\"wp-image-907\" style=\"width:136px\"\/><\/figure>\n\n\n\n<p><strong>EX-MONASTERIO DE ASTINO<\/strong><\/p>\n<\/div>\n\n\n<!--blockstudio\/blockstudio\/tasto--><a class=\"tasto\" style=\"background-color: rgb(57,168,53)\" href=\"https:\/\/www.visitbergamo.net\/es\/object-details\/3121-ex-monastero-di-astino\/\" target=\"_blank\"><i class=\"fa-solid fa-up-right-from-square\"><\/i> M\u00e1s informaci\u00f3n<\/a>\n\n<!--blockstudio\/blockstudio\/tasto--><a class=\"tasto\" style=\"background-color: rgb(57,168,53)\" href=\"https:\/\/maps.app.goo.gl\/xK7VqwuuTBPiYmaU8\" target=\"_blank\"><i class=\"fa-solid fa-location-pin\"><\/i> Abrir en Mapas<\/a>\n<\/div>\n        <\/div>\n    <\/div>\n\n    <br \/><br \/><br \/><br \/><br \/>\n\n    <div style=\"position: absolute; bottom: 0px; left: 0px; width: 100%; height: 100px; background-color: rgb(176,211,152); opacity: .2;\"><\/div>\n    \n<\/section>\n\n<style>\n    a.tasto{\n        color: rgb(255,255,255) !important;\n    }\n<\/style>\n\n<!--blockstudio\/blockstudio\/atterraggio-qr-code--><section class=\"atterraggio my-5 position-relative\">\n\n    <div class=\"ancora\" id=\"cartellov04\"><\/div>\n\n    <div class=\"landingContainer p-3 pb-5\">\n        <div class=\"sideBar\">\n            <div class=\"line\" style=\"background-color: rgb(57,168,53)\"><\/div>\n            <div class=\"numero\" style=\"background-color: rgb(57,168,53)\" onclick=\"loadAudio('https:\/\/itinerari.visitbergamo.net\/wp-content\/uploads\/2024\/12\/Citta-Verde-ESP-Scaletta-di-Ripa-pasqualina-alta-Jaime.mp3');\">\n                <i class=\"fa-solid fa-volume-high\" style=\"color: rgb(255,255,255)\"><\/i>\n            <\/div>\n            <div class=\"closingBall\" style=\"background-color: rgb(57,168,53)\"><\/div>\n        <\/div>\n        <div class=\"contenuto mb-3\">\n            \n            <div class=\"mt-1 d-inline-block mb-3\" onclick=\"loadAudio('https:\/\/itinerari.visitbergamo.net\/wp-content\/uploads\/2024\/12\/Citta-Verde-ESP-Scaletta-di-Ripa-pasqualina-alta-Jaime.mp3');\" style=\"cursor: pointer; text-decoration: none;\">\n                <div class=\"label\" style=\"color: rgb(4,119,52)\">\n                    ESCUCHA LA <b>AUDIO GU\u00cdA<\/b>                <\/div>\n            <\/div>\n\n            <h3 class=\"landingTitolo mb-2\">\n            PARADA: Scaletta di Ripa Pasqualina &#8211; parte alta            <\/h3>\n            <div class=\"menuTitolo\">\n                <b>PARADA:<\/b> Scaletta di Ripa Pasqualina &#8211; parte alta            <\/div>\n                        <div >\n\n<p>Se encuentra usted en la cima de la <strong>Scaletta di Ripa Pasqualina<\/strong> (Escalera de Ripa Pasqualina, punto 9), cuyos robustos pelda\u00f1os han permitido llegar al valle de Astino -o subir desde \u00e9l- desde la Edad Media.<\/p>\n\n\n\n<div class=\"wp-block-group is-vertical is-layout-flex wp-container-core-group-is-layout-46 wp-block-group-is-layout-flex\" style=\"padding-top:0;padding-right:0;padding-bottom:var(--wp--preset--spacing--30);padding-left:0\">\n<figure class=\"wp-block-image size-full is-resized\"><img loading=\"lazy\" decoding=\"async\" width=\"101\" height=\"58\" src=\"https:\/\/itinerari.visitbergamo.net\/wp-content\/uploads\/2024\/01\/3_09_Scaletta-_via-Ripa-Pasqualina.png\" alt=\"\" class=\"wp-image-919\" style=\"width:50px\"\/><\/figure>\n\n\n\n<p><strong>SCALETTA DI RIPA PASQUALINA<\/strong><\/p>\n<\/div>\n\n\n<!--blockstudio\/blockstudio\/tasto--><a class=\"tasto\" style=\"background-color: rgb(57,168,53)\" href=\"https:\/\/www.visitbergamo.net\/es\/object-details\/3159-via-ripa-pasqualina\/\" target=\"_blank\"><i class=\"fa-solid fa-up-right-from-square\"><\/i> M\u00e1s informaci\u00f3n<\/a>\n\n<!--blockstudio\/blockstudio\/tasto--><a class=\"tasto\" style=\"background-color: rgb(57,168,53)\" href=\"https:\/\/maps.app.goo.gl\/EeKnMeK1YJ9wFszc7\" target=\"_blank\"><i class=\"fa-solid fa-location-pin\"><\/i> Abrir en Mapas<\/a>\n\n\n<div style=\"height:30px\" aria-hidden=\"true\" class=\"wp-block-spacer\"><\/div>\n\n\n\n<p>Si se llega desde la escalerita, para continuar el itinerario hay que seguir a la derecha, manteni\u00e9ndose en la carretera principal, que pronto se convierte en via San Martino della Pigrizia. Tras recorrer 440 metros entre villas y casas hist\u00f3ricas, se topar\u00e1 con un peque\u00f1o lugar de culto: la <strong>iglesia de San Martino della Pigrizia<\/strong> (punto 10). Enclavada en un pintoresco rinc\u00f3n de muros de ladrillo y casas, esta peque\u00f1a iglesia fue construida en el siglo XI y debe su peculiar nombre a la escasa exposici\u00f3n de la zona al sol, que permit\u00eda a la vegetaci\u00f3n crecer lentamente, o m\u00e1s bien \u00abperezosamente\u00bb.<\/p>\n\n\n\n<div class=\"wp-block-group is-vertical is-layout-flex wp-container-core-group-is-layout-47 wp-block-group-is-layout-flex\" style=\"padding-top:0;padding-right:0;padding-bottom:var(--wp--preset--spacing--30);padding-left:0\">\n<figure class=\"wp-block-image size-full is-resized\"><img loading=\"lazy\" decoding=\"async\" width=\"96\" height=\"127\" src=\"https:\/\/itinerari.visitbergamo.net\/wp-content\/uploads\/2024\/01\/3_10_Chiesa-S.-Martino-della-Pigrizia.png\" alt=\"\" class=\"wp-image-925\" style=\"width:48px\"\/><\/figure>\n\n\n\n<p><strong>IGLESIA DE SAN MARTINO DELLA PIGRIZIA<\/strong><\/p>\n<\/div>\n\n\n<!--blockstudio\/blockstudio\/tasto--><a class=\"tasto\" style=\"background-color: rgb(57,168,53)\" href=\"https:\/\/www.visitbergamo.net\/es\/object-details\/10444-chiesa-s--martino-della-pigrizia\/\" target=\"_blank\"><i class=\"fa-solid fa-up-right-from-square\"><\/i> M\u00e1s informaci\u00f3n<\/a>\n\n<!--blockstudio\/blockstudio\/tasto--><a class=\"tasto\" style=\"background-color: rgb(57,168,53)\" href=\"https:\/\/maps.app.goo.gl\/ALdcdw69YPAxmAfQA\" target=\"_blank\"><i class=\"fa-solid fa-location-pin\"><\/i> Abrir en Mapas<\/a>\n\n\n<div style=\"height:30px\" aria-hidden=\"true\" class=\"wp-block-spacer\"><\/div>\n\n\n\n<p>Despu\u00e9s de visitarla, contin\u00fae por la calle del mismo nombre otros 130 metros hasta el cruce con la Scaletta di San Martino.<\/p>\n\n\n\n<p>Si, por el contrario, se llega desde Borgo Canale, hay que girar a la izquierda y continuar recto, ignorando la estrecha cuesta de via Sudorno. Al final de la calle, despu\u00e9s de 140 metros, encontrar\u00e1 la Scaletta di Ripa Pasqualina y podr\u00e1 iniciar el descenso hacia Val d&#8217;Astino.<\/p>\n\n<\/div>\n        <\/div>\n    <\/div>\n\n    <br \/><br \/><br \/><br \/><br \/>\n\n    <div style=\"position: absolute; bottom: 0px; left: 0px; width: 100%; height: 100px; background-color: rgb(176,211,152); opacity: .2;\"><\/div>\n    \n<\/section>\n\n<style>\n    a.tasto{\n        color: rgb(255,255,255) !important;\n    }\n<\/style>\n\n<!--blockstudio\/blockstudio\/atterraggio-qr-code--><section class=\"atterraggio my-5 position-relative\">\n\n    <div class=\"ancora\" id=\"cartellov05\"><\/div>\n\n    <div class=\"landingContainer p-3 pb-5\">\n        <div class=\"sideBar\">\n            <div class=\"line\" style=\"background-color: rgb(57,168,53)\"><\/div>\n            <div class=\"numero\" style=\"background-color: rgb(57,168,53)\" onclick=\"loadAudio('https:\/\/itinerari.visitbergamo.net\/wp-content\/uploads\/2024\/12\/Citta-Verde-ESP-Scorlazzino-Jaime.mp3');\">\n                <i class=\"fa-solid fa-volume-high\" style=\"color: rgb(255,255,255)\"><\/i>\n            <\/div>\n            <div class=\"closingBall\" style=\"background-color: rgb(57,168,53)\"><\/div>\n        <\/div>\n        <div class=\"contenuto mb-3\">\n            \n            <div class=\"mt-1 d-inline-block mb-3\" onclick=\"loadAudio('https:\/\/itinerari.visitbergamo.net\/wp-content\/uploads\/2024\/12\/Citta-Verde-ESP-Scorlazzino-Jaime.mp3');\" style=\"cursor: pointer; text-decoration: none;\">\n                <div class=\"label\" style=\"color: rgb(4,119,52)\">\n                    ESCUCHA LA <b>AUDIO GU\u00cdA<\/b>                <\/div>\n            <\/div>\n\n            <h3 class=\"landingTitolo mb-2\">\n            PARADA: Scorlazzino            <\/h3>\n            <div class=\"menuTitolo\">\n                <b>PARADA:<\/b> Scorlazzino            <\/div>\n                        <div >\n\n<p>Se encuentra en la ruta panor\u00e1mica que sube desde el barrio de Longuelo hasta Borgo Canale, entre las frondosas laderas del Valle d&#8217;Astino y la Conca d&#8217;Oro. En este punto se cruzan dos de las escaleras hist\u00f3ricas de B\u00e9rgamo: la <strong>Scaletta di San Martino<\/strong> (punto 11), que sube desde via Borgo Canale, y la escalera Scorlazzino.<\/p>\n\n\n\n<div class=\"wp-block-group is-vertical is-layout-flex wp-container-core-group-is-layout-48 wp-block-group-is-layout-flex\" style=\"padding-top:0;padding-right:0;padding-bottom:var(--wp--preset--spacing--30);padding-left:0\">\n<figure class=\"wp-block-image size-full is-resized\"><img loading=\"lazy\" decoding=\"async\" width=\"92\" height=\"63\" src=\"https:\/\/itinerari.visitbergamo.net\/wp-content\/uploads\/2024\/01\/3_11_Scaletta_-di-San-Martino.png\" alt=\"\" class=\"wp-image-931\" style=\"width:46px\"\/><\/figure>\n\n\n\n<p><strong>SCALETTA DI SAN MARTINO<\/strong><\/p>\n<\/div>\n\n\n<!--blockstudio\/blockstudio\/tasto--><a class=\"tasto\" style=\"background-color: rgb(57,168,53)\" href=\"https:\/\/maps.app.goo.gl\/F9mrQtbRE6Wv7wQo6\" target=\"_blank\"><i class=\"fa-solid fa-location-pin\"><\/i> Abrir en Mapas<\/a>\n\n\n<div style=\"height:30px\" aria-hidden=\"true\" class=\"wp-block-spacer\"><\/div>\n\n\n\n<p>Inmediatamente a la derecha de la se\u00f1al se encuentra el primer tramo de la Scaletta di San Martino: \u00a1un pintoresco atajo para su pr\u00f3ximo paseo! Detr\u00e1s de usted, sin embargo, comienza el ascenso de la <strong>Escalera de Scorlazzino<\/strong> (punto 12), cuyo otro extremo ya ha visto tras descender de la <strong>iglesia de S. Vigilio<\/strong> (punto 2). Para un pintoresco d\u00e9tour, tome el pasadizo escalonado y camine 50 metros, tras lo cual descender\u00e1 de nuevo a la carretera y girar\u00e1 a la izquierda; o permanezca en la carretera principal, inmediatamente a la izquierda de la se\u00f1al. En ambos casos, en unos 170 metros llegar\u00e1 a Borgo Canale.<\/p>\n\n\n\n<div class=\"wp-block-group is-vertical is-layout-flex wp-container-core-group-is-layout-49 wp-block-group-is-layout-flex\" style=\"padding-top:0;padding-right:0;padding-bottom:var(--wp--preset--spacing--30);padding-left:0\">\n<figure class=\"wp-block-image size-full is-resized\"><img loading=\"lazy\" decoding=\"async\" width=\"95\" height=\"62\" src=\"https:\/\/itinerari.visitbergamo.net\/wp-content\/uploads\/2024\/01\/3_12_Scaletta-dello-Scorlazzino.png\" alt=\"\" class=\"wp-image-835\" style=\"width:47px\"\/><\/figure>\n\n\n\n<p><strong>ESCALERA DE SCORLAZZINO<\/strong><\/p>\n<\/div>\n\n\n<!--blockstudio\/blockstudio\/tasto--><a class=\"tasto\" style=\"background-color: rgb(57,168,53)\" href=\"https:\/\/www.visitbergamo.net\/es\/object-details\/10457-scaletta-dello-scorlazzino\/\" target=\"_blank\"><i class=\"fa-solid fa-up-right-from-square\"><\/i> M\u00e1s informaci\u00f3n<\/a>\n\n<!--blockstudio\/blockstudio\/tasto--><a class=\"tasto\" style=\"background-color: rgb(57,168,53)\" href=\"https:\/\/maps.app.goo.gl\/F9mrQtbRE6Wv7wQo6\" target=\"_blank\"><i class=\"fa-solid fa-location-pin\"><\/i> Abrir en Mapas<\/a>\n\n\n<div style=\"height:25px\" aria-hidden=\"true\" class=\"wp-block-spacer\"><\/div>\n\n\n\n<div class=\"wp-block-group is-vertical is-layout-flex wp-container-core-group-is-layout-50 wp-block-group-is-layout-flex\" style=\"padding-top:0;padding-right:0;padding-bottom:var(--wp--preset--spacing--30);padding-left:0\">\n<figure class=\"wp-block-image size-full is-resized\"><img loading=\"lazy\" decoding=\"async\" width=\"77\" height=\"92\" src=\"https:\/\/itinerari.visitbergamo.net\/wp-content\/uploads\/2024\/01\/3_02_Chiesetta_di-San-Vigilio.png\" alt=\"\" class=\"wp-image-871\" style=\"width:40px\"\/><\/figure>\n\n\n\n<p><strong>IGLESIA DE  S. VIGILIO<\/strong><\/p>\n<\/div>\n\n\n<!--blockstudio\/blockstudio\/tasto--><a class=\"tasto\" style=\"background-color: rgb(57,168,53)\" href=\"https:\/\/www.visitbergamo.net\/es\/object-details\/3145-chiesa-s--vigilio\/\" target=\"_blank\"><i class=\"fa-solid fa-up-right-from-square\"><\/i> M\u00e1s informaci\u00f3n<\/a>\n\n<!--blockstudio\/blockstudio\/tasto--><a class=\"tasto\" style=\"background-color: rgb(57,168,53)\" href=\"https:\/\/maps.app.goo.gl\/7m5MC22o6DMYXiCW6\" target=\"_blank\"><i class=\"fa-solid fa-location-pin\"><\/i> Abrir en Mapas<\/a>\n\n\n<div style=\"height:30px\" aria-hidden=\"true\" class=\"wp-block-spacer\"><\/div>\n\n\n\n<p>Si viene de Borgo Canale, d\u00e9 la espalda a la se\u00f1al y siga por via S. Martino della Pigrizia. Tras 140 metros de suave descenso, cruzar\u00e1 a la derecha la <strong>iglesia de S. Martino della Pigrizia<\/strong> (punto 10).<\/p>\n\n\n\n<div class=\"wp-block-group is-vertical is-layout-flex wp-container-core-group-is-layout-51 wp-block-group-is-layout-flex\" style=\"padding-top:0;padding-right:0;padding-bottom:var(--wp--preset--spacing--30);padding-left:0\">\n<figure class=\"wp-block-image size-full is-resized\"><img loading=\"lazy\" decoding=\"async\" width=\"96\" height=\"127\" src=\"https:\/\/itinerari.visitbergamo.net\/wp-content\/uploads\/2024\/01\/3_10_Chiesa-S.-Martino-della-Pigrizia.png\" alt=\"\" class=\"wp-image-925\" style=\"width:48px\"\/><\/figure>\n\n\n\n<p><strong>IGLESIA DE S.MARTINO DELLA PIGRIZIA<\/strong><\/p>\n<\/div>\n\n\n<!--blockstudio\/blockstudio\/tasto--><a class=\"tasto\" style=\"background-color: rgb(57,168,53)\" href=\"https:\/\/www.visitbergamo.net\/es\/object-details\/10444-chiesa-s--martino-della-pigrizia\/\" target=\"_blank\"><i class=\"fa-solid fa-up-right-from-square\"><\/i> M\u00e1s informaci\u00f3n<\/a>\n\n<!--blockstudio\/blockstudio\/tasto--><a class=\"tasto\" style=\"background-color: rgb(57,168,53)\" href=\"https:\/\/maps.app.goo.gl\/ALdcdw69YPAxmAfQA\" target=\"_blank\"><i class=\"fa-solid fa-location-pin\"><\/i> Abrir en Mapas<\/a>\n\n\n<div style=\"height:30px\" aria-hidden=\"true\" class=\"wp-block-spacer\"><\/div>\n\n\n\n<p>Este peque\u00f1o edificio, enmarcado por casas y muros de piedra, le sorprender\u00e1 por su historia y su fascinante sencillez. M\u00e1s all\u00e1 de su portal de bronce con bajorrelieves, encontrar\u00e1 una sola nave y obras escult\u00f3ricas y pict\u00f3ricas, entre ellas un retablo que representa a la Virgen y a algunos santos.<\/p>\n\n<\/div>\n        <\/div>\n    <\/div>\n\n    <br \/><br \/><br \/><br \/><br \/>\n\n    <div style=\"position: absolute; bottom: 0px; left: 0px; width: 100%; height: 100px; background-color: rgb(176,211,152); opacity: .2;\"><\/div>\n    \n<\/section>\n\n<style>\n    a.tasto{\n        color: rgb(255,255,255) !important;\n    }\n<\/style>\n\n<!--blockstudio\/blockstudio\/atterraggio-qr-code--><section class=\"atterraggio my-5 position-relative\">\n\n    <div class=\"ancora\" id=\"cartellov06\"><\/div>\n\n    <div class=\"landingContainer p-3 pb-5\">\n        <div class=\"sideBar\">\n            <div class=\"line\" style=\"background-color: rgb(57,168,53)\"><\/div>\n            <div class=\"numero\" style=\"background-color: rgb(57,168,53)\" onclick=\"loadAudio('https:\/\/itinerari.visitbergamo.net\/wp-content\/uploads\/2024\/12\/Citta-Verde-ESP-Borgo-Canale-Jaime.mp3');\">\n                <i class=\"fa-solid fa-volume-high\" style=\"color: rgb(255,255,255)\"><\/i>\n            <\/div>\n            <div class=\"closingBall\" style=\"background-color: rgb(57,168,53)\"><\/div>\n        <\/div>\n        <div class=\"contenuto mb-3\">\n            \n            <div class=\"mt-1 d-inline-block mb-3\" onclick=\"loadAudio('https:\/\/itinerari.visitbergamo.net\/wp-content\/uploads\/2024\/12\/Citta-Verde-ESP-Borgo-Canale-Jaime.mp3');\" style=\"cursor: pointer; text-decoration: none;\">\n                <div class=\"label\" style=\"color: rgb(4,119,52)\">\n                    ESCUCHA LA <b>AUDIO GU\u00cdA<\/b>                <\/div>\n            <\/div>\n\n            <h3 class=\"landingTitolo mb-2\">\n            PARADA: Borgo Canale            <\/h3>\n            <div class=\"menuTitolo\">\n                <b>PARADA:<\/b> Borgo Canale            <\/div>\n                        <div >\n\n<p>Se encuentra usted en Borgo Canale, uno de los barrios m\u00e1s antiguos y fascinantes de B\u00e9rgamo. Rico en miradores panor\u00e1micos, le ofrece, por un lado, una vista hasta donde alcanza la vista sobre la llanura y, por otro, una visi\u00f3n \u00fanica de la Ciudad Alta.<\/p>\n\n\n\n<p>Para entrar en este peque\u00f1o oasis de paz y romanticismo, donde naci\u00f3 el c\u00e9lebre compositor Gaetano Donizetti, siga por el cruce entre via San Martino della Pigrizia y via Borgo Canale, manteniendo el Scorlazzino a sus espaldas. En 550 metros llegar\u00e1 a la <strong>iglesia de S. Erasmo<\/strong> (punto 13), situada a la derecha de la carretera. Esta peque\u00f1a y pintoresca iglesia de piedra, entre rom\u00e1nica y barroca, le sorprender\u00e1 por su presencia y su historia.<\/p>\n\n\n\n<div class=\"wp-block-group is-vertical is-layout-flex wp-container-core-group-is-layout-52 wp-block-group-is-layout-flex\" style=\"padding-top:0;padding-right:0;padding-bottom:var(--wp--preset--spacing--30);padding-left:0\">\n<figure class=\"wp-block-image size-full is-resized\"><img loading=\"lazy\" decoding=\"async\" width=\"46\" height=\"174\" src=\"https:\/\/itinerari.visitbergamo.net\/wp-content\/uploads\/2024\/01\/2_12_Torre_dei-caduti.png\" alt=\"\" class=\"wp-image-475\" style=\"width:23px;height:87px\"\/><\/figure>\n\n\n\n<p><strong>IGLESIA DE S.ERASMO<\/strong><\/p>\n<\/div>\n\n\n<!--blockstudio\/blockstudio\/tasto--><a class=\"tasto\" style=\"background-color: rgb(57,168,53)\" href=\"https:\/\/www.visitbergamo.net\/es\/object-details\/10465-chiesa-di-s--erasmo-vescovo-martire\/\" target=\"_blank\"><i class=\"fa-solid fa-up-right-from-square\"><\/i> M\u00e1s informaci\u00f3n<\/a>\n\n<!--blockstudio\/blockstudio\/tasto--><a class=\"tasto\" style=\"background-color: rgb(57,168,53)\" href=\"https:\/\/maps.app.goo.gl\/BcmYJozArAiaJH7aA\" target=\"_blank\"><i class=\"fa-solid fa-location-pin\"><\/i> Abrir en Mapas<\/a>\n\n\n<div style=\"height:30px\" aria-hidden=\"true\" class=\"wp-block-spacer\"><\/div>\n\n\n\n<p>Si, por el contrario, viene desde esa direcci\u00f3n, para continuar la ruta deje atr\u00e1s Borgo Canale, siga recto y, tras 80 metros, a la derecha encontrar\u00e1 la subida <strong>Scaletta dello Scorlazzino<\/strong> (punto 12). T\u00f3mela y suba hasta el cruce. Este pasaje empedrado tiene, en su parte inferior, un peculiar doble acceso y es uno de los recorridos m\u00e1s populares de las escaleras medievales, gracias a la vista privilegiada que ofrece de jardines, huertos y gran parte de la Baja B\u00e9rgamo.<\/p>\n\n\n\n<div class=\"wp-block-group is-vertical is-layout-flex wp-container-core-group-is-layout-53 wp-block-group-is-layout-flex\" style=\"padding-top:0;padding-right:0;padding-bottom:var(--wp--preset--spacing--30);padding-left:0\">\n<figure class=\"wp-block-image size-full is-resized\"><img loading=\"lazy\" decoding=\"async\" width=\"225\" height=\"113\" src=\"https:\/\/itinerari.visitbergamo.net\/wp-content\/uploads\/2024\/01\/2_02_Teatro-Donizetti.png\" alt=\"\" class=\"wp-image-547\" style=\"width:113px;height:57px\"\/><\/figure>\n\n\n\n<p><strong>SCALETTA DELLO SCORLAZZINO<\/strong><\/p>\n<\/div>\n\n\n<!--blockstudio\/blockstudio\/tasto--><a class=\"tasto\" style=\"background-color: rgb(57,168,53)\" href=\"https:\/\/www.visitbergamo.net\/es\/object-details\/10457-scaletta-dello-scorlazzino\/\" target=\"_blank\"><i class=\"fa-solid fa-up-right-from-square\"><\/i> M\u00e1s informaci\u00f3n<\/a>\n\n<!--blockstudio\/blockstudio\/tasto--><a class=\"tasto\" style=\"background-color: rgb(57,168,53)\" href=\"https:\/\/maps.app.goo.gl\/F9mrQtbRE6Wv7wQo6\" target=\"_blank\"><i class=\"fa-solid fa-location-pin\"><\/i> Abrir en Mapas<\/a>\n\n\n<div style=\"height:30px\" aria-hidden=\"true\" class=\"wp-block-spacer\"><\/div>\n\n\n\n<p>En la primera bifurcaci\u00f3n, descienda y vuelva a Via San Martino della Pigrizia. Enfrente ver\u00e1 la <strong>Scaletta di San Martino<\/strong> (paso 11) que desciende hacia Citt\u00e0 Bassa. La ruta contin\u00faa, sin embargo, girando a la derecha y continuando el descenso por via S. Martino della Pigrizia, hacia Val d&#8217;Astino.<\/p>\n\n\n\n<div class=\"wp-block-group is-vertical is-layout-flex wp-container-core-group-is-layout-54 wp-block-group-is-layout-flex\" style=\"padding-top:0;padding-right:0;padding-bottom:var(--wp--preset--spacing--30);padding-left:0\">\n<figure class=\"wp-block-image size-full is-resized\"><img loading=\"lazy\" decoding=\"async\" width=\"92\" height=\"63\" src=\"https:\/\/itinerari.visitbergamo.net\/wp-content\/uploads\/2024\/01\/3_11_Scaletta_-di-San-Martino.png\" alt=\"\" class=\"wp-image-931\" style=\"width:46px\"\/><\/figure>\n\n\n\n<p><strong>SCALETTA DI SAN MARTINO<\/strong><\/p>\n<\/div>\n\n\n<!--blockstudio\/blockstudio\/tasto--><a class=\"tasto\" style=\"background-color: rgb(57,168,53)\" href=\"https:\/\/maps.app.goo.gl\/F9mrQtbRE6Wv7wQo6\" target=\"_blank\"><i class=\"fa-solid fa-location-pin\"><\/i> Abrir en Mapas<\/a>\n<\/div>\n        <\/div>\n    <\/div>\n\n    <br \/><br \/><br \/><br \/><br \/>\n\n    <div style=\"position: absolute; bottom: 0px; left: 0px; width: 100%; height: 100px; background-color: rgb(176,211,152); opacity: .2;\"><\/div>\n    \n<\/section>\n\n<style>\n    a.tasto{\n        color: rgb(255,255,255) !important;\n    }\n<\/style>\n\n<!--blockstudio\/blockstudio\/atterraggio-qr-code--><section class=\"atterraggio my-5 position-relative\">\n\n    <div class=\"ancora\" id=\"cartellov14\"><\/div>\n\n    <div class=\"landingContainer p-3 pb-5\">\n        <div class=\"sideBar\">\n            <div class=\"line\" style=\"background-color: rgb(57,168,53)\"><\/div>\n            <div class=\"numero\" style=\"background-color: rgb(57,168,53)\" onclick=\"loadAudio('https:\/\/itinerari.visitbergamo.net\/wp-content\/uploads\/2024\/12\/Citta-Verde-ESP-Orto-Botanico-Lorenzo-Rota-Jaime.mp3');\">\n                <i class=\"fa-solid fa-volume-high\" style=\"color: rgb(255,255,255)\"><\/i>\n            <\/div>\n            <div class=\"closingBall\" style=\"background-color: rgb(57,168,53)\"><\/div>\n        <\/div>\n        <div class=\"contenuto mb-3\">\n            \n            <div class=\"mt-1 d-inline-block mb-3\" onclick=\"loadAudio('https:\/\/itinerari.visitbergamo.net\/wp-content\/uploads\/2024\/12\/Citta-Verde-ESP-Orto-Botanico-Lorenzo-Rota-Jaime.mp3');\" style=\"cursor: pointer; text-decoration: none;\">\n                <div class=\"label\" style=\"color: rgb(4,119,52)\">\n                    ESCUCHA LA <b>AUDIO GU\u00cdA<\/b>                <\/div>\n            <\/div>\n\n            <h3 class=\"landingTitolo mb-2\">\n            PARADA: Orto Botanico \u00abLorenzo Rota\u00bb            <\/h3>\n            <div class=\"menuTitolo\">\n                <b>PARADA:<\/b> Orto Botanico \u00abLorenzo Rota\u00bb            <\/div>\n                        <div >\n\n<p>Se encuentra en Colle Aperto, frente a la entrada del <strong>Jard\u00edn Bot\u00e1nico \u00abLorenzo Rota\u00bb<\/strong> (punto 17). Este lugar forma parte de los Museos C\u00edvicos del Ayuntamiento de B\u00e9rgamo y desde 1972 alberga m\u00e1s de 1.200 tipos de plantas, dispuestas en microh\u00e1bitats que reproducen o evocan ambientes naturales.<\/p>\n\n\n\n<div class=\"wp-block-group is-vertical is-layout-flex wp-container-core-group-is-layout-55 wp-block-group-is-layout-flex\" style=\"padding-top:0;padding-right:0;padding-bottom:var(--wp--preset--spacing--30);padding-left:0\">\n<figure class=\"wp-block-image size-full is-resized\"><img loading=\"lazy\" decoding=\"async\" width=\"121\" height=\"111\" src=\"https:\/\/itinerari.visitbergamo.net\/wp-content\/uploads\/2024\/01\/3_05_Orto-Botanico_Lorenzo-Rota.png\" alt=\"\" class=\"wp-image-889\" style=\"width:60px\"\/><\/figure>\n\n\n\n<p><strong>JARDIN BOTANICO \u00abLORENZO ROTA\u00bb<\/strong><\/p>\n<\/div>\n\n\n<!--blockstudio\/blockstudio\/tasto--><a class=\"tasto\" style=\"background-color: rgb(57,168,53)\" href=\"https:\/\/www.visitbergamo.net\/es\/object-details\/10-orto-botanico-di-bergamo--lorenzo-rota--\/\" target=\"_blank\"><i class=\"fa-solid fa-up-right-from-square\"><\/i> M\u00e1s informaci\u00f3n<\/a>\n\n<!--blockstudio\/blockstudio\/tasto--><a class=\"tasto\" style=\"background-color: rgb(57,168,53)\" href=\"https:\/\/maps.app.goo.gl\/2BQnPv62UYv7sCjH8\" target=\"_blank\"><i class=\"fa-solid fa-location-pin\"><\/i> Abrir en Mapas<\/a>\n\n\n<div style=\"height:30px\" aria-hidden=\"true\" class=\"wp-block-spacer\"><\/div>\n\n\n\n<p>Para visitarlo, cruce la calle y suba los escalones que empiezan justo delante de la Polveriera di San Marco superior (un edificio que data de la \u00e9poca en que se construyeron las murallas, por tanto venecianas). Tras 140 escalones que le conducir\u00e1n entre casas y jardines escondidos, podr\u00e1 disfrutar del premio: una \u00abventana al paisaje\u00bb creada por la naturaleza y la bot\u00e1nica, \u00a1y una vista espectacular de la ciudad!<\/p>\n\n\n\n<p>Despu\u00e9s de visitar el Orto, para volver a la ruta principal del itinerario de La Citt\u00e0 Verde, d\u00e9 la espalda a la se\u00f1al, baje por Via Beltrami y, en 120 metros, llegar\u00e1 a Largo Colle Aperto.<\/p>\n\n\n\n<p>Inmediatamente a su derecha se encuentra la monumental <strong>Porta Sant&#8217;Alessandro<\/strong> (punto 16), una de las entradas hist\u00f3ricas de Citt\u00e0 Alta, la que la conecta con Borgo Canale. Atravi\u00e9sela y, siempre a su derecha, encontrar\u00e1 la estaci\u00f3n inferior del funicular a San Vigilio. En este punto, para seguir el itinerario puede elegir entre subir al puerto de San Vigilio -seg\u00fan el orden de visita recomendado- o atravesar Borgo Canale hacia el valle de Astino. Ambas opciones son posibles: el itinerario es, de hecho, un bucle, \u00a1que puede seguirse en ambas direcciones!<\/p>\n\n\n\n<div class=\"wp-block-group is-vertical is-layout-flex wp-container-core-group-is-layout-56 wp-block-group-is-layout-flex\" style=\"padding-top:0;padding-right:0;padding-bottom:var(--wp--preset--spacing--30);padding-left:0\">\n<figure class=\"wp-block-image size-full is-resized\"><img loading=\"lazy\" decoding=\"async\" width=\"134\" height=\"82\" src=\"https:\/\/itinerari.visitbergamo.net\/wp-content\/uploads\/2024\/01\/3_Porta-San-Alessandro.png\" alt=\"\" class=\"wp-image-859\" style=\"width:67px\"\/><\/figure>\n\n\n\n<p><strong>PORTA SANT&#8217;ALESSANDRO<\/strong><\/p>\n<\/div>\n\n\n<!--blockstudio\/blockstudio\/tasto--><a class=\"tasto\" style=\"background-color: rgb(57,168,53)\" href=\"https:\/\/www.visitbergamo.net\/es\/object-details\/6568-porta-sant-alessandro\/\" target=\"_blank\"><i class=\"fa-solid fa-up-right-from-square\"><\/i> M\u00e1s informaci\u00f3n<\/a>\n\n<!--blockstudio\/blockstudio\/tasto--><a class=\"tasto\" style=\"background-color: rgb(57,168,53)\" href=\"https:\/\/maps.app.goo.gl\/kwP3foMmg6eDi6PG9\" target=\"_blank\"><i class=\"fa-solid fa-location-pin\"><\/i> Abrir en Mapas<\/a>\n\n\n<div style=\"height:30px\" aria-hidden=\"true\" class=\"wp-block-spacer\"><\/div>\n\n\n\n<p>Si decide subir, pronto podr\u00e1 visitar la iglesia y el castillo de S. Vigilio. Si decide continuar cuesta abajo, en cambio, tendr\u00e1 la oportunidad de ver la <strong>casa natal de Donizetti<\/strong> (punto 15), a 350 metros del poste indicador.<\/p>\n\n\n\n<div class=\"wp-block-group is-vertical is-layout-flex wp-container-core-group-is-layout-57 wp-block-group-is-layout-flex\" style=\"padding-top:0;padding-right:0;padding-bottom:var(--wp--preset--spacing--30);padding-left:0\">\n<figure class=\"wp-block-image size-full is-resized\"><img loading=\"lazy\" decoding=\"async\" width=\"49\" height=\"95\" src=\"https:\/\/itinerari.visitbergamo.net\/wp-content\/uploads\/2024\/01\/3_15_Casa-Natale-di-Donizetti.png\" alt=\"\" class=\"wp-image-853\" style=\"width:25px\"\/><\/figure>\n\n\n\n<p><strong>CASA NATAL DE DONIZETTI<\/strong><\/p>\n<\/div>\n\n\n<!--blockstudio\/blockstudio\/tasto--><a class=\"tasto\" style=\"background-color: rgb(57,168,53)\" href=\"https:\/\/www.visitbergamo.net\/es\/object-details\/939-casa-natale-donizetti\/\" target=\"_blank\"><i class=\"fa-solid fa-up-right-from-square\"><\/i> M\u00e1s informaci\u00f3n<\/a>\n\n<!--blockstudio\/blockstudio\/tasto--><a class=\"tasto\" style=\"background-color: rgb(57,168,53)\" href=\"https:\/\/maps.app.goo.gl\/x6gwbZ3EGEBpTJwZ6\" target=\"_blank\"><i class=\"fa-solid fa-location-pin\"><\/i> Abrir en Mapas<\/a>\n<\/div>\n        <\/div>\n    <\/div>\n\n    <br \/><br \/><br \/><br \/><br \/>\n\n    <div style=\"position: absolute; bottom: 0px; left: 0px; width: 100%; height: 100px; background-color: rgb(176,211,152); opacity: .2;\"><\/div>\n    \n<\/section>\n\n<style>\n    a.tasto{\n        color: rgb(255,255,255) !important;\n    }\n<\/style>\n<\/div>\n\t\t\t\t<\/div>\n\t\t\t<\/div>\n\n\t\t<\/div>\n\n\t<\/div>\n\n<\/div>\n\n\n<div class=\"mappa\">\n\t<iframe loading=\"lazy\" src=\"https:\/\/www.google.com\/maps\/d\/embed?mid=1Quyni6P5yZyKS1ADoGQOz6bxzdg1yYg&#038;ehbc=2E312F\" width=\"100%\" height=\"100%\"><\/iframe>\n\n\t\n\t<div class=\"tasto chiudiMappa\" onclick=\"$('.mappa').removeClass('open');\" style=\"background-color: rgb(57,168,53)\">Cierra el mapa<\/div>\n<\/div>\n\n\n\n\n\n<div class=\"audioPlayer\">\n\t<div class=\"closePlayer\" onclick=\"removeAudioPLayer()\">\n\t\t<i class=\"fa-solid fa-xmark\"><\/i>\n\t<\/div>\n\t<audio controls id=\"audio\">\n\t\t<source id=\"audioSrc\" src=\"horse.mp3\" type=\"audio\/mpeg\">\n\t<\/audio>\n<\/div>\n\n<script type=\"text\/javascript\">\n\t$(document).ready(function() {\n\t\twindow.onpopstate = function(event) {\n\t\t\tdocument.querySelector('.mappa').classList.remove('open');\n\t\t}\n\t})\n<\/script>","protected":false},"excerpt":{"rendered":"","protected":false},"author":1,"featured_media":3055,"parent":0,"menu_order":0,"comment_status":"closed","ping_status":"closed","template":"","meta":{"footnotes":""},"class_list":["post-1194","page","type-page","status-publish","has-post-thumbnail","hentry"],"acf":[],"_links":{"self":[{"href":"https:\/\/itinerari.visitbergamo.net\/es\/wp-json\/wp\/v2\/pages\/1194","targetHints":{"allow":["GET"]}}],"collection":[{"href":"https:\/\/itinerari.visitbergamo.net\/es\/wp-json\/wp\/v2\/pages"}],"about":[{"href":"https:\/\/itinerari.visitbergamo.net\/es\/wp-json\/wp\/v2\/types\/page"}],"author":[{"embeddable":true,"href":"https:\/\/itinerari.visitbergamo.net\/es\/wp-json\/wp\/v2\/users\/1"}],"replies":[{"embeddable":true,"href":"https:\/\/itinerari.visitbergamo.net\/es\/wp-json\/wp\/v2\/comments?post=1194"}],"version-history":[{"count":0,"href":"https:\/\/itinerari.visitbergamo.net\/es\/wp-json\/wp\/v2\/pages\/1194\/revisions"}],"wp:featuredmedia":[{"embeddable":true,"href":"https:\/\/itinerari.visitbergamo.net\/es\/wp-json\/wp\/v2\/media\/3055"}],"wp:attachment":[{"href":"https:\/\/itinerari.visitbergamo.net\/es\/wp-json\/wp\/v2\/media?parent=1194"}],"curies":[{"name":"wp","href":"https:\/\/api.w.org\/{rel}","templated":true}]}}