{"id":1191,"date":"2023-04-13T17:22:29","date_gmt":"2023-04-13T15:22:29","guid":{"rendered":"https:\/\/itinerari.visitbergamo.net\/il-cuore-di-citta-bassa\/"},"modified":"2025-07-15T07:07:28","modified_gmt":"2025-07-15T05:07:28","slug":"corazon-de-la-ciudad-baja","status":"publish","type":"page","link":"https:\/\/itinerari.visitbergamo.net\/es\/corazon-de-la-ciudad-baja\/","title":{"rendered":"Coraz\u00f3n de la Ciudad Baja"},"content":{"rendered":"<!--blockstudio\/blockstudio\/itinerario-->\n<div class=\"paginaItinerario\">\n\n\t<div class=\"bgBanner\" style=\"background-color: rgb(242,152,123); opacity: .2; position: fixed;\"><\/div>\n\n\n\t<div class=\"container-fluid position-relative banner p-0 toHide\">\n\n\t\t<div class=\"bgBanner\" style=\"background-color: #fff; opacity: 1 !important;\"><\/div>\n\n\t\t<img decoding=\"async\" class=\"bgmmagine\" src=\"https:\/\/itinerari.visitbergamo.net\/wp-content\/uploads\/2023\/04\/bgMap2.jpg\" \/>\n\n\t\t<div class=\"fasciaTitIti\">\n\t\t\t<div class=\"bgBanner\" style=\"background-color: rgb(242,152,123); opacity: 1;\"><\/div>\n\t\t\t<div class=\"container position-relative h-100\">\n\n\t\t\t\t<div class=\"row h-100\">\n\n\t\t\t\t\t<div class=\"col-auto my-auto\">\n\t\t\t\t\t\t<div class=\"numero\" style=\"background-color: rgb(225,7,23)\">\n\t\t\t\t\t\t\t<div class=\"nInBall\" style=\"color: rgb(255,255,255)\">2<\/div>\n\t\t\t\t\t\t\t<div class=\"titInBall\" style=\"color: rgb(255,255,255)\">ITINERARIO<\/div>\n\t\t\t\t\t\t<\/div>\n\t\t\t\t\t<\/div>\n\t\t\t\t\t<div class=\"col-auto px-0 position-relative\">\n\t\t\t\t\t\t<img decoding=\"async\" class=\"percorso\" src=\"\" \/>\n\t\t\t\t\t\t<div class=\"titoloIti\">Coraz\u00f3n de la <br \/>\r\nCiudad Baja<\/div>\n\t\t\t\t\t<\/div>\n\n\t\t\t\t<\/div>\n\n\t\t\t<\/div>\n\t\t<\/div>\n\n\t\t<div class=\"fasciaMisure\">\n\t\t\t<div class=\"container position-relative h-100\">\n\n\t\t\t\t<div class=\"row h-100\">\n\n\t\t\t\t\t<div class=\"col-12 py-4\">\n\t\t\t\t\t\t<b><i class=\"fa-solid fa-arrow-right\" style=\"color: rgb(165,25,22);\"><\/i> 4,3 km<\/b> Longitud\t\t\t\t\t\t<br \/>\n\t\t\t\t\t\t<b><i class=\"fa-regular fa-clock\" style=\"color: rgb(165,25,22);\"><\/i> 1:30 h<\/b> t\u00e9rmino\t\t\t\t\t\t<br \/>\n\t\t\t\t\t\t<div class=\"tasto tastoMappa mt-2\" style=\"cursor: pointer; background-color: rgb(225,7,23); color: rgb(255,255,255) !important;\" onclick=\"history.pushState({}, '', '?map=start'); $('.mappa').addClass('open');\"><i class=\"fa-solid fa-location-pin\"><\/i>  Abre el mapa<\/div>\n\t\t\t\t\t\t<br \/>\n\t\t\t\t\t\t\t\t\t\t\t<\/div>\n\n\t\t\t\t<\/div>\n\n\t\t\t<\/div>\n\t\t<\/div>\n\n\t\t<!-- <div class=\"spacer\"><\/div> -->\n\n\n\t<\/div>\n\n\t<div class=\"container-fluid position-relative banner p-0 scrolled toShow\">\n\n\t\t<div class=\"bgBanner\" style=\"background-color: #fff; opacity: 1 !important;\"><\/div>\n\n\t\t<img decoding=\"async\" class=\"bgmmagine\" src=\"https:\/\/itinerari.visitbergamo.net\/wp-content\/uploads\/2023\/04\/bgMap2.jpg\" \/>\n\n\t\t<div class=\"fasciaTitIti\">\n\t\t\t<div class=\"bgBanner\" style=\"background-color: rgb(242,152,123); opacity: 1;\"><\/div>\n\t\t\t<div class=\"container position-relative h-100\">\n\n\t\t\t\t<div class=\"row h-100\">\n\n\t\t\t\t\t<div class=\"col-auto my-auto\">\n\t\t\t\t\t\t<div class=\"numero\" style=\"background-color: rgb(225,7,23)\">\n\t\t\t\t\t\t\t<div class=\"nInBall\" style=\"color: rgb(255,255,255)\">2<\/div>\n\t\t\t\t\t\t\t<div class=\"titInBall\" style=\"color: rgb(255,255,255)\">ITINERARIO<\/div>\n\t\t\t\t\t\t<\/div>\n\t\t\t\t\t<\/div>\n\t\t\t\t\t<div class=\"col-auto px-0 position-relative\">\n\t\t\t\t\t\t<img decoding=\"async\" class=\"percorso\" src=\"\" \/>\n\t\t\t\t\t\t<div class=\"titoloIti\">Coraz\u00f3n de la <br \/>\r\nCiudad Baja<\/div>\n\t\t\t\t\t<\/div>\n\n\t\t\t\t<\/div>\n\n\t\t\t<\/div>\n\t\t<\/div>\n\n\t\t<div class=\"fasciaMisure\">\n\t\t\t<div class=\"container position-relative h-100\">\n\n\t\t\t\t<div class=\"row h-100\">\n\n\t\t\t\t\t<div class=\"col-12 py-2 distTime\">\n\t\t\t\t\t\t<b><i class=\"fa-solid fa-arrow-right\" style=\"color: rgb(165,25,22);\"><\/i> 4,3 km<\/b> Longitud\t\t\t\t\t\t<br \/>\n\t\t\t\t\t\t<b><i class=\"fa-regular fa-clock\" style=\"color: rgb(165,25,22);\"><\/i> 1:30 h<\/b> t\u00e9rmino\t\t\t\t\t\t<br \/>\n\t\t\t\t\t\t<div class=\"tasto tastoMappa mt-2\" style=\"cursor: pointer; background-color: rgb(225,7,23); color: rgb(255,255,255) !important;\" onclick=\"history.pushState({}, '', '?map=start'); $('.mappa').addClass('open');\"><i class=\"fa-solid fa-location-pin\"><\/i>  Abre el mapa<\/div>\n\t\t\t\t\t\t<br \/>\n\t\t\t\t\t\t\t\t\t\t\t<\/div>\n\n\t\t\t\t<\/div>\n\n\t\t\t<\/div>\n\t\t<\/div>\n\n\t\t<!-- <div class=\"spacer\"><\/div> -->\n\n\n\t<\/div>\n\n\t<div class=\"container position-relative\">\n\n\t\t<div class=\"row justify-content-center\">\n\n\t\t\t<div class=\"col-4 col-lg-3 d-none d-md-block pt-5 pe-0\">\n\t\t\t\t<div class=\"itiNav p-3 p-lg-4\" style=\"background-color: rgb(225,7,23)\"><\/div>\n\t\t\t\t<!-- <div class=\"yt_video\" data-video-link=\"\" data-video-label=\"\" data-color=\"\"><\/div> -->\n\t\t\t\t<style>\n\t\t\t\t\t.itiNav .linkAncora {\n\t\t\t\t\t\tbackground-color: transparent;\n\t\t\t\t\t\tcolor: rgb(255,255,255) !important;\n\t\t\t\t\t}\n\t\t\t\t<\/style>\n\t\t\t<\/div>\n\n\t\t\t<div class=\"col-12 col-md-8 col-lg-6 ps-2 ps-md-0\">\n\t\t\t\t<div class=\"itiContent\">\n\t\t\t\t\t<div >\n<!--blockstudio\/blockstudio\/atterraggio-qr-code--><section class=\"atterraggio my-5 position-relative\">\n\n    <div class=\"ancora\" id=\"cartelloc01\"><\/div>\n\n    <div class=\"landingContainer p-3 pb-5\">\n        <div class=\"sideBar\">\n            <div class=\"line\" style=\"background-color: rgb(225,7,23)\"><\/div>\n            <div class=\"numero\" style=\"background-color: rgb(225,7,23)\" onclick=\"loadAudio('https:\/\/itinerari.visitbergamo.net\/wp-content\/uploads\/2024\/12\/Cuore-Bassa-ESP-Largo-Porta-Nuova-Jaime.mp3');\">\n                <i class=\"fa-solid fa-volume-high\" style=\"color: rgb(255,255,255)\"><\/i>\n            <\/div>\n            <div class=\"closingBall\" style=\"background-color: rgb(225,7,23)\"><\/div>\n        <\/div>\n        <div class=\"contenuto mb-3\">\n            \n            <div class=\"mt-1 d-inline-block mb-3\" onclick=\"loadAudio('https:\/\/itinerari.visitbergamo.net\/wp-content\/uploads\/2024\/12\/Cuore-Bassa-ESP-Largo-Porta-Nuova-Jaime.mp3');\" style=\"cursor: pointer; text-decoration: none;\">\n                <div class=\"label\" style=\"color: rgb(165,25,22)\">\n                    ESCUCHA LA <b>AUDIO GU\u00cdA<\/b>                <\/div>\n            <\/div>\n\n            <h3 class=\"landingTitolo mb-2\">\n            PARADA: Largo Porta Nuova            <\/h3>\n            <div class=\"menuTitolo\">\n                <b>PARADA:<\/b> Largo Porta Nuova            <\/div>\n                        <div >\n\n<p>Bienvenido al Cuore di Citt\u00e0 Bassa (Coraz\u00f3n de la Ciudad Baja), el itinerario que le mostrar\u00e1 mil facetas de la parte m\u00e1s moderna de B\u00e9rgamo. Le esperan horas de ocio a trav\u00e9s de barrios post-Novecento, calles comerciales y villas renacentistas suspendidas entre el Barroco y el Neoclasicismo.<\/p>\n\n\n\n<p>Se encuentra en los <strong>Propilei di Porta Nuova<\/strong> (punto 1), los templos neocl\u00e1sicos que desde 1837 se erigen donde anta\u00f1o se abr\u00eda la principal entrada medieval a la ciudad. En su marco se puede disfrutar de una vista excepcional de la Ciudad Alta, la postal perfecta de B\u00e9rgamo.<\/p>\n\n\n\n<div class=\"wp-block-group is-vertical is-layout-flex wp-container-core-group-is-layout-1 wp-block-group-is-layout-flex\" style=\"padding-top:0;padding-right:0;padding-bottom:var(--wp--preset--spacing--30);padding-left:0\">\n<figure class=\"wp-block-image size-full is-resized\"><img loading=\"lazy\" decoding=\"async\" width=\"189\" height=\"89\" src=\"https:\/\/itinerari.visitbergamo.net\/wp-content\/uploads\/2024\/01\/2_01_Propilei-di-Porta-Nuova.png\" alt=\"\" class=\"wp-image-541\" style=\"width:95px;height:45px\"\/><\/figure>\n\n\n\n<p><strong>PROPILEI DI PORTA NUOVA<\/strong><\/p>\n<\/div>\n\n\n<!--blockstudio\/blockstudio\/tasto--><a class=\"tasto\" style=\"background-color: rgb(225,7,23)\" href=\"https:\/\/www.visitbergamo.net\/es\/object-details\/15-porta-nuova\/\" target=\"_blank\"><i class=\"fa-solid fa-up-right-from-square\"><\/i> M\u00e1s informaci\u00f3n<\/a>\n\n<!--blockstudio\/blockstudio\/tasto--><a class=\"tasto\" style=\"background-color: rgb(225,7,23)\" href=\"https:\/\/maps.app.goo.gl\/HZWBvdPdSpudSo6NA\" target=\"_blank\"><i class=\"fa-solid fa-location-pin\"><\/i> Abrir en Mapas<\/a>\n\n\n<div style=\"height:30px\" aria-hidden=\"true\" class=\"wp-block-spacer\"><\/div>\n\n\n\n<p>Para comenzar el itinerario, siga recto por viale Roma, manteniendo la se\u00f1alizaci\u00f3n a su derecha. En 50 metros llegar\u00e1 a <strong>Sentierone<\/strong> (punto 2), el paseo bergamasco por excelencia: una magn\u00edfica avenida arbolada entre hist\u00f3ricos casta\u00f1os de indias y grandes monumentos. Gire a la derecha y en 150 metros, siempre a la derecha, podr\u00e1 admirar el <strong>Teatro Donizetti<\/strong> (punto 3). De origen dieciochesco, est\u00e1 dedicado al compositor bergamasco del mismo nombre, uno de los cinco compositores de \u00f3pera m\u00e1s famosos del mundo. Con su majestuosa estructura, el teatro perpet\u00faa a\u00f1o tras a\u00f1o la gran tradici\u00f3n oper\u00edstica.<\/p>\n\n\n\n<div class=\"wp-block-group is-vertical is-layout-flex wp-container-core-group-is-layout-2 wp-block-group-is-layout-flex\" style=\"padding-top:0;padding-right:0;padding-bottom:var(--wp--preset--spacing--30);padding-left:0\">\n<figure class=\"wp-block-image size-full is-resized\"><img loading=\"lazy\" decoding=\"async\" width=\"333\" height=\"66\" src=\"https:\/\/itinerari.visitbergamo.net\/wp-content\/uploads\/2024\/01\/2_11_Sentierone.png\" alt=\"\" class=\"wp-image-601\" style=\"width:167px;height:33px\" srcset=\"https:\/\/itinerari.visitbergamo.net\/wp-content\/uploads\/2024\/01\/2_11_Sentierone.png 333w, https:\/\/itinerari.visitbergamo.net\/wp-content\/uploads\/2024\/01\/2_11_Sentierone-300x59.png 300w\" sizes=\"auto, (max-width: 333px) 100vw, 333px\" \/><\/figure>\n\n\n\n<p><strong>SENTIERONE<\/strong><\/p>\n<\/div>\n\n\n<!--blockstudio\/blockstudio\/tasto--><a class=\"tasto\" style=\"background-color: rgb(225,7,23)\" href=\"https:\/\/www.visitbergamo.net\/es\/object-details\/3017-sentierone-e-centro-piacentiniano\/\" target=\"_blank\"><i class=\"fa-solid fa-up-right-from-square\"><\/i> M\u00e1s informaci\u00f3n<\/a>\n\n<!--blockstudio\/blockstudio\/tasto--><a class=\"tasto\" style=\"background-color: rgb(225,7,23)\" href=\"https:\/\/maps.app.goo.gl\/9SZpo4HH3BecoJPA9\" target=\"_blank\"><i class=\"fa-solid fa-location-pin\"><\/i> Abrir en Mapas<\/a>\n\n\n<div style=\"height:25px\" aria-hidden=\"true\" class=\"wp-block-spacer\"><\/div>\n\n\n\n<div class=\"wp-block-group is-vertical is-layout-flex wp-container-core-group-is-layout-3 wp-block-group-is-layout-flex\" style=\"padding-top:0;padding-right:0;padding-bottom:var(--wp--preset--spacing--30);padding-left:0\">\n<figure class=\"wp-block-image size-full is-resized\"><img loading=\"lazy\" decoding=\"async\" width=\"225\" height=\"113\" src=\"https:\/\/itinerari.visitbergamo.net\/wp-content\/uploads\/2024\/01\/2_02_Teatro-Donizetti.png\" alt=\"\" class=\"wp-image-547\" style=\"width:113px;height:57px\"\/><\/figure>\n\n\n\n<p><strong>TEATRO DONIZETTI<\/strong><\/p>\n<\/div>\n\n\n<!--blockstudio\/blockstudio\/tasto--><a class=\"tasto\" style=\"background-color: rgb(225,7,23)\" href=\"https:\/\/www.visitbergamo.net\/es\/object-details\/3019-teatro-donizetti\/\" target=\"_blank\"><i class=\"fa-solid fa-up-right-from-square\"><\/i> M\u00e1s informaci\u00f3n<\/a>\n\n<!--blockstudio\/blockstudio\/tasto--><a class=\"tasto\" style=\"background-color: rgb(225,7,23)\" href=\"https:\/\/maps.app.goo.gl\/fDkU1n73581myge37\" target=\"_blank\"><i class=\"fa-solid fa-location-pin\"><\/i> Abrir en Mapas<\/a>\n\n\n<div style=\"height:30px\" aria-hidden=\"true\" class=\"wp-block-spacer\"><\/div>\n\n\n\n<p>A 100 metros del teatro, al final de la avenida, se encuentra la <strong>Chiesa SS. Bartolomeo e Stefano<\/strong> (Iglesia de los Santos Bartolom\u00e9 y Esteban, punto 4), construida en el siglo XVI para la Orden de los Dominicos seg\u00fan un dise\u00f1o del arquitecto Antonio Maria Caneva. En su interior se encuentra el Pala Martinengo, el cuadro m\u00e1s grande jam\u00e1s realizado por el pintor veneciano Lorenzo Lotto. Inmediatamente a la derecha de la iglesia comienza Via Tasso, una de las calles hist\u00f3ricas de B\u00e9rgamo. Siguiendo por ella unos 250 metros, se llega al monumental <strong>Palazzo della Provincia<\/strong> (Palacio de la Provincia, punto 5), bello ejemplo de la arquitectura de finales del siglo XIX, que alberga no s\u00f3lo las oficinas provinciales, sino tambi\u00e9n el Museo de la Marioneta y el Parque de Esculturas, con obras del escultor Manz\u00f9.<\/p>\n\n\n\n<div class=\"wp-block-group is-vertical is-layout-flex wp-container-core-group-is-layout-4 wp-block-group-is-layout-flex\" style=\"padding-top:0;padding-right:0;padding-bottom:var(--wp--preset--spacing--30);padding-left:0\">\n<figure class=\"wp-block-image size-full is-resized\"><img loading=\"lazy\" decoding=\"async\" width=\"132\" height=\"136\" src=\"https:\/\/itinerari.visitbergamo.net\/wp-content\/uploads\/2024\/01\/2_03_Chiesa_SS.-Bartolomeo-e-Stefano.png\" alt=\"\" class=\"wp-image-553\" style=\"width:66px;height:68px\"\/><\/figure>\n\n\n\n<p><strong>CHIESA DEI SS. BARTOLOMEO E STEFANO<\/strong><\/p>\n<\/div>\n\n\n<!--blockstudio\/blockstudio\/tasto--><a class=\"tasto\" style=\"background-color: rgb(225,7,23)\" href=\"https:\/\/www.visitbergamo.net\/es\/object-details\/16-chiesa-dei-ss--bartolomeo-e-stefano\/\" target=\"_blank\"><i class=\"fa-solid fa-up-right-from-square\"><\/i> M\u00e1s informaci\u00f3n<\/a>\n\n<!--blockstudio\/blockstudio\/tasto--><a class=\"tasto\" style=\"background-color: rgb(225,7,23)\" href=\"https:\/\/maps.app.goo.gl\/u7qz9Uy564wrJ9oE7\" target=\"_blank\"><i class=\"fa-solid fa-location-pin\"><\/i> Abrir en Mapas<\/a>\n\n\n<div style=\"height:25px\" aria-hidden=\"true\" class=\"wp-block-spacer\"><\/div>\n\n\n\n<div class=\"wp-block-group is-vertical is-layout-flex wp-container-core-group-is-layout-5 wp-block-group-is-layout-flex\" style=\"padding-top:0;padding-right:0;padding-bottom:var(--wp--preset--spacing--30);padding-left:0\">\n<figure class=\"wp-block-image size-full is-resized\"><img loading=\"lazy\" decoding=\"async\" width=\"316\" height=\"95\" src=\"https:\/\/itinerari.visitbergamo.net\/wp-content\/uploads\/2024\/01\/2_Palazzo-della-provincia.png\" alt=\"\" class=\"wp-image-523\" style=\"width:158px;height:48px\" srcset=\"https:\/\/itinerari.visitbergamo.net\/wp-content\/uploads\/2024\/01\/2_Palazzo-della-provincia.png 316w, https:\/\/itinerari.visitbergamo.net\/wp-content\/uploads\/2024\/01\/2_Palazzo-della-provincia-300x90.png 300w\" sizes=\"auto, (max-width: 316px) 100vw, 316px\" \/><\/figure>\n\n\n\n<p><strong>PALAZZO DELLA PROVINCIA<\/strong><\/p>\n<\/div>\n\n\n<!--blockstudio\/blockstudio\/tasto--><a class=\"tasto\" style=\"background-color: rgb(225,7,23)\" href=\"https:\/\/www.visitbergamo.net\/es\/oggetto\/palazzo-della-provincia\/?_gl=1*9oci1u*_up*MQ..*_ga*MTM0MzE0NTI1Ny4xNzQ4NTAyMTQ2*_ga_S3VC5W948H*czE3NDg1MDIxNDUkbzEkZzAkdDE3NDg1MDMyMjIkajYwJGwwJGgw\" target=\"_blank\"><i class=\"fa-solid fa-up-right-from-square\"><\/i> M\u00e1s informaci\u00f3n<\/a>\n\n<!--blockstudio\/blockstudio\/tasto--><a class=\"tasto\" style=\"background-color: rgb(225,7,23)\" href=\"https:\/\/maps.app.goo.gl\/SQYYoiU1b1TdS8Fe6\" target=\"_blank\"><i class=\"fa-solid fa-location-pin\"><\/i> Abrir en Mapas<\/a>\n\n\n<div style=\"height:30px\" aria-hidden=\"true\" class=\"wp-block-spacer\"><\/div>\n\n\n\n<p>Siguiendo hasta el final de la Via Tasso, a 450 metros de este poste indicador, encontrar\u00e1 un segundo edificio de culto: la especial\u00edsima Iglesia del Santo Spirito, que alberga otra obra maestra de Lotto.<\/p>\n\n\n\n<p>Si viene de via Tasso porque sigue el itinerario en sentido contrario, y a\u00fan no ha visitado Borgo San Leonardo, para continuar llegar\u00e1 a los Propilei di Porta Nuova, girar\u00e1 a la derecha y recorrer\u00e1 toda via Tiraboschi hasta via Zambonate, donde encontrar\u00e1 la siguiente se\u00f1al.<\/p>\n\n<\/div>\n        <\/div>\n    <\/div>\n\n    <br \/><br \/><br \/><br \/><br \/>\n\n    <div style=\"position: absolute; bottom: 0px; left: 0px; width: 100%; height: 100px; background-color: rgb(242,152,123); opacity: .2;\"><\/div>\n    \n<\/section>\n\n<style>\n    a.tasto{\n        color: rgb(255,255,255) !important;\n    }\n<\/style>\n\n<!--blockstudio\/blockstudio\/atterraggio-qr-code--><section class=\"atterraggio my-5 position-relative\">\n\n    <div class=\"ancora\" id=\"cartelloc12\"><\/div>\n\n    <div class=\"landingContainer p-3 pb-5\">\n        <div class=\"sideBar\">\n            <div class=\"line\" style=\"background-color: rgb(225,7,23)\"><\/div>\n            <div class=\"numero\" style=\"background-color: rgb(225,7,23)\" onclick=\"loadAudio('https:\/\/itinerari.visitbergamo.net\/wp-content\/uploads\/2024\/12\/Cuore-Bassa-ESP-Via-Tasso-Jaime.mp3');\">\n                <i class=\"fa-solid fa-volume-high\" style=\"color: rgb(255,255,255)\"><\/i>\n            <\/div>\n            <div class=\"closingBall\" style=\"background-color: rgb(225,7,23)\"><\/div>\n        <\/div>\n        <div class=\"contenuto mb-3\">\n            \n            <div class=\"mt-1 d-inline-block mb-3\" onclick=\"loadAudio('https:\/\/itinerari.visitbergamo.net\/wp-content\/uploads\/2024\/12\/Cuore-Bassa-ESP-Via-Tasso-Jaime.mp3');\" style=\"cursor: pointer; text-decoration: none;\">\n                <div class=\"label\" style=\"color: rgb(165,25,22)\">\n                    ESCUCHA LA <b>AUDIO GU\u00cdA<\/b>                <\/div>\n            <\/div>\n\n            <h3 class=\"landingTitolo mb-2\">\n            PARADA: Via Tasso            <\/h3>\n            <div class=\"menuTitolo\">\n                <b>PARADA:<\/b> Via Tasso            <\/div>\n                        <div >\n\n<p>Se encuentra en el cruce de Via Tasso y Via Pignolo, que se desarrollaron en la Edad Media como ramificaciones de B\u00e9rgamo Alta hasta convertirse en verdaderos barrios. Via Tasso, en particular, estaba habitada principalmente por la comunidad valdense, que ven\u00eda de Suiza para comerciar.<\/p>\n\n\n\n<p>Mirando hacia Via Pignolo, a la derecha de la se\u00f1al se alza la fascinante <strong>Chiesa Santo Spirito<\/strong> (Iglesia del Esp\u00edritu Santo, punto 6), reconocible por la gran escultura de bronce que emerge de su fachada casi desnuda. Este edificio, originario del siglo XIV, ha sufrido numerosas modificaciones a lo largo de los siglos; su interior alberga una obra maestra de Lotto, la <em>Virgen con el Ni\u00f1o, Santa Catalina de Alejandr\u00eda, San Agust\u00edn, San Sebasti\u00e1n y San Antonio Abad.<\/em><\/p>\n\n\n\n<div class=\"wp-block-group is-vertical is-layout-flex wp-container-core-group-is-layout-6 wp-block-group-is-layout-flex\" style=\"padding-top:0;padding-right:0;padding-bottom:var(--wp--preset--spacing--30);padding-left:0\">\n<figure class=\"wp-block-image size-full is-resized\"><img loading=\"lazy\" decoding=\"async\" width=\"112\" height=\"106\" src=\"https:\/\/itinerari.visitbergamo.net\/wp-content\/uploads\/2024\/01\/2_04_Chiesa_Santo-Spirito.png\" alt=\"\" class=\"wp-image-559\" style=\"width:56px;height:53px\"\/><\/figure>\n\n\n\n<p><strong>CHIESA SANTO SPIRITO<\/strong><\/p>\n<\/div>\n\n\n<!--blockstudio\/blockstudio\/tasto--><a class=\"tasto\" style=\"background-color: rgb(225,7,23)\" href=\"https:\/\/www.visitbergamo.net\/es\/object-details\/938-chiesa-di-santo-spirito\/\" target=\"_blank\"><i class=\"fa-solid fa-up-right-from-square\"><\/i> M\u00e1s informaci\u00f3n<\/a>\n\n<!--blockstudio\/blockstudio\/tasto--><a class=\"tasto\" style=\"background-color: rgb(225,7,23)\" href=\"https:\/\/maps.app.goo.gl\/hNz5pc2fockwfHgB6\" target=\"_blank\"><i class=\"fa-solid fa-location-pin\"><\/i> Abrir en Mapas<\/a>\n\n\n<div style=\"height:30px\" aria-hidden=\"true\" class=\"wp-block-spacer\"><\/div>\n\n\n\n<p>Para continuar, d\u00e9 la espalda a la iglesia y suba por via Pignolo. A 200 metros, entre edificios hist\u00f3ricos y tiendas pintorescas, encontrar\u00e1 la iglesia neog\u00f3tica de San Bernardino.<\/p>\n\n\n\n<p>Si, por el contrario, sigue el itinerario en direcci\u00f3n contraria y llega desde la parte alta de via Pignolo, tome via Tasso manteniendo la iglesia de S. Spirito a sus espaldas y avanzando hacia la izquierda. En 320 metros llegar\u00e1 al <strong>Palazzo della Provincia<\/strong> (Palacio de la Provincia, punto 5), un majestuoso edificio de finales del siglo XIX en el que encontrar\u00e1 el pintoresco Museo del Burattino (Museo de las Marionetas) y el Parco delle Sculture (Parque de Esculturas), que alberga varias obras de Giacomo Manz\u00f9.<\/p>\n\n\n\n<div class=\"wp-block-group is-vertical is-layout-flex wp-container-core-group-is-layout-7 wp-block-group-is-layout-flex\" style=\"padding-top:0;padding-right:0;padding-bottom:var(--wp--preset--spacing--30);padding-left:0\">\n<figure class=\"wp-block-image size-full is-resized\"><img loading=\"lazy\" decoding=\"async\" width=\"316\" height=\"95\" src=\"https:\/\/itinerari.visitbergamo.net\/wp-content\/uploads\/2024\/01\/2_Palazzo-della-provincia.png\" alt=\"\" class=\"wp-image-523\" style=\"width:158px;height:48px\" srcset=\"https:\/\/itinerari.visitbergamo.net\/wp-content\/uploads\/2024\/01\/2_Palazzo-della-provincia.png 316w, https:\/\/itinerari.visitbergamo.net\/wp-content\/uploads\/2024\/01\/2_Palazzo-della-provincia-300x90.png 300w\" sizes=\"auto, (max-width: 316px) 100vw, 316px\" \/><\/figure>\n\n\n\n<p><strong>PALAZZO DELLA PROVINCIA<\/strong><\/p>\n<\/div>\n\n\n<!--blockstudio\/blockstudio\/tasto--><a class=\"tasto\" style=\"background-color: rgb(225,7,23)\" href=\"https:\/\/www.visitbergamo.net\/es\/oggetto\/palazzo-della-provincia\/?_gl=1*9oci1u*_up*MQ..*_ga*MTM0MzE0NTI1Ny4xNzQ4NTAyMTQ2*_ga_S3VC5W948H*czE3NDg1MDIxNDUkbzEkZzAkdDE3NDg1MDMyMjIkajYwJGwwJGgw\" target=\"_blank\"><i class=\"fa-solid fa-up-right-from-square\"><\/i> M\u00e1s informaci\u00f3n<\/a>\n\n<!--blockstudio\/blockstudio\/tasto--><a class=\"tasto\" style=\"background-color: rgb(225,7,23)\" href=\"https:\/\/maps.app.goo.gl\/KQWRdveVRzAUKBAz9\" target=\"_blank\"><i class=\"fa-solid fa-location-pin\"><\/i> Abrir en Mapas<\/a>\n\n\n<div style=\"height:30px\" aria-hidden=\"true\" class=\"wp-block-spacer\"><\/div>\n\n\n\n<p>Despu\u00e9s de otros 150 metros, encontrar\u00e1 la Chiesa SS. Bartolomeo e Stefano a la derecha, un grandioso lugar de culto con vistas a la intersecci\u00f3n de Via Tasso y Largo Belotti. Alberga el Pala Martinengo de Lorenzo Lotto y sin duda merece una visita. Por \u00faltimo, una vez alcanzada la hermosa avenida Sentierone, a la izquierda tambi\u00e9n se puede admirar el Teatro Donizetti.<\/p>\n\n<\/div>\n        <\/div>\n    <\/div>\n\n    <br \/><br \/><br \/><br \/><br \/>\n\n    <div style=\"position: absolute; bottom: 0px; left: 0px; width: 100%; height: 100px; background-color: rgb(242,152,123); opacity: .2;\"><\/div>\n    \n<\/section>\n\n<style>\n    a.tasto{\n        color: rgb(255,255,255) !important;\n    }\n<\/style>\n\n<!--blockstudio\/blockstudio\/atterraggio-qr-code--><section class=\"atterraggio my-5 position-relative\">\n\n    <div class=\"ancora\" id=\"cartelloc11\"><\/div>\n\n    <div class=\"landingContainer p-3 pb-5\">\n        <div class=\"sideBar\">\n            <div class=\"line\" style=\"background-color: rgb(225,7,23)\"><\/div>\n            <div class=\"numero\" style=\"background-color: rgb(225,7,23)\" onclick=\"loadAudio('https:\/\/itinerari.visitbergamo.net\/wp-content\/uploads\/2024\/12\/Cuore-Bassa-ESP-Via-Pignolo-Bassa-Jaime.mp3');\">\n                <i class=\"fa-solid fa-volume-high\" style=\"color: rgb(255,255,255)\"><\/i>\n            <\/div>\n            <div class=\"closingBall\" style=\"background-color: rgb(225,7,23)\"><\/div>\n        <\/div>\n        <div class=\"contenuto mb-3\">\n            \n            <div class=\"mt-1 d-inline-block mb-3\" onclick=\"loadAudio('https:\/\/itinerari.visitbergamo.net\/wp-content\/uploads\/2024\/12\/Cuore-Bassa-ESP-Via-Pignolo-Bassa-Jaime.mp3');\" style=\"cursor: pointer; text-decoration: none;\">\n                <div class=\"label\" style=\"color: rgb(165,25,22)\">\n                    ESCUCHA LA <b>AUDIO GU\u00cdA<\/b>                <\/div>\n            <\/div>\n\n            <h3 class=\"landingTitolo mb-2\">\n            PARADA: Via Pignolo bassa            <\/h3>\n            <div class=\"menuTitolo\">\n                <b>PARADA:<\/b> Via Pignolo bassa            <\/div>\n                        <div >\n\n<p>Se encuentra en la confluencia de la Via Verdi y la Via Pignolo, centro del pueblo del mismo nombre, que desde la Edad Media se ha desarrollado como una rama de Citt\u00e0 Alta. En la esquina de detr\u00e1s, al otro lado de la calle, se encuentra la <strong>Chiesa S. Bernardino<\/strong> (punto 7). Llegue hasta la puerta de esta iglesia bajomedieval y d\u00e9jese sorprender por la rica sencillez de su \u00fanica nave, decorada con una obra maestra de Lorenzo Lotto.<\/p>\n\n\n\n<div class=\"wp-block-group is-vertical is-layout-flex wp-container-core-group-is-layout-8 wp-block-group-is-layout-flex\" style=\"padding-top:0;padding-right:0;padding-bottom:var(--wp--preset--spacing--30);padding-left:0\">\n<figure class=\"wp-block-image size-full is-resized\"><img loading=\"lazy\" decoding=\"async\" width=\"92\" height=\"116\" src=\"https:\/\/itinerari.visitbergamo.net\/wp-content\/uploads\/2024\/01\/2_05_Chiesa_di-S.-Bernardino.png\" alt=\"\" class=\"wp-image-571\" style=\"width:46px;height:58px\"\/><\/figure>\n\n\n\n<p><strong>CHIESA S. BERNARDINO<\/strong><\/p>\n<\/div>\n\n\n<!--blockstudio\/blockstudio\/tasto--><a class=\"tasto\" style=\"background-color: rgb(225,7,23)\" href=\"https:\/\/www.visitbergamo.net\/es\/object-details\/38-chiesa-di-san-bernardino\/\" target=\"_blank\"><i class=\"fa-solid fa-up-right-from-square\"><\/i> M\u00e1s informaci\u00f3n<\/a>\n\n<!--blockstudio\/blockstudio\/tasto--><a class=\"tasto\" style=\"background-color: rgb(225,7,23)\" href=\"https:\/\/maps.app.goo.gl\/4rXbdqG2budrTxtVA\" target=\"_blank\"><i class=\"fa-solid fa-location-pin\"><\/i> Abrir en Mapas<\/a>\n\n\n<div style=\"height:30px\" aria-hidden=\"true\" class=\"wp-block-spacer\"><\/div>\n\n\n\n<p>Para continuar, mantenga la entrada de la iglesia a su derecha y siga por Via Pignolo. Tras 170 metros, encontrar\u00e1 a la izquierda el <strong>Palazzo Agliardi<\/strong> (punto 8), una residencia noble construida en el siglo XVI y a\u00fan habitada por los condes del mismo nombre; posee interiores decorados con valiosos frescos de Carloni y Ferrario, as\u00ed como un jard\u00edn colgante.<\/p>\n\n\n\n<div class=\"wp-block-group is-vertical is-layout-flex wp-container-core-group-is-layout-9 wp-block-group-is-layout-flex\" style=\"padding-top:0;padding-right:0;padding-bottom:var(--wp--preset--spacing--30);padding-left:0\">\n<figure class=\"wp-block-image size-full is-resized\"><img loading=\"lazy\" decoding=\"async\" width=\"79\" height=\"87\" src=\"https:\/\/itinerari.visitbergamo.net\/wp-content\/uploads\/2024\/01\/2_06_Palazzo_Agliardi.png\" alt=\"\" class=\"wp-image-577\" style=\"width:40px;height:44px\"\/><\/figure>\n\n\n\n<p><strong>PALAZZO AGLIARDI<\/strong><\/p>\n<\/div>\n\n\n<!--blockstudio\/blockstudio\/tasto--><a class=\"tasto\" style=\"background-color: rgb(225,7,23)\" href=\"https:\/\/www.visitbergamo.net\/es\/object-details\/3088-palazzo-agliardi\/\" target=\"_blank\"><i class=\"fa-solid fa-up-right-from-square\"><\/i> M\u00e1s informaci\u00f3n<\/a>\n\n<!--blockstudio\/blockstudio\/tasto--><a class=\"tasto\" style=\"background-color: rgb(225,7,23)\" href=\"https:\/\/maps.app.goo.gl\/Pr7prDpx5qfe7P2f9\" target=\"_blank\"><i class=\"fa-solid fa-location-pin\"><\/i> Abrir en Mapas<\/a>\n\n\n<div style=\"height:30px\" aria-hidden=\"true\" class=\"wp-block-spacer\"><\/div>\n\n\n\n<p>Casi enfrente se alza la <strong>Chiesa S. Alessandro della Croce<\/strong> (Iglesia de S. Alejandro de la Cruz, punto 9), cuyos or\u00edgenes se remontan al siglo IV d.C.. En su interior se pueden admirar dos pinturas de Moroni y un altar de m\u00e1rmol policromado de Andrea Fantoni. Si quiere dar un peque\u00f1o rodeo, unos 50 metros m\u00e1s adelante le espera una de las placitas m\u00e1s pintorescas de la ciudad: en su centro, la <strong>Fontana del Delfino<\/strong> (Fuente del delf\u00edn,punto 10) decorada con figuras acu\u00e1ticas de m\u00e1rmol blanco.<\/p>\n\n\n\n<div class=\"wp-block-group is-vertical is-layout-flex wp-container-core-group-is-layout-10 wp-block-group-is-layout-flex\" style=\"padding-top:0;padding-right:0;padding-bottom:var(--wp--preset--spacing--30);padding-left:0\">\n<figure class=\"wp-block-image size-full is-resized\"><img loading=\"lazy\" decoding=\"async\" width=\"108\" height=\"148\" src=\"https:\/\/itinerari.visitbergamo.net\/wp-content\/uploads\/2024\/01\/2_05_Chiesa_di-S.-Alessandro-in-Croce.png\" alt=\"\" class=\"wp-image-565\" style=\"width:54px;height:74px\"\/><\/figure>\n\n\n\n<p><strong>CHIESA S. ALESSANDRO DELLA CROCE<\/strong><\/p>\n<\/div>\n\n\n<!--blockstudio\/blockstudio\/tasto--><a class=\"tasto\" style=\"background-color: rgb(225,7,23)\" href=\"https:\/\/www.visitbergamo.net\/es\/object-details\/3023-chiesa-di-sant-alessandro-della-croce\/\" target=\"_blank\"><i class=\"fa-solid fa-up-right-from-square\"><\/i> M\u00e1s informaci\u00f3n<\/a>\n\n<!--blockstudio\/blockstudio\/tasto--><a class=\"tasto\" style=\"background-color: rgb(225,7,23)\" href=\"https:\/\/maps.app.goo.gl\/HX1ugumUcL3vVhKj6\" target=\"_blank\"><i class=\"fa-solid fa-location-pin\"><\/i> Abrir en Mapas<\/a>\n\n\n<div style=\"height:25px\" aria-hidden=\"true\" class=\"wp-block-spacer\"><\/div>\n\n\n\n<div class=\"wp-block-group is-vertical is-layout-flex wp-container-core-group-is-layout-11 wp-block-group-is-layout-flex\" style=\"padding-top:0;padding-right:0;padding-bottom:var(--wp--preset--spacing--30);padding-left:0\">\n<figure class=\"wp-block-image size-full is-resized\"><img loading=\"lazy\" decoding=\"async\" width=\"40\" height=\"57\" src=\"https:\/\/itinerari.visitbergamo.net\/wp-content\/uploads\/2024\/01\/2_07_Fontana_del-Delfino.png\" alt=\"\" class=\"wp-image-583\" style=\"width:20px;height:29px\"\/><\/figure>\n\n\n\n<p><strong>FONTANA DEL DELFINO<\/strong><\/p>\n<\/div>\n\n\n<!--blockstudio\/blockstudio\/tasto--><a class=\"tasto\" style=\"background-color: rgb(225,7,23)\" href=\"https:\/\/www.visitbergamo.net\/es\/object-details\/3158-fontana-del-delfino\/\" target=\"_blank\"><i class=\"fa-solid fa-up-right-from-square\"><\/i> M\u00e1s informaci\u00f3n<\/a>\n\n<!--blockstudio\/blockstudio\/tasto--><a class=\"tasto\" style=\"background-color: rgb(225,7,23)\" href=\"https:\/\/maps.app.goo.gl\/xKDX5unWsYrgVNpz8\" target=\"_blank\"><i class=\"fa-solid fa-location-pin\"><\/i> Abrir en Mapas<\/a>\n\n\n<div style=\"height:30px\" aria-hidden=\"true\" class=\"wp-block-spacer\"><\/div>\n\n\n\n<p>Si, por el contrario, llega desde Via Pignolo Alta y ya ha visitado estos lugares, para continuar vaya a la izquierda y descienda hacia Piazzetta S. Spirito. En 180 metros encontrar\u00e1 la <strong>Chiesa Santo Spirito<\/strong> (Iglesia del Esp\u00edritu Santo, punto 6), fundada en el siglo XIV y que ha llegado hasta nuestros d\u00edas tras varias transformaciones estil\u00edsticas; alberga, entre otras obras, un cuadro de Lorenzo Lotto.<\/p>\n\n\n\n<div class=\"wp-block-group is-vertical is-layout-flex wp-container-core-group-is-layout-12 wp-block-group-is-layout-flex\" style=\"padding-top:0;padding-right:0;padding-bottom:var(--wp--preset--spacing--30);padding-left:0\">\n<figure class=\"wp-block-image size-full is-resized\"><img loading=\"lazy\" decoding=\"async\" width=\"112\" height=\"106\" src=\"https:\/\/itinerari.visitbergamo.net\/wp-content\/uploads\/2024\/01\/2_04_Chiesa_Santo-Spirito.png\" alt=\"\" class=\"wp-image-559\" style=\"width:56px;height:53px\"\/><\/figure>\n\n\n\n<p><strong>CHIESA SANTO SPIRITO<\/strong><\/p>\n<\/div>\n\n\n<!--blockstudio\/blockstudio\/tasto--><a class=\"tasto\" style=\"background-color: rgb(225,7,23)\" href=\"https:\/\/www.visitbergamo.net\/es\/object-details\/938-chiesa-di-santo-spirito\/\" target=\"_blank\"><i class=\"fa-solid fa-up-right-from-square\"><\/i> M\u00e1s informaci\u00f3n<\/a>\n\n<!--blockstudio\/blockstudio\/tasto--><a class=\"tasto\" style=\"background-color: rgb(225,7,23)\" href=\"https:\/\/maps.app.goo.gl\/hNz5pc2fockwfHgB6\" target=\"_blank\"><i class=\"fa-solid fa-location-pin\"><\/i> Abrir en Mapas<\/a>\n<\/div>\n        <\/div>\n    <\/div>\n\n    <br \/><br \/><br \/><br \/><br \/>\n\n    <div style=\"position: absolute; bottom: 0px; left: 0px; width: 100%; height: 100px; background-color: rgb(242,152,123); opacity: .2;\"><\/div>\n    \n<\/section>\n\n<style>\n    a.tasto{\n        color: rgb(255,255,255) !important;\n    }\n<\/style>\n\n<!--blockstudio\/blockstudio\/atterraggio-qr-code--><section class=\"atterraggio my-5 position-relative\">\n\n    <div class=\"ancora\" id=\"cartelloc10\"><\/div>\n\n    <div class=\"landingContainer p-3 pb-5\">\n        <div class=\"sideBar\">\n            <div class=\"line\" style=\"background-color: rgb(225,7,23)\"><\/div>\n            <div class=\"numero\" style=\"background-color: rgb(225,7,23)\" onclick=\"loadAudio('https:\/\/itinerari.visitbergamo.net\/wp-content\/uploads\/2024\/12\/Cuore-Bassa-ESP-Via-Pignolo-Alta-Jaime.mp3');\">\n                <i class=\"fa-solid fa-volume-high\" style=\"color: rgb(255,255,255)\"><\/i>\n            <\/div>\n            <div class=\"closingBall\" style=\"background-color: rgb(225,7,23)\"><\/div>\n        <\/div>\n        <div class=\"contenuto mb-3\">\n            \n            <div class=\"mt-1 d-inline-block mb-3\" onclick=\"loadAudio('https:\/\/itinerari.visitbergamo.net\/wp-content\/uploads\/2024\/12\/Cuore-Bassa-ESP-Via-Pignolo-Alta-Jaime.mp3');\" style=\"cursor: pointer; text-decoration: none;\">\n                <div class=\"label\" style=\"color: rgb(165,25,22)\">\n                    ESCUCHA LA <b>AUDIO GU\u00cdA<\/b>                <\/div>\n            <\/div>\n\n            <h3 class=\"landingTitolo mb-2\">\n            PARADA: Via Pignolo alta            <\/h3>\n            <div class=\"menuTitolo\">\n                <b>PARADA:<\/b> Via Pignolo alta            <\/div>\n                        <div >\n\n<p>Se encuentra en el cruce de Via Pignolo Alta y Via Masone, en el coraz\u00f3n del barrio hist\u00f3rico que durante siglos ha unido las dos mitades de B\u00e9rgamo, serpenteando entre palacios nobiliarios y tiendas comerciales.<\/p>\n\n\n\n<p>A la derecha de la se\u00f1al se encuentra la monumental <strong>Chiesa S. Alessandro della Croce<\/strong> (Iglesia de S. Alejandro de la Cruz, punto 9). Posiblemente presente ya en el siglo IV d.C., en la \u00e9poca del martirio del santo, se dice que el nombre \u00abdella Croce\u00bb deriva de su construcci\u00f3n en el cruce de cuatro aldeas medievales. El edificio actual, de los siglos XVII-XVIII, alberga dos pinturas de Moroni y un altar policromado de Andrea Fantoni. Con un breve desv\u00edo de 50 metros, subiendo por Via Pignolo, tambi\u00e9n se puede admirar una de las plazas m\u00e1s encantadoras de B\u00e9rgamo, dominada por la <strong>Fontana del Delfino<\/strong> (Fuente deldelf\u00edn, punto 10), entre cuyas figuras de agua de m\u00e1rmol blanco destaca la pi\u00f1a, s\u00edmbolo del barrio.<\/p>\n\n\n\n<div class=\"wp-block-group is-vertical is-layout-flex wp-container-core-group-is-layout-13 wp-block-group-is-layout-flex\" style=\"padding-top:0;padding-right:0;padding-bottom:var(--wp--preset--spacing--30);padding-left:0\">\n<figure class=\"wp-block-image size-full is-resized\"><img loading=\"lazy\" decoding=\"async\" width=\"108\" height=\"148\" src=\"https:\/\/itinerari.visitbergamo.net\/wp-content\/uploads\/2024\/01\/2_05_Chiesa_di-S.-Alessandro-in-Croce.png\" alt=\"\" class=\"wp-image-565\" style=\"width:54px;height:74px\"\/><\/figure>\n\n\n\n<p><strong>CHIESA S. ALESSANDRO DELLA CROCE<\/strong><\/p>\n<\/div>\n\n\n<!--blockstudio\/blockstudio\/tasto--><a class=\"tasto\" style=\"background-color: rgb(225,7,23)\" href=\"https:\/\/www.visitbergamo.net\/es\/object-details\/3023-chiesa-di-sant-alessandro-della-croce\/\" target=\"_blank\"><i class=\"fa-solid fa-up-right-from-square\"><\/i> M\u00e1s informaci\u00f3n<\/a>\n\n<!--blockstudio\/blockstudio\/tasto--><a class=\"tasto\" style=\"background-color: rgb(225,7,23)\" href=\"https:\/\/maps.app.goo.gl\/HX1ugumUcL3vVhKj6\" target=\"_blank\"><i class=\"fa-solid fa-location-pin\"><\/i> Abrir en Mapas<\/a>\n\n\n<div style=\"height:25px\" aria-hidden=\"true\" class=\"wp-block-spacer\"><\/div>\n\n\n\n<div class=\"wp-block-group is-vertical is-layout-flex wp-container-core-group-is-layout-14 wp-block-group-is-layout-flex\" style=\"padding-top:0;padding-right:0;padding-bottom:var(--wp--preset--spacing--30);padding-left:0\">\n<figure class=\"wp-block-image size-full is-resized\"><img loading=\"lazy\" decoding=\"async\" width=\"40\" height=\"57\" src=\"https:\/\/itinerari.visitbergamo.net\/wp-content\/uploads\/2024\/01\/2_07_Fontana_del-Delfino.png\" alt=\"\" class=\"wp-image-583\" style=\"width:20px;height:29px\"\/><\/figure>\n\n\n\n<p><strong>FONTANA DEL DELFINO<\/strong><\/p>\n<\/div>\n\n\n<!--blockstudio\/blockstudio\/tasto--><a class=\"tasto\" style=\"background-color: rgb(225,7,23)\" href=\"https:\/\/www.visitbergamo.net\/es\/oggetto\/fuente-del-delfin\/?_gl=1*13kk1u6*_up*MQ..*_ga*MTc3Nzk2MTUyNy4xNzQ4NTAwMzU2*_ga_S3VC5W948H*czE3NDg1MDAzNTUkbzEkZzAkdDE3NDg1MDEyNDAkajYwJGwwJGgw\" target=\"_blank\"><i class=\"fa-solid fa-up-right-from-square\"><\/i> M\u00e1s informaci\u00f3n<\/a>\n\n<!--blockstudio\/blockstudio\/tasto--><a class=\"tasto\" style=\"background-color: rgb(225,7,23)\" href=\"https:\/\/maps.app.goo.gl\/xKDX5unWsYrgVNpz8\" target=\"_blank\"><i class=\"fa-solid fa-location-pin\"><\/i> Abrir en Mapas<\/a>\n\n\n<div style=\"height:30px\" aria-hidden=\"true\" class=\"wp-block-spacer\"><\/div>\n\n\n\n<p>A continuaci\u00f3n, vuelva al camino principal hasta llegar al poste indicador y gire a la derecha. Aqu\u00ed comienza un descenso que le llevar\u00e1 a trav\u00e9s de los siglos, pasando de la ciudad renacentista y barroca a la ciudad moderna en s\u00f3lo 470 metros, pasando por villas, el Instituto de las Hermanas Ursulinas y la antigua iglesia de Santa Mar\u00eda Isabel. Al final le espera el <strong>Palazzo delle Poste<\/strong> (Palacio de Correos, punto 11), grandioso ejemplo de arquitectura vanguardista inaugurado en 1932.<\/p>\n\n\n\n<div class=\"wp-block-group is-vertical is-layout-flex wp-container-core-group-is-layout-15 wp-block-group-is-layout-flex\" style=\"padding-top:0;padding-right:0;padding-bottom:var(--wp--preset--spacing--30);padding-left:0\">\n<figure class=\"wp-block-image size-full is-resized\"><img loading=\"lazy\" decoding=\"async\" width=\"150\" height=\"149\" src=\"https:\/\/itinerari.visitbergamo.net\/wp-content\/uploads\/2024\/01\/2_08_Palazzo-delle-Poste.png\" alt=\"\" class=\"wp-image-589\" style=\"width:75px;height:75px\"\/><\/figure>\n\n\n\n<p><strong>PALAZZO DELLE POSTE<\/strong><\/p>\n<\/div>\n\n\n<!--blockstudio\/blockstudio\/tasto--><a class=\"tasto\" style=\"background-color: rgb(225,7,23)\" href=\"https:\/\/www.visitbergamo.net\/es\/object-details\/3164-palazzo-delle-poste\/\" target=\"_blank\"><i class=\"fa-solid fa-up-right-from-square\"><\/i> M\u00e1s informaci\u00f3n<\/a>\n\n<!--blockstudio\/blockstudio\/tasto--><a class=\"tasto\" style=\"background-color: rgb(225,7,23)\" href=\"https:\/\/maps.app.goo.gl\/DoCUddACiYtb5rRN6\" target=\"_blank\"><i class=\"fa-solid fa-location-pin\"><\/i> Abrir en Mapas<\/a>\n\n\n<div style=\"height:30px\" aria-hidden=\"true\" class=\"wp-block-spacer\"><\/div>\n\n\n\n<p>Si, por el contrario, llega desde Via Masone, para continuar la ruta gire a la izquierda de la se\u00f1al y descienda por Via Pignolo. En 30 metros, en el n\u00famero 86, encontrar\u00e1 el hermoso <strong>Palazzo Agliardi<\/strong> (punto 8), una residencia aristocr\u00e1tica del siglo XVI decorada con finos frescos de Carloni y Ferrario. Desde 1845 est\u00e1 habitado por los condes del mismo nombre, que reciben a los visitantes para visitas y otros eventos.<\/p>\n\n\n\n<div class=\"wp-block-group is-vertical is-layout-flex wp-container-core-group-is-layout-16 wp-block-group-is-layout-flex\" style=\"padding-top:0;padding-right:0;padding-bottom:var(--wp--preset--spacing--30);padding-left:0\">\n<figure class=\"wp-block-image size-full is-resized\"><img loading=\"lazy\" decoding=\"async\" width=\"79\" height=\"87\" src=\"https:\/\/itinerari.visitbergamo.net\/wp-content\/uploads\/2024\/01\/2_06_Palazzo_Agliardi.png\" alt=\"\" class=\"wp-image-577\" style=\"width:40px;height:44px\"\/><\/figure>\n\n\n\n<p><strong>PALAZZO AGLIARDI<\/strong><\/p>\n<\/div>\n\n\n<!--blockstudio\/blockstudio\/tasto--><a class=\"tasto\" style=\"background-color: rgb(225,7,23)\" href=\"https:\/\/www.visitbergamo.net\/es\/object-details\/3088-palazzo-agliardi\/\" target=\"_blank\"><i class=\"fa-solid fa-up-right-from-square\"><\/i> M\u00e1s informaci\u00f3n<\/a>\n\n<!--blockstudio\/blockstudio\/tasto--><a class=\"tasto\" style=\"background-color: rgb(225,7,23)\" href=\"https:\/\/maps.app.goo.gl\/Pr7prDpx5qfe7P2f9\" target=\"_blank\"><i class=\"fa-solid fa-location-pin\"><\/i> Abrir en Mapas<\/a>\n\n\n<div style=\"height:30px\" aria-hidden=\"true\" class=\"wp-block-spacer\"><\/div>\n\n\n\n<p>A continuaci\u00f3n, 150 metros m\u00e1s adelante y a la izquierda, se encuentra la <strong>Chiesa S. Bernardino<\/strong> (punto 7), una antigua joya de rostro neog\u00f3tico, en cuyo altar se alza un espl\u00e9ndido retablo de Lotto.<\/p>\n\n\n\n<div class=\"wp-block-group is-vertical is-layout-flex wp-container-core-group-is-layout-17 wp-block-group-is-layout-flex\" style=\"padding-top:0;padding-right:0;padding-bottom:var(--wp--preset--spacing--30);padding-left:0\">\n<figure class=\"wp-block-image size-full is-resized\"><img loading=\"lazy\" decoding=\"async\" width=\"92\" height=\"116\" src=\"https:\/\/itinerari.visitbergamo.net\/wp-content\/uploads\/2024\/01\/2_05_Chiesa_di-S.-Bernardino.png\" alt=\"\" class=\"wp-image-571\" style=\"width:46px;height:58px\"\/><\/figure>\n\n\n\n<p><strong>CHIESA S. BERNARDINO<\/strong><\/p>\n<\/div>\n\n\n<!--blockstudio\/blockstudio\/tasto--><a class=\"tasto\" style=\"background-color: rgb(225,7,23)\" href=\"https:\/\/www.visitbergamo.net\/es\/object-details\/38-chiesa-di-san-bernardino\/\" target=\"_blank\"><i class=\"fa-solid fa-up-right-from-square\"><\/i> M\u00e1s informaci\u00f3n<\/a>\n\n<!--blockstudio\/blockstudio\/tasto--><a class=\"tasto\" style=\"background-color: rgb(225,7,23)\" href=\"https:\/\/maps.app.goo.gl\/4rXbdqG2budrTxtVA\" target=\"_blank\"><i class=\"fa-solid fa-location-pin\"><\/i> Abrir en Mapas<\/a>\n<\/div>\n        <\/div>\n    <\/div>\n\n    <br \/><br \/><br \/><br \/><br \/>\n\n    <div style=\"position: absolute; bottom: 0px; left: 0px; width: 100%; height: 100px; background-color: rgb(242,152,123); opacity: .2;\"><\/div>\n    \n<\/section>\n\n<style>\n    a.tasto{\n        color: rgb(255,255,255) !important;\n    }\n<\/style>\n\n<!--blockstudio\/blockstudio\/atterraggio-qr-code--><section class=\"atterraggio my-5 position-relative\">\n\n    <div class=\"ancora\" id=\"cartelloc09\"><\/div>\n\n    <div class=\"landingContainer p-3 pb-5\">\n        <div class=\"sideBar\">\n            <div class=\"line\" style=\"background-color: rgb(225,7,23)\"><\/div>\n            <div class=\"numero\" style=\"background-color: rgb(225,7,23)\" onclick=\"loadAudio('https:\/\/itinerari.visitbergamo.net\/wp-content\/uploads\/2024\/12\/Cuore-Bassa-ESP-Via-Masone-Jaime.mp3');\">\n                <i class=\"fa-solid fa-volume-high\" style=\"color: rgb(255,255,255)\"><\/i>\n            <\/div>\n            <div class=\"closingBall\" style=\"background-color: rgb(225,7,23)\"><\/div>\n        <\/div>\n        <div class=\"contenuto mb-3\">\n            \n            <div class=\"mt-1 d-inline-block mb-3\" onclick=\"loadAudio('https:\/\/itinerari.visitbergamo.net\/wp-content\/uploads\/2024\/12\/Cuore-Bassa-ESP-Via-Masone-Jaime.mp3');\" style=\"cursor: pointer; text-decoration: none;\">\n                <div class=\"label\" style=\"color: rgb(165,25,22)\">\n                    ESCUCHA LA <b>AUDIO GU\u00cdA<\/b>                <\/div>\n            <\/div>\n\n            <h3 class=\"landingTitolo mb-2\">\n            PARADA: Via Masone            <\/h3>\n            <div class=\"menuTitolo\">\n                <b>PARADA:<\/b> Via Masone            <\/div>\n                        <div >\n\n<p>Te encuentras en el cruce de Via Locatelli y Via Masone, en uno de los barrios m\u00e1s ecl\u00e9cticos de la ciudad. Casi frente a usted, ligeramente a la derecha, se alza la imponente torre del <strong>Palazzo delle Poste<\/strong> (Palacio de Correos, punto 11), una de las obras arquitect\u00f3nicas creadas durante el periodo vanguardista. Este edificio dise\u00f1ado por Mazzoni alberga oficinas de correos desde 1932, a\u00f1o de su construcci\u00f3n; divi\u00e9rtase descubriendo su decoraci\u00f3n, que incluye l\u00e1mparas de vidrio soplado, suelos de m\u00e1rmol y mobiliario refinado.<\/p>\n\n\n\n<div class=\"wp-block-group is-vertical is-layout-flex wp-container-core-group-is-layout-18 wp-block-group-is-layout-flex\" style=\"padding-top:0;padding-right:0;padding-bottom:var(--wp--preset--spacing--30);padding-left:0\">\n<figure class=\"wp-block-image size-full is-resized\"><img loading=\"lazy\" decoding=\"async\" width=\"150\" height=\"149\" src=\"https:\/\/itinerari.visitbergamo.net\/wp-content\/uploads\/2024\/01\/2_08_Palazzo-delle-Poste.png\" alt=\"\" class=\"wp-image-589\" style=\"width:75px;height:75px\"\/><\/figure>\n\n\n\n<p><strong>PALAZZO DELLE POSTE<\/strong><\/p>\n<\/div>\n\n\n<!--blockstudio\/blockstudio\/tasto--><a class=\"tasto\" style=\"background-color: rgb(225,7,23)\" href=\"https:\/\/www.visitbergamo.net\/es\/object-details\/3164-palazzo-delle-poste\/\" target=\"_blank\"><i class=\"fa-solid fa-up-right-from-square\"><\/i> M\u00e1s informaci\u00f3n<\/a>\n\n<!--blockstudio\/blockstudio\/tasto--><a class=\"tasto\" style=\"background-color: rgb(225,7,23)\" href=\"https:\/\/maps.app.goo.gl\/DoCUddACiYtb5rRN6\" target=\"_blank\"><i class=\"fa-solid fa-location-pin\"><\/i> Abrir en Mapas<\/a>\n\n\n<div style=\"height:30px\" aria-hidden=\"true\" class=\"wp-block-spacer\"><\/div>\n\n\n\n<p>Para continuar, deje atr\u00e1s el cartel y siga por Via Locatelli. En 190 metros, gire a la derecha y dar\u00e1 un breve rodeo hasta la <strong>Piazza della Libert\u00e0<\/strong> (punto 12), tambi\u00e9n construida durante las grandes reformas del Trentennio. En su centro se alza una fuente monumental y, como tel\u00f3n de fondo, la Casa della Libert\u00e0 -antigua Casa Littoria- de 1937.<\/p>\n\n\n\n<div class=\"wp-block-group is-vertical is-layout-flex wp-container-core-group-is-layout-19 wp-block-group-is-layout-flex\" style=\"padding-top:0;padding-right:0;padding-bottom:var(--wp--preset--spacing--30);padding-left:0\">\n<figure class=\"wp-block-image size-full is-resized\"><img loading=\"lazy\" decoding=\"async\" width=\"181\" height=\"91\" src=\"https:\/\/itinerari.visitbergamo.net\/wp-content\/uploads\/2024\/01\/2_Piazza-Liberta.png\" alt=\"\" class=\"wp-image-529\" style=\"width:91px;height:46px\"\/><\/figure>\n\n\n\n<p><strong>PIAZZA DELLA LIBERT<strong>\u00c0<\/strong><\/strong><\/p>\n<\/div>\n\n\n<!--blockstudio\/blockstudio\/tasto--><a class=\"tasto\" style=\"background-color: rgb(225,7,23)\" href=\"https:\/\/www.visitbergamo.net\/es\/object-details\/10266-palazzo-o-casa-della-libert%C3%A0\/\" target=\"_blank\"><i class=\"fa-solid fa-up-right-from-square\"><\/i> M\u00e1s informaci\u00f3n<\/a>\n\n<!--blockstudio\/blockstudio\/tasto--><a class=\"tasto\" style=\"background-color: rgb(225,7,23)\" href=\"https:\/\/maps.app.goo.gl\/qTz3FhwmkMYZbRKS7\" target=\"_blank\"><i class=\"fa-solid fa-location-pin\"><\/i> Abrir en Mapas<\/a>\n\n\n<div style=\"height:30px\" aria-hidden=\"true\" class=\"wp-block-spacer\"><\/div>\n\n\n\n<p>Para llegar a la siguiente parada, vuelva sobre sus pasos hasta Via Locatelli. Tras unos 200 metros, gire por Via Monte Sabotino: se encontrar\u00e1 en la verde <strong>Piazza Dante<\/strong> (punto 13), situada junto al p\u00f3rtico cu\u00e1druple del Sentierone y enmarcada por edificios monumentales como el Palazzo della Procura y la C\u00e1mara de Comercio.<\/p>\n\n\n\n<div class=\"wp-block-group is-vertical is-layout-flex wp-container-core-group-is-layout-20 wp-block-group-is-layout-flex\" style=\"padding-top:0;padding-right:0;padding-bottom:var(--wp--preset--spacing--30);padding-left:0\">\n<figure class=\"wp-block-image size-full is-resized\"><img loading=\"lazy\" decoding=\"async\" width=\"114\" height=\"56\" src=\"https:\/\/itinerari.visitbergamo.net\/wp-content\/uploads\/2024\/01\/2_10__Piazza-Dante.png\" alt=\"\" class=\"wp-image-595\" style=\"width:57px;height:28px\"\/><\/figure>\n\n\n\n<p><strong>PIAZZA DANTE<\/strong><\/p>\n<\/div>\n\n\n<!--blockstudio\/blockstudio\/tasto--><a class=\"tasto\" style=\"background-color: rgb(225,7,23)\" href=\"https:\/\/www.visitbergamo.net\/es\/object-details\/10227-piazza-dante\/\" target=\"_blank\"><i class=\"fa-solid fa-up-right-from-square\"><\/i> M\u00e1s informaci\u00f3n<\/a>\n\n<!--blockstudio\/blockstudio\/tasto--><a class=\"tasto\" style=\"background-color: rgb(225,7,23)\" href=\"https:\/\/maps.app.goo.gl\/jhKwg2BiQAYKLxpJ8\" target=\"_blank\"><i class=\"fa-solid fa-location-pin\"><\/i> Abrir en Mapas<\/a>\n\n\n<div style=\"height:30px\" aria-hidden=\"true\" class=\"wp-block-spacer\"><\/div>\n\n\n\n<p>La siguiente parada, la Piazza Vittorio Veneto, le estar\u00e1 esperando detr\u00e1s del edificio del Credito Italiano, m\u00e1s all\u00e1 de los soportales situados inmediatamente a su izquierda.<\/p>\n\n\n\n<p>Si viene desde esa direcci\u00f3n y recorre la ruta en sentido contrario, para continuar gire a la derecha, tome Via Masone y llegue a Via Pignolo. La subida le llevar\u00e1 a trav\u00e9s de los siglos, pasando de la ciudad moderna al Renacimiento y el Barroco, pasando por villas y edificios como el Istituto delle Suore Orsoline (Instituto de las Hermanas Ursulinas) y la antigua iglesia de S. Maria Elisabetta.<\/p>\n\n<\/div>\n        <\/div>\n    <\/div>\n\n    <br \/><br \/><br \/><br \/><br \/>\n\n    <div style=\"position: absolute; bottom: 0px; left: 0px; width: 100%; height: 100px; background-color: rgb(242,152,123); opacity: .2;\"><\/div>\n    \n<\/section>\n\n<style>\n    a.tasto{\n        color: rgb(255,255,255) !important;\n    }\n<\/style>\n\n<!--blockstudio\/blockstudio\/atterraggio-qr-code--><section class=\"atterraggio my-5 position-relative\">\n\n    <div class=\"ancora\" id=\"cartelloc08\"><\/div>\n\n    <div class=\"landingContainer p-3 pb-5\">\n        <div class=\"sideBar\">\n            <div class=\"line\" style=\"background-color: rgb(225,7,23)\"><\/div>\n            <div class=\"numero\" style=\"background-color: rgb(225,7,23)\" onclick=\"loadAudio('https:\/\/itinerari.visitbergamo.net\/wp-content\/uploads\/2024\/12\/Cuore-Bassa-ESP-Largo-Belotti-Jaime.mp3');\">\n                <i class=\"fa-solid fa-volume-high\" style=\"color: rgb(255,255,255)\"><\/i>\n            <\/div>\n            <div class=\"closingBall\" style=\"background-color: rgb(225,7,23)\"><\/div>\n        <\/div>\n        <div class=\"contenuto mb-3\">\n            \n            <div class=\"mt-1 d-inline-block mb-3\" onclick=\"loadAudio('https:\/\/itinerari.visitbergamo.net\/wp-content\/uploads\/2024\/12\/Cuore-Bassa-ESP-Largo-Belotti-Jaime.mp3');\" style=\"cursor: pointer; text-decoration: none;\">\n                <div class=\"label\" style=\"color: rgb(165,25,22)\">\n                    ESCUCHA LA <b>AUDIO GU\u00cdA<\/b>                <\/div>\n            <\/div>\n\n            <h3 class=\"landingTitolo mb-2\">\n            PARADA: Largo Belotti            <\/h3>\n            <div class=\"menuTitolo\">\n                <b>PARADA:<\/b> Largo Belotti            <\/div>\n                        <div >\n\n<p>Se encuentra en la intersecci\u00f3n de Largo Belotti y via Monte Sabotino, a pocos pasos de una de las plazas m\u00e1s emblem\u00e1ticas de la ciudad: <strong>Piazza Dante<\/strong> (punto 13). Para llegar a ella, gire a la derecha y avance 70 metros. En el centro de su equilibrada geometr\u00eda se alza una fuente con Neptuno rodeado de tritones y caballitos de mar. Bajo su pavimento aguarda el ex-Diurno, un refugio antia\u00e9reo que se convirti\u00f3 en lugar de encuentro en la posguerra gracias a diversos comercios.<\/p>\n\n\n\n<div class=\"wp-block-group is-vertical is-layout-flex wp-container-core-group-is-layout-21 wp-block-group-is-layout-flex\" style=\"padding-top:0;padding-right:0;padding-bottom:var(--wp--preset--spacing--30);padding-left:0\">\n<figure class=\"wp-block-image size-full is-resized\"><img loading=\"lazy\" decoding=\"async\" width=\"114\" height=\"56\" src=\"https:\/\/itinerari.visitbergamo.net\/wp-content\/uploads\/2024\/01\/2_10__Piazza-Dante.png\" alt=\"\" class=\"wp-image-595\" style=\"width:57px;height:28px\"\/><\/figure>\n\n\n\n<p><strong>PIAZZA DANTE<\/strong><\/p>\n<\/div>\n\n\n<!--blockstudio\/blockstudio\/tasto--><a class=\"tasto\" style=\"background-color: rgb(225,7,23)\" href=\"https:\/\/www.visitbergamo.net\/es\/object-details\/10227-piazza-dante\/\" target=\"_blank\"><i class=\"fa-solid fa-up-right-from-square\"><\/i> M\u00e1s informaci\u00f3n<\/a>\n\n<!--blockstudio\/blockstudio\/tasto--><a class=\"tasto\" style=\"background-color: rgb(225,7,23)\" href=\"https:\/\/maps.app.goo.gl\/jhKwg2BiQAYKLxpJ8\" target=\"_blank\"><i class=\"fa-solid fa-location-pin\"><\/i> Abrir en Mapas<\/a>\n\n\n<div style=\"height:30px\" aria-hidden=\"true\" class=\"wp-block-spacer\"><\/div>\n\n\n\n<p>Tras recorrer la plaza, tome el pasaje bajo los soportales, justo a la izquierda del Credito Italiano. Llegar\u00e1 entonces a la plaza Vittorio Veneto y al siguiente monumento, la <strong>Torre dei Caduti<\/strong> (Torre de los Ca\u00eddos, punto 14). En su interior descubrir\u00e1 la historia del Centro Piacentiniano y, una vez subidos los 188 escalones, disfrutar\u00e1 de una espl\u00e9ndida vista de B\u00e9rgamo.<\/p>\n\n\n\n<div class=\"wp-block-group is-vertical is-layout-flex wp-container-core-group-is-layout-22 wp-block-group-is-layout-flex\" style=\"padding-top:0;padding-right:0;padding-bottom:var(--wp--preset--spacing--30);padding-left:0\">\n<figure class=\"wp-block-image size-full is-resized\"><img loading=\"lazy\" decoding=\"async\" width=\"46\" height=\"174\" src=\"https:\/\/itinerari.visitbergamo.net\/wp-content\/uploads\/2024\/01\/2_12_Torre_dei-caduti.png\" alt=\"\" class=\"wp-image-475\" style=\"width:23px;height:87px\"\/><\/figure>\n\n\n\n<p><strong>TORRE DEI CADUTI<\/strong><\/p>\n<\/div>\n\n\n<!--blockstudio\/blockstudio\/tasto--><a class=\"tasto\" style=\"background-color: rgb(225,7,23)\" href=\"https:\/\/www.visitbergamo.net\/es\/object-details\/6584-torre-dei-caduti\/\" target=\"_blank\"><i class=\"fa-solid fa-up-right-from-square\"><\/i> M\u00e1s informaci\u00f3n<\/a>\n\n<!--blockstudio\/blockstudio\/tasto--><a class=\"tasto\" style=\"background-color: rgb(225,7,23)\" href=\"https:\/\/maps.app.goo.gl\/3RFtA5KdhNMnq4Xx7\" target=\"_blank\"><i class=\"fa-solid fa-location-pin\"><\/i> Abrir en Mapas<\/a>\n\n\n<div style=\"height:30px\" aria-hidden=\"true\" class=\"wp-block-spacer\"><\/div>\n\n\n\n<p>Si, por el contrario, toma la ruta en sentido contrario, suba por Largo Belotti en direcci\u00f3n a Citt\u00e0 Alta. Al llegar al cruce con Via Petrarca, gire a la izquierda para visitar la <strong>Piazza della Libert\u00e0<\/strong> (punto 12), a 160 metros de la se\u00f1al. Construida durante las grandes reformas de principios del siglo XX, se completa con una fuente y edificios monumentales como la Casa della Libert\u00e0, edificada tras la demolici\u00f3n del antiguo Hospital de San Marcos en 1937.<\/p>\n\n\n\n<div class=\"wp-block-group is-vertical is-layout-flex wp-container-core-group-is-layout-23 wp-block-group-is-layout-flex\" style=\"padding-top:0;padding-right:0;padding-bottom:var(--wp--preset--spacing--30);padding-left:0\">\n<figure class=\"wp-block-image size-full is-resized\"><img loading=\"lazy\" decoding=\"async\" width=\"181\" height=\"91\" src=\"https:\/\/itinerari.visitbergamo.net\/wp-content\/uploads\/2024\/01\/2_Piazza-Liberta.png\" alt=\"\" class=\"wp-image-529\" style=\"width:91px;height:46px\"\/><\/figure>\n\n\n\n<p><strong>PIAZZA DELLA LIBERT<strong>\u00c0<\/strong><\/strong><\/p>\n<\/div>\n\n\n<!--blockstudio\/blockstudio\/tasto--><a class=\"tasto\" style=\"background-color: rgb(225,7,23)\" href=\"https:\/\/www.visitbergamo.net\/es\/object-details\/10266-palazzo-o-casa-della-libert%C3%A0\/\" target=\"_blank\"><i class=\"fa-solid fa-up-right-from-square\"><\/i> M\u00e1s informaci\u00f3n<\/a>\n\n<!--blockstudio\/blockstudio\/tasto--><a class=\"tasto\" style=\"background-color: rgb(225,7,23)\" href=\"https:\/\/maps.app.goo.gl\/qTz3FhwmkMYZbRKS7\" target=\"_blank\"><i class=\"fa-solid fa-location-pin\"><\/i> Abrir en Mapas<\/a>\n\n\n<div style=\"height:30px\" aria-hidden=\"true\" class=\"wp-block-spacer\"><\/div>\n\n\n\n<p>Tras este breve desv\u00edo, vuelva a Via Locatelli y contin\u00fae unos 120 metros. Delante de usted, ligeramente a la derecha, se encuentra la alta torre del <strong>Palazzo delle Poste<\/strong> (Palacio de Correos, punto 11).<\/p>\n\n\n\n<div class=\"wp-block-group is-vertical is-layout-flex wp-container-core-group-is-layout-24 wp-block-group-is-layout-flex\" style=\"padding-top:0;padding-right:0;padding-bottom:var(--wp--preset--spacing--30);padding-left:0\">\n<figure class=\"wp-block-image size-full is-resized\"><img loading=\"lazy\" decoding=\"async\" width=\"150\" height=\"149\" src=\"https:\/\/itinerari.visitbergamo.net\/wp-content\/uploads\/2024\/01\/2_08_Palazzo-delle-Poste.png\" alt=\"\" class=\"wp-image-589\" style=\"width:75px;height:75px\"\/><\/figure>\n\n\n\n<p><strong>PALAZZO DELLE POSTE<\/strong><\/p>\n<\/div>\n\n\n<!--blockstudio\/blockstudio\/tasto--><a class=\"tasto\" style=\"background-color: rgb(225,7,23)\" href=\"https:\/\/www.visitbergamo.net\/es\/object-details\/3164-palazzo-delle-poste\/\" target=\"_blank\"><i class=\"fa-solid fa-up-right-from-square\"><\/i> M\u00e1s informaci\u00f3n<\/a>\n\n<!--blockstudio\/blockstudio\/tasto--><a class=\"tasto\" style=\"background-color: rgb(225,7,23)\" href=\"https:\/\/maps.app.goo.gl\/DoCUddACiYtb5rRN6\" target=\"_blank\"><i class=\"fa-solid fa-location-pin\"><\/i> Abrir en Mapas<\/a>\n<\/div>\n        <\/div>\n    <\/div>\n\n    <br \/><br \/><br \/><br \/><br \/>\n\n    <div style=\"position: absolute; bottom: 0px; left: 0px; width: 100%; height: 100px; background-color: rgb(242,152,123); opacity: .2;\"><\/div>\n    \n<\/section>\n\n<style>\n    a.tasto{\n        color: rgb(255,255,255) !important;\n    }\n<\/style>\n\n<!--blockstudio\/blockstudio\/atterraggio-qr-code--><section class=\"atterraggio my-5 position-relative\">\n\n    <div class=\"ancora\" id=\"cartelloc13\"><\/div>\n\n    <div class=\"landingContainer p-3 pb-5\">\n        <div class=\"sideBar\">\n            <div class=\"line\" style=\"background-color: rgb(225,7,23)\"><\/div>\n            <div class=\"numero\" style=\"background-color: rgb(225,7,23)\" onclick=\"loadAudio('https:\/\/itinerari.visitbergamo.net\/wp-content\/uploads\/2024\/12\/Cuore-Bassa-ESP-Viale-Roma-Jaime.mp3');\">\n                <i class=\"fa-solid fa-volume-high\" style=\"color: rgb(255,255,255)\"><\/i>\n            <\/div>\n            <div class=\"closingBall\" style=\"background-color: rgb(225,7,23)\"><\/div>\n        <\/div>\n        <div class=\"contenuto mb-3\">\n            \n            <div class=\"mt-1 d-inline-block mb-3\" onclick=\"loadAudio('https:\/\/itinerari.visitbergamo.net\/wp-content\/uploads\/2024\/12\/Cuore-Bassa-ESP-Viale-Roma-Jaime.mp3');\" style=\"cursor: pointer; text-decoration: none;\">\n                <div class=\"label\" style=\"color: rgb(165,25,22)\">\n                    ESCUCHA LA <b>AUDIO GU\u00cdA<\/b>                <\/div>\n            <\/div>\n\n            <h3 class=\"landingTitolo mb-2\">\n            PARADA: Viale Roma            <\/h3>\n            <div class=\"menuTitolo\">\n                <b>PARADA:<\/b> Viale Roma            <\/div>\n                        <div >\n\n<p>Se encuentra en viale Roma, en la arteria principal de la parte baja de B\u00e9rgamo, cerca de la pintoresca Piazza Vittorio Veneto. Detr\u00e1s de usted se alza la <strong>Torre dei Caduti<\/strong> (Torre de los Ca\u00eddos, punto 14), que domina la ciudad desde una altura de 45 metros. En su interior, un recorrido muse\u00edstico le llevar\u00e1 hasta la sexta planta, cont\u00e1ndole la historia del Centro Piacentiniano, construido en las tres primeras d\u00e9cadas del siglo XX; desde lo alto disfrutar\u00e1 entonces de una vista impresionante.<\/p>\n\n\n\n<div class=\"wp-block-group is-vertical is-layout-flex wp-container-core-group-is-layout-25 wp-block-group-is-layout-flex\" style=\"padding-top:0;padding-right:0;padding-bottom:var(--wp--preset--spacing--30);padding-left:0\">\n<figure class=\"wp-block-image size-full is-resized\"><img loading=\"lazy\" decoding=\"async\" width=\"46\" height=\"174\" src=\"https:\/\/itinerari.visitbergamo.net\/wp-content\/uploads\/2024\/01\/2_12_Torre_dei-caduti.png\" alt=\"\" class=\"wp-image-475\" style=\"width:23px;height:87px\"\/><\/figure>\n\n\n\n<p><strong>TORRE DEI CADUTI<\/strong><\/p>\n<\/div>\n\n\n<!--blockstudio\/blockstudio\/tasto--><a class=\"tasto\" style=\"background-color: rgb(225,7,23)\" href=\"https:\/\/www.visitbergamo.net\/es\/object-details\/6584-torre-dei-caduti\/\" target=\"_blank\"><i class=\"fa-solid fa-up-right-from-square\"><\/i> M\u00e1s informaci\u00f3n<\/a>\n\n<!--blockstudio\/blockstudio\/tasto--><a class=\"tasto\" style=\"background-color: rgb(225,7,23)\" href=\"https:\/\/maps.app.goo.gl\/3RFtA5KdhNMnq4Xx7\" target=\"_blank\"><i class=\"fa-solid fa-location-pin\"><\/i> Abrir en Mapas<\/a>\n\n\n<div style=\"height:30px\" aria-hidden=\"true\" class=\"wp-block-spacer\"><\/div>\n\n\n\n<p>Continuando bajo el p\u00f3rtico y entrando en la Galer\u00eda Santa Marta, en 60 metros descubrir\u00e1 una peque\u00f1a joya escondida, el <strong>Chiostro di Santa Marta<\/strong> (Claustro de Santa Marta, punto 15), todo lo que queda de un claustro del siglo XIV. Alberga el <em>Cardenal Sentad<\/em>o, obra del famoso escultor Giacomo Manz\u00f9.<\/p>\n\n\n\n<div class=\"wp-block-group is-vertical is-layout-flex wp-container-core-group-is-layout-26 wp-block-group-is-layout-flex\" style=\"padding-top:0;padding-right:0;padding-bottom:var(--wp--preset--spacing--30);padding-left:0\">\n<figure class=\"wp-block-image size-full is-resized\"><img loading=\"lazy\" decoding=\"async\" width=\"80\" height=\"61\" src=\"https:\/\/itinerari.visitbergamo.net\/wp-content\/uploads\/2024\/01\/2_13_Chiostro_di-Santa-Marta.png\" alt=\"\" class=\"wp-image-481\" style=\"width:40px;height:31px\"\/><\/figure>\n\n\n\n<p><strong>CHIOSTRO DI SANTA MARTA<\/strong><\/p>\n<\/div>\n\n\n<!--blockstudio\/blockstudio\/tasto--><a class=\"tasto\" style=\"background-color: rgb(225,7,23)\" href=\"https:\/\/www.visitbergamo.net\/es\/object-details\/3160-chiostro-s--marta\/\" target=\"_blank\"><i class=\"fa-solid fa-up-right-from-square\"><\/i> M\u00e1s informaci\u00f3n<\/a>\n\n<!--blockstudio\/blockstudio\/tasto--><a class=\"tasto\" style=\"background-color: rgb(225,7,23)\" href=\"https:\/\/maps.app.goo.gl\/wCc3yhgFLgEiKV2Y9\" target=\"_blank\"><i class=\"fa-solid fa-location-pin\"><\/i> Abrir en Mapas<\/a>\n\n\n<div style=\"height:30px\" aria-hidden=\"true\" class=\"wp-block-spacer\"><\/div>\n\n\n\n<p>De vuelta al pasillo principal de la galer\u00eda, contin\u00fae hacia la derecha hasta la plaza Giacomo Matteotti. Despu\u00e9s de unos 100 metros llegar\u00e1 al Palacio Frizzoni, anta\u00f1o perteneciente a la familia protestante suiza del mismo nombre, hoy sede del Ayuntamiento de B\u00e9rgamo.<\/p>\n\n\n\n<p>Si toma la ruta en sentido contrario, siga recto. M\u00e1s all\u00e1 de los soportales, detr\u00e1s de la se\u00f1al, encontrar\u00e1 la <strong>Piazza Dante<\/strong> (punto 13), parte del Centro Piacentiniano que revolucion\u00f3 el coraz\u00f3n de la parte baja de B\u00e9rgamo en los a\u00f1os veinte. En el centro, entre imponentes edificios como el Palacio de la Procura y la C\u00e1mara de Comercio, se alza una fuente de m\u00e1rmol de Zandobbio. <\/p>\n\n\n\n<div class=\"wp-block-group is-vertical is-layout-flex wp-container-core-group-is-layout-27 wp-block-group-is-layout-flex\" style=\"padding-top:0;padding-right:0;padding-bottom:var(--wp--preset--spacing--30);padding-left:0\">\n<figure class=\"wp-block-image size-full is-resized\"><img loading=\"lazy\" decoding=\"async\" width=\"114\" height=\"56\" src=\"https:\/\/itinerari.visitbergamo.net\/wp-content\/uploads\/2024\/01\/2_10__Piazza-Dante.png\" alt=\"\" class=\"wp-image-595\" style=\"width:57px;height:28px\"\/><\/figure>\n\n\n\n<p><strong>PIAZZA DANTE<\/strong><\/p>\n<\/div>\n\n\n<!--blockstudio\/blockstudio\/tasto--><a class=\"tasto\" style=\"background-color: rgb(225,7,23)\" href=\"https:\/\/www.visitbergamo.net\/es\/object-details\/10227-piazza-dante\/\" target=\"_blank\"><i class=\"fa-solid fa-up-right-from-square\"><\/i> M\u00e1s informaci\u00f3n<\/a>\n\n<!--blockstudio\/blockstudio\/tasto--><a class=\"tasto\" style=\"background-color: rgb(225,7,23)\" href=\"https:\/\/maps.app.goo.gl\/4AZU7YYvr2sHWkAc9\" target=\"_blank\"><i class=\"fa-solid fa-location-pin\"><\/i> Abrir en Mapas<\/a>\n\n\n<div style=\"height:30px\" aria-hidden=\"true\" class=\"wp-block-spacer\"><\/div>\n\n\n\n<p>Bajo el pavimento se encuentra el ex-Diurno, un refugio antia\u00e9reo reconvertido en lugar de encuentro tras el final del \u00faltimo conflicto.<\/p>\n\n\n\n<p>En esta zona, el recorrido circular del itinerario est\u00e1 muy cerca de cruzarse: si sigue recto y gira a la derecha, de hecho, saldr\u00e1 al Sentierone justo delante del <strong>Teatro Donizetti<\/strong> (punto 3), cerca de la <strong>Iglesia de los Santos Bartolomeo y Stefano <\/strong>(punto 4), que ya deber\u00eda haber visitado o visitar\u00e1 m\u00e1s adelante. Si desea seguir fielmente el itinerario, siga recto y, trazando una ligera curva a la izquierda, tome la calle Monte Sabotino para llegar a Largo Bortolo Belotti.<\/p>\n\n\n\n<div class=\"wp-block-group is-vertical is-layout-flex wp-container-core-group-is-layout-28 wp-block-group-is-layout-flex\" style=\"padding-top:0;padding-right:0;padding-bottom:var(--wp--preset--spacing--30);padding-left:0\">\n<figure class=\"wp-block-image size-full is-resized\"><img loading=\"lazy\" decoding=\"async\" width=\"225\" height=\"113\" src=\"https:\/\/itinerari.visitbergamo.net\/wp-content\/uploads\/2024\/01\/2_02_Teatro-Donizetti.png\" alt=\"\" class=\"wp-image-547\" style=\"width:113px;height:57px\"\/><\/figure>\n\n\n\n<p><strong>TEATRO DONIZETTI<\/strong><\/p>\n<\/div>\n\n\n<!--blockstudio\/blockstudio\/tasto--><a class=\"tasto\" style=\"background-color: rgb(225,7,23)\" href=\"https:\/\/www.visitbergamo.net\/es\/object-details\/3019-teatro-donizetti\/\" target=\"_blank\"><i class=\"fa-solid fa-up-right-from-square\"><\/i> M\u00e1s informaci\u00f3n<\/a>\n\n<!--blockstudio\/blockstudio\/tasto--><a class=\"tasto\" style=\"background-color: rgb(225,7,23)\" href=\"https:\/\/maps.app.goo.gl\/MS7BnP713dvZPiwd8\" target=\"_blank\"><i class=\"fa-solid fa-location-pin\"><\/i> Abrir en Mapas<\/a>\n\n\n<div style=\"height:25px\" aria-hidden=\"true\" class=\"wp-block-spacer\"><\/div>\n\n\n\n<div class=\"wp-block-group is-vertical is-layout-flex wp-container-core-group-is-layout-29 wp-block-group-is-layout-flex\" style=\"padding-top:0;padding-right:0;padding-bottom:var(--wp--preset--spacing--30);padding-left:0\">\n<figure class=\"wp-block-image size-full is-resized\"><img loading=\"lazy\" decoding=\"async\" width=\"132\" height=\"136\" src=\"https:\/\/itinerari.visitbergamo.net\/wp-content\/uploads\/2024\/01\/2_03_Chiesa_SS.-Bartolomeo-e-Stefano.png\" alt=\"\" class=\"wp-image-553\" style=\"width:66px;height:68px\"\/><\/figure>\n\n\n\n<p><strong>CHIESA DEI SS. BARTOLOMEO E STEFANO<\/strong><\/p>\n<\/div>\n\n\n<!--blockstudio\/blockstudio\/tasto--><a class=\"tasto\" style=\"background-color: rgb(225,7,23)\" href=\"https:\/\/www.visitbergamo.net\/es\/object-details\/16-chiesa-dei-ss--bartolomeo-e-stefano\/\" target=\"_blank\"><i class=\"fa-solid fa-up-right-from-square\"><\/i> M\u00e1s informaci\u00f3n<\/a>\n\n<!--blockstudio\/blockstudio\/tasto--><a class=\"tasto\" style=\"background-color: rgb(225,7,23)\" href=\"https:\/\/maps.app.goo.gl\/u7qz9Uy564wrJ9oE7\" target=\"_blank\"><i class=\"fa-solid fa-location-pin\"><\/i> Abrir en Mapas<\/a>\n<\/div>\n        <\/div>\n    <\/div>\n\n    <br \/><br \/><br \/><br \/><br \/>\n\n    <div style=\"position: absolute; bottom: 0px; left: 0px; width: 100%; height: 100px; background-color: rgb(242,152,123); opacity: .2;\"><\/div>\n    \n<\/section>\n\n<style>\n    a.tasto{\n        color: rgb(255,255,255) !important;\n    }\n<\/style>\n\n<!--blockstudio\/blockstudio\/atterraggio-qr-code--><section class=\"atterraggio my-5 position-relative\">\n\n    <div class=\"ancora\" id=\"cartelloc07\"><\/div>\n\n    <div class=\"landingContainer p-3 pb-5\">\n        <div class=\"sideBar\">\n            <div class=\"line\" style=\"background-color: rgb(225,7,23)\"><\/div>\n            <div class=\"numero\" style=\"background-color: rgb(225,7,23)\" onclick=\"loadAudio('https:\/\/itinerari.visitbergamo.net\/wp-content\/uploads\/2024\/12\/Cuore-Bassa-ESP-Piazza-Matteotti-Jaime.mp3');\">\n                <i class=\"fa-solid fa-volume-high\" style=\"color: rgb(255,255,255)\"><\/i>\n            <\/div>\n            <div class=\"closingBall\" style=\"background-color: rgb(225,7,23)\"><\/div>\n        <\/div>\n        <div class=\"contenuto mb-3\">\n            \n            <div class=\"mt-1 d-inline-block mb-3\" onclick=\"loadAudio('https:\/\/itinerari.visitbergamo.net\/wp-content\/uploads\/2024\/12\/Cuore-Bassa-ESP-Piazza-Matteotti-Jaime.mp3');\" style=\"cursor: pointer; text-decoration: none;\">\n                <div class=\"label\" style=\"color: rgb(165,25,22)\">\n                    ESCUCHA LA <b>AUDIO GU\u00cdA<\/b>                <\/div>\n            <\/div>\n\n            <h3 class=\"landingTitolo mb-2\">\n            PARADA: Piazza Matteotti            <\/h3>\n            <div class=\"menuTitolo\">\n                <b>PARADA:<\/b> Piazza Matteotti            <\/div>\n                        <div >\n\n<p>Se encuentra en la Piazza Matteotti, no lejos de Via XX Settembre y del tri\u00e1ngulo comercial. De espaldas al cartel, a su derecha ver\u00e1 el <strong>Palazzo Frizzoni<\/strong> (punto 16), luminoso ejemplo del neoclasicismo de mediados del siglo XIX. Entre sus muros se encuentran bellos espacios como la Galleria dei Cardinali y la Sala degli Specchi (Sal\u00f3n de los Espejos).<\/p>\n\n\n\n<div class=\"wp-block-group is-vertical is-layout-flex wp-container-core-group-is-layout-30 wp-block-group-is-layout-flex\" style=\"padding-top:0;padding-right:0;padding-bottom:var(--wp--preset--spacing--30);padding-left:0\">\n<figure class=\"wp-block-image size-full is-resized\"><img loading=\"lazy\" decoding=\"async\" width=\"259\" height=\"119\" src=\"https:\/\/itinerari.visitbergamo.net\/wp-content\/uploads\/2024\/01\/2_14_-Palazzo-Frizzoni.png\" alt=\"\" class=\"wp-image-487\" style=\"width:130px;height:60px\"\/><\/figure>\n\n\n\n<p><strong>PALAZZO FRIZZONI<\/strong><\/p>\n<\/div>\n\n\n<!--blockstudio\/blockstudio\/tasto--><a class=\"tasto\" style=\"background-color: rgb(225,7,23)\" href=\"https:\/\/www.visitbergamo.net\/es\/object-details\/3130-palazzo-frizzoni\/\" target=\"_blank\"><i class=\"fa-solid fa-up-right-from-square\"><\/i> M\u00e1s informaci\u00f3n<\/a>\n\n<!--blockstudio\/blockstudio\/tasto--><a class=\"tasto\" style=\"background-color: rgb(225,7,23)\" href=\"https:\/\/maps.app.goo.gl\/JvanM1wS5HQ3R9wu8\" target=\"_blank\"><i class=\"fa-solid fa-location-pin\"><\/i> Abrir en Mapas<\/a>\n\n\n<div style=\"height:30px\" aria-hidden=\"true\" class=\"wp-block-spacer\"><\/div>\n\n\n\n<p>Su visita contin\u00faa en Via Borfuro, situada frente al poste indicador. Mayoritariamente moderna, esta calle esconde detalles profundamente ligados a la historia de B\u00e9rgamo: hasta el siglo XIX, la comunidad valdense celebraba su culto en el n\u00famero 14, anta\u00f1o residencia de los Mariton, parientes de los Blondel y de Alessandro Manzoni.<\/p>\n\n\n\n<p>Despu\u00e9s de 300 metros, la calle se funde con Via S. Alessandro, otra bella zona hist\u00f3rica del centro. Si se desv\u00eda un poco a la derecha, ver\u00e1 el convento de S. Benedetto y la antigua iglesia de S. Maria Maddalena. A la izquierda, sin embargo, ver\u00e1 la iglesia de S. Alessandro in Colonna.<\/p>\n\n\n\n<p>Si sigue la ruta en sentido contrario, gire a la izquierda, pase el Palacio Frizzoni y entre en la Galer\u00eda Santa Marta. En 150 metros, siempre a la izquierda, se abrir\u00e1 un p\u00f3rtico algo sombr\u00edo que le permitir\u00e1 acceder a la puerta de una joya escondida: el <strong>Chiostro di Santa Marta<\/strong> (Claustro de Santa Marta, punto 15). \u00danico superviviente de un antiguo claustro del siglo XIV, alberga obras maestras de la escultura, como el <em>Cardenal sentado<\/em> de Giacomo Manz\u00f9.<\/p>\n\n\n\n<div class=\"wp-block-group is-vertical is-layout-flex wp-container-core-group-is-layout-31 wp-block-group-is-layout-flex\" style=\"padding-top:0;padding-right:0;padding-bottom:var(--wp--preset--spacing--30);padding-left:0\">\n<figure class=\"wp-block-image size-full is-resized\"><img loading=\"lazy\" decoding=\"async\" width=\"80\" height=\"61\" src=\"https:\/\/itinerari.visitbergamo.net\/wp-content\/uploads\/2024\/01\/2_13_Chiostro_di-Santa-Marta.png\" alt=\"\" class=\"wp-image-481\" style=\"width:40px;height:31px\"\/><\/figure>\n\n\n\n<p><strong>CHIOSTRO DI SANTA MARTA<\/strong><\/p>\n<\/div>\n\n\n<!--blockstudio\/blockstudio\/tasto--><a class=\"tasto\" style=\"background-color: rgb(225,7,23)\" href=\"https:\/\/www.visitbergamo.net\/es\/object-details\/3160-chiostro-s--marta\/\" target=\"_blank\"><i class=\"fa-solid fa-up-right-from-square\"><\/i> M\u00e1s informaci\u00f3n<\/a>\n\n<!--blockstudio\/blockstudio\/tasto--><a class=\"tasto\" style=\"background-color: rgb(225,7,23)\" href=\"https:\/\/maps.app.goo.gl\/wCc3yhgFLgEiKV2Y9\" target=\"_blank\"><i class=\"fa-solid fa-location-pin\"><\/i> Abrir en Mapas<\/a>\n\n\n<div style=\"height:30px\" aria-hidden=\"true\" class=\"wp-block-spacer\"><\/div>\n\n\n\n<p>Siguiendo por la galer\u00eda, tras 120 metros se llega a los soportales de la plaza Vittorio Veneto y a la <strong>Torre dei Caduti <\/strong>(Torre de los Ca\u00eddos, punto 14), con sus seis plantas de espacios expositivos dedicados al Centro Piacentiniano y una vista panor\u00e1mica imperdible. Al salir de la torre, para continuar tendr\u00e1 que girar a la izquierda y cruzar la calle.<\/p>\n\n\n\n<div class=\"wp-block-group is-vertical is-layout-flex wp-container-core-group-is-layout-32 wp-block-group-is-layout-flex\" style=\"padding-top:0;padding-right:0;padding-bottom:var(--wp--preset--spacing--30);padding-left:0\">\n<figure class=\"wp-block-image size-full is-resized\"><img loading=\"lazy\" decoding=\"async\" width=\"46\" height=\"174\" src=\"https:\/\/itinerari.visitbergamo.net\/wp-content\/uploads\/2024\/01\/2_12_Torre_dei-caduti.png\" alt=\"\" class=\"wp-image-475\" style=\"width:23px;height:87px\"\/><\/figure>\n\n\n\n<p><strong>TORRE DEI CADUTI<\/strong><\/p>\n<\/div>\n\n\n<!--blockstudio\/blockstudio\/tasto--><a class=\"tasto\" style=\"background-color: rgb(225,7,23)\" href=\"https:\/\/www.visitbergamo.net\/es\/object-details\/6584-torre-dei-caduti\/\" target=\"_blank\"><i class=\"fa-solid fa-up-right-from-square\"><\/i> M\u00e1s informaci\u00f3n<\/a>\n\n<!--blockstudio\/blockstudio\/tasto--><a class=\"tasto\" style=\"background-color: rgb(225,7,23)\" href=\"https:\/\/maps.app.goo.gl\/ChRA3TexMekyvVrK7\" target=\"_blank\"><i class=\"fa-solid fa-location-pin\"><\/i> Abrir en Mapas<\/a>\n<\/div>\n        <\/div>\n    <\/div>\n\n    <br \/><br \/><br \/><br \/><br \/>\n\n    <div style=\"position: absolute; bottom: 0px; left: 0px; width: 100%; height: 100px; background-color: rgb(242,152,123); opacity: .2;\"><\/div>\n    \n<\/section>\n\n<style>\n    a.tasto{\n        color: rgb(255,255,255) !important;\n    }\n<\/style>\n\n<!--blockstudio\/blockstudio\/atterraggio-qr-code--><section class=\"atterraggio my-5 position-relative\">\n\n    <div class=\"ancora\" id=\"cartelloc06\"><\/div>\n\n    <div class=\"landingContainer p-3 pb-5\">\n        <div class=\"sideBar\">\n            <div class=\"line\" style=\"background-color: rgb(225,7,23)\"><\/div>\n            <div class=\"numero\" style=\"background-color: rgb(225,7,23)\" onclick=\"loadAudio('https:\/\/itinerari.visitbergamo.net\/wp-content\/uploads\/2024\/12\/Cuore-Bassa-ESP-Via-S.-Alessandro-Jaime.mp3');\">\n                <i class=\"fa-solid fa-volume-high\" style=\"color: rgb(255,255,255)\"><\/i>\n            <\/div>\n            <div class=\"closingBall\" style=\"background-color: rgb(225,7,23)\"><\/div>\n        <\/div>\n        <div class=\"contenuto mb-3\">\n            \n            <div class=\"mt-1 d-inline-block mb-3\" onclick=\"loadAudio('https:\/\/itinerari.visitbergamo.net\/wp-content\/uploads\/2024\/12\/Cuore-Bassa-ESP-Via-S.-Alessandro-Jaime.mp3');\" style=\"cursor: pointer; text-decoration: none;\">\n                <div class=\"label\" style=\"color: rgb(165,25,22)\">\n                    ESCUCHA LA <b>AUDIO GU\u00cdA<\/b>                <\/div>\n            <\/div>\n\n            <h3 class=\"landingTitolo mb-2\">\n            PARADA: Via S. Alessandro            <\/h3>\n            <div class=\"menuTitolo\">\n                <b>PARADA:<\/b> Via S. Alessandro            <\/div>\n                        <div >\n\n<p>Est\u00e1s en via S. Alessandro, el fulcro del antiguo pueblo de Santo Stefano. Detr\u00e1s del cartel se puede admirar la columna que se alza donde, seg\u00fan la leyenda, fue martirizado el santo, \u00fanico testimonio de la catedral que se le dedic\u00f3 en el siglo IV.<\/p>\n\n\n\n<p>A la izquierda se alza la <strong>Chiesa S. Alessandro in Colonna<\/strong> (Iglesia de San Alejandro en Columna, punto 17), fundada en 1447. En su interior le esperan valiosas obras, como la <em>Lamentaci\u00f3n por Cristo muerto<\/em> de Lorenzo Lotto, un raro ejemplo de temple sobre lienzo.<\/p>\n\n\n\n<div class=\"wp-block-group is-vertical is-layout-flex wp-container-core-group-is-layout-33 wp-block-group-is-layout-flex\" style=\"padding-top:0;padding-right:0;padding-bottom:var(--wp--preset--spacing--30);padding-left:0\">\n<figure class=\"wp-block-image size-full is-resized\"><img loading=\"lazy\" decoding=\"async\" width=\"142\" height=\"125\" src=\"https:\/\/itinerari.visitbergamo.net\/wp-content\/uploads\/2024\/01\/2_16_Chiesa_S.-Alessandro-in-colonna.png\" alt=\"\" class=\"wp-image-499\" style=\"width:71px;height:63px\"\/><\/figure>\n\n\n\n<p><strong>CHIESA S. ALESSANDRO IN COLONNA<\/strong><\/p>\n<\/div>\n\n\n<!--blockstudio\/blockstudio\/tasto--><a class=\"tasto\" style=\"background-color: rgb(225,7,23)\" href=\"https:\/\/www.visitbergamo.net\/es\/object-details\/3024-chiesa-di-sant-alessandro-in-colonna\/\" target=\"_blank\"><i class=\"fa-solid fa-up-right-from-square\"><\/i> M\u00e1s informaci\u00f3n<\/a>\n\n<!--blockstudio\/blockstudio\/tasto--><a class=\"tasto\" style=\"background-color: rgb(225,7,23)\" href=\"https:\/\/maps.app.goo.gl\/GSzq2PwnAL6wyhKT6\" target=\"_blank\"><i class=\"fa-solid fa-location-pin\"><\/i> Abrir en Mapas<\/a>\n\n\n<div style=\"height:30px\" aria-hidden=\"true\" class=\"wp-block-spacer\"><\/div>\n\n\n\n<p>Despu\u00e9s de visitarla, puede desviarse de la ruta principal subiendo un tramo por S. Alessandro: a 30 metros de la se\u00f1al, a la derecha, encontrar\u00e1 la entrada a la <strong>antigua Chiesa S. Maria Maddalena <\/strong>(Iglesia de S. Maria Maddalena, punto 18). Anta\u00f1o lugar de culto con un hospital contiguo para indigentes, en la actualidad es un espacio dedicado a exposiciones, conferencias y espect\u00e1culos.<\/p>\n\n\n\n<div class=\"wp-block-group is-vertical is-layout-flex wp-container-core-group-is-layout-34 wp-block-group-is-layout-flex\" style=\"padding-top:0;padding-right:0;padding-bottom:var(--wp--preset--spacing--30);padding-left:0\">\n<figure class=\"wp-block-image size-full is-resized\"><img loading=\"lazy\" decoding=\"async\" width=\"120\" height=\"76\" src=\"https:\/\/itinerari.visitbergamo.net\/wp-content\/uploads\/2024\/01\/2_15_-Ex-chiesa_S.-Maria-Maddalena.png\" alt=\"\" class=\"wp-image-493\" style=\"width:60px;height:38px\"\/><\/figure>\n\n\n\n<p><strong>EX-CHIESA S. MARIA MADDALENA<\/strong><\/p>\n<\/div>\n\n\n<!--blockstudio\/blockstudio\/tasto--><a class=\"tasto\" style=\"background-color: rgb(225,7,23)\" href=\"https:\/\/www.visitbergamo.net\/es\/object-details\/3168-ex-chiesa-s--maria-maddalena\/\" target=\"_blank\"><i class=\"fa-solid fa-up-right-from-square\"><\/i> M\u00e1s informaci\u00f3n<\/a>\n\n<!--blockstudio\/blockstudio\/tasto--><a class=\"tasto\" style=\"background-color: rgb(225,7,23)\" href=\"https:\/\/maps.app.goo.gl\/VNL4WyZAhZMEVKMBA\" target=\"_blank\"><i class=\"fa-solid fa-location-pin\"><\/i> Abrir en Mapas<\/a>\n\n\n<div style=\"height:30px\" aria-hidden=\"true\" class=\"wp-block-spacer\"><\/div>\n\n\n\n<p>Siguiendo recto otros 200 metros, pasada la Via Garibaldi, se llega al magn\u00edfico <strong>Monastero di San Benedetto<\/strong> (punto 19). Fechado en el siglo XV, este fascinante complejo fue construido para una comunidad benedictina y es una aut\u00e9ntica joya de la arquitectura renacentista lombarda. Desde aqu\u00ed regrese a la ruta principal volviendo sobre sus pasos cuesta abajo, pase por la Iglesia de Sant&#8217;Alessandro in Colonna y contin\u00fae hasta Largo Rezzara. Siguiendo recto llegar\u00e1 a la <strong>Piazza Pontida<\/strong> (punto 20), en el coraz\u00f3n de Borgo San Leonardo.<\/p>\n\n\n\n<div class=\"wp-block-group is-vertical is-layout-flex wp-container-core-group-is-layout-35 wp-block-group-is-layout-flex\" style=\"padding-top:0;padding-right:0;padding-bottom:var(--wp--preset--spacing--30);padding-left:0\">\n<figure class=\"wp-block-image size-full is-resized\"><img loading=\"lazy\" decoding=\"async\" width=\"95\" height=\"66\" src=\"https:\/\/itinerari.visitbergamo.net\/wp-content\/uploads\/2024\/01\/2_17_Monastero_di-San-Benedetto.png\" alt=\"\" class=\"wp-image-505\" style=\"width:48px;height:33px\"\/><\/figure>\n\n\n\n<p><strong>MONASTERO SAN BENEDETTO<\/strong><\/p>\n<\/div>\n\n\n<!--blockstudio\/blockstudio\/tasto--><a class=\"tasto\" style=\"background-color: rgb(225,7,23)\" href=\"https:\/\/www.visitbergamo.net\/es\/object-details\/10445-monastero-di-san-benedetto\/\" target=\"_blank\"><i class=\"fa-solid fa-up-right-from-square\"><\/i> M\u00e1s informaci\u00f3n<\/a>\n\n<!--blockstudio\/blockstudio\/tasto--><a class=\"tasto\" style=\"background-color: rgb(225,7,23)\" href=\"https:\/\/maps.app.goo.gl\/WfcZUknvcZsuWej66\" target=\"_blank\"><i class=\"fa-solid fa-location-pin\"><\/i> Abrir en Mapas<\/a>\n\n\n<div style=\"height:25px\" aria-hidden=\"true\" class=\"wp-block-spacer\"><\/div>\n\n\n\n<div class=\"wp-block-group is-vertical is-layout-flex wp-container-core-group-is-layout-36 wp-block-group-is-layout-flex\" style=\"padding-top:0;padding-right:0;padding-bottom:var(--wp--preset--spacing--30);padding-left:0\">\n<figure class=\"wp-block-image size-full is-resized\"><img loading=\"lazy\" decoding=\"async\" width=\"236\" height=\"110\" src=\"https:\/\/itinerari.visitbergamo.net\/wp-content\/uploads\/2024\/01\/2_18_Piazza-Pontida.png\" alt=\"\" class=\"wp-image-511\" style=\"width:118px;height:55px\"\/><\/figure>\n\n\n\n<p><strong>PIAZZA PONTIDA<\/strong><\/p>\n<\/div>\n\n\n<!--blockstudio\/blockstudio\/tasto--><a class=\"tasto\" style=\"background-color: rgb(225,7,23)\" href=\"https:\/\/www.visitbergamo.net\/es\/object-details\/10446-piazza-pontida\/\" target=\"_blank\"><i class=\"fa-solid fa-up-right-from-square\"><\/i> M\u00e1s informaci\u00f3n<\/a>\n\n<!--blockstudio\/blockstudio\/tasto--><a class=\"tasto\" style=\"background-color: rgb(225,7,23)\" href=\"https:\/\/maps.app.goo.gl\/rcuL9cijsvTvWZaU6\" target=\"_blank\"><i class=\"fa-solid fa-location-pin\"><\/i> Abrir en Mapas<\/a>\n\n\n<div style=\"height:30px\" aria-hidden=\"true\" class=\"wp-block-spacer\"><\/div>\n\n\n\n<p>Si sigue la ruta en direcci\u00f3n contraria y llega desde Piazza Pontida, para continuar gire a la izquierda y tome via Borfuro. A pesar de su aspecto predominantemente moderno, la calle tiene or\u00edgenes antiguos y una historia parcialmente ligada a la comunidad valdense de B\u00e9rgamo: en el n\u00famero 14 se encontraba, de hecho, la casa de la familia Mariton, donde los fieles se reun\u00edan para celebrar el culto en privado.<\/p>\n\n\n\n<p>Tras unos 300 metros, se llega a la Piazza Matteotti, en el cruce con Via XX Settembre, una de las principales arterias comerciales.<\/p>\n\n<\/div>\n        <\/div>\n    <\/div>\n\n    <br \/><br \/><br \/><br \/><br \/>\n\n    <div style=\"position: absolute; bottom: 0px; left: 0px; width: 100%; height: 100px; background-color: rgb(242,152,123); opacity: .2;\"><\/div>\n    \n<\/section>\n\n<style>\n    a.tasto{\n        color: rgb(255,255,255) !important;\n    }\n<\/style>\n\n<!--blockstudio\/blockstudio\/atterraggio-qr-code--><section class=\"atterraggio my-5 position-relative\">\n\n    <div class=\"ancora\" id=\"cartelloc05\"><\/div>\n\n    <div class=\"landingContainer p-3 pb-5\">\n        <div class=\"sideBar\">\n            <div class=\"line\" style=\"background-color: rgb(225,7,23)\"><\/div>\n            <div class=\"numero\" style=\"background-color: rgb(225,7,23)\" onclick=\"loadAudio('https:\/\/itinerari.visitbergamo.net\/wp-content\/uploads\/2024\/12\/Cuore-Bassa-ESP-Largo-Rezzara-Jaime.mp3');\">\n                <i class=\"fa-solid fa-volume-high\" style=\"color: rgb(255,255,255)\"><\/i>\n            <\/div>\n            <div class=\"closingBall\" style=\"background-color: rgb(225,7,23)\"><\/div>\n        <\/div>\n        <div class=\"contenuto mb-3\">\n            \n            <div class=\"mt-1 d-inline-block mb-3\" onclick=\"loadAudio('https:\/\/itinerari.visitbergamo.net\/wp-content\/uploads\/2024\/12\/Cuore-Bassa-ESP-Largo-Rezzara-Jaime.mp3');\" style=\"cursor: pointer; text-decoration: none;\">\n                <div class=\"label\" style=\"color: rgb(165,25,22)\">\n                    ESCUCHA LA <b>AUDIO GU\u00cdA<\/b>                <\/div>\n            <\/div>\n\n            <h3 class=\"landingTitolo mb-2\">\n            PARADA: Largo Rezzara            <\/h3>\n            <div class=\"menuTitolo\">\n                <b>PARADA:<\/b> Largo Rezzara            <\/div>\n                        <div >\n\n<p>Se encuentra en la confluencia de Largo Rezzara y via Sant&#8217;Alessandro, en el coraz\u00f3n de Borgo San Leonardo, el barrio \u00aben forma de estrella\u00bb que anima B\u00e9rgamo desde hace siglos gracias a su vocaci\u00f3n artesanal y comercial.<\/p>\n\n\n\n<p>A pocos metros de la se\u00f1al, dejando atr\u00e1s la Via Sant&#8217;Alessandro y siguiendo recto, se encuentra la <strong>Piazza Pontida<\/strong> (punto 20). En el pasado fue el espacio m\u00e1s importante para el comercio de la madera, vocaci\u00f3n que m\u00e1s tarde fue sustituida por la de lugar de reuni\u00f3n social para los habitantes.<\/p>\n\n\n\n<div class=\"wp-block-group is-vertical is-layout-flex wp-container-core-group-is-layout-37 wp-block-group-is-layout-flex\" style=\"padding-top:0;padding-right:0;padding-bottom:var(--wp--preset--spacing--30);padding-left:0\">\n<figure class=\"wp-block-image size-full is-resized\"><img loading=\"lazy\" decoding=\"async\" width=\"236\" height=\"110\" src=\"https:\/\/itinerari.visitbergamo.net\/wp-content\/uploads\/2024\/01\/2_18_Piazza-Pontida.png\" alt=\"\" class=\"wp-image-511\" style=\"width:118px;height:55px\"\/><\/figure>\n\n\n\n<p><strong>PIAZZA PONTIDA<\/strong><\/p>\n<\/div>\n\n\n<!--blockstudio\/blockstudio\/tasto--><a class=\"tasto\" style=\"background-color: rgb(225,7,23)\" href=\"https:\/\/www.visitbergamo.net\/es\/object-details\/10446-piazza-pontida\/\" target=\"_blank\"><i class=\"fa-solid fa-up-right-from-square\"><\/i> M\u00e1s informaci\u00f3n<\/a>\n\n<!--blockstudio\/blockstudio\/tasto--><a class=\"tasto\" style=\"background-color: rgb(225,7,23)\" href=\"https:\/\/maps.app.goo.gl\/4xPMM3J1dRtmtuKu5\" target=\"_blank\"><i class=\"fa-solid fa-location-pin\"><\/i> Abrir en Mapas<\/a>\n\n\n<div style=\"height:30px\" aria-hidden=\"true\" class=\"wp-block-spacer\"><\/div>\n\n\n\n<p>Tras haber explorado hasta saciarse, para cerrar el bucle del itinerario abandone Largo Cinque Vie y tome Via Zambonate. En el primer cruce, gire a la derecha por Via Quarenghi y luego por Via Spaventa para descubrir m\u00e1s tiendas y comercios locales. Pronto llegar\u00e1 a Via Tiraboschi y Porta Nuova, \u00a1desde donde podr\u00e1 embarcarse en nuevas aventuras!<\/p>\n\n\n\n<p>Si sigue la ruta en sentido contrario y llega a la derecha de Porta Nuova, para continuar tome via Sant&#8217;Alessandro, manteniendo Largo Rezzara a sus espaldas. En 160 metros, tras numerosos palacios y tiendas, llegar\u00e1 a la hermosa iglesia<strong> S. Alessandro in Colonna<\/strong> (punto 17), seguida de la antigua <strong>Chiesa S. Maria Maddalena<\/strong> (punto 18).<\/p>\n\n\n\n<div class=\"wp-block-group is-vertical is-layout-flex wp-container-core-group-is-layout-38 wp-block-group-is-layout-flex\" style=\"padding-top:0;padding-right:0;padding-bottom:var(--wp--preset--spacing--30);padding-left:0\">\n<figure class=\"wp-block-image size-full is-resized\"><img loading=\"lazy\" decoding=\"async\" width=\"142\" height=\"125\" src=\"https:\/\/itinerari.visitbergamo.net\/wp-content\/uploads\/2024\/01\/2_16_Chiesa_S.-Alessandro-in-colonna.png\" alt=\"\" class=\"wp-image-499\" style=\"width:71px;height:63px\"\/><\/figure>\n\n\n\n<p><strong>CHIESA S. ALESSANDRO IN COLONNA<\/strong><\/p>\n<\/div>\n\n\n<!--blockstudio\/blockstudio\/tasto--><a class=\"tasto\" style=\"background-color: rgb(225,7,23)\" href=\"https:\/\/www.visitbergamo.net\/es\/object-details\/3024-chiesa-di-sant-alessandro-in-colonna\/\" target=\"_blank\"><i class=\"fa-solid fa-up-right-from-square\"><\/i> M\u00e1s informaci\u00f3n<\/a>\n\n<!--blockstudio\/blockstudio\/tasto--><a class=\"tasto\" style=\"background-color: rgb(225,7,23)\" href=\"https:\/\/maps.app.goo.gl\/GSzq2PwnAL6wyhKT6\" target=\"_blank\"><i class=\"fa-solid fa-location-pin\"><\/i> Abrir en Mapas<\/a>\n\n\n<div style=\"height:25px\" aria-hidden=\"true\" class=\"wp-block-spacer\"><\/div>\n\n\n\n<div class=\"wp-block-group is-vertical is-layout-flex wp-container-core-group-is-layout-39 wp-block-group-is-layout-flex\" style=\"padding-top:0;padding-right:0;padding-bottom:var(--wp--preset--spacing--30);padding-left:0\">\n<figure class=\"wp-block-image size-full is-resized\"><img loading=\"lazy\" decoding=\"async\" width=\"120\" height=\"76\" src=\"https:\/\/itinerari.visitbergamo.net\/wp-content\/uploads\/2024\/01\/2_15_-Ex-chiesa_S.-Maria-Maddalena.png\" alt=\"\" class=\"wp-image-493\" style=\"width:60px;height:38px\"\/><\/figure>\n\n\n\n<p><strong>EX-CHIESA S. MARIA MADDALENA<\/strong><\/p>\n<\/div>\n\n\n<!--blockstudio\/blockstudio\/tasto--><a class=\"tasto\" style=\"background-color: rgb(225,7,23)\" href=\"https:\/\/www.visitbergamo.net\/es\/object-details\/3168-ex-chiesa-s--maria-maddalena\/\" target=\"_blank\"><i class=\"fa-solid fa-up-right-from-square\"><\/i> M\u00e1s informaci\u00f3n<\/a>\n\n<!--blockstudio\/blockstudio\/tasto--><a class=\"tasto\" style=\"background-color: rgb(225,7,23)\" href=\"https:\/\/maps.app.goo.gl\/VNL4WyZAhZMEVKMBA\" target=\"_blank\"><i class=\"fa-solid fa-location-pin\"><\/i> Abrir en Mapas<\/a>\n<\/div>\n        <\/div>\n    <\/div>\n\n    <br \/><br \/><br \/><br \/><br \/>\n\n    <div style=\"position: absolute; bottom: 0px; left: 0px; width: 100%; height: 100px; background-color: rgb(242,152,123); opacity: .2;\"><\/div>\n    \n<\/section>\n\n<style>\n    a.tasto{\n        color: rgb(255,255,255) !important;\n    }\n<\/style>\n\n<!--blockstudio\/blockstudio\/atterraggio-qr-code--><section class=\"atterraggio my-5 position-relative\">\n\n    <div class=\"ancora\" id=\"cartelloc04\"><\/div>\n\n    <div class=\"landingContainer p-3 pb-5\">\n        <div class=\"sideBar\">\n            <div class=\"line\" style=\"background-color: rgb(225,7,23)\"><\/div>\n            <div class=\"numero\" style=\"background-color: rgb(225,7,23)\" onclick=\"loadAudio('https:\/\/itinerari.visitbergamo.net\/wp-content\/uploads\/2024\/12\/Cuore-Bassa-ESP-Via-Zambonate-Jaime.mp3');\">\n                <i class=\"fa-solid fa-volume-high\" style=\"color: rgb(255,255,255)\"><\/i>\n            <\/div>\n            <div class=\"closingBall\" style=\"background-color: rgb(225,7,23)\"><\/div>\n        <\/div>\n        <div class=\"contenuto mb-3\">\n            \n            <div class=\"mt-1 d-inline-block mb-3\" onclick=\"loadAudio('https:\/\/itinerari.visitbergamo.net\/wp-content\/uploads\/2024\/12\/Cuore-Bassa-ESP-Via-Zambonate-Jaime.mp3');\" style=\"cursor: pointer; text-decoration: none;\">\n                <div class=\"label\" style=\"color: rgb(165,25,22)\">\n                    ESCUCHA LA <b>AUDIO GU\u00cdA<\/b>                <\/div>\n            <\/div>\n\n            <h3 class=\"landingTitolo mb-2\">\n            PARADA: Via Zambonate            <\/h3>\n            <div class=\"menuTitolo\">\n                <b>PARADA:<\/b> Via Zambonate            <\/div>\n                        <div >\n\n<p>Se encuentra usted en <strong>Borgo San Leonardo<\/strong> (punto 21), uno de los barrios hist\u00f3ricos y encrucijadas de B\u00e9rgamo Bassa, desarrollado en la confluencia de cinco calles. Para llegar a la <strong>Piazza Pontida<\/strong> (punto 20), su fulcro, d\u00e9 la espalda a la se\u00f1al, siga recto y, a 100 metros, gire a la derecha por Largo Cinque Vie. En 200 metros se encontrar\u00e1 entre soportales y coloridos edificios que anta\u00f1o presidieron un importante comercio de madera procedente de los valles y que ahora rodean un popular lugar de encuentro para todos. No pierda la oportunidad de disfrutar de un aperitivo.<\/p>\n\n\n\n<p>Tambi\u00e9n alberga el \u00abDucato di Piazza Pontida\u00bb, una asociaci\u00f3n goli\u00e1rdica que mantiene viva la cultura, el arte y el folclore bergamascos desde principios del siglo XX.<\/p>\n\n\n\n<div class=\"wp-block-group is-vertical is-layout-flex wp-container-core-group-is-layout-40 wp-block-group-is-layout-flex\" style=\"padding-top:0;padding-right:0;padding-bottom:var(--wp--preset--spacing--30);padding-left:0\">\n<figure class=\"wp-block-image size-full is-resized\"><img loading=\"lazy\" decoding=\"async\" width=\"72\" height=\"128\" src=\"https:\/\/itinerari.visitbergamo.net\/wp-content\/uploads\/2024\/01\/2_19_Borgo-S.-Leonardo.png\" alt=\"\" class=\"wp-image-517\" style=\"width:36px;height:64px\"\/><\/figure>\n\n\n\n<p><strong>BORGO SAN LEONARDO<\/strong><\/p>\n<\/div>\n\n\n<!--blockstudio\/blockstudio\/tasto--><a class=\"tasto\" style=\"background-color: rgb(225,7,23)\" href=\"https:\/\/www.visitbergamo.net\/es\/object-details\/3011-borgo-san-leonardo\/\" target=\"_blank\"><i class=\"fa-solid fa-up-right-from-square\"><\/i> M\u00e1s informaci\u00f3n<\/a>\n\n<!--blockstudio\/blockstudio\/tasto--><a class=\"tasto\" style=\"background-color: rgb(225,7,23)\" href=\"https:\/\/maps.app.goo.gl\/T6ehQiuwKKCLNhBn9\" target=\"_blank\"><i class=\"fa-solid fa-location-pin\"><\/i> Abrir en Mapas<\/a>\n\n\n<div style=\"height:25px\" aria-hidden=\"true\" class=\"wp-block-spacer\"><\/div>\n\n\n\n<div class=\"wp-block-group is-vertical is-layout-flex wp-container-core-group-is-layout-41 wp-block-group-is-layout-flex\" style=\"padding-top:0;padding-right:0;padding-bottom:var(--wp--preset--spacing--30);padding-left:0\">\n<figure class=\"wp-block-image size-full is-resized\"><img loading=\"lazy\" decoding=\"async\" width=\"236\" height=\"110\" src=\"https:\/\/itinerari.visitbergamo.net\/wp-content\/uploads\/2024\/01\/2_18_Piazza-Pontida.png\" alt=\"\" class=\"wp-image-511\" style=\"width:118px;height:55px\"\/><\/figure>\n\n\n\n<p><strong>PIAZZA PONTIDA<\/strong><\/p>\n<\/div>\n\n\n<!--blockstudio\/blockstudio\/tasto--><a class=\"tasto\" style=\"background-color: rgb(225,7,23)\" href=\"https:\/\/www.visitbergamo.net\/es\/object-details\/10446-piazza-pontida\/\" target=\"_blank\"><i class=\"fa-solid fa-up-right-from-square\"><\/i> M\u00e1s informaci\u00f3n<\/a>\n\n<!--blockstudio\/blockstudio\/tasto--><a class=\"tasto\" style=\"background-color: rgb(225,7,23)\" href=\"https:\/\/maps.app.goo.gl\/4xPMM3J1dRtmtuKu5\" target=\"_blank\"><i class=\"fa-solid fa-location-pin\"><\/i> Abrir en Mapas<\/a>\n\n\n<div style=\"height:30px\" aria-hidden=\"true\" class=\"wp-block-spacer\"><\/div>\n\n\n\n<p>El itinerario le llevar\u00e1 despu\u00e9s a Via Sant&#8217;Alessandro, todo recto durante unos 270 metros, donde encontrar\u00e1 la antigua <strong>Chiesa S. Alessandro in Colonna<\/strong> (punto 17).<\/p>\n\n\n\n<figure class=\"wp-block-image size-full is-resized\"><img loading=\"lazy\" decoding=\"async\" width=\"165\" height=\"63\" src=\"https:\/\/itinerari.visitbergamo.net\/wp-content\/uploads\/2023\/04\/civicoMuseoArcheologico.png\" alt=\"\" class=\"wp-image-63\" style=\"width:104px;height:41px\"\/><\/figure>\n\n\n\n<div class=\"wp-block-group is-vertical is-layout-flex wp-container-core-group-is-layout-42 wp-block-group-is-layout-flex\" style=\"padding-top:0;padding-right:0;padding-bottom:var(--wp--preset--spacing--30);padding-left:0\">\n<p><strong>CHIESA S. ALESSANDRO IN COLONNA<\/strong><\/p>\n<\/div>\n\n\n<!--blockstudio\/blockstudio\/tasto--><a class=\"tasto\" style=\"background-color: rgb(225,7,23)\" href=\"https:\/\/www.visitbergamo.net\/es\/object-details\/3024-chiesa-di-sant-alessandro-in-colonna\/\" target=\"_blank\"><i class=\"fa-solid fa-up-right-from-square\"><\/i> M\u00e1s informaci\u00f3n<\/a>\n\n<!--blockstudio\/blockstudio\/tasto--><a class=\"tasto\" style=\"background-color: rgb(225,7,23)\" href=\"https:\/\/maps.app.goo.gl\/GSzq2PwnAL6wyhKT6\" target=\"_blank\"><i class=\"fa-solid fa-location-pin\"><\/i> Abrir en Mapas<\/a>\n\n\n<div style=\"height:30px\" aria-hidden=\"true\" class=\"wp-block-spacer\"><\/div>\n\n\n\n<p>Si sigue el itinerario en direcci\u00f3n contraria, \u00a1casi habr\u00e1 terminado su paseo!<\/p>\n\n\n\n<p>Para volver al punto de partida, los <strong>Propilei di Porta Nuova<\/strong> (punto 1) y cerrar as\u00ed el bucle del recorrido, cruce la calle a la derecha de la se\u00f1al. A lo largo de Via Quarenghi alta y Via Spaventa hay numerosas tiendas y curiosidades por descubrir.<\/p>\n\n\n\n<figure class=\"wp-block-image size-full is-resized\"><img loading=\"lazy\" decoding=\"async\" width=\"165\" height=\"63\" src=\"https:\/\/itinerari.visitbergamo.net\/wp-content\/uploads\/2023\/04\/civicoMuseoArcheologico.png\" alt=\"\" class=\"wp-image-63\" style=\"width:104px;height:41px\"\/><\/figure>\n\n\n\n<div class=\"wp-block-group is-vertical is-layout-flex wp-container-core-group-is-layout-43 wp-block-group-is-layout-flex\" style=\"padding-top:0;padding-right:0;padding-bottom:var(--wp--preset--spacing--30);padding-left:0\">\n<p><strong>PROPILEI DI PORTA NUOVA<\/strong><\/p>\n<\/div>\n\n\n<!--blockstudio\/blockstudio\/tasto--><a class=\"tasto\" style=\"background-color: rgb(225,7,23)\" href=\"https:\/\/www.visitbergamo.net\/es\/object-details\/15-porta-nuova\/\" target=\"_blank\"><i class=\"fa-solid fa-up-right-from-square\"><\/i> M\u00e1s informaci\u00f3n<\/a>\n\n<!--blockstudio\/blockstudio\/tasto--><a class=\"tasto\" style=\"background-color: rgb(225,7,23)\" href=\"https:\/\/maps.app.goo.gl\/HZWBvdPdSpudSo6NA\" target=\"_blank\"><i class=\"fa-solid fa-location-pin\"><\/i> Abrir en Mapas<\/a>\n<\/div>\n        <\/div>\n    <\/div>\n\n    <br \/><br \/><br \/><br \/><br \/>\n\n    <div style=\"position: absolute; bottom: 0px; left: 0px; width: 100%; height: 100px; background-color: rgb(242,152,123); opacity: .2;\"><\/div>\n    \n<\/section>\n\n<style>\n    a.tasto{\n        color: rgb(255,255,255) !important;\n    }\n<\/style>\n\n<!--blockstudio\/blockstudio\/atterraggio-qr-code--><section class=\"atterraggio my-5 position-relative\">\n\n    <div class=\"ancora\" id=\"cartelloc03\"><\/div>\n\n    <div class=\"landingContainer p-3 pb-5\">\n        <div class=\"sideBar\">\n            <div class=\"line\" style=\"background-color: rgb(225,7,23)\"><\/div>\n            <div class=\"numero\" style=\"background-color: rgb(225,7,23)\" onclick=\"loadAudio('https:\/\/itinerari.visitbergamo.net\/wp-content\/uploads\/2024\/12\/Cuore-Bassa-ESP-Via-Quarenghi-Jaime.mp3');\">\n                <i class=\"fa-solid fa-volume-high\" style=\"color: rgb(255,255,255)\"><\/i>\n            <\/div>\n            <div class=\"closingBall\" style=\"background-color: rgb(225,7,23)\"><\/div>\n        <\/div>\n        <div class=\"contenuto mb-3\">\n            \n            <div class=\"mt-1 d-inline-block mb-3\" onclick=\"loadAudio('https:\/\/itinerari.visitbergamo.net\/wp-content\/uploads\/2024\/12\/Cuore-Bassa-ESP-Via-Quarenghi-Jaime.mp3');\" style=\"cursor: pointer; text-decoration: none;\">\n                <div class=\"label\" style=\"color: rgb(165,25,22)\">\n                    ESCUCHA LA <b>AUDIO GU\u00cdA<\/b>                <\/div>\n            <\/div>\n\n            <h3 class=\"landingTitolo mb-2\">\n            PARADA: Via Quarenghi            <\/h3>\n            <div class=\"menuTitolo\">\n                <b>PARADA:<\/b> Via Quarenghi            <\/div>\n                        <div >\n\n<p>Se encuentra en la intersecci\u00f3n de Via Quarenghi y Via Spaventa, en ese <strong>Borgo San Leonardo<\/strong> (punto 21) que encarna a la perfecci\u00f3n el alma comercial y creativa de B\u00e9rgamo desde hace siglos. Situado aproximadamente en la zona comprendida entre via Zambonate y via Palma il Vecchio, te sorprender\u00e1 con sus tiendas, bistr\u00f3s y restaurantes, por no hablar de los numerosos eventos que lo animan cada a\u00f1o.<\/p>\n\n\n\n<div class=\"wp-block-group is-vertical is-layout-flex wp-container-core-group-is-layout-44 wp-block-group-is-layout-flex\" style=\"padding-top:0;padding-right:0;padding-bottom:var(--wp--preset--spacing--30);padding-left:0\">\n<figure class=\"wp-block-image size-full is-resized\"><img loading=\"lazy\" decoding=\"async\" width=\"72\" height=\"128\" src=\"https:\/\/itinerari.visitbergamo.net\/wp-content\/uploads\/2024\/01\/2_19_Borgo-S.-Leonardo.png\" alt=\"\" class=\"wp-image-517\" style=\"width:36px;height:64px\"\/><\/figure>\n\n\n\n<p><strong>BORGO SAN LEONARDO<\/strong><\/p>\n<\/div>\n\n\n<!--blockstudio\/blockstudio\/tasto--><a class=\"tasto\" style=\"background-color: rgb(225,7,23)\" href=\"https:\/\/www.visitbergamo.net\/es\/object-details\/3011-borgo-san-leonardo\/\" target=\"_blank\"><i class=\"fa-solid fa-up-right-from-square\"><\/i> M\u00e1s informaci\u00f3n<\/a>\n\n<!--blockstudio\/blockstudio\/tasto--><a class=\"tasto\" style=\"background-color: rgb(225,7,23)\" href=\"https:\/\/maps.app.goo.gl\/T6ehQiuwKKCLNhBn9\" target=\"_blank\"><i class=\"fa-solid fa-location-pin\"><\/i> Abrir en Mapas<\/a>\n\n\n<div style=\"height:30px\" aria-hidden=\"true\" class=\"wp-block-spacer\"><\/div>\n\n\n\n<p>Si sigue la ruta en la direcci\u00f3n recomendada y llega as\u00ed desde Piazza Pontida, para continuar gire a la izquierda y tome via Spaventa. En el cruce con el sem\u00e1foro, cruce la calle a la derecha para llegar a via Tiraboschi y contin\u00fae recto. En unos 500 metros estar\u00e1 de nuevo en el punto de partida, los <strong>Propilei di Porta Nuova<\/strong> (punto 1), el principal cruce de B\u00e9rgamo construido en una antigua entrada de las murallas medievales. Habr\u00e1 concluido as\u00ed el Coraz\u00f3n de la Ciudad Baja.<\/p>\n\n\n\n<figure class=\"wp-block-image size-full is-resized\"><img loading=\"lazy\" decoding=\"async\" width=\"189\" height=\"89\" src=\"https:\/\/itinerari.visitbergamo.net\/wp-content\/uploads\/2024\/01\/2_01_Propilei-di-Porta-Nuova.png\" alt=\"\" class=\"wp-image-541\" style=\"width:95px;height:45px\"\/><\/figure>\n\n\n\n<div class=\"wp-block-group is-vertical is-layout-flex wp-container-core-group-is-layout-45 wp-block-group-is-layout-flex\" style=\"padding-top:0;padding-right:0;padding-bottom:var(--wp--preset--spacing--30);padding-left:0\">\n<p><strong>PROPILEI DI PORTA NUOVA<\/strong><\/p>\n<\/div>\n\n\n<!--blockstudio\/blockstudio\/tasto--><a class=\"tasto\" style=\"background-color: rgb(225,7,23)\" href=\"https:\/\/www.visitbergamo.net\/es\/object-details\/15-porta-nuova\/\" target=\"_blank\"><i class=\"fa-solid fa-up-right-from-square\"><\/i> M\u00e1s informaci\u00f3n<\/a>\n\n<!--blockstudio\/blockstudio\/tasto--><a class=\"tasto\" style=\"background-color: rgb(225,7,23)\" href=\"https:\/\/maps.app.goo.gl\/HZWBvdPdSpudSo6NA\" target=\"_blank\"><i class=\"fa-solid fa-location-pin\"><\/i> Abrir en Mapas<\/a>\n\n\n<div style=\"height:30px\" aria-hidden=\"true\" class=\"wp-block-spacer\"><\/div>\n\n\n\n<p>Si, por el contrario, sigue el itinerario en sentido contrario y llega desde Porta Nuova, para continuar gire a la derecha y entre en Borgo San Leonardo. Pronto llegar\u00e1 a Largo Cinque Vie y <strong>Piazza Pontida<\/strong> (punto 20), a 350 metros de la se\u00f1al. Con su historia, su arquitectura y sus numerosos bares y restaurantes, este lugar de encuentro no dejar\u00e1 de sorprenderle&#8230; \u00a1y se quedar\u00e1 a tomar un aperitivo y de compras!<\/p>\n\n\n\n<figure class=\"wp-block-image size-full is-resized\"><img loading=\"lazy\" decoding=\"async\" width=\"236\" height=\"110\" src=\"https:\/\/itinerari.visitbergamo.net\/wp-content\/uploads\/2024\/01\/2_18_Piazza-Pontida.png\" alt=\"\" class=\"wp-image-511\" style=\"width:118px;height:55px\"\/><\/figure>\n\n\n\n<div class=\"wp-block-group is-vertical is-layout-flex wp-container-core-group-is-layout-46 wp-block-group-is-layout-flex\" style=\"padding-top:0;padding-right:0;padding-bottom:var(--wp--preset--spacing--30);padding-left:0\">\n<p><strong>PIAZZA PONTIDA<\/strong><\/p>\n<\/div>\n\n\n<!--blockstudio\/blockstudio\/tasto--><a class=\"tasto\" style=\"background-color: rgb(225,7,23)\" href=\"https:\/\/www.visitbergamo.net\/es\/object-details\/10446-piazza-pontida\/\" target=\"_blank\"><i class=\"fa-solid fa-up-right-from-square\"><\/i> M\u00e1s informaci\u00f3n<\/a>\n\n<!--blockstudio\/blockstudio\/tasto--><a class=\"tasto\" style=\"background-color: rgb(225,7,23)\" href=\"https:\/\/maps.app.goo.gl\/4xPMM3J1dRtmtuKu5\" target=\"_blank\"><i class=\"fa-solid fa-location-pin\"><\/i> Abrir en Mapas<\/a>\n<\/div>\n        <\/div>\n    <\/div>\n\n    <br \/><br \/><br \/><br \/><br \/>\n\n    <div style=\"position: absolute; bottom: 0px; left: 0px; width: 100%; height: 100px; background-color: rgb(242,152,123); opacity: .2;\"><\/div>\n    \n<\/section>\n\n<style>\n    a.tasto{\n        color: rgb(255,255,255) !important;\n    }\n<\/style>\n\n<!--blockstudio\/blockstudio\/atterraggio-qr-code--><section class=\"atterraggio my-5 position-relative\">\n\n    <div class=\"ancora\" id=\"cartelloc02\"><\/div>\n\n    <div class=\"landingContainer p-3 pb-5\">\n        <div class=\"sideBar\">\n            <div class=\"line\" style=\"background-color: rgb(225,7,23)\"><\/div>\n            <div class=\"numero\" style=\"background-color: rgb(225,7,23)\" onclick=\"loadAudio('https:\/\/itinerari.visitbergamo.net\/wp-content\/uploads\/2024\/12\/Cuore-Bassa-ESP-Via-Paglia-Jaime.mp3');\">\n                <i class=\"fa-solid fa-volume-high\" style=\"color: rgb(255,255,255)\"><\/i>\n            <\/div>\n            <div class=\"closingBall\" style=\"background-color: rgb(225,7,23)\"><\/div>\n        <\/div>\n        <div class=\"contenuto mb-3\">\n            \n            <div class=\"mt-1 d-inline-block mb-3\" onclick=\"loadAudio('https:\/\/itinerari.visitbergamo.net\/wp-content\/uploads\/2024\/12\/Cuore-Bassa-ESP-Via-Paglia-Jaime.mp3');\" style=\"cursor: pointer; text-decoration: none;\">\n                <div class=\"label\" style=\"color: rgb(165,25,22)\">\n                    ESCUCHA LA <b>AUDIO GU\u00cdA<\/b>                <\/div>\n            <\/div>\n\n            <h3 class=\"landingTitolo mb-2\">\n            PARADA: Via Paglia            <\/h3>\n            <div class=\"menuTitolo\">\n                <b>PARADA:<\/b> Via Paglia            <\/div>\n                        <div >\n\n<p>Se encuentra usted en el cruce de Via Tiraboschi, Via Paglia, Via Spaventa y Via Zambonate, un animado centro neur\u00e1lgico que parece reflejar el famoso cruce de <strong>Borgo San Leonardo <\/strong>(punto 21), Largo Cinque Vie. El barrio, de origen antiguo, es una extensa zona comercial que llega hasta Via Palma il vecchio: el itinerario recorre parte de \u00e9l, \u00a1para darle muchas ideas para futuros paseos!<\/p>\n\n\n\n<div class=\"wp-block-group is-vertical is-layout-flex wp-container-core-group-is-layout-47 wp-block-group-is-layout-flex\" style=\"padding-top:0;padding-right:0;padding-bottom:var(--wp--preset--spacing--30);padding-left:0\">\n<figure class=\"wp-block-image size-full is-resized\"><img loading=\"lazy\" decoding=\"async\" width=\"72\" height=\"128\" src=\"https:\/\/itinerari.visitbergamo.net\/wp-content\/uploads\/2024\/01\/2_19_Borgo-S.-Leonardo.png\" alt=\"\" class=\"wp-image-517\" style=\"width:36px;height:64px\"\/><\/figure>\n\n\n\n<p><strong>BORGO SAN LEONARDO<\/strong><\/p>\n<\/div>\n\n\n<!--blockstudio\/blockstudio\/tasto--><a class=\"tasto\" style=\"background-color: rgb(225,7,23)\" href=\"https:\/\/www.visitbergamo.net\/es\/object-details\/3011-borgo-san-leonardo\/\" target=\"_blank\"><i class=\"fa-solid fa-up-right-from-square\"><\/i> M\u00e1s informaci\u00f3n<\/a>\n\n<!--blockstudio\/blockstudio\/tasto--><a class=\"tasto\" style=\"background-color: rgb(225,7,23)\" href=\"https:\/\/maps.app.goo.gl\/T6ehQiuwKKCLNhBn9\" target=\"_blank\"><i class=\"fa-solid fa-location-pin\"><\/i> Abrir en Mapas<\/a>\n\n\n<div style=\"height:30px\" aria-hidden=\"true\" class=\"wp-block-spacer\"><\/div>\n\n\n\n<p>Si ya la ha visitado y desea concluir el itinerario, gire a la derecha y recorra via Tiraboschi. Se trata de una calle moderna, pero no carente de edificios de inter\u00e9s, como el palacio del n\u00famero 27 -un importante ejemplo de fachada neocl\u00e1sica del siglo XIX- y el Palazzo degli Uffici Comunali, en el lado opuesto de la calle.<\/p>\n\n\n\n<p>Despu\u00e9s de unos 300 metros habr\u00e1 llegado a los <strong>Propilei di Porta Nuova<\/strong> (punto 1) y habr\u00e1 concluido el Coraz\u00f3n de la Ciudad Baja. \u00a1Enhorabuena!<\/p>\n\n\n\n<figure class=\"wp-block-image size-full is-resized\"><img loading=\"lazy\" decoding=\"async\" width=\"189\" height=\"89\" src=\"https:\/\/itinerari.visitbergamo.net\/wp-content\/uploads\/2024\/01\/2_01_Propilei-di-Porta-Nuova.png\" alt=\"\" class=\"wp-image-541\" style=\"width:95px;height:45px\"\/><\/figure>\n\n\n\n<div class=\"wp-block-group is-vertical is-layout-flex wp-container-core-group-is-layout-48 wp-block-group-is-layout-flex\" style=\"padding-top:0;padding-right:0;padding-bottom:var(--wp--preset--spacing--30);padding-left:0\">\n<p><strong>PROPILEI DI PORTA NUOVA<\/strong><\/p>\n<\/div>\n\n\n<!--blockstudio\/blockstudio\/tasto--><a class=\"tasto\" style=\"background-color: rgb(225,7,23)\" href=\"https:\/\/www.visitbergamo.net\/es\/object-details\/15-porta-nuova\/\" target=\"_blank\"><i class=\"fa-solid fa-up-right-from-square\"><\/i> M\u00e1s informaci\u00f3n<\/a>\n\n<!--blockstudio\/blockstudio\/tasto--><a class=\"tasto\" style=\"background-color: rgb(225,7,23)\" href=\"https:\/\/maps.app.goo.gl\/HZWBvdPdSpudSo6NA\" target=\"_blank\"><i class=\"fa-solid fa-location-pin\"><\/i> Abrir en Mapas<\/a>\n\n\n<div style=\"height:30px\" aria-hidden=\"true\" class=\"wp-block-spacer\"><\/div>\n\n\n\n<p>Si, en cambio, sigue la ruta en sentido contrario, para descubrir Borgo San Leonardo cruce las calles situadas detr\u00e1s de la se\u00f1al y gire a la izquierda por Via Spaventa.<\/p>\n\n\n\n<p>Tras unos 230 metros entre edificios modernos y tiendas, llegar\u00e1 a via Quarenghi alta y entrar\u00e1 en la parte m\u00e1s hist\u00f3rica del barrio.<\/p>\n\n<\/div>\n        <\/div>\n    <\/div>\n\n    <br \/><br \/><br \/><br \/><br \/>\n\n    <div style=\"position: absolute; bottom: 0px; left: 0px; width: 100%; height: 100px; background-color: rgb(242,152,123); opacity: .2;\"><\/div>\n    \n<\/section>\n\n<style>\n    a.tasto{\n        color: rgb(255,255,255) !important;\n    }\n<\/style>\n<\/div>\n\t\t\t\t<\/div>\n\t\t\t<\/div>\n\n\t\t<\/div>\n\n\t<\/div>\n\n<\/div>\n\n\n<div class=\"mappa\">\n\t<iframe loading=\"lazy\" src=\"https:\/\/www.google.com\/maps\/d\/embed?mid=17zixMj7wHKFIaZbIbeuURKdCk-OssVQ&#038;ehbc=2E312F\" width=\"100%\" height=\"100%\"><\/iframe>\n\n\t\n\t<div class=\"tasto chiudiMappa\" onclick=\"$('.mappa').removeClass('open');\" style=\"background-color: rgb(225,7,23)\">Cierra el mapa<\/div>\n<\/div>\n\n\n\n\n\n<div class=\"audioPlayer\">\n\t<div class=\"closePlayer\" onclick=\"removeAudioPLayer()\">\n\t\t<i class=\"fa-solid fa-xmark\"><\/i>\n\t<\/div>\n\t<audio controls id=\"audio\">\n\t\t<source id=\"audioSrc\" src=\"horse.mp3\" type=\"audio\/mpeg\">\n\t<\/audio>\n<\/div>\n\n<script type=\"text\/javascript\">\n\t$(document).ready(function() {\n\t\twindow.onpopstate = function(event) {\n\t\t\tdocument.querySelector('.mappa').classList.remove('open');\n\t\t}\n\t})\n<\/script>","protected":false},"excerpt":{"rendered":"","protected":false},"author":1,"featured_media":3049,"parent":0,"menu_order":0,"comment_status":"closed","ping_status":"closed","template":"","meta":{"footnotes":""},"class_list":["post-1191","page","type-page","status-publish","has-post-thumbnail","hentry"],"acf":[],"_links":{"self":[{"href":"https:\/\/itinerari.visitbergamo.net\/es\/wp-json\/wp\/v2\/pages\/1191","targetHints":{"allow":["GET"]}}],"collection":[{"href":"https:\/\/itinerari.visitbergamo.net\/es\/wp-json\/wp\/v2\/pages"}],"about":[{"href":"https:\/\/itinerari.visitbergamo.net\/es\/wp-json\/wp\/v2\/types\/page"}],"author":[{"embeddable":true,"href":"https:\/\/itinerari.visitbergamo.net\/es\/wp-json\/wp\/v2\/users\/1"}],"replies":[{"embeddable":true,"href":"https:\/\/itinerari.visitbergamo.net\/es\/wp-json\/wp\/v2\/comments?post=1191"}],"version-history":[{"count":0,"href":"https:\/\/itinerari.visitbergamo.net\/es\/wp-json\/wp\/v2\/pages\/1191\/revisions"}],"wp:featuredmedia":[{"embeddable":true,"href":"https:\/\/itinerari.visitbergamo.net\/es\/wp-json\/wp\/v2\/media\/3049"}],"wp:attachment":[{"href":"https:\/\/itinerari.visitbergamo.net\/es\/wp-json\/wp\/v2\/media?parent=1191"}],"curies":[{"name":"wp","href":"https:\/\/api.w.org\/{rel}","templated":true}]}}