{"id":1165,"date":"2023-04-13T17:24:07","date_gmt":"2023-04-13T15:24:07","guid":{"rendered":"https:\/\/itinerari.visitbergamo.net\/la-citta-verde\/"},"modified":"2025-07-15T07:00:02","modified_gmt":"2025-07-15T05:00:02","slug":"die-grune-stadt","status":"publish","type":"page","link":"https:\/\/itinerari.visitbergamo.net\/de\/die-grune-stadt\/","title":{"rendered":"Die gr\u00fcne Stadt"},"content":{"rendered":"<!--blockstudio\/blockstudio\/itinerario-->\n<div class=\"paginaItinerario\">\n\n\t<div class=\"bgBanner\" style=\"background-color: rgb(176,211,152); opacity: .2; position: fixed;\"><\/div>\n\n\n\t<div class=\"container-fluid position-relative banner p-0 toHide\">\n\n\t\t<div class=\"bgBanner\" style=\"background-color: #fff; opacity: 1 !important;\"><\/div>\n\n\t\t<img decoding=\"async\" class=\"bgmmagine\" src=\"https:\/\/itinerari.visitbergamo.net\/wp-content\/uploads\/2023\/04\/bgMap2.jpg\" \/>\n\n\t\t<div class=\"fasciaTitIti\">\n\t\t\t<div class=\"bgBanner\" style=\"background-color: rgb(176,211,152); opacity: 1;\"><\/div>\n\t\t\t<div class=\"container position-relative h-100\">\n\n\t\t\t\t<div class=\"row h-100\">\n\n\t\t\t\t\t<div class=\"col-auto my-auto\">\n\t\t\t\t\t\t<div class=\"numero\" style=\"background-color: rgb(57,168,53)\">\n\t\t\t\t\t\t\t<div class=\"nInBall\" style=\"color: rgb(255,255,255)\">3<\/div>\n\t\t\t\t\t\t\t<div class=\"titInBall\" style=\"color: rgb(255,255,255)\">REISEROUTE<\/div>\n\t\t\t\t\t\t<\/div>\n\t\t\t\t\t<\/div>\n\t\t\t\t\t<div class=\"col-auto px-0 position-relative\">\n\t\t\t\t\t\t<img decoding=\"async\" class=\"percorso\" src=\"\" \/>\n\t\t\t\t\t\t<div class=\"titoloIti\">Die gr\u00fcne<br \/>\r\nStadt<\/div>\n\t\t\t\t\t<\/div>\n\n\t\t\t\t<\/div>\n\n\t\t\t<\/div>\n\t\t<\/div>\n\n\t\t<div class=\"fasciaMisure\">\n\t\t\t<div class=\"container position-relative h-100\">\n\n\t\t\t\t<div class=\"row h-100\">\n\n\t\t\t\t\t<div class=\"col-12 py-4\">\n\t\t\t\t\t\t<b><i class=\"fa-solid fa-arrow-right\" style=\"color: rgb(4,119,52);\"><\/i> 5,4 km<\/b> L\u00e4nge\t\t\t\t\t\t<br \/>\n\t\t\t\t\t\t<b><i class=\"fa-regular fa-clock\" style=\"color: rgb(4,119,52);\"><\/i> 1:50 h<\/b> Begriff\t\t\t\t\t\t<br \/>\n\t\t\t\t\t\t<div class=\"tasto tastoMappa mt-2\" style=\"cursor: pointer; background-color: rgb(57,168,53); color: rgb(255,255,255) !important;\" onclick=\"history.pushState({}, '', '?map=start'); $('.mappa').addClass('open');\"><i class=\"fa-solid fa-location-pin\"><\/i> Karte \u00f6ffnen<\/div>\n\t\t\t\t\t\t<br \/>\n\t\t\t\t\t\t\t\t\t\t\t<\/div>\n\n\t\t\t\t<\/div>\n\n\t\t\t<\/div>\n\t\t<\/div>\n\n\t\t<!-- <div class=\"spacer\"><\/div> -->\n\n\n\t<\/div>\n\n\t<div class=\"container-fluid position-relative banner p-0 scrolled toShow\">\n\n\t\t<div class=\"bgBanner\" style=\"background-color: #fff; opacity: 1 !important;\"><\/div>\n\n\t\t<img decoding=\"async\" class=\"bgmmagine\" src=\"https:\/\/itinerari.visitbergamo.net\/wp-content\/uploads\/2023\/04\/bgMap2.jpg\" \/>\n\n\t\t<div class=\"fasciaTitIti\">\n\t\t\t<div class=\"bgBanner\" style=\"background-color: rgb(176,211,152); opacity: 1;\"><\/div>\n\t\t\t<div class=\"container position-relative h-100\">\n\n\t\t\t\t<div class=\"row h-100\">\n\n\t\t\t\t\t<div class=\"col-auto my-auto\">\n\t\t\t\t\t\t<div class=\"numero\" style=\"background-color: rgb(57,168,53)\">\n\t\t\t\t\t\t\t<div class=\"nInBall\" style=\"color: rgb(255,255,255)\">3<\/div>\n\t\t\t\t\t\t\t<div class=\"titInBall\" style=\"color: rgb(255,255,255)\">REISEROUTE<\/div>\n\t\t\t\t\t\t<\/div>\n\t\t\t\t\t<\/div>\n\t\t\t\t\t<div class=\"col-auto px-0 position-relative\">\n\t\t\t\t\t\t<img decoding=\"async\" class=\"percorso\" src=\"\" \/>\n\t\t\t\t\t\t<div class=\"titoloIti\">Die gr\u00fcne<br \/>\r\nStadt<\/div>\n\t\t\t\t\t<\/div>\n\n\t\t\t\t<\/div>\n\n\t\t\t<\/div>\n\t\t<\/div>\n\n\t\t<div class=\"fasciaMisure\">\n\t\t\t<div class=\"container position-relative h-100\">\n\n\t\t\t\t<div class=\"row h-100\">\n\n\t\t\t\t\t<div class=\"col-12 py-2 distTime\">\n\t\t\t\t\t\t<b><i class=\"fa-solid fa-arrow-right\" style=\"color: rgb(4,119,52);\"><\/i> 5,4 km<\/b> L\u00e4nge\t\t\t\t\t\t<br \/>\n\t\t\t\t\t\t<b><i class=\"fa-regular fa-clock\" style=\"color: rgb(4,119,52);\"><\/i> 1:50 h<\/b> Begriff\t\t\t\t\t\t<br \/>\n\t\t\t\t\t\t<div class=\"tasto tastoMappa mt-2\" style=\"cursor: pointer; background-color: rgb(57,168,53); color: rgb(255,255,255) !important;\" onclick=\"history.pushState({}, '', '?map=start'); $('.mappa').addClass('open');\"><i class=\"fa-solid fa-location-pin\"><\/i> Karte \u00f6ffnen<\/div>\n\t\t\t\t\t\t<br \/>\n\t\t\t\t\t\t\t\t\t\t\t<\/div>\n\n\t\t\t\t<\/div>\n\n\t\t\t<\/div>\n\t\t<\/div>\n\n\t\t<!-- <div class=\"spacer\"><\/div> -->\n\n\n\t<\/div>\n\n\t<div class=\"container position-relative\">\n\n\t\t<div class=\"row justify-content-center\">\n\n\t\t\t<div class=\"col-4 col-lg-3 d-none d-md-block pt-5 pe-0\">\n\t\t\t\t<div class=\"itiNav p-3 p-lg-4\" style=\"background-color: rgb(57,168,53)\"><\/div>\n\t\t\t\t<!-- <div class=\"yt_video\" data-video-link=\"\" data-video-label=\"\" data-color=\"\"><\/div> -->\n\t\t\t\t<style>\n\t\t\t\t\t.itiNav .linkAncora {\n\t\t\t\t\t\tbackground-color: transparent;\n\t\t\t\t\t\tcolor: rgb(255,255,255) !important;\n\t\t\t\t\t}\n\t\t\t\t<\/style>\n\t\t\t<\/div>\n\n\t\t\t<div class=\"col-12 col-md-8 col-lg-6 ps-2 ps-md-0\">\n\t\t\t\t<div class=\"itiContent\">\n\t\t\t\t\t<div >\n<!--blockstudio\/blockstudio\/atterraggio-qr-code--><section class=\"atterraggio my-5 position-relative\">\n\n    <div class=\"ancora\" id=\"cartellov07\"><\/div>\n\n    <div class=\"landingContainer p-3 pb-5\">\n        <div class=\"sideBar\">\n            <div class=\"line\" style=\"background-color: rgb(57,168,53)\"><\/div>\n            <div class=\"numero\" style=\"background-color: rgb(57,168,53)\" onclick=\"loadAudio('https:\/\/itinerari.visitbergamo.net\/wp-content\/uploads\/2024\/01\/s29-Tappa-Porta-SanAlessandro.mp3');\">\n                <i class=\"fa-solid fa-volume-high\" style=\"color: rgb(255,255,255)\"><\/i>\n            <\/div>\n            <div class=\"closingBall\" style=\"background-color: rgb(57,168,53)\"><\/div>\n        <\/div>\n        <div class=\"contenuto mb-3\">\n            \n            <div class=\"mt-1 d-inline-block mb-3\" onclick=\"loadAudio('https:\/\/itinerari.visitbergamo.net\/wp-content\/uploads\/2024\/01\/s29-Tappa-Porta-SanAlessandro.mp3');\" style=\"cursor: pointer; text-decoration: none;\">\n                <div class=\"label\" style=\"color: rgb(4,119,52)\">\n                    DEN <b>AUDIOGUIDE<\/b> ANH\u00d6REN                <\/div>\n            <\/div>\n\n            <h3 class=\"landingTitolo mb-2\">\n            ETAPPE: Largo di Porta S. Alessandro            <\/h3>\n            <div class=\"menuTitolo\">\n                <b>ETAPPE:<\/b> Largo di Porta S. Alessandro            <\/div>\n                        <div >\n\n<p>Willkommen in der Green City, der Route, die die naturnahe Seite Bergamos in einem spannenden Rundweg enth\u00fcllt, auf dem Sie atemberaubende Ausblicke, historische Sch\u00f6nheiten und fast geheime Orte wie die mittelalterlichen Treppen entdecken k\u00f6nnen.Sie befinden sich an der <strong>Porta Sant&#8217;Alessandro<\/strong> (Punkt 16), einem der Eing\u00e4nge zu Bergamo Alta (Oberstadt von Bergamo). Dieser monumentale Eingang wurde in der zweiten H\u00e4lfte des 16. Jahrhunderts erbaut und ist nach Westen ausgerichtet.<\/p>\n\n\n\n<div class=\"wp-block-group is-vertical is-layout-flex wp-container-core-group-is-layout-1 wp-block-group-is-layout-flex\" style=\"padding-top:0;padding-right:0;padding-bottom:var(--wp--preset--spacing--30);padding-left:0\">\n<figure class=\"wp-block-image size-full is-resized\"><img loading=\"lazy\" decoding=\"async\" width=\"134\" height=\"82\" src=\"https:\/\/itinerari.visitbergamo.net\/wp-content\/uploads\/2024\/01\/3_Porta-San-Alessandro.png\" alt=\"\" class=\"wp-image-859\" style=\"width:67px\"\/><\/figure>\n\n\n\n<p><strong>PORTA SANT&#8217;ALESSANDRO<\/strong><\/p>\n<\/div>\n\n\n<!--blockstudio\/blockstudio\/tasto--><a class=\"tasto\" style=\"background-color: rgb(57,168,53)\" href=\"https:\/\/www.visitbergamo.net\/de\/oggetto\/porta-santalessandro\/?_gl=1*10duk5y*_up*MQ..*_ga*NTM1MjU3NjIwLjE3NDkwMjUxMDA.*_ga_S3VC5W948H*czE3NDkwMjUwOTkkbzEkZzAkdDE3NDkwMjUwOTkkajYwJGwwJGgw\" target=\"_blank\"><i class=\"fa-solid fa-up-right-from-square\"><\/i> Mehr lesen<\/a>\n\n<!--blockstudio\/blockstudio\/tasto--><a class=\"tasto\" style=\"background-color: rgb(57,168,53)\" href=\"https:\/\/maps.app.goo.gl\/kwP3foMmg6eDi6PG9\" target=\"_blank\"><i class=\"fa-solid fa-location-pin\"><\/i> In Karten \u00f6ffnen<\/a>\n\n\n<div style=\"height:30px\" aria-hidden=\"true\" class=\"wp-block-spacer\"><\/div>\n\n\n\n<p>Es gibt zwei M\u00f6glichkeiten, die Route zu beginnen: Entweder Sie fahren mit der malerischen Standseilbahn nach San Vigilio oder Sie gehen auf einer ebenso faszinierenden Stra\u00dfe hinauf. Wenn Sie sich f\u00fcr Ersteres entscheiden, gehen Sie in Richtung Porta Sant&#8217;Alessandro und erreichen die Standseilbahnstation San Vigilio, die nur 70 Meter vom Hinweisschild entfernt ist; die Fahrt dauert etwa eine Minute. Wenn Sie lieber zu Fu\u00df gehen m\u00f6chten, nehmen Sie die Via Sudorno, die Sie bald auf die Via San Vigilio f\u00fchrt. In diesem Fall erwartet Sie ein 50 Meter tiefer Abstieg, der sich \u00fcber eine Strecke von 700 Metern erstreckt. Oben angekommen, sind <strong>Il Castello e la Chiesa di San Vigilio<\/strong> (das Schloss und die Kirche San Vigilio) (Punkte 1 und 2) die n\u00e4chsten Sehensw\u00fcrdigkeiten auf Ihrem Weg.<\/p>\n\n\n\n<div class=\"wp-block-group is-vertical is-layout-flex wp-container-core-group-is-layout-2 wp-block-group-is-layout-flex\" style=\"padding-top:0;padding-right:0;padding-bottom:var(--wp--preset--spacing--30);padding-left:0\">\n<figure class=\"wp-block-image size-full is-resized\"><img loading=\"lazy\" decoding=\"async\" width=\"225\" height=\"113\" src=\"https:\/\/itinerari.visitbergamo.net\/wp-content\/uploads\/2024\/01\/2_02_Teatro-Donizetti.png\" alt=\"\" class=\"wp-image-547\" style=\"width:113px;height:57px\"\/><\/figure>\n\n\n\n<p><strong>FUNICOLARE DI SAN VIGILIO<\/strong><\/p>\n<\/div>\n\n\n<!--blockstudio\/blockstudio\/tasto--><a class=\"tasto\" style=\"background-color: rgb(57,168,53)\" href=\"https:\/\/www.visitbergamo.net\/de\/object-details\/3369-funicolare-s--vigilio\/\" target=\"_blank\"><i class=\"fa-solid fa-up-right-from-square\"><\/i> Mehr lesen<\/a>\n\n<!--blockstudio\/blockstudio\/tasto--><a class=\"tasto\" style=\"background-color: rgb(57,168,53)\" href=\"https:\/\/maps.app.goo.gl\/LUb2Vvp8CoEzSXCJ8\" target=\"_blank\"><i class=\"fa-solid fa-location-pin\"><\/i> In Karten \u00f6ffnen<\/a>\n\n\n<div style=\"height:25px\" aria-hidden=\"true\" class=\"wp-block-spacer\"><\/div>\n\n\n\n<div class=\"wp-block-group is-vertical is-layout-flex wp-container-core-group-is-layout-3 wp-block-group-is-layout-flex\" style=\"padding-top:0;padding-right:0;padding-bottom:var(--wp--preset--spacing--30);padding-left:0\">\n<figure class=\"wp-block-image size-full is-resized\"><img loading=\"lazy\" decoding=\"async\" width=\"158\" height=\"113\" src=\"https:\/\/itinerari.visitbergamo.net\/wp-content\/uploads\/2024\/01\/3_01_Castello-San-Vigilio.png\" alt=\"\" class=\"wp-image-865\" style=\"aspect-ratio:0.9705882352941176;width:42px;height:auto\"\/><\/figure>\n\n\n\n<p><strong>CASTELLO DI SAN VIGILIO<\/strong><\/p>\n<\/div>\n\n\n<!--blockstudio\/blockstudio\/tasto--><a class=\"tasto\" style=\"background-color: rgb(57,168,53)\" href=\"https:\/\/www.visitbergamo.net\/de\/object-details\/20-castello-s-vigilio\/\" target=\"_blank\"><i class=\"fa-solid fa-up-right-from-square\"><\/i> Mehr lesen<\/a>\n\n<!--blockstudio\/blockstudio\/tasto--><a class=\"tasto\" style=\"background-color: rgb(57,168,53)\" href=\"https:\/\/maps.app.goo.gl\/FEmPrLgzcpVSz6UXA\" target=\"_blank\"><i class=\"fa-solid fa-location-pin\"><\/i> In Karten \u00f6ffnen<\/a>\n\n\n<div style=\"height:25px\" aria-hidden=\"true\" class=\"wp-block-spacer\"><\/div>\n\n\n\n<div class=\"wp-block-group is-vertical is-layout-flex wp-container-core-group-is-layout-4 wp-block-group-is-layout-flex\" style=\"padding-top:0;padding-right:0;padding-bottom:var(--wp--preset--spacing--30);padding-left:0\">\n<figure class=\"wp-block-image size-full is-resized\"><img loading=\"lazy\" decoding=\"async\" width=\"77\" height=\"92\" src=\"https:\/\/itinerari.visitbergamo.net\/wp-content\/uploads\/2024\/01\/3_02_Chiesetta_di-San-Vigilio.png\" alt=\"\" class=\"wp-image-871\" style=\"aspect-ratio:0.9705882352941176;width:40px;height:auto\"\/><\/figure>\n\n\n\n<p><strong>CHIESA DI SAN VIGILIO<\/strong><\/p>\n<\/div>\n\n\n<!--blockstudio\/blockstudio\/tasto--><a class=\"tasto\" style=\"background-color: rgb(57,168,53)\" href=\"https:\/\/www.visitbergamo.net\/de\/object-details\/3145-chiesa-s--vigilio\/\" target=\"_blank\"><i class=\"fa-solid fa-up-right-from-square\"><\/i> Mehr lesen<\/a>\n\n<!--blockstudio\/blockstudio\/tasto--><a class=\"tasto\" style=\"background-color: rgb(57,168,53)\" href=\"https:\/\/maps.app.goo.gl\/7m5MC22o6DMYXiCW6\" target=\"_blank\"><i class=\"fa-solid fa-location-pin\"><\/i> In Karten \u00f6ffnen<\/a>\n\n\n<div style=\"height:30px\" aria-hidden=\"true\" class=\"wp-block-spacer\"><\/div>\n\n\n\n<p>Da die Route eine Schleife ist, k\u00f6nnen Sie sie auch in umgekehrter Richtung begehen. Mit dem R\u00fccken zur <strong>Porta Sant&#8217;Alessandro<\/strong> nehmen Sie die Via Borgo Canale. Nach weniger als 60 Metern finden Sie auf der linken Seite <strong>Casa Natale di Donizetti<\/strong> (Donizettis Geburtshaus) (Punkt 15), in dem der Komponist 1797 das Licht der Welt erblickte und die ersten zwanzig Jahre seines Lebens verbrachte. Von dem bauf\u00e4lligen Haus von damals ist nichts mehr \u00fcbrig: Stattdessen erwartet Sie ein Museum mit einem reichhaltigen Multimedia-Rundgang, in dem Sie Donizettis Geheimnisse und das typische Leben einer bergamasken Familie des 18. Jahrhunderts entdecken k\u00f6nnen.<\/p>\n\n\n\n<p>Nach 160 Metern, immer noch auf der linken Seite, st\u00f6\u00dft man auf die <strong>Chiesa S. Grata Inter Vites<\/strong> (S.Grata Inter Vites Kirche) (Punkt 14), die der Mitpatronin von Bergamo gewidmet ist und bis zum Jahr 1000 ihre Grabst\u00e4tte war. Die Kirche stammt aus dem 14. Jahrhundert, wurde aber im 18. Jahrhundert umgebaut und verdankt ihren Namen der Gegend, in der sie errichtet wurde, die einst von Weinbergen umgeben war.&nbsp;<\/p>\n\n\n\n<div class=\"wp-block-group is-vertical is-layout-flex wp-container-core-group-is-layout-5 wp-block-group-is-layout-flex\" style=\"padding-top:0;padding-right:0;padding-bottom:var(--wp--preset--spacing--30);padding-left:0\">\n<figure class=\"wp-block-image size-full is-resized\"><img loading=\"lazy\" decoding=\"async\" width=\"134\" height=\"82\" src=\"https:\/\/itinerari.visitbergamo.net\/wp-content\/uploads\/2024\/01\/3_Porta-San-Alessandro.png\" alt=\"\" class=\"wp-image-859\" style=\"width:67px\"\/><\/figure>\n\n\n\n<p><strong><strong>PORTA SANT\u2019ALESSANDRO<\/strong><\/strong><\/p>\n<\/div>\n\n\n<!--blockstudio\/blockstudio\/tasto--><a class=\"tasto\" style=\"background-color: rgb(57,168,53)\" href=\"https:\/\/www.visitbergamo.net\/de\/oggetto\/porta-santalessandro\/?_gl=1*10duk5y*_up*MQ..*_ga*NTM1MjU3NjIwLjE3NDkwMjUxMDA.*_ga_S3VC5W948H*czE3NDkwMjUwOTkkbzEkZzAkdDE3NDkwMjUwOTkkajYwJGwwJGgw\" target=\"_blank\"><i class=\"fa-solid fa-up-right-from-square\"><\/i> Mehr lesen<\/a>\n\n<!--blockstudio\/blockstudio\/tasto--><a class=\"tasto\" style=\"background-color: rgb(57,168,53)\" href=\"https:\/\/maps.app.goo.gl\/kwP3foMmg6eDi6PG9\" target=\"_blank\"><i class=\"fa-solid fa-location-pin\"><\/i> In Karten \u00f6ffnen<\/a>\n\n\n<div style=\"height:25px\" aria-hidden=\"true\" class=\"wp-block-spacer\"><\/div>\n\n\n\n<div class=\"wp-block-group is-vertical is-layout-flex wp-container-core-group-is-layout-6 wp-block-group-is-layout-flex\" style=\"padding-top:0;padding-right:0;padding-bottom:var(--wp--preset--spacing--30);padding-left:0\">\n<figure class=\"wp-block-image size-full is-resized\"><img loading=\"lazy\" decoding=\"async\" width=\"49\" height=\"95\" src=\"https:\/\/itinerari.visitbergamo.net\/wp-content\/uploads\/2024\/01\/3_15_Casa-Natale-di-Donizetti.png\" alt=\"\" class=\"wp-image-853\" style=\"width:25px\"\/><\/figure>\n\n\n\n<p><strong>CASA NATALE DI DONIZETTI<\/strong><\/p>\n<\/div>\n\n\n<!--blockstudio\/blockstudio\/tasto--><a class=\"tasto\" style=\"background-color: rgb(57,168,53)\" href=\"https:\/\/www.visitbergamo.net\/de\/object-details\/939-casa-natale-donizetti\/\" target=\"_blank\"><i class=\"fa-solid fa-up-right-from-square\"><\/i> Mehr lesen<\/a>\n\n<!--blockstudio\/blockstudio\/tasto--><a class=\"tasto\" style=\"background-color: rgb(57,168,53)\" href=\"https:\/\/maps.app.goo.gl\/x6gwbZ3EGEBpTJwZ6\" target=\"_blank\"><i class=\"fa-solid fa-location-pin\"><\/i> In Karten \u00f6ffnen<\/a>\n\n\n<div style=\"height:25px\" aria-hidden=\"true\" class=\"wp-block-spacer\"><\/div>\n\n\n\n<div class=\"wp-block-group is-vertical is-layout-flex wp-container-core-group-is-layout-7 wp-block-group-is-layout-flex\" style=\"padding-top:0;padding-right:0;padding-bottom:var(--wp--preset--spacing--30);padding-left:0\">\n<figure class=\"wp-block-image size-full is-resized\"><img loading=\"lazy\" decoding=\"async\" width=\"120\" height=\"158\" src=\"https:\/\/itinerari.visitbergamo.net\/wp-content\/uploads\/2024\/01\/3_14_Chiesa-_S.-Grata-Inter-Vites.png\" alt=\"\" class=\"wp-image-847\" style=\"width:60px\"\/><\/figure>\n\n\n\n<p><strong>CHIESA S. GRATA INTER VITES<\/strong><\/p>\n<\/div>\n\n\n<!--blockstudio\/blockstudio\/tasto--><a class=\"tasto\" style=\"background-color: rgb(57,168,53)\" href=\"https:\/\/www.visitbergamo.net\/de\/object-details\/2997-chiesa-di-santa-grata-inter-vites\/\" target=\"_blank\"><i class=\"fa-solid fa-up-right-from-square\"><\/i> Mehr lesen<\/a>\n\n<!--blockstudio\/blockstudio\/tasto--><a class=\"tasto\" style=\"background-color: rgb(57,168,53)\" href=\"https:\/\/maps.app.goo.gl\/g2UR2KdTcnHXQGTS8\" target=\"_blank\"><i class=\"fa-solid fa-location-pin\"><\/i> In Karten \u00f6ffnen<\/a>\n\n\n<div style=\"height:30px\" aria-hidden=\"true\" class=\"wp-block-spacer\"><\/div>\n\n\n\n<p>300 Meter weiter erwartet Sie die kleine, aber charmante&nbsp; <strong>Chiesa S. Erasmo<\/strong> (Hl. Erasmus-Kirche) (Punkt 13). Erstmals in einem Manuskript aus dem 14. Jahrhundert erw\u00e4hnt, wird sie Sie mit ihrer Steinfassade, den Resten von Fresken aus dem 15. Jahrhundert und einer Reihe sch\u00f6ner Gem\u00e4lde aus dem 19. Jahrhundert beeindrucken.<\/p>\n\n\n\n<div class=\"wp-block-group is-vertical is-layout-flex wp-container-core-group-is-layout-8 wp-block-group-is-layout-flex\" style=\"padding-top:0;padding-right:0;padding-bottom:var(--wp--preset--spacing--30);padding-left:0\">\n<figure class=\"wp-block-image size-full is-resized\"><img loading=\"lazy\" decoding=\"async\" width=\"111\" height=\"111\" src=\"https:\/\/itinerari.visitbergamo.net\/wp-content\/uploads\/2024\/01\/3_13_Chiesa_-San-Erasmo.png\" alt=\"\" class=\"wp-image-841\" style=\"width:55px\"\/><\/figure>\n\n\n\n<p><strong><strong>CHIESA S.ERASMO<\/strong><\/strong><\/p>\n<\/div>\n\n\n<!--blockstudio\/blockstudio\/tasto--><a class=\"tasto\" style=\"background-color: rgb(57,168,53)\" href=\"https:\/\/www.visitbergamo.net\/de\/object-details\/10465-chiesa-di-s--erasmo-vescovo-martire\/\" target=\"_blank\"><i class=\"fa-solid fa-up-right-from-square\"><\/i> Mehr lesen<\/a>\n\n<!--blockstudio\/blockstudio\/tasto--><a class=\"tasto\" style=\"background-color: rgb(57,168,53)\" href=\"https:\/\/maps.app.goo.gl\/eErJ4YBH8qHyQUct7\" target=\"_blank\"><i class=\"fa-solid fa-location-pin\"><\/i> In Karten \u00f6ffnen<\/a>\n\n\n<div style=\"height:30px\" aria-hidden=\"true\" class=\"wp-block-spacer\"><\/div>\n\n\n\n<p>Wenn Sie hingegen die Route in die entgegengesetzte Richtung gehen und in San Vigilio starten, erwartet Sie nun die letzte Etappe der Tour.Erreichen Sie die Porta Sant&#8217;Alessandro, gehen Sie hindurch, biegen Sie links ab und nach 400 Metern erwartet Sie eine der gr\u00fcnsten und aussichtsreichsten Ecken Bergamos, <strong>l\u2019Orto Botanico \u201cLorenzo Rota\u201d<\/strong> (der Botanische Garten &#8222;Lorenzo Rota&#8220;) (Punkt 17), der dank seiner privilegierten Lage auf dem Gipfel des \u201cColle Aperto\u201d (Hoffenen H\u00fcgels)&nbsp; als ein wahres &#8222;Fenster zur Landschaft&#8220; gilt.<\/p>\n\n\n\n<div class=\"wp-block-group is-vertical is-layout-flex wp-container-core-group-is-layout-9 wp-block-group-is-layout-flex\" style=\"padding-top:0;padding-right:0;padding-bottom:var(--wp--preset--spacing--30);padding-left:0\">\n<figure class=\"wp-block-image size-full is-resized\"><img loading=\"lazy\" decoding=\"async\" width=\"111\" height=\"111\" src=\"https:\/\/itinerari.visitbergamo.net\/wp-content\/uploads\/2024\/01\/3_13_Chiesa_-San-Erasmo.png\" alt=\"\" class=\"wp-image-841\" style=\"width:55px\"\/><\/figure>\n\n\n\n<p><strong><strong>ORTO BOTANICO &#8222;LORENZO ROTA&#8220;<\/strong><\/strong><\/p>\n<\/div>\n\n\n<!--blockstudio\/blockstudio\/tasto--><a class=\"tasto\" style=\"background-color: rgb(57,168,53)\" href=\"https:\/\/www.visitbergamo.net\/de\/object-details\/10-orto-botanico-di-bergamo--lorenzo-rota--\/\" target=\"_blank\"><i class=\"fa-solid fa-up-right-from-square\"><\/i> Mehr lesen<\/a>\n\n<!--blockstudio\/blockstudio\/tasto--><a class=\"tasto\" style=\"background-color: rgb(57,168,53)\" href=\"https:\/\/maps.app.goo.gl\/knJEBgjfLxs3X2iH7\" target=\"_blank\"><i class=\"fa-solid fa-location-pin\"><\/i> In Karten \u00f6ffnen<\/a>\n<\/div>\n        <\/div>\n    <\/div>\n\n    <br \/><br \/><br \/><br \/><br \/>\n\n    <div style=\"position: absolute; bottom: 0px; left: 0px; width: 100%; height: 100px; background-color: rgb(176,211,152); opacity: .2;\"><\/div>\n    \n<\/section>\n\n<style>\n    a.tasto{\n        color: rgb(255,255,255) !important;\n    }\n<\/style>\n\n<!--blockstudio\/blockstudio\/atterraggio-qr-code--><section class=\"atterraggio my-5 position-relative\">\n\n    <div class=\"ancora\" id=\"cartellov08\"><\/div>\n\n    <div class=\"landingContainer p-3 pb-5\">\n        <div class=\"sideBar\">\n            <div class=\"line\" style=\"background-color: rgb(57,168,53)\"><\/div>\n            <div class=\"numero\" style=\"background-color: rgb(57,168,53)\" onclick=\"loadAudio('https:\/\/itinerari.visitbergamo.net\/wp-content\/uploads\/2024\/01\/v15-Tappa-Via-San-Vigilio.mp3');\">\n                <i class=\"fa-solid fa-volume-high\" style=\"color: rgb(255,255,255)\"><\/i>\n            <\/div>\n            <div class=\"closingBall\" style=\"background-color: rgb(57,168,53)\"><\/div>\n        <\/div>\n        <div class=\"contenuto mb-3\">\n            \n            <div class=\"mt-1 d-inline-block mb-3\" onclick=\"loadAudio('https:\/\/itinerari.visitbergamo.net\/wp-content\/uploads\/2024\/01\/v15-Tappa-Via-San-Vigilio.mp3');\" style=\"cursor: pointer; text-decoration: none;\">\n                <div class=\"label\" style=\"color: rgb(4,119,52)\">\n                    DEN <b>AUDIOGUIDE<\/b> ANH\u00d6REN                <\/div>\n            <\/div>\n\n            <h3 class=\"landingTitolo mb-2\">\n            ETAPPE: Via San Vigilio            <\/h3>\n            <div class=\"menuTitolo\">\n                <b>ETAPPE:<\/b> Via San Vigilio            <\/div>\n                        <div >\n\n<p>Sie befinden sich auf der Strecke der Route La Citt\u00e0 Verde (Die gr\u00fcne Stadt), an der Kreuzung von Via Sudorno und Via San Vigilio, auf der \u201cVariante\u201d (Alternativstrecke), die Sie zu Fu\u00df auf den \u201dColle di San Vigilio\u201d&nbsp; (San Vigilio H\u00fcgel) f\u00fchrt. Wenn Sie es vorziehen, mit der Standseilbahn hinaufzufahren, drehen Sie der Kreuzung den R\u00fccken zu und gehen Sie hinunter zum Largo Porta S. Alessandro, biegen Sie links ab und erreichen Sie die etwa 70 Meter entfernte Station in der N\u00e4he von <strong>Porta Sant&#8217;Alessandro<\/strong> (Punkt 16).<\/p>\n\n\n\n<div class=\"wp-block-group is-vertical is-layout-flex wp-container-core-group-is-layout-10 wp-block-group-is-layout-flex\" style=\"padding-top:0;padding-right:0;padding-bottom:var(--wp--preset--spacing--30);padding-left:0\">\n<figure class=\"wp-block-image size-full is-resized\"><img loading=\"lazy\" decoding=\"async\" width=\"134\" height=\"82\" src=\"https:\/\/itinerari.visitbergamo.net\/wp-content\/uploads\/2024\/01\/3_Porta-San-Alessandro.png\" alt=\"\" class=\"wp-image-859\" style=\"width:67px\"\/><\/figure>\n\n\n\n<p><strong>PORTA SANT&#8217;ALESSANDRO<\/strong><\/p>\n<\/div>\n\n\n<!--blockstudio\/blockstudio\/tasto--><a class=\"tasto\" style=\"background-color: rgb(57,168,53)\" href=\"https:\/\/www.visitbergamo.net\/de\/object-details\/6568-porta-sant-alessandro\/\" target=\"_blank\"><i class=\"fa-solid fa-up-right-from-square\"><\/i> Mehr lesen<\/a>\n\n<!--blockstudio\/blockstudio\/tasto--><a class=\"tasto\" style=\"background-color: rgb(57,168,53)\" href=\"https:\/\/maps.app.goo.gl\/kwP3foMmg6eDi6PG9\" target=\"_blank\"><i class=\"fa-solid fa-location-pin\"><\/i> In Karten \u00f6ffnen<\/a>\n\n\n<div style=\"height:30px\" aria-hidden=\"true\" class=\"wp-block-spacer\"><\/div>\n\n\n\n<p>Um die \u201cVariante\u201d (Alternativstrecke) fortzusetzen, gehen Sie rechts hinauf; nach 550 Metern und 50 Metern H\u00f6henunterschied finden Sie links die <strong>Chiesa di S. Vigilio<\/strong> (Hl. Vigilio Kirche) (Punkt 2). Wenn man dann rechts in die Via al Castello einbiegt, kann man nach weiteren 180 Metern den Park und die Ruinen der <strong>Castello di San Vigilio<\/strong> (Schloss&nbsp; von San Vigilio) besichtigen (Punkt 1).<\/p>\n\n\n\n<div class=\"wp-block-group is-vertical is-layout-flex wp-container-core-group-is-layout-11 wp-block-group-is-layout-flex\" style=\"padding-top:0;padding-right:0;padding-bottom:var(--wp--preset--spacing--30);padding-left:0\">\n<figure class=\"wp-block-image size-full is-resized\"><img loading=\"lazy\" decoding=\"async\" width=\"77\" height=\"92\" src=\"https:\/\/itinerari.visitbergamo.net\/wp-content\/uploads\/2024\/01\/3_02_Chiesetta_di-San-Vigilio.png\" alt=\"\" class=\"wp-image-871\" style=\"width:40px\"\/><\/figure>\n\n\n\n<p><strong>CHIESA S. VIGILIO<\/strong><\/p>\n<\/div>\n\n\n<!--blockstudio\/blockstudio\/tasto--><a class=\"tasto\" style=\"background-color: rgb(57,168,53)\" href=\"https:\/\/www.visitbergamo.net\/de\/object-details\/3145-chiesa-s--vigilio\/\" target=\"_blank\"><i class=\"fa-solid fa-up-right-from-square\"><\/i> Mehr lesen<\/a>\n\n<!--blockstudio\/blockstudio\/tasto--><a class=\"tasto\" style=\"background-color: rgb(57,168,53)\" href=\"https:\/\/maps.app.goo.gl\/7m5MC22o6DMYXiCW6\" target=\"_blank\"><i class=\"fa-solid fa-location-pin\"><\/i> In Karten \u00f6ffnen<\/a>\n\n\n<div style=\"height:25px\" aria-hidden=\"true\" class=\"wp-block-spacer\"><\/div>\n\n\n\n<div class=\"wp-block-group is-vertical is-layout-flex wp-container-core-group-is-layout-12 wp-block-group-is-layout-flex\" style=\"padding-top:0;padding-right:0;padding-bottom:var(--wp--preset--spacing--30);padding-left:0\">\n<figure class=\"wp-block-image size-full is-resized\"><img loading=\"lazy\" decoding=\"async\" width=\"158\" height=\"113\" src=\"https:\/\/itinerari.visitbergamo.net\/wp-content\/uploads\/2024\/01\/3_01_Castello-San-Vigilio.png\" alt=\"\" class=\"wp-image-865\" style=\"width:42px\"\/><\/figure>\n\n\n\n<p><strong>CASTELLO DI SAN VIGILIO<\/strong><\/p>\n<\/div>\n\n\n<!--blockstudio\/blockstudio\/tasto--><a class=\"tasto\" style=\"background-color: rgb(57,168,53)\" href=\"https:\/\/www.visitbergamo.net\/de\/object-details\/20-castello-s-vigilio\/\" target=\"_blank\"><i class=\"fa-solid fa-up-right-from-square\"><\/i> Mehr lesen<\/a>\n\n<!--blockstudio\/blockstudio\/tasto--><a class=\"tasto\" style=\"background-color: rgb(57,168,53)\" href=\"https:\/\/maps.app.goo.gl\/FEmPrLgzcpVSz6UXA\" target=\"_blank\"><i class=\"fa-solid fa-location-pin\"><\/i> In Karten \u00f6ffnen<\/a>\n\n\n<div style=\"height:30px\" aria-hidden=\"true\" class=\"wp-block-spacer\"><\/div>\n\n\n\n<p>Wenn Sie hingegen von dem H\u00fcgel hinabsteigen, erreichen Sie die Porta Sant&#8217;Alessandro und gehen einen kurzen Teil der Strecke zur\u00fcck, auf der Sie auf dem Hinweg Borgo Canale,&nbsp; <strong>Casa Natale di Donizetti<\/strong> (Donizettis Geburtshaus) (Etappe 15) und die&nbsp; <strong>Chiesa di S. Grata inter vites<\/strong> (Hl. Grata Inter Vites Kirche) (Etappe 14) entdeckt haben. Nach dem Tor biegen Sie links ab und nach 400 Metern erwartet Sie eine der gr\u00fcnsten und sch\u00f6nsten Ecken Bergamos, der <strong>Orto Botanico&nbsp; \u201cLorenzo Rota\u201d<\/strong> ( Botanische Garten &#8222;Lorenzo Rota&#8220;) (Etappe 17).<\/p>\n\n\n\n<div class=\"wp-block-group is-vertical is-layout-flex wp-container-core-group-is-layout-13 wp-block-group-is-layout-flex\" style=\"padding-top:0;padding-right:0;padding-bottom:var(--wp--preset--spacing--30);padding-left:0\">\n<figure class=\"wp-block-image size-full is-resized\"><img loading=\"lazy\" decoding=\"async\" width=\"49\" height=\"95\" src=\"https:\/\/itinerari.visitbergamo.net\/wp-content\/uploads\/2024\/01\/3_15_Casa-Natale-di-Donizetti.png\" alt=\"\" class=\"wp-image-853\" style=\"width:25px\"\/><\/figure>\n\n\n\n<p><strong><strong>CASA NATALE DI DONIZETTI<\/strong><\/strong><\/p>\n<\/div>\n\n\n<!--blockstudio\/blockstudio\/tasto--><a class=\"tasto\" style=\"background-color: rgb(57,168,53)\" href=\"https:\/\/www.visitbergamo.net\/de\/object-details\/939-casa-natale-donizetti\/\" target=\"_blank\"><i class=\"fa-solid fa-up-right-from-square\"><\/i> Mehr lesen<\/a>\n\n<!--blockstudio\/blockstudio\/tasto--><a class=\"tasto\" style=\"background-color: rgb(57,168,53)\" href=\"https:\/\/maps.app.goo.gl\/x6gwbZ3EGEBpTJwZ6\" target=\"_blank\"><i class=\"fa-solid fa-location-pin\"><\/i> In Karten \u00f6ffnen<\/a>\n\n\n<div style=\"height:25px\" aria-hidden=\"true\" class=\"wp-block-spacer\"><\/div>\n\n\n\n<div class=\"wp-block-group is-vertical is-layout-flex wp-container-core-group-is-layout-14 wp-block-group-is-layout-flex\" style=\"padding-top:0;padding-right:0;padding-bottom:var(--wp--preset--spacing--30);padding-left:0\">\n<figure class=\"wp-block-image size-full is-resized\"><img loading=\"lazy\" decoding=\"async\" width=\"120\" height=\"158\" src=\"https:\/\/itinerari.visitbergamo.net\/wp-content\/uploads\/2024\/01\/3_14_Chiesa-_S.-Grata-Inter-Vites.png\" alt=\"\" class=\"wp-image-847\" style=\"width:60px\"\/><\/figure>\n\n\n\n<p><strong><strong>CHIESA S. GRATA INTER VITES<\/strong><\/strong><\/p>\n<\/div>\n\n\n<!--blockstudio\/blockstudio\/tasto--><a class=\"tasto\" style=\"background-color: rgb(57,168,53)\" href=\"https:\/\/www.visitbergamo.net\/de\/object-details\/2997-chiesa-di-santa-grata-inter-vites\/\" target=\"_blank\"><i class=\"fa-solid fa-up-right-from-square\"><\/i> Mehr lesen<\/a>\n\n<!--blockstudio\/blockstudio\/tasto--><a class=\"tasto\" style=\"background-color: rgb(57,168,53)\" href=\"https:\/\/maps.app.goo.gl\/g2UR2KdTcnHXQGTS8\" target=\"_blank\"><i class=\"fa-solid fa-location-pin\"><\/i> In Karten \u00f6ffnen<\/a>\n\n\n<div style=\"height:25px\" aria-hidden=\"true\" class=\"wp-block-spacer\"><\/div>\n\n\n\n<div class=\"wp-block-group is-vertical is-layout-flex wp-container-core-group-is-layout-15 wp-block-group-is-layout-flex\" style=\"padding-top:0;padding-right:0;padding-bottom:var(--wp--preset--spacing--30);padding-left:0\">\n<figure class=\"wp-block-image size-full is-resized\"><img loading=\"lazy\" decoding=\"async\" width=\"121\" height=\"111\" src=\"https:\/\/itinerari.visitbergamo.net\/wp-content\/uploads\/2024\/01\/3_05_Orto-Botanico_Lorenzo-Rota.png\" alt=\"\" class=\"wp-image-889\" style=\"width:60px\"\/><\/figure>\n\n\n\n<p><strong>ORTO BOTANICO &#8222;LORENZO ROTA&#8220;<\/strong><\/p>\n<\/div>\n\n\n<!--blockstudio\/blockstudio\/tasto--><a class=\"tasto\" style=\"background-color: rgb(57,168,53)\" href=\"https:\/\/www.visitbergamo.net\/de\/object-details\/10-orto-botanico-di-bergamo--lorenzo-rota--\/\" target=\"_blank\"><i class=\"fa-solid fa-up-right-from-square\"><\/i> Mehr lesen<\/a>\n\n<!--blockstudio\/blockstudio\/tasto--><a class=\"tasto\" style=\"background-color: rgb(57,168,53)\" href=\"https:\/\/maps.app.goo.gl\/2BQnPv62UYv7sCjH8\" target=\"_blank\"><i class=\"fa-solid fa-location-pin\"><\/i> In Karten \u00f6ffnen<\/a>\n<\/div>\n        <\/div>\n    <\/div>\n\n    <br \/><br \/><br \/><br \/><br \/>\n\n    <div style=\"position: absolute; bottom: 0px; left: 0px; width: 100%; height: 100px; background-color: rgb(176,211,152); opacity: .2;\"><\/div>\n    \n<\/section>\n\n<style>\n    a.tasto{\n        color: rgb(255,255,255) !important;\n    }\n<\/style>\n\n<!--blockstudio\/blockstudio\/atterraggio-qr-code--><section class=\"atterraggio my-5 position-relative\">\n\n    <div class=\"ancora\" id=\"cartellov09\"><\/div>\n\n    <div class=\"landingContainer p-3 pb-5\">\n        <div class=\"sideBar\">\n            <div class=\"line\" style=\"background-color: rgb(57,168,53)\"><\/div>\n            <div class=\"numero\" style=\"background-color: rgb(57,168,53)\" onclick=\"loadAudio('https:\/\/itinerari.visitbergamo.net\/wp-content\/uploads\/2024\/01\/v16-Tappa-Funicolare-di-San-Vigilio.mp3');\">\n                <i class=\"fa-solid fa-volume-high\" style=\"color: rgb(255,255,255)\"><\/i>\n            <\/div>\n            <div class=\"closingBall\" style=\"background-color: rgb(57,168,53)\"><\/div>\n        <\/div>\n        <div class=\"contenuto mb-3\">\n            \n            <div class=\"mt-1 d-inline-block mb-3\" onclick=\"loadAudio('https:\/\/itinerari.visitbergamo.net\/wp-content\/uploads\/2024\/01\/v16-Tappa-Funicolare-di-San-Vigilio.mp3');\" style=\"cursor: pointer; text-decoration: none;\">\n                <div class=\"label\" style=\"color: rgb(4,119,52)\">\n                    DEN <b>AUDIOGUIDE<\/b> ANH\u00d6REN                <\/div>\n            <\/div>\n\n            <h3 class=\"landingTitolo mb-2\">\n            ETAPPE: Funicolare di San Vigilio            <\/h3>\n            <div class=\"menuTitolo\">\n                <b>ETAPPE:<\/b> Funicolare di San Vigilio            <\/div>\n                        <div >\n\n<p>Sie befinden sich an der Bergstation der Standseilbahn San Vigilio, die den gleichnamigen H\u00fcgel mit dem Zentrum von Citt\u00e0 Alta (Oberstadt) verbindet. Wenn Sie den Weg vom Largo Porta Sant&#8217;Alessandro hinaufgehen, biegen Sie rechts ab und erreichen nach 130 Metern den Park und das <strong>Castello di San Vigilio<\/strong> (Schloss von San Vigilio) (Punkt 1). Die antike Festung ist heute ein majest\u00e4tisches Ruinenensemble mit T\u00fcrmen und Schie\u00dfscharten auf einem dichten Netz unterirdischer G\u00e4nge. Sie war der letzte Vorposten, der Bergamo und sein Gebiet verteidigte.<\/p>\n\n\n\n<div class=\"wp-block-group is-vertical is-layout-flex wp-container-core-group-is-layout-16 wp-block-group-is-layout-flex\" style=\"padding-top:0;padding-right:0;padding-bottom:var(--wp--preset--spacing--30);padding-left:0\">\n<figure class=\"wp-block-image size-full is-resized\"><img loading=\"lazy\" decoding=\"async\" width=\"158\" height=\"113\" src=\"https:\/\/itinerari.visitbergamo.net\/wp-content\/uploads\/2024\/01\/3_01_Castello-San-Vigilio.png\" alt=\"\" class=\"wp-image-865\" style=\"width:42px\"\/><\/figure>\n\n\n\n<p><strong>CASTELLO DI SAN VIGILIO<\/strong><\/p>\n<\/div>\n\n\n<!--blockstudio\/blockstudio\/tasto--><a class=\"tasto\" style=\"background-color: rgb(57,168,53)\" href=\"https:\/\/www.visitbergamo.net\/de\/object-details\/20-castello-s-vigilio\/\" target=\"_blank\"><i class=\"fa-solid fa-up-right-from-square\"><\/i> Mehr lesen<\/a>\n\n<!--blockstudio\/blockstudio\/tasto--><a class=\"tasto\" style=\"background-color: rgb(57,168,53)\" href=\"https:\/\/maps.app.goo.gl\/FEmPrLgzcpVSz6UXA\" target=\"_blank\"><i class=\"fa-solid fa-location-pin\"><\/i> In Karten \u00f6ffnen<\/a>\n\n\n<div style=\"height:30px\" aria-hidden=\"true\" class=\"wp-block-spacer\"><\/div>\n\n\n\n<p>Nach der Besichtigung kehren Sie um und gehen geradeaus die Via al Castello entlang, um 50 Meter vom Wegweiser entfernt die <strong>Chiesa S. Vigilio<\/strong> (Hl. Vigilio Kirche)(Punkt 2) zu finden, die im 8. Jahrhundert zu Ehren des gleichnamigen Bischofs erbaut wurde und zwischen 1200 und 1500 verschiedenen religi\u00f6sen Orden geh\u00f6rte.<\/p>\n\n\n\n<div class=\"wp-block-group is-vertical is-layout-flex wp-container-core-group-is-layout-17 wp-block-group-is-layout-flex\" style=\"padding-top:0;padding-right:0;padding-bottom:var(--wp--preset--spacing--30);padding-left:0\">\n<figure class=\"wp-block-image size-full is-resized\"><img loading=\"lazy\" decoding=\"async\" width=\"77\" height=\"92\" src=\"https:\/\/itinerari.visitbergamo.net\/wp-content\/uploads\/2024\/01\/3_02_Chiesetta_di-San-Vigilio.png\" alt=\"\" class=\"wp-image-871\" style=\"width:40px\"\/><\/figure>\n\n\n\n<p><strong>CHIESA S. VIGILIO<\/strong><\/p>\n<\/div>\n\n\n<!--blockstudio\/blockstudio\/tasto--><a class=\"tasto\" style=\"background-color: rgb(57,168,53)\" href=\"https:\/\/www.visitbergamo.net\/de\/object-details\/3145-chiesa-s--vigilio\/\" target=\"_blank\"><i class=\"fa-solid fa-up-right-from-square\"><\/i> Mehr lesen<\/a>\n\n<!--blockstudio\/blockstudio\/tasto--><a class=\"tasto\" style=\"background-color: rgb(57,168,53)\" href=\"https:\/\/maps.app.goo.gl\/7m5MC22o6DMYXiCW6\" target=\"_blank\"><i class=\"fa-solid fa-location-pin\"><\/i> In Karten \u00f6ffnen<\/a>\n\n\n<div style=\"height:30px\" aria-hidden=\"true\" class=\"wp-block-spacer\"><\/div>\n\n\n\n<p>Neben dem Geb\u00e4ude befinden sich die mittelalterliche Treppen\u201c<strong>Scorlazzone<\/strong>\u201d (Punkt 3), die zum Val d&#8217;Astino (Astino Tal) hinunterf\u00fchren.<\/p>\n\n\n\n<div class=\"wp-block-group is-vertical is-layout-flex wp-container-core-group-is-layout-18 wp-block-group-is-layout-flex\" style=\"padding-top:0;padding-right:0;padding-bottom:var(--wp--preset--spacing--30);padding-left:0\">\n<figure class=\"wp-block-image size-full is-resized\"><img loading=\"lazy\" decoding=\"async\" width=\"118\" height=\"88\" src=\"https:\/\/itinerari.visitbergamo.net\/wp-content\/uploads\/2024\/01\/3_03_Scaletta-dello-Scorlazzone.png\" alt=\"\" class=\"wp-image-877\" style=\"width:59px\"\/><\/figure>\n\n\n\n<p><strong>SCORLAZZONE<\/strong><\/p>\n<\/div>\n\n\n<!--blockstudio\/blockstudio\/tasto--><a class=\"tasto\" style=\"background-color: rgb(57,168,53)\" href=\"https:\/\/www.visitbergamo.net\/de\/object-details\/3155-scaletta-dello-scorlazzone\/\" target=\"_blank\"><i class=\"fa-solid fa-up-right-from-square\"><\/i> Mehr lesen<\/a>\n\n<!--blockstudio\/blockstudio\/tasto--><a class=\"tasto\" style=\"background-color: rgb(57,168,53)\" href=\"https:\/\/maps.app.goo.gl\/zbxHzFopWsZdHkLZ7\" target=\"_blank\"><i class=\"fa-solid fa-location-pin\"><\/i> In Karten \u00f6ffnen<\/a>\n\n\n<div style=\"height:30px\" aria-hidden=\"true\" class=\"wp-block-spacer\"><\/div>\n\n\n\n<p>Wenn Sie aus dieser Richtung kommen, ist es an der Zeit, in die Oberstadt zur\u00fcckzukehren. Dazu k\u00f6nnen Sie entweder die hinter Ihnen liegende Standseilbahn nehmen oder weiter nach links in die Via San Vigilio einbiegen. Bei der zweiten M\u00f6glichkeit erreichen Sie nach etwa 700 Metern den Largo&nbsp; Porta Sant&#8217;Alessandro.<\/p>\n\n<\/div>\n        <\/div>\n    <\/div>\n\n    <br \/><br \/><br \/><br \/><br \/>\n\n    <div style=\"position: absolute; bottom: 0px; left: 0px; width: 100%; height: 100px; background-color: rgb(176,211,152); opacity: .2;\"><\/div>\n    \n<\/section>\n\n<style>\n    a.tasto{\n        color: rgb(255,255,255) !important;\n    }\n<\/style>\n\n<!--blockstudio\/blockstudio\/atterraggio-qr-code--><section class=\"atterraggio my-5 position-relative\">\n\n    <div class=\"ancora\" id=\"cartellov11\"><\/div>\n\n    <div class=\"landingContainer p-3 pb-5\">\n        <div class=\"sideBar\">\n            <div class=\"line\" style=\"background-color: rgb(57,168,53)\"><\/div>\n            <div class=\"numero\" style=\"background-color: rgb(57,168,53)\" onclick=\"loadAudio('https:\/\/itinerari.visitbergamo.net\/wp-content\/uploads\/2024\/01\/v17-Tappa-Chiesa-di-San-Vigilio.mp3');\">\n                <i class=\"fa-solid fa-volume-high\" style=\"color: rgb(255,255,255)\"><\/i>\n            <\/div>\n            <div class=\"closingBall\" style=\"background-color: rgb(57,168,53)\"><\/div>\n        <\/div>\n        <div class=\"contenuto mb-3\">\n            \n            <div class=\"mt-1 d-inline-block mb-3\" onclick=\"loadAudio('https:\/\/itinerari.visitbergamo.net\/wp-content\/uploads\/2024\/01\/v17-Tappa-Chiesa-di-San-Vigilio.mp3');\" style=\"cursor: pointer; text-decoration: none;\">\n                <div class=\"label\" style=\"color: rgb(4,119,52)\">\n                    DEN <b>AUDIOGUIDE<\/b> ANH\u00d6REN                <\/div>\n            <\/div>\n\n            <h3 class=\"landingTitolo mb-2\">\n            ETAPPE: Chiesa di San Vigilio            <\/h3>\n            <div class=\"menuTitolo\">\n                <b>ETAPPE:<\/b> Chiesa di San Vigilio            <\/div>\n                        <div >\n\n<p>Sie befinden sich in der N\u00e4he der <strong>Chiesa di San Vigilio<\/strong> (Hl. Vigilio Kirche) (Punkt 2), deren Kirchhof sich hinter Ihnen \u00f6ffnet, und am Eingang zum \u201cScaletta dello Scorlazzone\u201d (Scorlazzone Treppe) genannten Durchgang (Punkt 3).<\/p>\n\n\n\n<div class=\"wp-block-group is-vertical is-layout-flex wp-container-core-group-is-layout-19 wp-block-group-is-layout-flex\" style=\"padding-top:0;padding-right:0;padding-bottom:var(--wp--preset--spacing--30);padding-left:0\">\n<figure class=\"wp-block-image size-full is-resized\"><img loading=\"lazy\" decoding=\"async\" width=\"77\" height=\"92\" src=\"https:\/\/itinerari.visitbergamo.net\/wp-content\/uploads\/2024\/01\/3_02_Chiesetta_di-San-Vigilio.png\" alt=\"\" class=\"wp-image-871\" style=\"width:40px\"\/><\/figure>\n\n\n\n<p><strong>CHIESA DI SAN VIGILIO<\/strong><\/p>\n<\/div>\n\n\n<!--blockstudio\/blockstudio\/tasto--><a class=\"tasto\" style=\"background-color: rgb(57,168,53)\" href=\"https:\/\/www.visitbergamo.net\/de\/object-details\/3145-chiesa-s--vigilio\/\" target=\"_blank\"><i class=\"fa-solid fa-up-right-from-square\"><\/i> Mehr lesen<\/a>\n\n<!--blockstudio\/blockstudio\/tasto--><a class=\"tasto\" style=\"background-color: rgb(57,168,53)\" href=\"https:\/\/maps.app.goo.gl\/7m5MC22o6DMYXiCW6\" target=\"_blank\"><i class=\"fa-solid fa-location-pin\"><\/i> In Karten \u00f6ffnen<\/a>\n\n\n<div style=\"height:25px\" aria-hidden=\"true\" class=\"wp-block-spacer\"><\/div>\n\n\n\n<div class=\"wp-block-group is-vertical is-layout-flex wp-container-core-group-is-layout-20 wp-block-group-is-layout-flex\" style=\"padding-top:0;padding-right:0;padding-bottom:var(--wp--preset--spacing--30);padding-left:0\">\n<figure class=\"wp-block-image size-full is-resized\"><img loading=\"lazy\" decoding=\"async\" width=\"118\" height=\"88\" src=\"https:\/\/itinerari.visitbergamo.net\/wp-content\/uploads\/2024\/01\/3_03_Scaletta-dello-Scorlazzone.png\" alt=\"\" class=\"wp-image-877\" style=\"width:59px\"\/><\/figure>\n\n\n\n<p><strong>SCALETTA DELLO SCORLAZZONE<\/strong><\/p>\n<\/div>\n\n\n<!--blockstudio\/blockstudio\/tasto--><a class=\"tasto\" style=\"background-color: rgb(57,168,53)\" href=\"https:\/\/www.visitbergamo.net\/de\/object-details\/3155-scaletta-dello-scorlazzone\/\" target=\"_blank\"><i class=\"fa-solid fa-up-right-from-square\"><\/i> Mehr lesen<\/a>\n\n<!--blockstudio\/blockstudio\/tasto--><a class=\"tasto\" style=\"background-color: rgb(57,168,53)\" href=\"https:\/\/maps.app.goo.gl\/zbxHzFopWsZdHkLZ7\" target=\"_blank\"><i class=\"fa-solid fa-location-pin\"><\/i> In Karten \u00f6ffnen<\/a>\n\n\n<div style=\"height:30px\" aria-hidden=\"true\" class=\"wp-block-spacer\"><\/div>\n\n\n\n<p>Die kleine Kirche ist auf jeden Fall einen Besuch wert, nicht zuletzt wegen der Aussicht von ihrer Terrasse aus. Sie wurde im 8. Jahrhundert zu Ehren des gleichnamigen Trentiner Bischofs erbaut, der sich zu dieser Zeit in den H\u00fcgeln von Bergamo aufgehalten haben muss, und geh\u00f6rte den Dominikanern und nach dem Mittelalter dem Orden der Humiliati. Sein heutiges Aussehen verdankt es den Eingriffen des 18. und 20. Jahrhunderts, die es dem modernen Geschmack angepasst haben.<\/p>\n\n\n\n<p>Wenn Sie aus Citt\u00e0 Alta (Oberstadt) kommen, biegen Sie links ab und gehen Sie den Scorlazzone entlang, um die Route fortzusetzen. Als Teil des gro\u00dfen Treppenlabyrinths, das seit dem Mittelalter die beiden Seelen Bergamos verbindet, ist dieser Gang die nat\u00fcrliche Fortsetzung des \u201cScorlazzino\u201d. Mit seinen 162 Stufen ist er sicherlich einer der anspruchsvollsten, aber keine Angst: die zeitlose Atmosph\u00e4re ist die Anstrengung wert, und am Ende finden Sie einen Brunnen mit frischem Wasser, um sich zu erfrischen!Wenn Sie hingegen gerade den Scorlazzone hinaufgestiegen sind, f\u00fchrt Ihr Weg an der&nbsp; Chiesa di San Vigilio (Hl. Vigilio Kirche) vorbei, die sich hinter Ihnen befindet, zum <strong>Castello di San Vigilio<\/strong>&nbsp; (Schloss San Vigilio) (Punkt 1), das sich&nbsp; 170 Metern weiter am Ende der Via del Castello befindet, und schlie\u00dflich hinunter nach Citt\u00e0 Alta (Oberstadt).<\/p>\n\n\n\n<div class=\"wp-block-group is-vertical is-layout-flex wp-container-core-group-is-layout-21 wp-block-group-is-layout-flex\" style=\"padding-top:0;padding-right:0;padding-bottom:var(--wp--preset--spacing--30);padding-left:0\">\n<figure class=\"wp-block-image size-full is-resized\"><img loading=\"lazy\" decoding=\"async\" width=\"158\" height=\"113\" src=\"https:\/\/itinerari.visitbergamo.net\/wp-content\/uploads\/2024\/01\/3_01_Castello-San-Vigilio.png\" alt=\"\" class=\"wp-image-865\" style=\"width:42px\"\/><\/figure>\n\n\n\n<p><strong>CASTELLO DI SAN VIGILIO<\/strong><\/p>\n<\/div>\n\n\n<!--blockstudio\/blockstudio\/tasto--><a class=\"tasto\" style=\"background-color: rgb(57,168,53)\" href=\"https:\/\/www.visitbergamo.net\/de\/object-details\/20-castello-s-vigilio\/\" target=\"_blank\"><i class=\"fa-solid fa-up-right-from-square\"><\/i> Mehr lesen<\/a>\n\n<!--blockstudio\/blockstudio\/tasto--><a class=\"tasto\" style=\"background-color: rgb(57,168,53)\" href=\"https:\/\/maps.app.goo.gl\/FEmPrLgzcpVSz6UXA\" target=\"_blank\"><i class=\"fa-solid fa-location-pin\"><\/i> In Karten \u00f6ffnen<\/a>\n\n\n<div style=\"height:30px\" aria-hidden=\"true\" class=\"wp-block-spacer\"><\/div>\n\n\n\n<p>Um das monumentale Zentrum zu erreichen, kann man entweder die Standseilbahn benutzen oder die ebenso malerische Via San Vigilio, die gleich nach der Kirche beginnt und an einem kleinen Parkplatz vorbeif\u00fchrt. Nachdem man die zahlreichen historischen H\u00e4user und den herrlichen Blick auf die Stadt bewundert hat, erreicht man nach etwa 700 Metern die <strong>Porta Sant&#8217;Alessandro <\/strong>(Punkt 16).<\/p>\n\n\n\n<div class=\"wp-block-group is-vertical is-layout-flex wp-container-core-group-is-layout-22 wp-block-group-is-layout-flex\" style=\"padding-top:0;padding-right:0;padding-bottom:var(--wp--preset--spacing--30);padding-left:0\">\n<figure class=\"wp-block-image size-full is-resized\"><img loading=\"lazy\" decoding=\"async\" width=\"134\" height=\"82\" src=\"https:\/\/itinerari.visitbergamo.net\/wp-content\/uploads\/2024\/01\/3_Porta-San-Alessandro.png\" alt=\"\" class=\"wp-image-859\" style=\"width:67px\"\/><\/figure>\n\n\n\n<p><strong>PORTA SANT&#8217;ALESSANDRO<\/strong><\/p>\n<\/div>\n\n\n<!--blockstudio\/blockstudio\/tasto--><a class=\"tasto\" style=\"background-color: rgb(57,168,53)\" href=\"https:\/\/www.visitbergamo.net\/de\/object-details\/6568-porta-sant-alessandro\/\" target=\"_blank\"><i class=\"fa-solid fa-up-right-from-square\"><\/i> Mehr lesen<\/a>\n\n<!--blockstudio\/blockstudio\/tasto--><a class=\"tasto\" style=\"background-color: rgb(57,168,53)\" href=\"https:\/\/maps.app.goo.gl\/kwP3foMmg6eDi6PG9\" target=\"_blank\"><i class=\"fa-solid fa-location-pin\"><\/i> In Karten \u00f6ffnen<\/a>\n<\/div>\n        <\/div>\n    <\/div>\n\n    <br \/><br \/><br \/><br \/><br \/>\n\n    <div style=\"position: absolute; bottom: 0px; left: 0px; width: 100%; height: 100px; background-color: rgb(176,211,152); opacity: .2;\"><\/div>\n    \n<\/section>\n\n<style>\n    a.tasto{\n        color: rgb(255,255,255) !important;\n    }\n<\/style>\n\n<!--blockstudio\/blockstudio\/atterraggio-qr-code--><section class=\"atterraggio my-5 position-relative\">\n\n    <div class=\"ancora\" id=\"cartellov12\"><\/div>\n\n    <div class=\"landingContainer p-3 pb-5\">\n        <div class=\"sideBar\">\n            <div class=\"line\" style=\"background-color: rgb(57,168,53)\"><\/div>\n            <div class=\"numero\" style=\"background-color: rgb(57,168,53)\" onclick=\"loadAudio('https:\/\/itinerari.visitbergamo.net\/wp-content\/uploads\/2024\/01\/v18-Tappa-Scaletta-dello-Scorlazzone.mp3');\">\n                <i class=\"fa-solid fa-volume-high\" style=\"color: rgb(255,255,255)\"><\/i>\n            <\/div>\n            <div class=\"closingBall\" style=\"background-color: rgb(57,168,53)\"><\/div>\n        <\/div>\n        <div class=\"contenuto mb-3\">\n            \n            <div class=\"mt-1 d-inline-block mb-3\" onclick=\"loadAudio('https:\/\/itinerari.visitbergamo.net\/wp-content\/uploads\/2024\/01\/v18-Tappa-Scaletta-dello-Scorlazzone.mp3');\" style=\"cursor: pointer; text-decoration: none;\">\n                <div class=\"label\" style=\"color: rgb(4,119,52)\">\n                    DEN <b>AUDIOGUIDE<\/b> ANH\u00d6REN                <\/div>\n            <\/div>\n\n            <h3 class=\"landingTitolo mb-2\">\n            ETAPPE: Scaletta dello Scorlazzone            <\/h3>\n            <div class=\"menuTitolo\">\n                <b>ETAPPE:<\/b> Scaletta dello Scorlazzone            <\/div>\n                        <div >\n\n<p>Sie befinden sich am Fu\u00dfe der \u201c<strong>Scaletta dello Scorlazzone<\/strong>\u201d (Scorlazzone Treppe) (Punkt 3), einer der ber\u00fchmtesten mittelalterlichen Gassen, die Ober- und Unterstadt von Bergamo verbinden.<\/p>\n\n\n\n<div class=\"wp-block-group is-vertical is-layout-flex wp-container-core-group-is-layout-23 wp-block-group-is-layout-flex\" style=\"padding-top:0;padding-right:0;padding-bottom:var(--wp--preset--spacing--30);padding-left:0\">\n<figure class=\"wp-block-image size-full is-resized\"><img loading=\"lazy\" decoding=\"async\" width=\"118\" height=\"88\" src=\"https:\/\/itinerari.visitbergamo.net\/wp-content\/uploads\/2024\/01\/3_03_Scaletta-dello-Scorlazzone.png\" alt=\"\" class=\"wp-image-877\" style=\"width:59px\"\/><\/figure>\n\n\n\n<p><strong>SCALETTA DELLO SCORLAZZONE<\/strong><\/p>\n<\/div>\n\n\n<!--blockstudio\/blockstudio\/tasto--><a class=\"tasto\" style=\"background-color: rgb(57,168,53)\" href=\"https:\/\/www.visitbergamo.net\/de\/object-details\/3155-scaletta-dello-scorlazzone\/\" target=\"_blank\"><i class=\"fa-solid fa-up-right-from-square\"><\/i> Mehr lesen<\/a>\n\n<!--blockstudio\/blockstudio\/tasto--><a class=\"tasto\" style=\"background-color: rgb(57,168,53)\" href=\"https:\/\/maps.app.goo.gl\/zbxHzFopWsZdHkLZ7\" target=\"_blank\"><i class=\"fa-solid fa-location-pin\"><\/i> In Karten \u00f6ffnen<\/a>\n\n\n<div style=\"height:30px\" aria-hidden=\"true\" class=\"wp-block-spacer\"><\/div>\n\n\n\n<p>Diese kopfsteingepflasterte Treppe diente den Menschen als Durchgang zwischen den beiden H\u00e4lften des Stadtzentrums; heute ist sie eine sehr &#8222;lokale&#8220; Art, die versteckten Ecken zu erkunden. Mit dem R\u00fccken zum Wegweiser sehen Sie weiter links auch den Eingang zum Scorlazzino, einer kleinen Treppe, die eine nat\u00fcrliche Fortsetzung des Scorlazzone darstellt. Es lohnt sich, sie f\u00fcr Ihren n\u00e4chsten Spaziergang zu markieren!Nun erwartet Sie der Rest&nbsp; der \u201cCitt\u00e0 Verde\u201d (Gr\u00fcnen Stadt): Wenn Sie von San Vigilio kommen, wenden Sie sich mit dem R\u00fccken zum Wegweiser, biegen rechts ab und gehen die Via Sudorno entlang bis zur Kreuzung mit der Via Torni. Halten Sie sich links und nach 90 Metern erreichen Sie den <strong>Tempio dei Caduti<\/strong> (Tempel der Gefallenen) (Punkt 4), der 1915 auf den \u00dcberresten der alten Chiesa di S.Maria di Sudorno (Hl. Maria von Sudorno Kirche) errichtet wurde und den gefallenen Soldaten der Kriege gewidmet ist.<\/p>\n\n\n\n<div class=\"wp-block-group is-vertical is-layout-flex wp-container-core-group-is-layout-24 wp-block-group-is-layout-flex\" style=\"padding-top:0;padding-right:0;padding-bottom:var(--wp--preset--spacing--30);padding-left:0\">\n<figure class=\"wp-block-image size-full is-resized\"><img loading=\"lazy\" decoding=\"async\" width=\"106\" height=\"149\" src=\"https:\/\/itinerari.visitbergamo.net\/wp-content\/uploads\/2024\/01\/3_04_Tempio-_dei-caduti.png\" alt=\"\" class=\"wp-image-883\" style=\"width:53px\"\/><\/figure>\n\n\n\n<p><strong>TEMPIO DEI CADUTI<\/strong><\/p>\n<\/div>\n\n\n<!--blockstudio\/blockstudio\/tasto--><a class=\"tasto\" style=\"background-color: rgb(57,168,53)\" href=\"https:\/\/www.visitbergamo.net\/de\/object-details\/3178-tempio-dei-caduti\/\" target=\"_blank\"><i class=\"fa-solid fa-up-right-from-square\"><\/i> Mehr lesen<\/a>\n\n<!--blockstudio\/blockstudio\/tasto--><a class=\"tasto\" style=\"background-color: rgb(57,168,53)\" href=\"https:\/\/maps.app.goo.gl\/dzmbrYAiXJMNNpJm8\" target=\"_blank\"><i class=\"fa-solid fa-location-pin\"><\/i> In Karten \u00f6ffnen<\/a>\n\n\n<div style=\"height:30px\" aria-hidden=\"true\" class=\"wp-block-spacer\"><\/div>\n\n\n\n<p>Dopo il Tempio, prosegui oltre l\u2019arcata di via Sudorno, tieni la destra e rimani su via Astino. Qui inizia la bella discesa su strada a ciottoli verso l\u2019<strong>Orto Botanico-Valle della Biodiversit\u00e0 <\/strong>(punto 5), che raggiungerai dopo 1 chilometro. A pochi metri dall\u2019Orto, ma sul lato sinistro della strada, troverai la <strong>Chiesa del Santo Sepolcro <\/strong>(punto 6) e l\u2019<strong>Ex-monastero di Astino<\/strong> (punto 7).<\/p>\n\n\n\n<div class=\"wp-block-group is-vertical is-layout-flex wp-container-core-group-is-layout-25 wp-block-group-is-layout-flex\" style=\"padding-top:0;padding-right:0;padding-bottom:var(--wp--preset--spacing--30);padding-left:0\">\n<figure class=\"wp-block-image size-full is-resized\"><img loading=\"lazy\" decoding=\"async\" width=\"121\" height=\"110\" src=\"https:\/\/itinerari.visitbergamo.net\/wp-content\/uploads\/2024\/01\/3_05_Orto-Botanico-_Valle-della-Biodiversita.png\" alt=\"\" class=\"wp-image-895\" style=\"width:60px\"\/><\/figure>\n\n\n\n<p><strong><strong>ORTO BOTANICO-VALLE DELLA BIODIVERSIT<\/strong>\u00c0&nbsp;<\/strong><\/p>\n<\/div>\n\n\n<!--blockstudio\/blockstudio\/tasto--><a class=\"tasto\" style=\"background-color: rgb(57,168,53)\" href=\"https:\/\/www.visitbergamo.net\/de\/object-details\/3116-la-valle-della-biodiversit%C3%A0\/\" target=\"_blank\"><i class=\"fa-solid fa-up-right-from-square\"><\/i> Mehr lesen<\/a>\n\n<!--blockstudio\/blockstudio\/tasto--><a class=\"tasto\" style=\"background-color: rgb(57,168,53)\" href=\"https:\/\/maps.app.goo.gl\/mxWSAtMJiMYESYy68\" target=\"_blank\"><i class=\"fa-solid fa-location-pin\"><\/i> In Karten \u00f6ffnen<\/a>\n\n\n<div style=\"height:25px\" aria-hidden=\"true\" class=\"wp-block-spacer\"><\/div>\n\n\n\n<div class=\"wp-block-group is-vertical is-layout-flex wp-container-core-group-is-layout-26 wp-block-group-is-layout-flex\" style=\"padding-top:0;padding-right:0;padding-bottom:var(--wp--preset--spacing--30);padding-left:0\">\n<figure class=\"wp-block-image size-full is-resized\"><img loading=\"lazy\" decoding=\"async\" width=\"126\" height=\"148\" src=\"https:\/\/itinerari.visitbergamo.net\/wp-content\/uploads\/2024\/01\/3_06_Chiesa-del-Santo-Sepolcro.png\" alt=\"\" class=\"wp-image-901\" style=\"width:63px\"\/><\/figure>\n\n\n\n<p><strong><strong>CHIESA DEL SANTO SEPOLCRO<\/strong><\/strong><\/p>\n<\/div>\n\n\n<!--blockstudio\/blockstudio\/tasto--><a class=\"tasto\" style=\"background-color: rgb(57,168,53)\" href=\"https:\/\/www.visitbergamo.net\/de\/object-details\/10459-chiesa-del-santo-sepolcro\/\" target=\"_blank\"><i class=\"fa-solid fa-up-right-from-square\"><\/i> Mehr lesen<\/a>\n\n<!--blockstudio\/blockstudio\/tasto--><a class=\"tasto\" style=\"background-color: rgb(57,168,53)\" href=\"https:\/\/maps.app.goo.gl\/98JGx4xgjQAmzZDx7\" target=\"_blank\"><i class=\"fa-solid fa-location-pin\"><\/i> In Karten \u00f6ffnen<\/a>\n\n\n<div style=\"height:25px\" aria-hidden=\"true\" class=\"wp-block-spacer\"><\/div>\n\n\n\n<div class=\"wp-block-group is-vertical is-layout-flex wp-container-core-group-is-layout-27 wp-block-group-is-layout-flex\" style=\"padding-top:0;padding-right:0;padding-bottom:var(--wp--preset--spacing--30);padding-left:0\">\n<figure class=\"wp-block-image size-full is-resized\"><img loading=\"lazy\" decoding=\"async\" width=\"272\" height=\"82\" src=\"https:\/\/itinerari.visitbergamo.net\/wp-content\/uploads\/2024\/01\/3_07_-Ex-monastero-di-Astino.png\" alt=\"\" class=\"wp-image-907\" style=\"width:136px\"\/><\/figure>\n\n\n\n<p><strong>EX-MONASTERO DI ASTINO<\/strong><\/p>\n<\/div>\n\n\n<!--blockstudio\/blockstudio\/tasto--><a class=\"tasto\" style=\"background-color: rgb(57,168,53)\" href=\"https:\/\/www.visitbergamo.net\/de\/object-details\/3121-ex-monastero-di-astino\/\" target=\"_blank\"><i class=\"fa-solid fa-up-right-from-square\"><\/i> Mehr lesen<\/a>\n\n<!--blockstudio\/blockstudio\/tasto--><a class=\"tasto\" style=\"background-color: rgb(57,168,53)\" href=\"https:\/\/maps.app.goo.gl\/xK7VqwuuTBPiYmaU8\" target=\"_blank\"><i class=\"fa-solid fa-location-pin\"><\/i> In Karten \u00f6ffnen<\/a>\n\n\n<div style=\"height:30px\" aria-hidden=\"true\" class=\"wp-block-spacer\"><\/div>\n\n\n\n<p>Folgt man hingegen dem Weg aus dem Val d&#8217;Astino kommend, steigt man den schmalen gepflasterten Weg links vom Wegweiser hinauf. Unmittelbar nach der Kurve beginnt die <strong>Scaletta dello Scorlazzone<\/strong>&nbsp; (Scorlazzone-Treppen) (Punkt 3), die mit ihren 162 sanft abfallenden Stufen zum San-Vigilio-Pass hinauff\u00fchrt. Auf dem Gipfel befindet sich nach 500 Metern die <strong>Chiesa di San Vigilio<\/strong> (Kirche von San Vigilio) (Punkt 2) und nach weiteren 160 Metern das <strong>Castello di San Vigilio<\/strong> (Schloss von San Vigilio) (Punkt 1).<\/p>\n\n\n\n<div class=\"wp-block-group is-vertical is-layout-flex wp-container-core-group-is-layout-28 wp-block-group-is-layout-flex\" style=\"padding-top:0;padding-right:0;padding-bottom:var(--wp--preset--spacing--30);padding-left:0\">\n<figure class=\"wp-block-image size-full is-resized\"><img loading=\"lazy\" decoding=\"async\" width=\"118\" height=\"88\" src=\"https:\/\/itinerari.visitbergamo.net\/wp-content\/uploads\/2024\/01\/3_03_Scaletta-dello-Scorlazzone.png\" alt=\"\" class=\"wp-image-877\" style=\"width:59px\"\/><\/figure>\n\n\n\n<p><strong><strong>SCALETTA DELLO SCORLAZZONE<\/strong><\/strong><\/p>\n<\/div>\n\n\n<!--blockstudio\/blockstudio\/tasto--><a class=\"tasto\" style=\"background-color: rgb(57,168,53)\" href=\"https:\/\/www.visitbergamo.net\/de\/object-details\/3155-scaletta-dello-scorlazzone\/\" target=\"_blank\"><i class=\"fa-solid fa-up-right-from-square\"><\/i> Mehr lesen<\/a>\n\n<!--blockstudio\/blockstudio\/tasto--><a class=\"tasto\" style=\"background-color: rgb(57,168,53)\" href=\"https:\/\/maps.app.goo.gl\/zbxHzFopWsZdHkLZ7\" target=\"_blank\"><i class=\"fa-solid fa-location-pin\"><\/i> In Karten \u00f6ffnen<\/a>\n\n\n<div style=\"height:25px\" aria-hidden=\"true\" class=\"wp-block-spacer\"><\/div>\n\n\n\n<div class=\"wp-block-group is-vertical is-layout-flex wp-container-core-group-is-layout-29 wp-block-group-is-layout-flex\" style=\"padding-top:0;padding-right:0;padding-bottom:var(--wp--preset--spacing--30);padding-left:0\">\n<figure class=\"wp-block-image size-full is-resized\"><img loading=\"lazy\" decoding=\"async\" width=\"77\" height=\"92\" src=\"https:\/\/itinerari.visitbergamo.net\/wp-content\/uploads\/2024\/01\/3_02_Chiesetta_di-San-Vigilio.png\" alt=\"\" class=\"wp-image-871\" style=\"width:40px\"\/><\/figure>\n\n\n\n<p><strong><strong>CHIESA DI S. VIGILIO<\/strong><\/strong><\/p>\n<\/div>\n\n\n<!--blockstudio\/blockstudio\/tasto--><a class=\"tasto\" style=\"background-color: rgb(57,168,53)\" href=\"https:\/\/www.visitbergamo.net\/de\/object-details\/3145-chiesa-s--vigilio\/\" target=\"_blank\"><i class=\"fa-solid fa-up-right-from-square\"><\/i> Mehr lesen<\/a>\n\n<!--blockstudio\/blockstudio\/tasto--><a class=\"tasto\" style=\"background-color: rgb(57,168,53)\" href=\"https:\/\/maps.app.goo.gl\/7m5MC22o6DMYXiCW6\" target=\"_blank\"><i class=\"fa-solid fa-location-pin\"><\/i> In Karten \u00f6ffnen<\/a>\n\n\n<div style=\"height:25px\" aria-hidden=\"true\" class=\"wp-block-spacer\"><\/div>\n\n\n\n<div class=\"wp-block-group is-vertical is-layout-flex wp-container-core-group-is-layout-30 wp-block-group-is-layout-flex\" style=\"padding-top:0;padding-right:0;padding-bottom:var(--wp--preset--spacing--30);padding-left:0\">\n<figure class=\"wp-block-image size-full is-resized\"><img loading=\"lazy\" decoding=\"async\" width=\"158\" height=\"113\" src=\"https:\/\/itinerari.visitbergamo.net\/wp-content\/uploads\/2024\/01\/3_01_Castello-San-Vigilio.png\" alt=\"\" class=\"wp-image-865\" style=\"width:42px\"\/><\/figure>\n\n\n\n<p><strong>CASTELLO DI SAN VIGILIO<\/strong><\/p>\n<\/div>\n\n\n<!--blockstudio\/blockstudio\/tasto--><a class=\"tasto\" style=\"background-color: rgb(57,168,53)\" href=\"https:\/\/www.visitbergamo.net\/de\/object-details\/20-castello-s-vigilio\/\" target=\"_blank\"><i class=\"fa-solid fa-up-right-from-square\"><\/i> Mehr lesen<\/a>\n\n<!--blockstudio\/blockstudio\/tasto--><a class=\"tasto\" style=\"background-color: rgb(57,168,53)\" href=\"https:\/\/maps.app.goo.gl\/FEmPrLgzcpVSz6UXA\" target=\"_blank\"><i class=\"fa-solid fa-location-pin\"><\/i> In Karten \u00f6ffnen<\/a>\n<\/div>\n        <\/div>\n    <\/div>\n\n    <br \/><br \/><br \/><br \/><br \/>\n\n    <div style=\"position: absolute; bottom: 0px; left: 0px; width: 100%; height: 100px; background-color: rgb(176,211,152); opacity: .2;\"><\/div>\n    \n<\/section>\n\n<style>\n    a.tasto{\n        color: rgb(255,255,255) !important;\n    }\n<\/style>\n\n<!--blockstudio\/blockstudio\/atterraggio-qr-code--><section class=\"atterraggio my-5 position-relative\">\n\n    <div class=\"ancora\" id=\"cartellov13\"><\/div>\n\n    <div class=\"landingContainer p-3 pb-5\">\n        <div class=\"sideBar\">\n            <div class=\"line\" style=\"background-color: rgb(57,168,53)\"><\/div>\n            <div class=\"numero\" style=\"background-color: rgb(57,168,53)\" onclick=\"loadAudio('https:\/\/itinerari.visitbergamo.net\/wp-content\/uploads\/2024\/01\/v19-Tappa-Ex-monastero-di-Astino.mp3');\">\n                <i class=\"fa-solid fa-volume-high\" style=\"color: rgb(255,255,255)\"><\/i>\n            <\/div>\n            <div class=\"closingBall\" style=\"background-color: rgb(57,168,53)\"><\/div>\n        <\/div>\n        <div class=\"contenuto mb-3\">\n            \n            <div class=\"mt-1 d-inline-block mb-3\" onclick=\"loadAudio('https:\/\/itinerari.visitbergamo.net\/wp-content\/uploads\/2024\/01\/v19-Tappa-Ex-monastero-di-Astino.mp3');\" style=\"cursor: pointer; text-decoration: none;\">\n                <div class=\"label\" style=\"color: rgb(4,119,52)\">\n                    DEN <b>AUDIOGUIDE<\/b> ANH\u00d6REN                <\/div>\n            <\/div>\n\n            <h3 class=\"landingTitolo mb-2\">\n            ETAPPE: Ex-monastero di Astino            <\/h3>\n            <div class=\"menuTitolo\">\n                <b>ETAPPE:<\/b> Ex-monastero di Astino            <\/div>\n                        <div >\n\n<p>Sie befinden sich im Val d&#8217;Astino (Astino Tal), das seit Jahrhunderten wegen seiner Sch\u00f6nheit und seines g\u00fcnstigen Mikroklimas gesch\u00e4tzt wird. Ein Spaziergang durch die gr\u00fcnen Stra\u00dfen und Wege, zwischen Weinbergen und Flachsfeldern, wird Sie begeistern.Ihr Wegweiser f\u00fchrt Sie zur <strong>Chiesa del Santo Sepolcro<\/strong> (Kirche des Heiligen Grabes) (Punkt 6) und zum <strong>Ex-Monastero di Astino<\/strong> (ehemaligen Kloster von Astino) (Punkt 7), zwei echten historischen Schmuckst\u00fccken. Die Kirche ist das erste Geb\u00e4ude auf der rechten Seite, am oberen Ende der Panoramatreppe: Treten Sie ein und entdecken Sie die besondere Struktur des Kommisskreuzes, den Renaissance-Chor und die drei Alt\u00e4re, von denen zwei aus dem Mittelalter stammen.<\/p>\n\n\n\n<div class=\"wp-block-group is-vertical is-layout-flex wp-container-core-group-is-layout-31 wp-block-group-is-layout-flex\" style=\"padding-top:0;padding-right:0;padding-bottom:var(--wp--preset--spacing--30);padding-left:0\">\n<figure class=\"wp-block-image size-full is-resized\"><img loading=\"lazy\" decoding=\"async\" width=\"126\" height=\"148\" src=\"https:\/\/itinerari.visitbergamo.net\/wp-content\/uploads\/2024\/01\/3_06_Chiesa-del-Santo-Sepolcro.png\" alt=\"\" class=\"wp-image-901\" style=\"width:63px\"\/><\/figure>\n\n\n\n<p><strong>CHIESA DEL SANTO SEPOLCRO<\/strong><\/p>\n<\/div>\n\n\n<!--blockstudio\/blockstudio\/tasto--><a class=\"tasto\" style=\"background-color: rgb(57,168,53)\" href=\"https:\/\/www.visitbergamo.net\/de\/object-details\/10459-chiesa-del-santo-sepolcro\/\" target=\"_blank\"><i class=\"fa-solid fa-up-right-from-square\"><\/i> Mehr lesen<\/a>\n\n<!--blockstudio\/blockstudio\/tasto--><a class=\"tasto\" style=\"background-color: rgb(57,168,53)\" href=\"https:\/\/maps.app.goo.gl\/98JGx4xgjQAmzZDx7\" target=\"_blank\"><i class=\"fa-solid fa-location-pin\"><\/i> In Karten \u00f6ffnen<\/a>\n\n\n<div style=\"height:25px\" aria-hidden=\"true\" class=\"wp-block-spacer\"><\/div>\n\n\n\n<div class=\"wp-block-group is-vertical is-layout-flex wp-container-core-group-is-layout-32 wp-block-group-is-layout-flex\" style=\"padding-top:0;padding-right:0;padding-bottom:var(--wp--preset--spacing--30);padding-left:0\">\n<figure class=\"wp-block-image size-full is-resized\"><img loading=\"lazy\" decoding=\"async\" width=\"272\" height=\"82\" src=\"https:\/\/itinerari.visitbergamo.net\/wp-content\/uploads\/2024\/01\/3_07_-Ex-monastero-di-Astino.png\" alt=\"\" class=\"wp-image-907\" style=\"width:136px\"\/><\/figure>\n\n\n\n<p><strong>EX-MONASTERO DI ASTINO<\/strong><\/p>\n<\/div>\n\n\n<!--blockstudio\/blockstudio\/tasto--><a class=\"tasto\" style=\"background-color: rgb(57,168,53)\" href=\"https:\/\/www.visitbergamo.net\/de\/object-details\/3121-ex-monastero-di-astino\/\" target=\"_blank\"><i class=\"fa-solid fa-up-right-from-square\"><\/i> Mehr lesen<\/a>\n\n<!--blockstudio\/blockstudio\/tasto--><a class=\"tasto\" style=\"background-color: rgb(57,168,53)\" href=\"https:\/\/maps.app.goo.gl\/xK7VqwuuTBPiYmaU8\" target=\"_blank\"><i class=\"fa-solid fa-location-pin\"><\/i> In Karten \u00f6ffnen<\/a>\n\n\n<div style=\"height:30px\" aria-hidden=\"true\" class=\"wp-block-spacer\"><\/div>\n\n\n\n<p>Der Eingang zum ehemaligen Kloster von Astino befindet sich neben der Treppe und f\u00fchrt in den Kreuzgang. Der Klosterkomplex geht auf das Jahr 1107 zur\u00fcck, als die Vallombrosianerm\u00f6nche beschlossen, hier ihren Sitz zu errichten. Die schlichten R\u00e4ume des Klosters erz\u00e4hlen unz\u00e4hlige Geschichten, darunter auch die, dass es ein Asyl beherbergte, und im Refektorium kann man ein pr\u00e4chtiges Abendmahlsfresko des Florentiners Alessandro Allori bewundern.Der letzte Punkt dieser Etappe, hier auf der linken Seite, fast hinter Ihnen, ist der Eingang zum <strong>Orto Botanico \u2013 Valle della Biodiversit\u00e0<\/strong>&nbsp; (Botanischen Garten &#8211; Tal der Biodiversit\u00e4t) (Punkt 5). Er ist von Mai bis Oktober ge\u00f6ffnet und zeigt \u00fcber tausend Pflanzenarten, die im Laufe der Geschichte vom Menschen genutzt wurden.<\/p>\n\n\n\n<div class=\"wp-block-group is-vertical is-layout-flex wp-container-core-group-is-layout-33 wp-block-group-is-layout-flex\" style=\"padding-top:0;padding-right:0;padding-bottom:var(--wp--preset--spacing--30);padding-left:0\">\n<figure class=\"wp-block-image size-full is-resized\"><img loading=\"lazy\" decoding=\"async\" width=\"121\" height=\"110\" src=\"https:\/\/itinerari.visitbergamo.net\/wp-content\/uploads\/2024\/01\/3_05_Orto-Botanico-_Valle-della-Biodiversita.png\" alt=\"\" class=\"wp-image-895\" style=\"width:60px\"\/><\/figure>\n\n\n\n<p><strong>ORTO BOTANICO-VALLE DELLA BIODIVERSIT\u00c0<\/strong><\/p>\n<\/div>\n\n\n<!--blockstudio\/blockstudio\/tasto--><a class=\"tasto\" style=\"background-color: rgb(57,168,53)\" href=\"https:\/\/www.visitbergamo.net\/de\/object-details\/3116-la-valle-della-biodiversit%C3%A0\/\" target=\"_blank\"><i class=\"fa-solid fa-up-right-from-square\"><\/i> Mehr lesen<\/a>\n\n<!--blockstudio\/blockstudio\/tasto--><a class=\"tasto\" style=\"background-color: rgb(57,168,53)\" href=\"https:\/\/maps.app.goo.gl\/mxWSAtMJiMYESYy68\" target=\"_blank\"><i class=\"fa-solid fa-location-pin\"><\/i> In Karten \u00f6ffnen<\/a>\n\n\n<div style=\"height:30px\" aria-hidden=\"true\" class=\"wp-block-spacer\"><\/div>\n\n\n\n<p>Nach dem Besuch erwartet Sie ein malerischer Spaziergang auf der Via Astino: Folgen Sie der Stra\u00dfe bergab und nach 700 Metern erreichen Sie die n\u00e4chste Station Ihrer Route, die historische <strong>Roggia Curna<\/strong> (Punkt 8).<\/p>\n\n\n\n<div class=\"wp-block-group is-vertical is-layout-flex wp-container-core-group-is-layout-34 wp-block-group-is-layout-flex\" style=\"padding-top:0;padding-right:0;padding-bottom:var(--wp--preset--spacing--30);padding-left:0\">\n<figure class=\"wp-block-image size-full is-resized\"><img loading=\"lazy\" decoding=\"async\" width=\"153\" height=\"93\" src=\"https:\/\/itinerari.visitbergamo.net\/wp-content\/uploads\/2024\/01\/3_08_Roggia-Curna.png\" alt=\"\" class=\"wp-image-913\" style=\"width:76px\"\/><\/figure>\n\n\n\n<p><strong>ROGGIA CURNA<\/strong><\/p>\n<\/div>\n\n\n<!--blockstudio\/blockstudio\/tasto--><a class=\"tasto\" style=\"background-color: rgb(57,168,53)\" href=\"https:\/\/www.visitbergamo.net\/de\/object-details\/10469-roggia-curna\/\" target=\"_blank\"><i class=\"fa-solid fa-up-right-from-square\"><\/i> Mehr lesen<\/a>\n\n<!--blockstudio\/blockstudio\/tasto--><a class=\"tasto\" style=\"background-color: rgb(57,168,53)\" href=\"https:\/\/maps.app.goo.gl\/BTNUTdNQFb87mZyX9\" target=\"_blank\"><i class=\"fa-solid fa-location-pin\"><\/i> In Karten \u00f6ffnen<\/a>\n\n\n<div style=\"height:30px\" aria-hidden=\"true\" class=\"wp-block-spacer\"><\/div>\n\n\n\n<p>Wenn Sie dagegen der Route vom Roggia-Weg aus folgen, ist Ihr n\u00e4chster Halt am Anfang der Via Astino. Biegen Sie, dem Wegweiser folgend, links ab, steigen Sie die malerische Kopfsteinpflasterstra\u00dfe hinauf und erreichen Sie nach einer Kurve nach etwa 1 km den <strong>Tempio dei Caduti<\/strong>&nbsp; (Tempel der Gefallenen) (Punkt 4) in der Via Sudorno.<\/p>\n\n\n\n<div class=\"wp-block-group is-vertical is-layout-flex wp-container-core-group-is-layout-35 wp-block-group-is-layout-flex\" style=\"padding-top:0;padding-right:0;padding-bottom:var(--wp--preset--spacing--30);padding-left:0\">\n<figure class=\"wp-block-image size-full is-resized\"><img loading=\"lazy\" decoding=\"async\" width=\"106\" height=\"149\" src=\"https:\/\/itinerari.visitbergamo.net\/wp-content\/uploads\/2024\/01\/3_04_Tempio-_dei-caduti.png\" alt=\"\" class=\"wp-image-883\" style=\"width:53px\"\/><\/figure>\n\n\n\n<p><strong>TEMPIO DEI CADUTI<\/strong><\/p>\n<\/div>\n\n\n<!--blockstudio\/blockstudio\/tasto--><a class=\"tasto\" style=\"background-color: rgb(57,168,53)\" href=\"https:\/\/www.visitbergamo.net\/de\/object-details\/3178-tempio-dei-caduti\/\" target=\"_blank\"><i class=\"fa-solid fa-up-right-from-square\"><\/i> Mehr lesen<\/a>\n\n<!--blockstudio\/blockstudio\/tasto--><a class=\"tasto\" style=\"background-color: rgb(57,168,53)\" href=\"https:\/\/maps.app.goo.gl\/dzmbrYAiXJMNNpJm8\" target=\"_blank\"><i class=\"fa-solid fa-location-pin\"><\/i> In Karten \u00f6ffnen<\/a>\n<\/div>\n        <\/div>\n    <\/div>\n\n    <br \/><br \/><br \/><br \/><br \/>\n\n    <div style=\"position: absolute; bottom: 0px; left: 0px; width: 100%; height: 100px; background-color: rgb(176,211,152); opacity: .2;\"><\/div>\n    \n<\/section>\n\n<style>\n    a.tasto{\n        color: rgb(255,255,255) !important;\n    }\n<\/style>\n\n<!--blockstudio\/blockstudio\/atterraggio-qr-code--><section class=\"atterraggio my-5 position-relative\">\n\n    <div class=\"ancora\" id=\"cartellov01\"><\/div>\n\n    <div class=\"landingContainer p-3 pb-5\">\n        <div class=\"sideBar\">\n            <div class=\"line\" style=\"background-color: rgb(57,168,53)\"><\/div>\n            <div class=\"numero\" style=\"background-color: rgb(57,168,53)\" onclick=\"loadAudio('https:\/\/itinerari.visitbergamo.net\/wp-content\/uploads\/2024\/01\/v20-Tappa-Roggia-Curna.mp3');\">\n                <i class=\"fa-solid fa-volume-high\" style=\"color: rgb(255,255,255)\"><\/i>\n            <\/div>\n            <div class=\"closingBall\" style=\"background-color: rgb(57,168,53)\"><\/div>\n        <\/div>\n        <div class=\"contenuto mb-3\">\n            \n            <div class=\"mt-1 d-inline-block mb-3\" onclick=\"loadAudio('https:\/\/itinerari.visitbergamo.net\/wp-content\/uploads\/2024\/01\/v20-Tappa-Roggia-Curna.mp3');\" style=\"cursor: pointer; text-decoration: none;\">\n                <div class=\"label\" style=\"color: rgb(4,119,52)\">\n                    DEN <b>AUDIOGUIDE<\/b> ANH\u00d6REN                <\/div>\n            <\/div>\n\n            <h3 class=\"landingTitolo mb-2\">\n            ETAPPE: Roggia Curna            <\/h3>\n            <div class=\"menuTitolo\">\n                <b>ETAPPE:<\/b> Roggia Curna            <\/div>\n                        <div >\n\n<p>Sie befinden sich im Val d&#8217;Astino, einem der faszinierendsten Gebiete des&nbsp; \u201cParco regionale dei Colli\u201d (Regionalparks der H\u00fcgel), der seit 1977 die Gebiete von nicht weniger als zehn Gemeinden, darunter Bergamo Alta (Oberstadt von Bergamo), sch\u00fctzt und aufwertet.<\/p>\n\n\n\n<p>Die Route f\u00fchrt Sie nun in Richtung Citt\u00e0 Alta (Oberstadt). Um weiterzufahren, drehen Sie dem Wegweiser den R\u00fccken zu, \u00fcberqueren Sie die Stra\u00dfe und nehmen Sie den kurzen Rad- und Fu\u00dfweg, der in die Gr\u00fcnanlage am Rande der <strong>Roggia Curna<\/strong> (Punkt 8) f\u00fchrt, die durch ein Schild gekennzeichnet ist. Auf diese Weise kommt man an einem Kanal vorbei, dessen Verlauf seit \u00fcber f\u00fcnfhundert Jahren besteht: Der Bew\u00e4sserungsgraben wurde ab 1475 auf Gehei\u00df des gro\u00dfen Anf\u00fchrers Bartolomeo Colleoni gebaut.<\/p>\n\n\n\n<div class=\"wp-block-group is-vertical is-layout-flex wp-container-core-group-is-layout-36 wp-block-group-is-layout-flex\" style=\"padding-top:0;padding-right:0;padding-bottom:var(--wp--preset--spacing--30);padding-left:0\">\n<figure class=\"wp-block-image size-full is-resized\"><img loading=\"lazy\" decoding=\"async\" width=\"153\" height=\"93\" src=\"https:\/\/itinerari.visitbergamo.net\/wp-content\/uploads\/2024\/01\/3_08_Roggia-Curna.png\" alt=\"\" class=\"wp-image-913\" style=\"width:76px\"\/><\/figure>\n\n\n\n<p><strong>ROGGIA CURNA<\/strong><\/p>\n<\/div>\n\n\n<!--blockstudio\/blockstudio\/tasto--><a class=\"tasto\" style=\"background-color: rgb(57,168,53)\" href=\"https:\/\/www.visitbergamo.net\/de\/object-details\/10469-roggia-curna\/\" target=\"_blank\"><i class=\"fa-solid fa-up-right-from-square\"><\/i> Mehr lesen<\/a>\n\n<!--blockstudio\/blockstudio\/tasto--><a class=\"tasto\" style=\"background-color: rgb(57,168,53)\" href=\"https:\/\/maps.app.goo.gl\/BTNUTdNQFb87mZyX9\" target=\"_blank\"><i class=\"fa-solid fa-location-pin\"><\/i> In Karten \u00f6ffnen<\/a>\n\n\n<div style=\"height:30px\" aria-hidden=\"true\" class=\"wp-block-spacer\"><\/div>\n\n\n\n<p>Wenn der Weg in die Via Ripa Pasqualina m\u00fcndet, biegen Sie links ab. 400 Meter weiter geht es geradeaus bis zum Beginn der <strong>Scaletta di Ripa Pasqualina&nbsp; <\/strong>(Treppen von Ripa Pasqualina) (Punkt 9). Wie der Scorlazzone hat auch diese Gasse antike Urspr\u00fcnge: Wer sie entlanggeht, macht eine echte Zeitreise.<\/p>\n\n\n\n<div class=\"wp-block-group is-vertical is-layout-flex wp-container-core-group-is-layout-37 wp-block-group-is-layout-flex\" style=\"padding-top:0;padding-right:0;padding-bottom:var(--wp--preset--spacing--30);padding-left:0\">\n<figure class=\"wp-block-image size-full is-resized\"><img loading=\"lazy\" decoding=\"async\" width=\"101\" height=\"58\" src=\"https:\/\/itinerari.visitbergamo.net\/wp-content\/uploads\/2024\/01\/3_09_Scaletta-_via-Ripa-Pasqualina.png\" alt=\"\" class=\"wp-image-919\" style=\"width:50px\"\/><\/figure>\n\n\n\n<p><strong>SCALETTA DI RIPA PASQUALINA<\/strong><\/p>\n<\/div>\n\n\n<!--blockstudio\/blockstudio\/tasto--><a class=\"tasto\" style=\"background-color: rgb(57,168,53)\" href=\"https:\/\/www.visitbergamo.net\/de\/object-details\/3159-via-ripa-pasqualina\/\" target=\"_blank\"><i class=\"fa-solid fa-up-right-from-square\"><\/i> Mehr lesen<\/a>\n\n<!--blockstudio\/blockstudio\/tasto--><a class=\"tasto\" style=\"background-color: rgb(57,168,53)\" href=\"https:\/\/maps.app.goo.gl\/EeKnMeK1YJ9wFszc7\" target=\"_blank\"><i class=\"fa-solid fa-location-pin\"><\/i> In Karten \u00f6ffnen<\/a>\n\n\n<div style=\"height:30px\" aria-hidden=\"true\" class=\"wp-block-spacer\"><\/div>\n\n\n\n<p>Wenn Sie hingegen von der Treppe der Ripa Pasqualina kommen, haben Sie nun das ganze Valle d&#8217;Astino zu entdecken. Biegen Sie am Wegweiser rechts ab und folgen Sie dem Weg. Nach 700 Metern im Gr\u00fcnen sto\u00dfen Sie auf drei Sehensw\u00fcrdigkeiten: das <strong>Ex-Monastero di Astino<\/strong> (ehemalige Kloster von Astino) (Punkt 7), die <strong>Chiesa del Santo Sepolcro<\/strong> (Kirche des Heiligen Grabes) (Punkt 6) und, fast gegen\u00fcber, der <strong>Orto Botanico \u2013 Valle della Biodiversit\u00e0<\/strong> (Botanische Garten &#8211; Tal der Biodiversit\u00e4t) (Punkt 5).<\/p>\n\n\n\n<div class=\"wp-block-group is-vertical is-layout-flex wp-container-core-group-is-layout-38 wp-block-group-is-layout-flex\" style=\"padding-top:0;padding-right:0;padding-bottom:var(--wp--preset--spacing--30);padding-left:0\">\n<figure class=\"wp-block-image size-full is-resized\"><img loading=\"lazy\" decoding=\"async\" width=\"272\" height=\"82\" src=\"https:\/\/itinerari.visitbergamo.net\/wp-content\/uploads\/2024\/01\/3_07_-Ex-monastero-di-Astino.png\" alt=\"\" class=\"wp-image-907\" style=\"width:136px\"\/><\/figure>\n\n\n\n<p><strong>EX-MONASTERO DI ASTINO<\/strong><\/p>\n<\/div>\n\n\n<!--blockstudio\/blockstudio\/tasto--><a class=\"tasto\" style=\"background-color: rgb(57,168,53)\" href=\"https:\/\/www.visitbergamo.net\/de\/object-details\/3121-ex-monastero-di-astino\/\" target=\"_blank\"><i class=\"fa-solid fa-up-right-from-square\"><\/i> Mehr lesen<\/a>\n\n<!--blockstudio\/blockstudio\/tasto--><a class=\"tasto\" style=\"background-color: rgb(57,168,53)\" href=\"https:\/\/maps.app.goo.gl\/xK7VqwuuTBPiYmaU8\" target=\"_blank\"><i class=\"fa-solid fa-location-pin\"><\/i> In Karten \u00f6ffnen<\/a>\n\n\n<div style=\"height:25px\" aria-hidden=\"true\" class=\"wp-block-spacer\"><\/div>\n\n\n\n<div class=\"wp-block-group is-vertical is-layout-flex wp-container-core-group-is-layout-39 wp-block-group-is-layout-flex\" style=\"padding-top:0;padding-right:0;padding-bottom:var(--wp--preset--spacing--30);padding-left:0\">\n<figure class=\"wp-block-image size-full is-resized\"><img loading=\"lazy\" decoding=\"async\" width=\"106\" height=\"149\" src=\"https:\/\/itinerari.visitbergamo.net\/wp-content\/uploads\/2024\/01\/3_04_Tempio-_dei-caduti.png\" alt=\"\" class=\"wp-image-883\" style=\"width:63px\"\/><\/figure>\n\n\n\n<p><strong>CHIESA DEL SANTO SEPOLCRO<\/strong><\/p>\n<\/div>\n\n\n<!--blockstudio\/blockstudio\/tasto--><a class=\"tasto\" style=\"background-color: rgb(57,168,53)\" href=\"https:\/\/www.visitbergamo.net\/de\/object-details\/10459-chiesa-del-santo-sepolcro\/\" target=\"_blank\"><i class=\"fa-solid fa-up-right-from-square\"><\/i> Mehr lesen<\/a>\n\n<!--blockstudio\/blockstudio\/tasto--><a class=\"tasto\" style=\"background-color: rgb(57,168,53)\" href=\"https:\/\/maps.app.goo.gl\/98JGx4xgjQAmzZDx7\" target=\"_blank\"><i class=\"fa-solid fa-location-pin\"><\/i> In Karten \u00f6ffnen<\/a>\n\n\n<div style=\"height:25px\" aria-hidden=\"true\" class=\"wp-block-spacer\"><\/div>\n\n\n\n<div class=\"wp-block-group is-vertical is-layout-flex wp-container-core-group-is-layout-40 wp-block-group-is-layout-flex\" style=\"padding-top:0;padding-right:0;padding-bottom:var(--wp--preset--spacing--30);padding-left:0\">\n<figure class=\"wp-block-image size-full is-resized\"><img loading=\"lazy\" decoding=\"async\" width=\"121\" height=\"110\" src=\"https:\/\/itinerari.visitbergamo.net\/wp-content\/uploads\/2024\/01\/3_05_Orto-Botanico-_Valle-della-Biodiversita.png\" alt=\"\" class=\"wp-image-895\" style=\"width:60px\"\/><\/figure>\n\n\n\n<p><strong>ORTO BOTANICO-VALLE DELLA BIODIVERSIT<strong>\u00c0<\/strong><\/strong><\/p>\n<\/div>\n\n\n<!--blockstudio\/blockstudio\/tasto--><a class=\"tasto\" style=\"background-color: rgb(57,168,53)\" href=\"https:\/\/www.visitbergamo.net\/de\/object-details\/3116-la-valle-della-biodiversit%C3%A0\/\" target=\"_blank\"><i class=\"fa-solid fa-up-right-from-square\"><\/i> Mehr lesen<\/a>\n\n<!--blockstudio\/blockstudio\/tasto--><a class=\"tasto\" style=\"background-color: rgb(57,168,53)\" href=\"https:\/\/maps.app.goo.gl\/mxWSAtMJiMYESYy68\" target=\"_blank\"><i class=\"fa-solid fa-location-pin\"><\/i> In Karten \u00f6ffnen<\/a>\n<\/div>\n        <\/div>\n    <\/div>\n\n    <br \/><br \/><br \/><br \/><br \/>\n\n    <div style=\"position: absolute; bottom: 0px; left: 0px; width: 100%; height: 100px; background-color: rgb(176,211,152); opacity: .2;\"><\/div>\n    \n<\/section>\n\n<style>\n    a.tasto{\n        color: rgb(255,255,255) !important;\n    }\n<\/style>\n\n<!--blockstudio\/blockstudio\/atterraggio-qr-code--><section class=\"atterraggio my-5 position-relative\">\n\n    <div class=\"ancora\" id=\"cartellov02\"><\/div>\n\n    <div class=\"landingContainer p-3 pb-5\">\n        <div class=\"sideBar\">\n            <div class=\"line\" style=\"background-color: rgb(57,168,53)\"><\/div>\n            <div class=\"numero\" style=\"background-color: rgb(57,168,53)\" onclick=\"loadAudio('https:\/\/itinerari.visitbergamo.net\/wp-content\/uploads\/2024\/01\/v21-Tappa-Via-Ripa-Pasqualina.mp3');\">\n                <i class=\"fa-solid fa-volume-high\" style=\"color: rgb(255,255,255)\"><\/i>\n            <\/div>\n            <div class=\"closingBall\" style=\"background-color: rgb(57,168,53)\"><\/div>\n        <\/div>\n        <div class=\"contenuto mb-3\">\n            \n            <div class=\"mt-1 d-inline-block mb-3\" onclick=\"loadAudio('https:\/\/itinerari.visitbergamo.net\/wp-content\/uploads\/2024\/01\/v21-Tappa-Via-Ripa-Pasqualina.mp3');\" style=\"cursor: pointer; text-decoration: none;\">\n                <div class=\"label\" style=\"color: rgb(4,119,52)\">\n                    DEN <b>AUDIOGUIDE<\/b> ANH\u00d6REN                <\/div>\n            <\/div>\n\n            <h3 class=\"landingTitolo mb-2\">\n            ETAPPE: Via Ripa Pasqualina            <\/h3>\n            <div class=\"menuTitolo\">\n                <b>ETAPPE:<\/b> Via Ripa Pasqualina            <\/div>\n                        <div >\n\n<p>Wir befinden uns im unteren Teil des Valle d&#8217;Astino (Astino Tal), inmitten von Natur, jahrhundertealten Bew\u00e4sserungsgr\u00e4ben und alten Treppen.Wir gehen rechts vom Wegweiser weiter, vorbei an der Via del Celtro, und kommen nach 200 Metern an eine Abzweigung; wir halten uns rechts und erreichen den Fu\u00df der <strong>Scaletta di Ripa Pasqualina<\/strong> (Ripa Pasqualina-Treppe) (Punkt 7). Wie der Scorlazzone, an dem Sie auf dem Abstieg von San Vigilio vorbeigekommen sind, ist auch diese mit Kopfsteinpflaster ausgelegte Treppe etwa tausend Jahre alt und bietet Ihnen einen unvergleichlichen Ausblick.<\/p>\n\n\n\n<div class=\"wp-block-group is-vertical is-layout-flex wp-container-core-group-is-layout-41 wp-block-group-is-layout-flex\" style=\"padding-top:0;padding-right:0;padding-bottom:var(--wp--preset--spacing--30);padding-left:0\">\n<figure class=\"wp-block-image size-full is-resized\"><img loading=\"lazy\" decoding=\"async\" width=\"101\" height=\"58\" src=\"https:\/\/itinerari.visitbergamo.net\/wp-content\/uploads\/2024\/01\/3_09_Scaletta-_via-Ripa-Pasqualina.png\" alt=\"\" class=\"wp-image-919\" style=\"width:50px\"\/><\/figure>\n\n\n\n<p><strong>SCALETTA DI RIPA PASQUALINA<\/strong><\/p>\n<\/div>\n\n\n<!--blockstudio\/blockstudio\/tasto--><a class=\"tasto\" style=\"background-color: rgb(57,168,53)\" href=\"https:\/\/www.visitbergamo.net\/de\/object-details\/3159-via-ripa-pasqualina\/\" target=\"_blank\"><i class=\"fa-solid fa-up-right-from-square\"><\/i> Mehr lesen<\/a>\n\n<!--blockstudio\/blockstudio\/tasto--><a class=\"tasto\" style=\"background-color: rgb(57,168,53)\" href=\"https:\/\/maps.app.goo.gl\/EeKnMeK1YJ9wFszc7\" target=\"_blank\"><i class=\"fa-solid fa-location-pin\"><\/i> In Karten \u00f6ffnen<\/a>\n\n\n<div style=\"height:30px\" aria-hidden=\"true\" class=\"wp-block-spacer\"><\/div>\n\n\n\n<p>Wenn Sie hingegen gerade die Treppe hinaufgestiegen sind, gehen Sie die Via Ripa Pasqualina weiter hinunter und nehmen den Rad- und Fu\u00dfg\u00e4ngerweg, den Sie nach 30 Metern auf der rechten Seite finden.Hier treffen Sie f\u00fcr ein St\u00fcck auf den Kanal <strong>Roggia Curna<\/strong> (Punkt 8). Er ist Teil des komplexen Bew\u00e4sserungssystems der Provinz, das in der Antike angelegt wurde, um das Fehlen gro\u00dfer Fl\u00fcsse in der N\u00e4he von Bergamo auszugleichen, und in der zweiten H\u00e4lfte des 15. Jahrhunderts auf Veranlassung von Bartolomeo Colleoni stark ausgebaut wurde. Heute wird der Bew\u00e4sserungsgraben nicht mehr von einer Quelle gespeist, sondern dient der Sammlung und Ableitung von Regenwasser.<\/p>\n\n\n\n<div class=\"wp-block-group is-vertical is-layout-flex wp-container-core-group-is-layout-42 wp-block-group-is-layout-flex\" style=\"padding-top:0;padding-right:0;padding-bottom:var(--wp--preset--spacing--30);padding-left:0\">\n<figure class=\"wp-block-image size-full is-resized\"><img loading=\"lazy\" decoding=\"async\" width=\"153\" height=\"93\" src=\"https:\/\/itinerari.visitbergamo.net\/wp-content\/uploads\/2024\/01\/3_08_Roggia-Curna.png\" alt=\"\" class=\"wp-image-913\" style=\"width:76px\"\/><\/figure>\n\n\n\n<p><strong>ROGGIA CURNA<\/strong><\/p>\n<\/div>\n\n\n<!--blockstudio\/blockstudio\/tasto--><a class=\"tasto\" style=\"background-color: rgb(57,168,53)\" href=\"https:\/\/www.visitbergamo.net\/de\/object-details\/10469-roggia-curna\/\" target=\"_blank\"><i class=\"fa-solid fa-up-right-from-square\"><\/i> Mehr lesen<\/a>\n\n<!--blockstudio\/blockstudio\/tasto--><a class=\"tasto\" style=\"background-color: rgb(57,168,53)\" href=\"https:\/\/maps.app.goo.gl\/BTNUTdNQFb87mZyX9\" target=\"_blank\"><i class=\"fa-solid fa-location-pin\"><\/i> In Karten \u00f6ffnen<\/a>\n\n\n<div style=\"height:30px\" aria-hidden=\"true\" class=\"wp-block-spacer\"><\/div>\n\n\n\n<p>Wenn der Weg in die Via Astino einm\u00fcndet, biegen Sie rechts ab und setzen den Weg in Richtung des ehemaligen Klosters von Astino fort.<\/p>\n\n<\/div>\n        <\/div>\n    <\/div>\n\n    <br \/><br \/><br \/><br \/><br \/>\n\n    <div style=\"position: absolute; bottom: 0px; left: 0px; width: 100%; height: 100px; background-color: rgb(176,211,152); opacity: .2;\"><\/div>\n    \n<\/section>\n\n<style>\n    a.tasto{\n        color: rgb(255,255,255) !important;\n    }\n<\/style>\n\n<!--blockstudio\/blockstudio\/atterraggio-qr-code--><section class=\"atterraggio my-5 position-relative\">\n\n    <div class=\"ancora\" id=\"cartellov03\"><\/div>\n\n    <div class=\"landingContainer p-3 pb-5\">\n        <div class=\"sideBar\">\n            <div class=\"line\" style=\"background-color: rgb(57,168,53)\"><\/div>\n            <div class=\"numero\" style=\"background-color: rgb(57,168,53)\" onclick=\"loadAudio('https:\/\/itinerari.visitbergamo.net\/wp-content\/uploads\/2024\/01\/v22-Tappa-Scaletta-di-Ripa-Pasqualina-parte-bassa.mp3');\">\n                <i class=\"fa-solid fa-volume-high\" style=\"color: rgb(255,255,255)\"><\/i>\n            <\/div>\n            <div class=\"closingBall\" style=\"background-color: rgb(57,168,53)\"><\/div>\n        <\/div>\n        <div class=\"contenuto mb-3\">\n            \n            <div class=\"mt-1 d-inline-block mb-3\" onclick=\"loadAudio('https:\/\/itinerari.visitbergamo.net\/wp-content\/uploads\/2024\/01\/v22-Tappa-Scaletta-di-Ripa-Pasqualina-parte-bassa.mp3');\" style=\"cursor: pointer; text-decoration: none;\">\n                <div class=\"label\" style=\"color: rgb(4,119,52)\">\n                    DEN <b>AUDIOGUIDE<\/b> ANH\u00d6REN                <\/div>\n            <\/div>\n\n            <h3 class=\"landingTitolo mb-2\">\n            ETAPPE: Scaletta di Ripa Pasqualina &#8211; parte bassa            <\/h3>\n            <div class=\"menuTitolo\">\n                <b>ETAPPE:<\/b> Scaletta di Ripa Pasqualina &#8211; parte bassa            <\/div>\n                        <div >\n\n<p>Sie befinden sich am Fu\u00dfe der <strong>Scaletta di Ripa Pasqualina<\/strong> (Punkt 9), die unmittelbar rechts vom Wegweiser beginnt.<\/p>\n\n\n\n<div class=\"wp-block-group is-vertical is-layout-flex wp-container-core-group-is-layout-43 wp-block-group-is-layout-flex\" style=\"padding-top:0;padding-right:0;padding-bottom:var(--wp--preset--spacing--30);padding-left:0\">\n<figure class=\"wp-block-image size-full is-resized\"><img loading=\"lazy\" decoding=\"async\" width=\"101\" height=\"58\" src=\"https:\/\/itinerari.visitbergamo.net\/wp-content\/uploads\/2024\/01\/3_09_Scaletta-_via-Ripa-Pasqualina.png\" alt=\"\" class=\"wp-image-919\" style=\"width:50px\"\/><\/figure>\n\n\n\n<p><strong>SCALETTA DI RIPA PASQUALINA<\/strong><\/p>\n<\/div>\n\n\n<!--blockstudio\/blockstudio\/tasto--><a class=\"tasto\" style=\"background-color: rgb(57,168,53)\" href=\"https:\/\/www.visitbergamo.net\/de\/object-details\/3159-via-ripa-pasqualina\/\" target=\"_blank\"><i class=\"fa-solid fa-up-right-from-square\"><\/i> Mehr lesen<\/a>\n\n<!--blockstudio\/blockstudio\/tasto--><a class=\"tasto\" style=\"background-color: rgb(57,168,53)\" href=\"https:\/\/maps.app.goo.gl\/EeKnMeK1YJ9wFszc7\" target=\"_blank\"><i class=\"fa-solid fa-location-pin\"><\/i> In Karten \u00f6ffnen<\/a>\n\n\n<div style=\"height:30px\" aria-hidden=\"true\" class=\"wp-block-spacer\"><\/div>\n\n\n\n<p>Wie Sie bereits festgestellt haben, haben alle Treppen in Bergamo eine sehr lange Geschichte: Im Mittelalter dokumentiert, aber wahrscheinlich noch \u00e4lter, stellten die Treppen f\u00fcr die Menschen den wichtigsten &#8211; oft den einzigen &#8211; Zugang zur Oberstadt dar und wurden f\u00fcr allt\u00e4gliche Bewegungen genutzt. Die Treppe ist ein wahrer Zeuge unz\u00e4hliger Leben und Ereignisse.<\/p>\n\n\n\n<p>Am oberen Ende kreuzt die Treppe der Ripa Pasqualina die Via Sudorno, deren mittelalterlicher Name auf den Kult des Gottes Saturn hinweist. Wenn Sie die Hauptstra\u00dfe weitergehen, erreichen Sie Borgo Canale. Genie\u00dfen Sie Ihren Aufstieg!<\/p>\n\n\n\n<p>Wenn Sie den Weg in die andere Richtung nehmen, drehen Sie dem Wegweiser den R\u00fccken zu und gehen Sie die Via Ripa Pasqualina 230 Meter hinunter. Dort k\u00f6nnen Sie rechts den Rad- und Fu\u00dfg\u00e4ngerweg nehmen, der an der <strong>Roggia Curna<\/strong> entlangf\u00fchrt (Punkt 8) und in die Via Astino m\u00fcndet, die zum <strong>Ex-Monastero di Astino<\/strong> (ehemaligen Kloster von Astino) f\u00fchrt (Punkt 7).<\/p>\n\n\n\n<div class=\"wp-block-group is-vertical is-layout-flex wp-container-core-group-is-layout-44 wp-block-group-is-layout-flex\" style=\"padding-top:0;padding-right:0;padding-bottom:var(--wp--preset--spacing--30);padding-left:0\">\n<figure class=\"wp-block-image size-full is-resized\"><img loading=\"lazy\" decoding=\"async\" width=\"153\" height=\"93\" src=\"https:\/\/itinerari.visitbergamo.net\/wp-content\/uploads\/2024\/01\/3_08_Roggia-Curna.png\" alt=\"\" class=\"wp-image-913\" style=\"width:76px\"\/><\/figure>\n\n\n\n<p><strong>ROGGIA CURNA<\/strong><\/p>\n<\/div>\n\n\n<!--blockstudio\/blockstudio\/tasto--><a class=\"tasto\" style=\"background-color: rgb(57,168,53)\" href=\"https:\/\/www.visitbergamo.net\/de\/object-details\/10469-roggia-curna\/\" target=\"_blank\"><i class=\"fa-solid fa-up-right-from-square\"><\/i> Mehr lesen<\/a>\n\n<!--blockstudio\/blockstudio\/tasto--><a class=\"tasto\" style=\"background-color: rgb(57,168,53)\" href=\"https:\/\/maps.app.goo.gl\/BTNUTdNQFb87mZyX9\" target=\"_blank\"><i class=\"fa-solid fa-location-pin\"><\/i> In Karten \u00f6ffnen<\/a>\n\n\n<div style=\"height:25px\" aria-hidden=\"true\" class=\"wp-block-spacer\"><\/div>\n\n\n\n<div class=\"wp-block-group is-vertical is-layout-flex wp-container-core-group-is-layout-45 wp-block-group-is-layout-flex\" style=\"padding-top:0;padding-right:0;padding-bottom:var(--wp--preset--spacing--30);padding-left:0\">\n<figure class=\"wp-block-image size-full is-resized\"><img loading=\"lazy\" decoding=\"async\" width=\"272\" height=\"82\" src=\"https:\/\/itinerari.visitbergamo.net\/wp-content\/uploads\/2024\/01\/3_07_-Ex-monastero-di-Astino.png\" alt=\"\" class=\"wp-image-907\" style=\"width:136px\"\/><\/figure>\n\n\n\n<p><strong>EX-MONASTERO DI ASTINO<\/strong><\/p>\n<\/div>\n\n\n<!--blockstudio\/blockstudio\/tasto--><a class=\"tasto\" style=\"background-color: rgb(57,168,53)\" href=\"https:\/\/www.visitbergamo.net\/de\/object-details\/3121-ex-monastero-di-astino\/\" target=\"_blank\"><i class=\"fa-solid fa-up-right-from-square\"><\/i> Mehr lesen<\/a>\n\n<!--blockstudio\/blockstudio\/tasto--><a class=\"tasto\" style=\"background-color: rgb(57,168,53)\" href=\"https:\/\/maps.app.goo.gl\/xK7VqwuuTBPiYmaU8\" target=\"_blank\"><i class=\"fa-solid fa-location-pin\"><\/i> In Karten \u00f6ffnen<\/a>\n<\/div>\n        <\/div>\n    <\/div>\n\n    <br \/><br \/><br \/><br \/><br \/>\n\n    <div style=\"position: absolute; bottom: 0px; left: 0px; width: 100%; height: 100px; background-color: rgb(176,211,152); opacity: .2;\"><\/div>\n    \n<\/section>\n\n<style>\n    a.tasto{\n        color: rgb(255,255,255) !important;\n    }\n<\/style>\n\n<!--blockstudio\/blockstudio\/atterraggio-qr-code--><section class=\"atterraggio my-5 position-relative\">\n\n    <div class=\"ancora\" id=\"cartellov04\"><\/div>\n\n    <div class=\"landingContainer p-3 pb-5\">\n        <div class=\"sideBar\">\n            <div class=\"line\" style=\"background-color: rgb(57,168,53)\"><\/div>\n            <div class=\"numero\" style=\"background-color: rgb(57,168,53)\" onclick=\"loadAudio('https:\/\/itinerari.visitbergamo.net\/wp-content\/uploads\/2024\/01\/v23-Tappa-Scaletta-di-Ripa-Pasqualina-parte-alta.mp3');\">\n                <i class=\"fa-solid fa-volume-high\" style=\"color: rgb(255,255,255)\"><\/i>\n            <\/div>\n            <div class=\"closingBall\" style=\"background-color: rgb(57,168,53)\"><\/div>\n        <\/div>\n        <div class=\"contenuto mb-3\">\n            \n            <div class=\"mt-1 d-inline-block mb-3\" onclick=\"loadAudio('https:\/\/itinerari.visitbergamo.net\/wp-content\/uploads\/2024\/01\/v23-Tappa-Scaletta-di-Ripa-Pasqualina-parte-alta.mp3');\" style=\"cursor: pointer; text-decoration: none;\">\n                <div class=\"label\" style=\"color: rgb(4,119,52)\">\n                    DEN <b>AUDIOGUIDE<\/b> ANH\u00d6REN                <\/div>\n            <\/div>\n\n            <h3 class=\"landingTitolo mb-2\">\n            ETAPPE: Scaletta di Ripa Pasqualina &#8211; parte alta            <\/h3>\n            <div class=\"menuTitolo\">\n                <b>ETAPPE:<\/b> Scaletta di Ripa Pasqualina &#8211; parte alta            <\/div>\n                        <div >\n\n<p>Wir stehen am oberen Ende der <strong>Scaletta di Ripa Pasqualina<\/strong> (Ripa Pasqualina Treppe) (Punkt 9)), deren robuste Stufen es den Bewohnern seit dem Mittelalter erm\u00f6glichen, das Astino-Tal zu erreichen &#8211; oder von dort aufzusteigen.<\/p>\n\n\n\n<div class=\"wp-block-group is-vertical is-layout-flex wp-container-core-group-is-layout-46 wp-block-group-is-layout-flex\" style=\"padding-top:0;padding-right:0;padding-bottom:var(--wp--preset--spacing--30);padding-left:0\">\n<figure class=\"wp-block-image size-full is-resized\"><img loading=\"lazy\" decoding=\"async\" width=\"101\" height=\"58\" src=\"https:\/\/itinerari.visitbergamo.net\/wp-content\/uploads\/2024\/01\/3_09_Scaletta-_via-Ripa-Pasqualina.png\" alt=\"\" class=\"wp-image-919\" style=\"width:50px\"\/><\/figure>\n\n\n\n<p><strong>SCALETTA DI RIPA PASQUALINA<\/strong><\/p>\n<\/div>\n\n\n<!--blockstudio\/blockstudio\/tasto--><a class=\"tasto\" style=\"background-color: rgb(57,168,53)\" href=\"https:\/\/www.visitbergamo.net\/de\/object-details\/3159-via-ripa-pasqualina\/\" target=\"_blank\"><i class=\"fa-solid fa-up-right-from-square\"><\/i> Mehr lesen<\/a>\n\n<!--blockstudio\/blockstudio\/tasto--><a class=\"tasto\" style=\"background-color: rgb(57,168,53)\" href=\"https:\/\/maps.app.goo.gl\/EeKnMeK1YJ9wFszc7\" target=\"_blank\"><i class=\"fa-solid fa-location-pin\"><\/i> In Karten \u00f6ffnen<\/a>\n\n\n<div style=\"height:30px\" aria-hidden=\"true\" class=\"wp-block-spacer\"><\/div>\n\n\n\n<p>Wenn Sie von der kleinen Treppe aus ankommen, halten Sie sich f\u00fcr die Fortsetzung des Weges rechts und bleiben auf der Hauptstra\u00dfe, die bald zur Via San Martino della Pigrizia wird. Nach 440 Metern, zwischen Villen und historischen H\u00e4usern, st\u00f6\u00dft man auf ein kleines Gotteshaus: die <strong>Chiesa San Martino della Pigrizia<\/strong>&nbsp; (Kirche Hl. Martin der Faulheit) (Punkt 10). Diese kleine Kirche, die in einer malerischen Ecke zwischen Backsteinmauern und H\u00e4usern liegt, wurde im 11. Jahrhundert erbaut und verdankt ihren besonderen Namen der schlechten Sonneneinstrahlung in dieser Gegend, die ein langsames, oder besser gesagt &#8222;faules&#8220; Wachstum der Vegetation erm\u00f6glichte.<\/p>\n\n\n\n<div class=\"wp-block-group is-vertical is-layout-flex wp-container-core-group-is-layout-47 wp-block-group-is-layout-flex\" style=\"padding-top:0;padding-right:0;padding-bottom:var(--wp--preset--spacing--30);padding-left:0\">\n<figure class=\"wp-block-image size-full is-resized\"><img loading=\"lazy\" decoding=\"async\" width=\"96\" height=\"127\" src=\"https:\/\/itinerari.visitbergamo.net\/wp-content\/uploads\/2024\/01\/3_10_Chiesa-S.-Martino-della-Pigrizia.png\" alt=\"\" class=\"wp-image-925\" style=\"width:48px\"\/><\/figure>\n\n\n\n<p><strong>CHIESA S. MARTINO DELLA PIGRIZIA<\/strong><\/p>\n<\/div>\n\n\n<!--blockstudio\/blockstudio\/tasto--><a class=\"tasto\" style=\"background-color: rgb(57,168,53)\" href=\"https:\/\/www.visitbergamo.net\/de\/object-details\/10444-chiesa-s--martino-della-pigrizia\/\" target=\"_blank\"><i class=\"fa-solid fa-up-right-from-square\"><\/i> Mehr lesen<\/a>\n\n<!--blockstudio\/blockstudio\/tasto--><a class=\"tasto\" style=\"background-color: rgb(57,168,53)\" href=\"https:\/\/maps.app.goo.gl\/ALdcdw69YPAxmAfQA\" target=\"_blank\"><i class=\"fa-solid fa-location-pin\"><\/i> In Karten \u00f6ffnen<\/a>\n\n\n<div style=\"height:30px\" aria-hidden=\"true\" class=\"wp-block-spacer\"><\/div>\n\n\n\n<p>Nach dem Besuch der Kirche gehen Sie die gleichnamige Stra\u00dfe noch 130 Meter weiter bis zur Kreuzung mit der \u201cScaletta di San Martino\u201d (San Martino Treppe).<\/p>\n\n\n\n<p>Wenn Sie aus Borgo Canale kommen, biegen Sie links ab und fahren geradeaus weiter, ohne die schmale Steigung der Via Sudorno zu beachten. Am Ende der Stra\u00dfe, nach 140 Metern, treffen Sie auf die \u201cScaletta di Ripa Pasqualina\u201d (Ripa Pasqualina Treppe) und k\u00f6nnen den Abstieg ins Val d&#8217;Astino beginnen.<\/p>\n\n<\/div>\n        <\/div>\n    <\/div>\n\n    <br \/><br \/><br \/><br \/><br \/>\n\n    <div style=\"position: absolute; bottom: 0px; left: 0px; width: 100%; height: 100px; background-color: rgb(176,211,152); opacity: .2;\"><\/div>\n    \n<\/section>\n\n<style>\n    a.tasto{\n        color: rgb(255,255,255) !important;\n    }\n<\/style>\n\n<!--blockstudio\/blockstudio\/atterraggio-qr-code--><section class=\"atterraggio my-5 position-relative\">\n\n    <div class=\"ancora\" id=\"cartellov05\"><\/div>\n\n    <div class=\"landingContainer p-3 pb-5\">\n        <div class=\"sideBar\">\n            <div class=\"line\" style=\"background-color: rgb(57,168,53)\"><\/div>\n            <div class=\"numero\" style=\"background-color: rgb(57,168,53)\" onclick=\"loadAudio('https:\/\/itinerari.visitbergamo.net\/wp-content\/uploads\/2024\/01\/v24-Tappa-Scorlazzino.mp3');\">\n                <i class=\"fa-solid fa-volume-high\" style=\"color: rgb(255,255,255)\"><\/i>\n            <\/div>\n            <div class=\"closingBall\" style=\"background-color: rgb(57,168,53)\"><\/div>\n        <\/div>\n        <div class=\"contenuto mb-3\">\n            \n            <div class=\"mt-1 d-inline-block mb-3\" onclick=\"loadAudio('https:\/\/itinerari.visitbergamo.net\/wp-content\/uploads\/2024\/01\/v24-Tappa-Scorlazzino.mp3');\" style=\"cursor: pointer; text-decoration: none;\">\n                <div class=\"label\" style=\"color: rgb(4,119,52)\">\n                    DEN <b>AUDIOGUIDE<\/b> ANH\u00d6REN                <\/div>\n            <\/div>\n\n            <h3 class=\"landingTitolo mb-2\">\n            ETAPPE: Scorlazzino            <\/h3>\n            <div class=\"menuTitolo\">\n                <b>ETAPPE:<\/b> Scorlazzino            <\/div>\n                        <div >\n\n<p>Sie befinden sich auf der landschaftlich reizvollen Strecke, die vom Ortsteil Longuelo nach Borgo Canale f\u00fchrt, zwischen den \u00fcppigen H\u00e4ngen des Valle d&#8217;Astino (Astino Tal) und der \u201cConca d&#8217;Oro\u201d. An dieser Stelle kreuzen sich zwei der historischen Treppen von Bergamo: die <strong>Scaletta di San Martino <\/strong>(San Martino Treppe) (Punkt 11), die von der Via Borgo Canale herauff\u00fchrt, und die Scaletta di Scorlazzino (Scorlazzino Treppe).<\/p>\n\n\n\n<div class=\"wp-block-group is-vertical is-layout-flex wp-container-core-group-is-layout-48 wp-block-group-is-layout-flex\" style=\"padding-top:0;padding-right:0;padding-bottom:var(--wp--preset--spacing--30);padding-left:0\">\n<figure class=\"wp-block-image size-full is-resized\"><img loading=\"lazy\" decoding=\"async\" width=\"92\" height=\"63\" src=\"https:\/\/itinerari.visitbergamo.net\/wp-content\/uploads\/2024\/01\/3_11_Scaletta_-di-San-Martino.png\" alt=\"\" class=\"wp-image-931\" style=\"width:46px\"\/><\/figure>\n\n\n\n<p><strong>SCALETTA DI SAN MARTINO<\/strong><\/p>\n<\/div>\n\n\n<!--blockstudio\/blockstudio\/tasto--><a class=\"tasto\" style=\"background-color: rgb(57,168,53)\" href=\"https:\/\/maps.app.goo.gl\/F9mrQtbRE6Wv7wQo6\" target=\"_blank\"><i class=\"fa-solid fa-location-pin\"><\/i> In Karten \u00f6ffnen<\/a>\n\n\n<div style=\"height:30px\" aria-hidden=\"true\" class=\"wp-block-spacer\"><\/div>\n\n\n\n<p>Unmittelbar rechts vom Wegweiser befindet sich der erste Abschnitt der Scaletta di San Martino (San Martino Treppe) &#8211; eine malerische Abk\u00fcrzung f\u00fcr Ihren n\u00e4chsten Spaziergang! Hinter Ihnen beginnt jedoch der Aufstieg der <strong>Scaletta di Scorlazzino<\/strong>&nbsp; (Scorlazzino Treppe)(Punkt 12), deren anderes Ende Sie bereits beim Abstieg von der&nbsp; <strong>Chiesa S. Vigilio<\/strong> (Hl. Vigilio Kirche) (Punkt 2) gesehen haben. F\u00fcr einen malerischen Abstecher nimmt man den stufenf\u00f6rmigen Durchgang und geht 50 Meter weiter, um dann wieder zur Stra\u00dfe hinabzusteigen und nach links abzubiegen; oder man bleibt auf der Hauptstra\u00dfe, gleich links vom Wegweiser. In beiden F\u00e4llen erreichen Sie nach etwa 170 Metern Borgo Canale.<\/p>\n\n\n\n<div class=\"wp-block-group is-vertical is-layout-flex wp-container-core-group-is-layout-49 wp-block-group-is-layout-flex\" style=\"padding-top:0;padding-right:0;padding-bottom:var(--wp--preset--spacing--30);padding-left:0\">\n<figure class=\"wp-block-image size-full is-resized\"><img loading=\"lazy\" decoding=\"async\" width=\"95\" height=\"62\" src=\"https:\/\/itinerari.visitbergamo.net\/wp-content\/uploads\/2024\/01\/3_12_Scaletta-dello-Scorlazzino.png\" alt=\"\" class=\"wp-image-835\" style=\"width:47px\"\/><\/figure>\n\n\n\n<p><strong>SCALETTA DELLO SCORLAZZINO<\/strong><\/p>\n<\/div>\n\n\n<!--blockstudio\/blockstudio\/tasto--><a class=\"tasto\" style=\"background-color: rgb(57,168,53)\" href=\"https:\/\/www.visitbergamo.net\/de\/object-details\/10457-scaletta-dello-scorlazzino\/\" target=\"_blank\"><i class=\"fa-solid fa-up-right-from-square\"><\/i> Mehr lesen<\/a>\n\n<!--blockstudio\/blockstudio\/tasto--><a class=\"tasto\" style=\"background-color: rgb(57,168,53)\" href=\"https:\/\/maps.app.goo.gl\/F9mrQtbRE6Wv7wQo6\" target=\"_blank\"><i class=\"fa-solid fa-location-pin\"><\/i> In Karten \u00f6ffnen<\/a>\n\n\n<div style=\"height:25px\" aria-hidden=\"true\" class=\"wp-block-spacer\"><\/div>\n\n\n\n<div class=\"wp-block-group is-vertical is-layout-flex wp-container-core-group-is-layout-50 wp-block-group-is-layout-flex\" style=\"padding-top:0;padding-right:0;padding-bottom:var(--wp--preset--spacing--30);padding-left:0\">\n<figure class=\"wp-block-image size-full is-resized\"><img loading=\"lazy\" decoding=\"async\" width=\"77\" height=\"92\" src=\"https:\/\/itinerari.visitbergamo.net\/wp-content\/uploads\/2024\/01\/3_02_Chiesetta_di-San-Vigilio.png\" alt=\"\" class=\"wp-image-871\" style=\"width:40px\"\/><\/figure>\n\n\n\n<p><strong>CHIESA S. VIGILIO<\/strong><\/p>\n<\/div>\n\n\n<!--blockstudio\/blockstudio\/tasto--><a class=\"tasto\" style=\"background-color: rgb(57,168,53)\" href=\"https:\/\/www.visitbergamo.net\/de\/object-details\/3145-chiesa-s--vigilio\/\" target=\"_blank\"><i class=\"fa-solid fa-up-right-from-square\"><\/i> Mehr lesen<\/a>\n\n<!--blockstudio\/blockstudio\/tasto--><a class=\"tasto\" style=\"background-color: rgb(57,168,53)\" href=\"https:\/\/maps.app.goo.gl\/7m5MC22o6DMYXiCW6\" target=\"_blank\"><i class=\"fa-solid fa-location-pin\"><\/i> In Karten \u00f6ffnen<\/a>\n\n\n<div style=\"height:30px\" aria-hidden=\"true\" class=\"wp-block-spacer\"><\/div>\n\n\n\n<p>Wenn Sie aus Borgo Canale kommen, wenden Sie sich mit dem R\u00fccken zum Wegweiser und bleiben auf der Via S. Martino della Pigrizia. Nach 140 Metern sanftem Abstieg kommt man rechts an <strong>der Chiesa di&nbsp; S. Martino della Pigrizia<\/strong> (Kirche Hl. Martin der Faulheit) (Punkt 10) vorbei.<\/p>\n\n\n\n<div class=\"wp-block-group is-vertical is-layout-flex wp-container-core-group-is-layout-51 wp-block-group-is-layout-flex\" style=\"padding-top:0;padding-right:0;padding-bottom:var(--wp--preset--spacing--30);padding-left:0\">\n<figure class=\"wp-block-image size-full is-resized\"><img loading=\"lazy\" decoding=\"async\" width=\"96\" height=\"127\" src=\"https:\/\/itinerari.visitbergamo.net\/wp-content\/uploads\/2024\/01\/3_10_Chiesa-S.-Martino-della-Pigrizia.png\" alt=\"\" class=\"wp-image-925\" style=\"width:48px\"\/><\/figure>\n\n\n\n<p><strong>CHIESA S. MARTINO DELLA PIGRIZIA<\/strong><\/p>\n<\/div>\n\n\n<!--blockstudio\/blockstudio\/tasto--><a class=\"tasto\" style=\"background-color: rgb(57,168,53)\" href=\"https:\/\/www.visitbergamo.net\/de\/object-details\/10444-chiesa-s--martino-della-pigrizia\/\" target=\"_blank\"><i class=\"fa-solid fa-up-right-from-square\"><\/i> Mehr lesen<\/a>\n\n<!--blockstudio\/blockstudio\/tasto--><a class=\"tasto\" style=\"background-color: rgb(57,168,53)\" href=\"https:\/\/maps.app.goo.gl\/ALdcdw69YPAxmAfQA\" target=\"_blank\"><i class=\"fa-solid fa-location-pin\"><\/i> In Karten \u00f6ffnen<\/a>\n\n\n<div style=\"height:30px\" aria-hidden=\"true\" class=\"wp-block-spacer\"><\/div>\n\n\n\n<p>Dieses kleine, von Steinh\u00e4usern und -mauern umrahmte Geb\u00e4ude wird Sie durch seine Geschichte und seine faszinierende Schlichtheit in Erstaunen versetzen. Hinter dem bronzenen Portal mit Flachreliefs befindet sich ein einziges Kirchenschiff mit Skulpturen und Gem\u00e4lden, darunter ein Altarbild, das die Madonna und einige Heilige darstellt.<\/p>\n\n<\/div>\n        <\/div>\n    <\/div>\n\n    <br \/><br \/><br \/><br \/><br \/>\n\n    <div style=\"position: absolute; bottom: 0px; left: 0px; width: 100%; height: 100px; background-color: rgb(176,211,152); opacity: .2;\"><\/div>\n    \n<\/section>\n\n<style>\n    a.tasto{\n        color: rgb(255,255,255) !important;\n    }\n<\/style>\n\n<!--blockstudio\/blockstudio\/atterraggio-qr-code--><section class=\"atterraggio my-5 position-relative\">\n\n    <div class=\"ancora\" id=\"cartellov06\"><\/div>\n\n    <div class=\"landingContainer p-3 pb-5\">\n        <div class=\"sideBar\">\n            <div class=\"line\" style=\"background-color: rgb(57,168,53)\"><\/div>\n            <div class=\"numero\" style=\"background-color: rgb(57,168,53)\" onclick=\"loadAudio('https:\/\/itinerari.visitbergamo.net\/wp-content\/uploads\/2024\/01\/v25-Tappa-Borgo-Canale.mp3');\">\n                <i class=\"fa-solid fa-volume-high\" style=\"color: rgb(255,255,255)\"><\/i>\n            <\/div>\n            <div class=\"closingBall\" style=\"background-color: rgb(57,168,53)\"><\/div>\n        <\/div>\n        <div class=\"contenuto mb-3\">\n            \n            <div class=\"mt-1 d-inline-block mb-3\" onclick=\"loadAudio('https:\/\/itinerari.visitbergamo.net\/wp-content\/uploads\/2024\/01\/v25-Tappa-Borgo-Canale.mp3');\" style=\"cursor: pointer; text-decoration: none;\">\n                <div class=\"label\" style=\"color: rgb(4,119,52)\">\n                    DEN <b>AUDIOGUIDE<\/b> ANH\u00d6REN                <\/div>\n            <\/div>\n\n            <h3 class=\"landingTitolo mb-2\">\n            ETAPPE: Borgo Canale            <\/h3>\n            <div class=\"menuTitolo\">\n                <b>ETAPPE:<\/b> Borgo Canale            <\/div>\n                        <div >\n\n<p>Sie befinden sich in Borgo Canale, einem der \u00e4ltesten und faszinierendsten Stadtteile von Bergamo. Er ist reich an Aussichtspunkten und bietet zum einen einen Blick so weit das Auge reicht \u00fcber die Ebene und zum anderen einen einzigartigen Blick auf die Oberstadt.Um in diese kleine Oase der Ruhe und Romantik zu gelangen, in der der ber\u00fchmte Komponist Gaetano Donizetti geboren wurde, fahren Sie an der Kreuzung zwischen der Via San Martino della Pigrizia und der Via Borgo Canale vorbei und lassen den Scorlazzino hinter sich. Nach 550 Metern erreichen Sie die <strong>Chiesa S. Erasmo <\/strong>(Hl. Erasmus Kirche)(Punkt 13), die sich auf der rechten Seite der Stra\u00dfe befindet. Diese malerische kleine Steinkirche, die zwischen Romanik und Barock angesiedelt ist, wird Sie mit ihrer Pr\u00e4senz und Geschichte in Erstaunen versetzen.<\/p>\n\n\n\n<div class=\"wp-block-group is-vertical is-layout-flex wp-container-core-group-is-layout-52 wp-block-group-is-layout-flex\" style=\"padding-top:0;padding-right:0;padding-bottom:var(--wp--preset--spacing--30);padding-left:0\">\n<figure class=\"wp-block-image size-full is-resized\"><img loading=\"lazy\" decoding=\"async\" width=\"46\" height=\"174\" src=\"https:\/\/itinerari.visitbergamo.net\/wp-content\/uploads\/2024\/01\/2_12_Torre_dei-caduti.png\" alt=\"\" class=\"wp-image-475\" style=\"width:23px;height:87px\"\/><\/figure>\n\n\n\n<p><strong>CHIESA S. ERASMO<\/strong><\/p>\n<\/div>\n\n\n<!--blockstudio\/blockstudio\/tasto--><a class=\"tasto\" style=\"background-color: rgb(57,168,53)\" href=\"https:\/\/www.visitbergamo.net\/de\/object-details\/10465-chiesa-di-s--erasmo-vescovo-martire\/\" target=\"_blank\"><i class=\"fa-solid fa-up-right-from-square\"><\/i> Mehr lesen<\/a>\n\n<!--blockstudio\/blockstudio\/tasto--><a class=\"tasto\" style=\"background-color: rgb(57,168,53)\" href=\"https:\/\/maps.app.goo.gl\/BcmYJozArAiaJH7aA\" target=\"_blank\"><i class=\"fa-solid fa-location-pin\"><\/i> In Karten \u00f6ffnen<\/a>\n\n\n<div style=\"height:30px\" aria-hidden=\"true\" class=\"wp-block-spacer\"><\/div>\n\n\n\n<p>Wenn Sie aus dieser Richtung kommen, lassen Sie Borgo Canale hinter sich und gehen geradeaus weiter. Nach 80 Metern finden Sie rechts den Aufstieg <strong>Scaletta dello Scorlazzino<\/strong> (Scorlazzino Treppe) (Punkt 12). Nehmen Sie ihn und steigen Sie bis zur Kreuzung hinauf. Dieser kopfsteingepflasterte Durchgang hat im unteren Teil einen eigenartigen doppelten Zugang und ist einer der bekanntesten Wege der mittelalterlichen Treppen, da er einen privilegierten Blick auf G\u00e4rten, Gem\u00fcseg\u00e4rten und einen gro\u00dfen Teil von Unterstadt von Bergamo bietet.<\/p>\n\n\n\n<div class=\"wp-block-group is-vertical is-layout-flex wp-container-core-group-is-layout-53 wp-block-group-is-layout-flex\" style=\"padding-top:0;padding-right:0;padding-bottom:var(--wp--preset--spacing--30);padding-left:0\">\n<figure class=\"wp-block-image size-full is-resized\"><img loading=\"lazy\" decoding=\"async\" width=\"225\" height=\"113\" src=\"https:\/\/itinerari.visitbergamo.net\/wp-content\/uploads\/2024\/01\/2_02_Teatro-Donizetti.png\" alt=\"\" class=\"wp-image-547\" style=\"width:113px;height:57px\"\/><\/figure>\n\n\n\n<p><strong>SCALETTA DELLO SCORLAZZINO<\/strong><\/p>\n<\/div>\n\n\n<!--blockstudio\/blockstudio\/tasto--><a class=\"tasto\" style=\"background-color: rgb(57,168,53)\" href=\"https:\/\/www.visitbergamo.net\/de\/object-details\/10457-scaletta-dello-scorlazzino\/\" target=\"_blank\"><i class=\"fa-solid fa-up-right-from-square\"><\/i> Mehr lesen<\/a>\n\n<!--blockstudio\/blockstudio\/tasto--><a class=\"tasto\" style=\"background-color: rgb(57,168,53)\" href=\"https:\/\/maps.app.goo.gl\/F9mrQtbRE6Wv7wQo6\" target=\"_blank\"><i class=\"fa-solid fa-location-pin\"><\/i> In Karten \u00f6ffnen<\/a>\n\n\n<div style=\"height:30px\" aria-hidden=\"true\" class=\"wp-block-spacer\"><\/div>\n\n\n\n<p>An der ersten Abzweigung gehen Sie hinunter und kehren in die Via San Martino della Pigrizia zur\u00fcck. Gegen\u00fcber sehen Sie die <strong>Scaletta di San Martino <\/strong>(San Martino Treppe<strong>)<\/strong> (Punkt 11), die in Richtung Unterstadt hinunterf\u00fchrt. Die Route geht jedoch weiter, indem man rechts abbiegt und den Abstieg auf der Via S. Martino della Pigrizia in Richtung Val d&#8217;Astino (Astino Tal) fortsetzt.<\/p>\n\n\n\n<div class=\"wp-block-group is-vertical is-layout-flex wp-container-core-group-is-layout-54 wp-block-group-is-layout-flex\" style=\"padding-top:0;padding-right:0;padding-bottom:var(--wp--preset--spacing--30);padding-left:0\">\n<figure class=\"wp-block-image size-full is-resized\"><img loading=\"lazy\" decoding=\"async\" width=\"92\" height=\"63\" src=\"https:\/\/itinerari.visitbergamo.net\/wp-content\/uploads\/2024\/01\/3_11_Scaletta_-di-San-Martino.png\" alt=\"\" class=\"wp-image-931\" style=\"width:46px\"\/><\/figure>\n\n\n\n<p><strong>SCALETTA DI SAN MARTINO<\/strong><\/p>\n<\/div>\n\n\n<!--blockstudio\/blockstudio\/tasto--><a class=\"tasto\" style=\"background-color: rgb(57,168,53)\" href=\"https:\/\/maps.app.goo.gl\/F9mrQtbRE6Wv7wQo6\" target=\"_blank\"><i class=\"fa-solid fa-location-pin\"><\/i> Apri in Maps<\/a>\n<\/div>\n        <\/div>\n    <\/div>\n\n    <br \/><br \/><br \/><br \/><br \/>\n\n    <div style=\"position: absolute; bottom: 0px; left: 0px; width: 100%; height: 100px; background-color: rgb(176,211,152); opacity: .2;\"><\/div>\n    \n<\/section>\n\n<style>\n    a.tasto{\n        color: rgb(255,255,255) !important;\n    }\n<\/style>\n\n<!--blockstudio\/blockstudio\/atterraggio-qr-code--><section class=\"atterraggio my-5 position-relative\">\n\n    <div class=\"ancora\" id=\"cartellov14\"><\/div>\n\n    <div class=\"landingContainer p-3 pb-5\">\n        <div class=\"sideBar\">\n            <div class=\"line\" style=\"background-color: rgb(57,168,53)\"><\/div>\n            <div class=\"numero\" style=\"background-color: rgb(57,168,53)\" onclick=\"loadAudio('https:\/\/itinerari.visitbergamo.net\/wp-content\/uploads\/2024\/01\/v26-Tappa-Orto-Botanico-Lorenzo-Rota.mp3');\">\n                <i class=\"fa-solid fa-volume-high\" style=\"color: rgb(255,255,255)\"><\/i>\n            <\/div>\n            <div class=\"closingBall\" style=\"background-color: rgb(57,168,53)\"><\/div>\n        <\/div>\n        <div class=\"contenuto mb-3\">\n            \n            <div class=\"mt-1 d-inline-block mb-3\" onclick=\"loadAudio('https:\/\/itinerari.visitbergamo.net\/wp-content\/uploads\/2024\/01\/v26-Tappa-Orto-Botanico-Lorenzo-Rota.mp3');\" style=\"cursor: pointer; text-decoration: none;\">\n                <div class=\"label\" style=\"color: rgb(4,119,52)\">\n                    DEN <b>AUDIOGUIDE<\/b> ANH\u00d6REN                <\/div>\n            <\/div>\n\n            <h3 class=\"landingTitolo mb-2\">\n            ETAPPE: Orto Botanico &#8222;Lorenzo Rota&#8220;            <\/h3>\n            <div class=\"menuTitolo\">\n                <b>ETAPPE:<\/b> Orto Botanico &#8222;Lorenzo Rota&#8220;            <\/div>\n                        <div >\n\n<p>Sie befinden sich auf dem \u201cColle Aperto\u201d (Hoffener H\u00fcgel), gegen\u00fcber dem Eingang zum <strong>Orto Botanico \u201cLorenzo Rota\u201d<\/strong> (Botanischen Garten &#8222;Lorenzo Rota&#8220;) (Punkt 17). Dieser Ort geh\u00f6rt zu den \u201cMusei Civici\u201d (St\u00e4dtischen Museen) der Stadt Bergamo und beherbergt seit 1972 \u00fcber 1200 Pflanzenarten, die in Mikrohabitaten angeordnet sind, die nat\u00fcrliche Umgebungen nachbilden oder evozieren.<\/p>\n\n\n\n<div class=\"wp-block-group is-vertical is-layout-flex wp-container-core-group-is-layout-55 wp-block-group-is-layout-flex\" style=\"padding-top:0;padding-right:0;padding-bottom:var(--wp--preset--spacing--30);padding-left:0\">\n<figure class=\"wp-block-image size-full is-resized\"><img loading=\"lazy\" decoding=\"async\" width=\"121\" height=\"111\" src=\"https:\/\/itinerari.visitbergamo.net\/wp-content\/uploads\/2024\/01\/3_05_Orto-Botanico_Lorenzo-Rota.png\" alt=\"\" class=\"wp-image-889\" style=\"width:60px\"\/><\/figure>\n\n\n\n<p><strong>ORTO BOTANICO &#8222;LORENZO ROTA&#8220;<\/strong><\/p>\n<\/div>\n\n\n<!--blockstudio\/blockstudio\/tasto--><a class=\"tasto\" style=\"background-color: rgb(57,168,53)\" href=\"https:\/\/www.visitbergamo.net\/de\/object-details\/10-orto-botanico-di-bergamo--lorenzo-rota--\/\" target=\"_blank\"><i class=\"fa-solid fa-up-right-from-square\"><\/i> Mehr lesen<\/a>\n\n<!--blockstudio\/blockstudio\/tasto--><a class=\"tasto\" style=\"background-color: rgb(57,168,53)\" href=\"https:\/\/maps.app.goo.gl\/2BQnPv62UYv7sCjH8\" target=\"_blank\"><i class=\"fa-solid fa-location-pin\"><\/i> In Karten \u00f6ffnen<\/a>\n\n\n<div style=\"height:30px\" aria-hidden=\"true\" class=\"wp-block-spacer\"><\/div>\n\n\n\n<p>Um es zu besichtigen, \u00fcberqueren Sie die Stra\u00dfe und nehmen Sie die Treppe, die direkt vor der oberen Pulvermagazin von San Marco beginnt (ein Geb\u00e4ude aus der Zeit, als die Stadtmauern gebaut wurden, also venezianisch). Nach 140 Stufen, die Sie an H\u00e4usern und versteckten G\u00e4rten vorbeif\u00fchren, k\u00f6nnen Sie den Preis genie\u00dfen: ein von der Natur und der Botanik geschaffenes &#8222;Fenster zur Landschaft&#8220; und einen spektakul\u00e4ren Blick auf die Stadt!<\/p>\n\n\n\n<p>Nach dem Besuch des Gartens kehren Sie auf die Hauptroute des Rundgangs durch \u201cLa Citt\u00e0 Verde\u201d (die Gr\u00fcne Stadt) zur\u00fcck, indem Sie dem Wegweiser den R\u00fccken kehren, die Via Beltrami hinuntergehen und nach 120 Metern den Largo Colle Aperto erreichen.<\/p>\n\n\n\n<p>Gleich zu Ihrer Rechten befindet sich die monumentale <strong>Porta Sant&#8217;Alessandro<\/strong> (Punkt 16), einer der historischen Eing\u00e4nge von Citt\u00e0 Alta (Oberstadt), derjenige, der sie mit Borgo Canale verbindet. Gehen Sie hindurch, und Sie finden auf der rechten Seite die untere Station der Seilbahn nach San Vigilio. An diesem Punkt k\u00f6nnen Sie w\u00e4hlen, ob Sie zum San-Vigilio-Pass aufsteigen m\u00f6chten &#8211; entsprechend der empfohlenen Reihenfolge &#8211; oder ob Sie Borgo Canale in Richtung Astino-Tal durchqueren m\u00f6chten. Beide M\u00f6glichkeiten sind m\u00f6glich: Die Route ist eine Schleife, die in beide Richtungen begangen werden kann!<\/p>\n\n\n\n<div class=\"wp-block-group is-vertical is-layout-flex wp-container-core-group-is-layout-56 wp-block-group-is-layout-flex\" style=\"padding-top:0;padding-right:0;padding-bottom:var(--wp--preset--spacing--30);padding-left:0\">\n<figure class=\"wp-block-image size-full is-resized\"><img loading=\"lazy\" decoding=\"async\" width=\"134\" height=\"82\" src=\"https:\/\/itinerari.visitbergamo.net\/wp-content\/uploads\/2024\/01\/3_Porta-San-Alessandro.png\" alt=\"\" class=\"wp-image-859\" style=\"width:67px\"\/><\/figure>\n\n\n\n<p><strong>PORTA SANT&#8217;ALESSANDRO<\/strong><\/p>\n<\/div>\n\n\n<!--blockstudio\/blockstudio\/tasto--><a class=\"tasto\" style=\"background-color: rgb(57,168,53)\" href=\"https:\/\/www.visitbergamo.net\/de\/object-details\/6568-porta-sant-alessandro\/\" target=\"_blank\"><i class=\"fa-solid fa-up-right-from-square\"><\/i> Mehr lesen<\/a>\n\n<!--blockstudio\/blockstudio\/tasto--><a class=\"tasto\" style=\"background-color: rgb(57,168,53)\" href=\"https:\/\/maps.app.goo.gl\/kwP3foMmg6eDi6PG9\" target=\"_blank\"><i class=\"fa-solid fa-location-pin\"><\/i> In Karten \u00f6ffnen<\/a>\n\n\n<div style=\"height:30px\" aria-hidden=\"true\" class=\"wp-block-spacer\"><\/div>\n\n\n\n<p>Wenn Sie sich f\u00fcr den Aufstieg entscheiden, k\u00f6nnen Sie bald die Kirche und das Schloss von S. Vigilio besichtigen. Wenn Sie weiter bergab wandern, haben Sie die M\u00f6glichkeit, das <strong>Geburtshaus von Donizetti<\/strong> (Punkt 15) 350 m vom Wegweiser entfernt zu sehen.<\/p>\n\n\n\n<div class=\"wp-block-group is-vertical is-layout-flex wp-container-core-group-is-layout-57 wp-block-group-is-layout-flex\" style=\"padding-top:0;padding-right:0;padding-bottom:var(--wp--preset--spacing--30);padding-left:0\">\n<figure class=\"wp-block-image size-full is-resized\"><img loading=\"lazy\" decoding=\"async\" width=\"49\" height=\"95\" src=\"https:\/\/itinerari.visitbergamo.net\/wp-content\/uploads\/2024\/01\/3_15_Casa-Natale-di-Donizetti.png\" alt=\"\" class=\"wp-image-853\" style=\"width:25px\"\/><\/figure>\n\n\n\n<p><strong>CASA NATALE DI DONIZETTI<\/strong><\/p>\n<\/div>\n\n\n<!--blockstudio\/blockstudio\/tasto--><a class=\"tasto\" style=\"background-color: rgb(57,168,53)\" href=\"https:\/\/www.visitbergamo.net\/de\/object-details\/939-casa-natale-donizetti\/\" target=\"_blank\"><i class=\"fa-solid fa-up-right-from-square\"><\/i> Mehr lesen<\/a>\n\n<!--blockstudio\/blockstudio\/tasto--><a class=\"tasto\" style=\"background-color: rgb(57,168,53)\" href=\"https:\/\/maps.app.goo.gl\/x6gwbZ3EGEBpTJwZ6\" target=\"_blank\"><i class=\"fa-solid fa-location-pin\"><\/i> In Karten \u00f6ffnen<\/a>\n<\/div>\n        <\/div>\n    <\/div>\n\n    <br \/><br \/><br \/><br \/><br \/>\n\n    <div style=\"position: absolute; bottom: 0px; left: 0px; width: 100%; height: 100px; background-color: rgb(176,211,152); opacity: .2;\"><\/div>\n    \n<\/section>\n\n<style>\n    a.tasto{\n        color: rgb(255,255,255) !important;\n    }\n<\/style>\n<\/div>\n\t\t\t\t<\/div>\n\t\t\t<\/div>\n\n\t\t<\/div>\n\n\t<\/div>\n\n<\/div>\n\n\n<div class=\"mappa\">\n\t<iframe loading=\"lazy\" src=\"https:\/\/www.google.com\/maps\/d\/embed?mid=1Quyni6P5yZyKS1ADoGQOz6bxzdg1yYg&#038;ehbc=2E312F \" width=\"100%\" height=\"100%\"><\/iframe>\n\n\t\n\t<div class=\"tasto chiudiMappa\" onclick=\"$('.mappa').removeClass('open');\" style=\"background-color: rgb(57,168,53)\">Karte schlie\u00dfen<\/div>\n<\/div>\n\n\n\n\n\n<div class=\"audioPlayer\">\n\t<div class=\"closePlayer\" onclick=\"removeAudioPLayer()\">\n\t\t<i class=\"fa-solid fa-xmark\"><\/i>\n\t<\/div>\n\t<audio controls id=\"audio\">\n\t\t<source id=\"audioSrc\" src=\"horse.mp3\" type=\"audio\/mpeg\">\n\t<\/audio>\n<\/div>\n\n<script type=\"text\/javascript\">\n\t$(document).ready(function() {\n\t\twindow.onpopstate = function(event) {\n\t\t\tdocument.querySelector('.mappa').classList.remove('open');\n\t\t}\n\t})\n<\/script>","protected":false},"excerpt":{"rendered":"","protected":false},"author":1,"featured_media":3053,"parent":0,"menu_order":0,"comment_status":"closed","ping_status":"closed","template":"","meta":{"footnotes":""},"class_list":["post-1165","page","type-page","status-publish","has-post-thumbnail","hentry"],"acf":[],"_links":{"self":[{"href":"https:\/\/itinerari.visitbergamo.net\/de\/wp-json\/wp\/v2\/pages\/1165","targetHints":{"allow":["GET"]}}],"collection":[{"href":"https:\/\/itinerari.visitbergamo.net\/de\/wp-json\/wp\/v2\/pages"}],"about":[{"href":"https:\/\/itinerari.visitbergamo.net\/de\/wp-json\/wp\/v2\/types\/page"}],"author":[{"embeddable":true,"href":"https:\/\/itinerari.visitbergamo.net\/de\/wp-json\/wp\/v2\/users\/1"}],"replies":[{"embeddable":true,"href":"https:\/\/itinerari.visitbergamo.net\/de\/wp-json\/wp\/v2\/comments?post=1165"}],"version-history":[{"count":0,"href":"https:\/\/itinerari.visitbergamo.net\/de\/wp-json\/wp\/v2\/pages\/1165\/revisions"}],"wp:featuredmedia":[{"embeddable":true,"href":"https:\/\/itinerari.visitbergamo.net\/de\/wp-json\/wp\/v2\/media\/3053"}],"wp:attachment":[{"href":"https:\/\/itinerari.visitbergamo.net\/de\/wp-json\/wp\/v2\/media?parent=1165"}],"curies":[{"name":"wp","href":"https:\/\/api.w.org\/{rel}","templated":true}]}}